{"id":50497,"date":"2016-04-06T11:34:08","date_gmt":"2016-04-06T18:34:08","guid":{"rendered":"http:\/\/vocetys.mx\/?p=50497"},"modified":"2019-05-14T17:42:23","modified_gmt":"2019-05-15T00:42:23","slug":"sintesis-informativa-del-6-de-abril-de-2016","status":"publish","type":"sintesis","link":"https:\/\/www.cetys.mx\/noticias\/sintesis\/sintesis-informativa-del-6-de-abril-de-2016\/","title":{"rendered":"S\u00edntesis Informativa del 6 de abril de 2016"},"content":{"rendered":"<table border=\"0\" width=\"624\">\n<tbody>\n<tr>\n<td><img loading=\"lazy\" decoding=\"async\" src=\"https:\/\/www.cetys.mx\/userfiles\/sintesisDirectivos\/cetysenlosMedios.jpg\" alt=\"\" width=\"624\" height=\"78\" border=\"0\" \/><\/p>\n<p>Tijuana<\/p>\n<ul>\n<li>Uniradioinforma.com<br \/>\n<b>Llegar\u00e1 el congreso Ingenium 2016 a CETYS Tijuana<\/b><br \/>\nCon el objetivo de acercar e informar a la comunidad estudiantil sobre las \u00faltimas tendencias de la Ingenier\u00eda con enfoque a los retos y logros, el Congreso Ingenium en su edici\u00f3n 2016 llegar\u00e1 a las instalaciones del Gimnasio-Auditorio &#8220;Rodrigo Valle Hern\u00e1ndez&#8221; del CETYS Universidad Campus Tijuana este viernes 8 de abril a partir de las 9:00 am.<br \/>\n<a href=\"https:\/\/www.uniradionoticias.com\/noticias\/tijuana\/403704\/llegara-el-congreso-ingenium-2016-a-cetys-tijuana.html\">https:\/\/www.uniradionoticias.com\/noticias\/tijuana\/403704\/llegara-el-congreso-ingenium-2016-a-cetys-tijuana.html<\/a><\/li>\n<\/ul>\n<ul>\n<li>Tijuana Informativo<br \/>\n<b>Llegar\u00e1 el congreso Ingenium 2016 a CETYS Tijuana <\/b><br \/>\nCon el objetivo de acercar e informar a la comunidad estudiantil sobre las \u00faltimas tendencias de la Ingenier\u00eda con enfoque a los retos y logros, el Congreso Ingenium en su edici\u00f3n 2016 llegar\u00e1 a las instalaciones del Gimnasio &#8211; Auditorio &#8220;Rodrigo Valle Hern\u00e1ndez&#8221; del CETYS Universidad Campus Tijuana este viernes 8 de abril a partir de las 9:00 am.<br \/>\n<a href=\"https:\/\/www.tijuanainformativo.info\/index.php\/noticias-de-tijuana\/item\/36361-llegara-el-congreso-ingenium-2016-a-cetys-tijuana\">https:\/\/www.tijuanainformativo.info\/index.php\/noticias-de-tijuana\/item\/36361-llegara-el-congreso-ingenium-2016-a-cetys-tijuana<\/a><\/li>\n<\/ul>\n<ul>\n<li>Veraz Informa<br \/>\n<b>Llegar\u00e1 el Congreso &#8220;Ingenium 2016&#8221; a CETYS Tijuana<\/b><br \/>\nCon el objetivo de acercar e informar a la comunidad estudiantil sobre las \u00faltimas tendencias de la Ingenier\u00eda con enfoque a los retos y logros, el Congreso Ingenium en su edici\u00f3n 2016 llegar\u00e1 a las instalaciones del Gimnasio-Auditorio &#8220;Rodrigo Valle Hern\u00e1ndez&#8221; del CETYS Universidad Campus Tijuana este viernes 8 de abril a partir de las 9:00 am.<br \/>\n<a href=\"https:\/\/verazinforma.com\/estatal\/llegara-el-congreso-ingenium-2016-a-cetys-tijuana\/\">https:\/\/verazinforma.com\/estatal\/llegara-el-congreso-ingenium-2016-a-cetys-tijuana\/<\/a><\/li>\n<\/ul>\n<ul>\n<li>S\u00e9ptimo D\u00eda de las Californias<br \/>\n<b>Llegar\u00e1 el congreso Ingenium 2016 a CETYS Tijuana<\/b><br \/>\nCon el objetivo de acercar e informar a la comunidad estudiantil sobre las \u00faltimas tendencias de la Ingenier\u00eda con enfoque a los retos y logros, el Congreso Ingenium en su edici\u00f3n 2016 llegar\u00e1 a las instalaciones del Gimnasio &#8211; Auditorio &#8220;Rodrigo Valle Hern\u00e1ndez&#8221; del CETYS Universidad Campus Tijuana este viernes 8 de abril a partir de las 9:00 am.<br \/>\n<a href=\"https:\/\/www.septimodia.info\/llegara-el-congreso-ingenium-2016-a-cetys-tijuana\/\">https:\/\/www.septimodia.info\/llegara-el-congreso-ingenium-2016-a-cetys-tijuana\/<\/a><\/li>\n<\/ul>\n<ul>\n<li>Infobaja<br \/>\n<b>Realizar\u00e1n Congreso Ingenium en CETYS Universidad <\/b><br \/>\nEl congreso Ingenium en su edici\u00f3n 2016 llegar\u00e1 a Cetys Universidad campus Tijuana este viernes 8 de abril a partir de las 9:00 horas con la participaci\u00f3n de destacados egresados y empresas expertas en las \u00faltimas tendencias de la ingenier\u00eda.<br \/>\n<a href=\"https:\/\/www.infobaja.info\/principal\/28621-realizaran-congreso-ingenium-en-cetys-universidad\">https:\/\/www.infobaja.info\/principal\/28621-realizaran-congreso-ingenium-en-cetys-universidad<\/a><\/li>\n<\/ul>\n<ul>\n<li>Monitor Econ\u00f3mico<br \/>\n<b>Congreso Ingenium 2016 en CETYS Tijuana este viernes <\/b><br \/>\nCon el objetivo de acercar e informar a la comunidad estudiantil sobre las \u00faltimas tendencias de la Ingenier\u00eda con enfoque a los retos y logros, el Congreso Ingenium en su edici\u00f3n 2016 llegar\u00e1 a las instalaciones del Gimnasio Auditorio Rodrigo Valle Hern\u00e1ndez&amp;#148; del CETYS Universidad Campus Tijuana este viernes 8 de abril a partir de las 9:00 am.<br \/>\n<a href=\"https:\/\/monitoreconomico.org\/noticias\/2016\/apr\/05\/congreso-ingenium-2016-en-cetys-tijuana-este-viernes\/\">https:\/\/monitoreconomico.org\/noticias\/2016\/apr\/05\/congreso-ingenium-2016-en-cetys-tijuana-este-viernes\/<\/a><\/li>\n<\/ul>\n<ul>\n<li>El Sol de Tijuana<br \/>\n<b>Congreso Ingenium 2016 llegar\u00e1 a CETYS Tijuana <\/b><br \/>\nCon el objetivo de acercar e informar a la comunidad estudiantil sobre las \u00faltimas tendencias de la Ingenier\u00eda con enfoque a los retos y logros, el Congreso Ingenium en su edici\u00f3n 2016 llegar\u00e1 a las instalaciones del Gimnasio &#8211; Auditorio &#8220;Rodrigo Valle Hern\u00e1ndez&#8221; del CETYS Universidad Campus Tijuana este viernes 8 de abril a partir de las 9:00 am.<br \/>\n<a href=\"https:\/\/www.mxl.cetys.mx\/ci\/notasperiodico\/resultado.php?f=cetys_ingenium2016-elsol.jpg\">https:\/\/www.mxl.cetys.mx\/ci\/notasperiodico\/resultado.php?f=cetys_ingenium2016-elsol.jpg<\/a><\/li>\n<\/ul>\n<ul>\n<li>Veraz Informa<br \/>\n<b>Promueven en CETYS la concientizaci\u00f3n del autismo<\/b><br \/>\nEn el marco del &#8220;D\u00eda Mundial de Concientizaci\u00f3n sobre el Autismo&#8221;, alumnas del sexto semestre de la Escuela de Psicolog\u00eda del CETYS Universidad Campus Tijuana realizaron una jornada de actividades vivenciales con el objetivo de sensibilizar a la comunidad estudiantil sobre el Transtorno del Espectro Autista (TEA); siendo a partir de la experiencia una concientizaci\u00f3n m\u00e1s humana.<br \/>\n<a href=\"https:\/\/verazinforma.com\/estatal\/promueven-en-cetys-la-concientizacion-del-autismo\/\">https:\/\/verazinforma.com\/estatal\/promueven-en-cetys-la-concientizacion-del-autismo\/<\/a><\/li>\n<\/ul>\n<ul>\n<li>El Mexicano<br \/>\n<b>Muestra CETYS poder por el bat <\/b><br \/>\nEn una muestra de poder ofensivo, Zorros del CETYS Universidad Campus Tijuana consigui\u00f3 dos triunfos el pasado domingo en la Liga de B\u00e9isbol Amateur.<br \/>\n<a href=\"https:\/\/www.mxl.cetys.mx\/ci\/notasperiodico\/resultado.php?f=cetys_zorrospasionbat.jpg\">https:\/\/www.mxl.cetys.mx\/ci\/notasperiodico\/resultado.php?f=cetys_zorrospasionbat.jpg<\/a><\/li>\n<\/ul>\n<ul>\n<li>Uniradioinforma.com<br \/>\n<b>Acciones para emprender<\/b><br \/>\nCuando surge una idea de negocio, es una invitaci\u00f3n al emprendimiento. Sin embargo, pasar de la idea al negocio requiere acci\u00f3n o mejor dicho: acciones. Quien decide pasar de la idea a materializarla en un negocio, debe realizar una variedad de acciones, tales como: ubicar proveedores, definir canales de distribuci\u00f3n o venta, registrar el negocio en hacienda, etc.<br \/>\n<a href=\"https:\/\/www.uniradioinforma.com\/columnas\/columnista\/292\/columna7648.html\">https:\/\/www.uniradioinforma.com\/columnas\/columnista\/292\/columna7648.html<\/a><\/li>\n<\/ul>\n<ul>\n<li>Frontera<br \/>\n<b>Festeja jubilaci\u00f3n de la docencia<\/b><br \/>\nTras m\u00e1s de 35 a\u00f1os de servicio el Dr. Miguel Guzm\u00e1n P\u00e9rez, acad\u00e9mico de CETYS Universidad, le dijo adi\u00f3s a las aulas de la Escuela de Psicolog\u00eda para disfrutar una merecida etapa de jubilaci\u00f3n.<br \/>\n<a href=\"https:\/\/www.mxl.cetys.mx\/ci\/notasperiodico\/resultado.php?f=cetys_mtroguzmanjubilacion.jpg\">https:\/\/www.mxl.cetys.mx\/ci\/notasperiodico\/resultado.php?f=cetys_mtroguzmanjubilacion.jpg<\/a><\/li>\n<\/ul>\n<ul>\n<li>Infobaja<br \/>\n<b>S\u00f3lo invitamos a gente lista <\/b><br \/>\nEl programa de radio &#8220;Emprendedores en Acci\u00f3n&#8221; se ha vuelto ya una cita obligada cada s\u00e1bado de las 11:00 a 12:00 horas por la 1470 de Uniradio, para escuchar a Juan Jos\u00e9 Alonso poniendo inc\u00f3modos con sus preguntas a los invitados en turno.<br \/>\n<a href=\"https:\/\/www.mxl.cetys.mx\/ci\/notasperiodico\/resultado.php?f=cetys_emprendedoresaniversario2016.jpg\">https:\/\/www.mxl.cetys.mx\/ci\/notasperiodico\/resultado.php?f=cetys_emprendedoresaniversario2016.jpg<\/a><\/li>\n<\/ul>\n<p>Ensenada<\/p>\n<ul>\n<li>El Vig\u00eda<br \/>\n<b>Avanzan Zorros en los playoffs<\/b><br \/>\nZorros de Cetys Universidad elimin\u00f3 al segundo sembrado Leones &#8220;A&#8221; en la continuaci\u00f3n de los playoffs de la categor\u00eda Primera Intermedia.<br \/>\n<a href=\"https:\/\/www.elvigia.net\/deportes\/baloncesto\/2016\/4\/6\/avanzan-zorros-playoffs-233135.html\">https:\/\/www.elvigia.net\/deportes\/baloncesto\/2016\/4\/6\/avanzan-zorros-playoffs-233135.html<\/a><\/li>\n<\/ul>\n<ul>\n<li>El Vig\u00eda<br \/>\n<b>Ofrece Cetys becas IEnova<\/b><br \/>\nUn total de 10 estudiantes del Cetys Universidad Ensenada, campus Internacional, se ver\u00e1n beneficiados gracias al Programa de Becas de Fundaci\u00f3n IEnova, la cual abri\u00f3 su convocatoria en 2016 y apoyar\u00e1 a los j\u00f3venes que m\u00e1s lo necesiten.<br \/>\n<a href=\"https:\/\/www.elvigia.net\/general\/2016\/4\/6\/ofrece-cetys-becas-ienova-233115.html\">https:\/\/www.elvigia.net\/general\/2016\/4\/6\/ofrece-cetys-becas-ienova-233115.html<\/a><\/li>\n<\/ul>\n<ul>\n<li>Ensenada.net<br \/>\n<b>Fundaci\u00f3n IEnova y CETYS becar\u00e1n a estudiantes<\/b><br \/>\nUn total de 10 estudiantes del Cetys Universidad Ensenada, campus Internacional, se ver\u00e1n beneficiados gracias al Programa de Becas de Fundaci\u00f3n IEnova, la cual abri\u00f3 su convocatoria en 2016 y apoyar\u00e1 a los j\u00f3venes que m\u00e1s lo necesiten.<br \/>\n<a href=\"https:\/\/www.ensenada.net\/noticias\/nota.php?id=44515&amp;&amp;SearchQuery=\">https:\/\/www.ensenada.net\/noticias\/nota.php?id=44515&amp;&amp;SearchQuery=<\/a><\/li>\n<\/ul>\n<p><img loading=\"lazy\" decoding=\"async\" src=\"https:\/\/www.cetys.mx\/userfiles\/sintesisDirectivos\/notasdeEducacion.jpg\" alt=\"\" width=\"624\" height=\"78\" border=\"0\" \/><br \/>\nMexicali<\/p>\n<ul>\n<li>El Mexicano<br \/>\n<b>Resguarda UABC seguridad de alumnos ante temblores<\/b><br \/>\nPara recordar el sexto aniversario del terremoto de 7.2 grados que se registr\u00f3 en esta ciudad y con el fin de ratificar su compromiso para resguardar la seguridad de la comunidad universitaria, la Universidad Aut\u00f3noma de Baja California particip\u00f3 en el simulacro que llevaron a cabo autoridades de los tres niveles de gobierno, el sistema educativo y la comunidad en general.<br \/>\n<a href=\"https:\/\/ed.el-mexicano.com.mx\/impreso\/Mexicali\/040516\/05-04-2016_MEX_06A.pdf\">https:\/\/ed.el-mexicano.com.mx\/impreso\/Mexicali\/040516\/05-04-2016_MEX_06A.pdf<\/a><\/li>\n<\/ul>\n<\/td>\n<\/tr>\n<\/tbody>\n<\/table>\n","protected":false},"excerpt":{"rendered":"<p>Tijuana Uniradioinforma.com Llegar\u00e1 el congreso Ingenium 2016 a CETYS Tijuana Con el objetivo de acercar e informar a la comunidad estudiantil sobre&#8230;<\/p>\n","protected":false},"author":26,"featured_media":14914,"menu_order":0,"comment_status":"open","ping_status":"open","template":"","categories":[130],"class_list":["post-50497","sintesis","type-sintesis","status-publish","has-post-thumbnail","hentry","category-sintesis-informativa"],"yoast_head":"<!-- This site is optimized with the Yoast SEO plugin v27.4 - https:\/\/yoast.com\/product\/yoast-seo-wordpress\/ -->\n<title>S\u00edntesis Informativa del 6 de abril de 2016 - CETYS<\/title>\n<meta name=\"description\" content=\"En esta S\u00edntesis Informativa se enlista lo que publican los medios de comunicaci\u00f3n en Baja California sobre el CETYS y el sector educativo.\" \/>\n<meta name=\"robots\" content=\"index, follow, max-snippet:-1, max-image-preview:large, max-video-preview:-1\" \/>\n<link rel=\"canonical\" href=\"https:\/\/www.cetys.mx\/noticias\/sintesis\/sintesis-informativa-del-6-de-abril-de-2016\/\" \/>\n<meta property=\"og:locale\" content=\"es_MX\" \/>\n<meta property=\"og:type\" content=\"article\" \/>\n<meta property=\"og:title\" content=\"S\u00edntesis Informativa del 6 de abril de 2016 - CETYS\" \/>\n<meta property=\"og:description\" content=\"En esta S\u00edntesis Informativa se enlista lo que publican los medios de comunicaci\u00f3n en Baja California sobre el CETYS y el sector educativo.\" \/>\n<meta property=\"og:url\" content=\"https:\/\/www.cetys.mx\/noticias\/sintesis\/sintesis-informativa-del-6-de-abril-de-2016\/\" \/>\n<meta property=\"og:site_name\" content=\"CETYS\" \/>\n<meta property=\"article:publisher\" content=\"https:\/\/www.facebook.com\/cetysuniversidadmxl\/\" \/>\n<meta property=\"article:modified_time\" content=\"2019-05-15T00:42:23+00:00\" \/>\n<meta property=\"og:image\" content=\"https:\/\/www.cetys.mx\/noticias\/wp-content\/uploads\/2016\/01\/sintesis_1.jpg\" \/>\n\t<meta property=\"og:image:width\" content=\"958\" \/>\n\t<meta property=\"og:image:height\" content=\"479\" \/>\n\t<meta property=\"og:image:type\" content=\"image\/jpeg\" \/>\n<meta name=\"twitter:card\" content=\"summary_large_image\" \/>\n<meta name=\"twitter:site\" content=\"@cetysuni\" \/>\n<meta name=\"twitter:label1\" content=\"Tiempo de lectura\" \/>\n\t<meta name=\"twitter:data1\" content=\"5 minutos\" \/>\n<script type=\"application\/ld+json\" class=\"yoast-schema-graph\">{\"@context\":\"https:\\\/\\\/schema.org\",\"@graph\":[{\"@type\":\"WebPage\",\"@id\":\"https:\\\/\\\/www.cetys.mx\\\/noticias\\\/sintesis\\\/sintesis-informativa-del-6-de-abril-de-2016\\\/\",\"url\":\"https:\\\/\\\/www.cetys.mx\\\/noticias\\\/sintesis\\\/sintesis-informativa-del-6-de-abril-de-2016\\\/\",\"name\":\"S\u00edntesis Informativa del 6 de abril de 2016 - CETYS\",\"isPartOf\":{\"@id\":\"https:\\\/\\\/www.cetys.mx\\\/noticias\\\/#website\"},\"primaryImageOfPage\":{\"@id\":\"https:\\\/\\\/www.cetys.mx\\\/noticias\\\/sintesis\\\/sintesis-informativa-del-6-de-abril-de-2016\\\/#primaryimage\"},\"image\":{\"@id\":\"https:\\\/\\\/www.cetys.mx\\\/noticias\\\/sintesis\\\/sintesis-informativa-del-6-de-abril-de-2016\\\/#primaryimage\"},\"thumbnailUrl\":\"https:\\\/\\\/www.cetys.mx\\\/noticias\\\/wp-content\\\/uploads\\\/2016\\\/01\\\/sintesis_1.jpg\",\"datePublished\":\"2016-04-06T18:34:08+00:00\",\"dateModified\":\"2019-05-15T00:42:23+00:00\",\"description\":\"En esta S\u00edntesis Informativa se enlista lo que publican los medios de comunicaci\u00f3n en Baja California sobre el CETYS y el sector educativo.\",\"breadcrumb\":{\"@id\":\"https:\\\/\\\/www.cetys.mx\\\/noticias\\\/sintesis\\\/sintesis-informativa-del-6-de-abril-de-2016\\\/#breadcrumb\"},\"inLanguage\":\"es\",\"potentialAction\":[{\"@type\":\"ReadAction\",\"target\":[\"https:\\\/\\\/www.cetys.mx\\\/noticias\\\/sintesis\\\/sintesis-informativa-del-6-de-abril-de-2016\\\/\"]}]},{\"@type\":\"ImageObject\",\"inLanguage\":\"es\",\"@id\":\"https:\\\/\\\/www.cetys.mx\\\/noticias\\\/sintesis\\\/sintesis-informativa-del-6-de-abril-de-2016\\\/#primaryimage\",\"url\":\"https:\\\/\\\/www.cetys.mx\\\/noticias\\\/wp-content\\\/uploads\\\/2016\\\/01\\\/sintesis_1.jpg\",\"contentUrl\":\"https:\\\/\\\/www.cetys.mx\\\/noticias\\\/wp-content\\\/uploads\\\/2016\\\/01\\\/sintesis_1.jpg\",\"width\":958,\"height\":479,\"caption\":\"s\u00edntesis informativa\"},{\"@type\":\"BreadcrumbList\",\"@id\":\"https:\\\/\\\/www.cetys.mx\\\/noticias\\\/sintesis\\\/sintesis-informativa-del-6-de-abril-de-2016\\\/#breadcrumb\",\"itemListElement\":[{\"@type\":\"ListItem\",\"position\":1,\"name\":\"Inicio\",\"item\":\"https:\\\/\\\/www.cetys.mx\\\/noticias\\\/\"},{\"@type\":\"ListItem\",\"position\":2,\"name\":\"S\u00edntesis\",\"item\":\"https:\\\/\\\/www.cetys.mx\\\/noticias\\\/sintesis\\\/\"},{\"@type\":\"ListItem\",\"position\":3,\"name\":\"S\u00edntesis Informativa del 6 de abril de 2016\"}]},{\"@type\":\"WebSite\",\"@id\":\"https:\\\/\\\/www.cetys.mx\\\/noticias\\\/#website\",\"url\":\"https:\\\/\\\/www.cetys.mx\\\/noticias\\\/\",\"name\":\"CETYS\",\"description\":\"\",\"potentialAction\":[{\"@type\":\"SearchAction\",\"target\":{\"@type\":\"EntryPoint\",\"urlTemplate\":\"https:\\\/\\\/www.cetys.mx\\\/noticias\\\/?s={search_term_string}\"},\"query-input\":{\"@type\":\"PropertyValueSpecification\",\"valueRequired\":true,\"valueName\":\"search_term_string\"}}],\"inLanguage\":\"es\"}]}<\/script>\n<!-- \/ Yoast SEO plugin. -->","yoast_head_json":{"title":"S\u00edntesis Informativa del 6 de abril de 2016 - CETYS","description":"En esta S\u00edntesis Informativa se enlista lo que publican los medios de comunicaci\u00f3n en Baja California sobre el CETYS y el sector educativo.","robots":{"index":"index","follow":"follow","max-snippet":"max-snippet:-1","max-image-preview":"max-image-preview:large","max-video-preview":"max-video-preview:-1"},"canonical":"https:\/\/www.cetys.mx\/noticias\/sintesis\/sintesis-informativa-del-6-de-abril-de-2016\/","og_locale":"es_MX","og_type":"article","og_title":"S\u00edntesis Informativa del 6 de abril de 2016 - CETYS","og_description":"En esta S\u00edntesis Informativa se enlista lo que publican los medios de comunicaci\u00f3n en Baja California sobre el CETYS y el sector educativo.","og_url":"https:\/\/www.cetys.mx\/noticias\/sintesis\/sintesis-informativa-del-6-de-abril-de-2016\/","og_site_name":"CETYS","article_publisher":"https:\/\/www.facebook.com\/cetysuniversidadmxl\/","article_modified_time":"2019-05-15T00:42:23+00:00","og_image":[{"width":958,"height":479,"url":"https:\/\/www.cetys.mx\/noticias\/wp-content\/uploads\/2016\/01\/sintesis_1.jpg","type":"image\/jpeg"}],"twitter_card":"summary_large_image","twitter_site":"@cetysuni","twitter_misc":{"Tiempo de lectura":"5 minutos"},"schema":{"@context":"https:\/\/schema.org","@graph":[{"@type":"WebPage","@id":"https:\/\/www.cetys.mx\/noticias\/sintesis\/sintesis-informativa-del-6-de-abril-de-2016\/","url":"https:\/\/www.cetys.mx\/noticias\/sintesis\/sintesis-informativa-del-6-de-abril-de-2016\/","name":"S\u00edntesis Informativa del 6 de abril de 2016 - CETYS","isPartOf":{"@id":"https:\/\/www.cetys.mx\/noticias\/#website"},"primaryImageOfPage":{"@id":"https:\/\/www.cetys.mx\/noticias\/sintesis\/sintesis-informativa-del-6-de-abril-de-2016\/#primaryimage"},"image":{"@id":"https:\/\/www.cetys.mx\/noticias\/sintesis\/sintesis-informativa-del-6-de-abril-de-2016\/#primaryimage"},"thumbnailUrl":"https:\/\/www.cetys.mx\/noticias\/wp-content\/uploads\/2016\/01\/sintesis_1.jpg","datePublished":"2016-04-06T18:34:08+00:00","dateModified":"2019-05-15T00:42:23+00:00","description":"En esta S\u00edntesis Informativa se enlista lo que publican los medios de comunicaci\u00f3n en Baja California sobre el CETYS y el sector educativo.","breadcrumb":{"@id":"https:\/\/www.cetys.mx\/noticias\/sintesis\/sintesis-informativa-del-6-de-abril-de-2016\/#breadcrumb"},"inLanguage":"es","potentialAction":[{"@type":"ReadAction","target":["https:\/\/www.cetys.mx\/noticias\/sintesis\/sintesis-informativa-del-6-de-abril-de-2016\/"]}]},{"@type":"ImageObject","inLanguage":"es","@id":"https:\/\/www.cetys.mx\/noticias\/sintesis\/sintesis-informativa-del-6-de-abril-de-2016\/#primaryimage","url":"https:\/\/www.cetys.mx\/noticias\/wp-content\/uploads\/2016\/01\/sintesis_1.jpg","contentUrl":"https:\/\/www.cetys.mx\/noticias\/wp-content\/uploads\/2016\/01\/sintesis_1.jpg","width":958,"height":479,"caption":"s\u00edntesis informativa"},{"@type":"BreadcrumbList","@id":"https:\/\/www.cetys.mx\/noticias\/sintesis\/sintesis-informativa-del-6-de-abril-de-2016\/#breadcrumb","itemListElement":[{"@type":"ListItem","position":1,"name":"Inicio","item":"https:\/\/www.cetys.mx\/noticias\/"},{"@type":"ListItem","position":2,"name":"S\u00edntesis","item":"https:\/\/www.cetys.mx\/noticias\/sintesis\/"},{"@type":"ListItem","position":3,"name":"S\u00edntesis Informativa del 6 de abril de 2016"}]},{"@type":"WebSite","@id":"https:\/\/www.cetys.mx\/noticias\/#website","url":"https:\/\/www.cetys.mx\/noticias\/","name":"CETYS","description":"","potentialAction":[{"@type":"SearchAction","target":{"@type":"EntryPoint","urlTemplate":"https:\/\/www.cetys.mx\/noticias\/?s={search_term_string}"},"query-input":{"@type":"PropertyValueSpecification","valueRequired":true,"valueName":"search_term_string"}}],"inLanguage":"es"}]}},"_links":{"self":[{"href":"https:\/\/www.cetys.mx\/noticias\/wp-json\/wp\/v2\/sintesis\/50497","targetHints":{"allow":["GET"]}}],"collection":[{"href":"https:\/\/www.cetys.mx\/noticias\/wp-json\/wp\/v2\/sintesis"}],"about":[{"href":"https:\/\/www.cetys.mx\/noticias\/wp-json\/wp\/v2\/types\/sintesis"}],"author":[{"embeddable":true,"href":"https:\/\/www.cetys.mx\/noticias\/wp-json\/wp\/v2\/users\/26"}],"replies":[{"embeddable":true,"href":"https:\/\/www.cetys.mx\/noticias\/wp-json\/wp\/v2\/comments?post=50497"}],"wp:featuredmedia":[{"embeddable":true,"href":"https:\/\/www.cetys.mx\/noticias\/wp-json\/wp\/v2\/media\/14914"}],"wp:attachment":[{"href":"https:\/\/www.cetys.mx\/noticias\/wp-json\/wp\/v2\/media?parent=50497"}],"wp:term":[{"taxonomy":"category","embeddable":true,"href":"https:\/\/www.cetys.mx\/noticias\/wp-json\/wp\/v2\/categories?post=50497"}],"curies":[{"name":"wp","href":"https:\/\/api.w.org\/{rel}","templated":true}]}}