{"id":50225,"date":"2016-03-30T10:02:33","date_gmt":"2016-03-30T17:02:33","guid":{"rendered":"http:\/\/vocetys.mx\/?p=50225"},"modified":"2019-05-14T17:42:25","modified_gmt":"2019-05-15T00:42:25","slug":"sintesis-informativa-del-30-de-marzo-de-2016","status":"publish","type":"sintesis","link":"https:\/\/www.cetys.mx\/noticias\/sintesis\/sintesis-informativa-del-30-de-marzo-de-2016\/","title":{"rendered":"S\u00edntesis Informativa del 30 de Marzo de 2016"},"content":{"rendered":"<table border=\"0\" width=\"624\">\n<tbody>\n<tr>\n<td><img loading=\"lazy\" decoding=\"async\" src=\"https:\/\/www.cetys.mx\/userfiles\/sintesisDirectivos\/cetysenlosMedios.jpg\" alt=\"\" width=\"624\" height=\"78\" border=\"0\" \/><\/p>\n<p>Mexicali<\/p>\n<ul>\n<li>El Mexicano<br \/>\n<b>Alumnos de CETYS reciben apoyos<\/b><br \/>\nCon el prop\u00f3sito de estimular el talento de la comunidad estudiantil que participa en el programa estudiantil de Doble Grado en EUA, se realiz\u00f3 la ceremonia de becas &#8220;CETYS Universidad- City University of Seattle Presidential Scholarship 2016&#8221;<br \/>\n<a href=\"https:\/\/www.mxl.cetys.mx\/ci\/notasperiodico\/resultado.php?f=mn_180316_4e.jpg\">https:\/\/www.mxl.cetys.mx\/ci\/notasperiodico\/resultado.php?f=mn_180316_4e.jpg<\/a><\/li>\n<\/ul>\n<ul>\n<li>El Mexicano<br \/>\n<b>J\u00f3venes bachilleres comparten vivencias<\/b><br \/>\nDirectivos, docentes y alumnado de la preparatoria CETYS del Campus Mexicali recibieron, recientemente a 17 alumnos y dos maestras provenientes de la Escuela Waldorft del Condado de Orange, California.<br \/>\n<a href=\"https:\/\/www.mxl.cetys.mx\/ci\/notasperiodico\/resultado.php?f=mn_250316_e3.jpg\">https:\/\/www.mxl.cetys.mx\/ci\/notasperiodico\/resultado.php?f=mn_250316_e3.jpg<\/a><\/li>\n<\/ul>\n<ul>\n<li>La Voz de la Frontera<br \/>\n<b>Compiten en &#8220;Sand Board&#8221; en Los Algodones<\/b><br \/>\nSe disput\u00f3 la sexta edici\u00f3n del torneo &#8220;Baja Sand Board&#8221; en las dunas de Los Algodones. El torneo fue el primero de una serie de cinco competencias internacionales.<br \/>\n<a href=\"https:\/\/www.mxl.cetys.mx\/ci\/notasperiodico\/resultado.php?f=vf_120316_5b.jpg\">https:\/\/www.mxl.cetys.mx\/ci\/notasperiodico\/resultado.php?f=vf_120316_5b.jpg<\/a><\/li>\n<\/ul>\n<p>Tijuana<\/p>\n<ul>\n<li>Uniradioinforma.com<br \/>\n<b>Colocan primera piedra del gimnasio auditorio en Cetys<\/b><br \/>\nCon el prop\u00f3sito de impulsar la formaci\u00f3n integral, el deporte y la vida estudiantil de los estudiantes, el d\u00eda de hoy se realiz\u00f3 la &#8220;Ceremonia de Colocaci\u00f3n de la Primera Piedra del Gimnasio Auditorio de CETYS Universidad Ensenada, Campus Internacional&#8221;.<br \/>\n<a href=\"https:\/\/www.uniradioinforma.com\/noticias\/tijuana\/402153\/colocan-primera-piedra-del-gimnasio-auditorio-en-cetys-ensenada.html\">https:\/\/www.uniradioinforma.com\/noticias\/tijuana\/402153\/colocan-primera-piedra-del-gimnasio-auditorio-en-cetys-ensenada.html<\/a><\/li>\n<\/ul>\n<ul>\n<li>Frontera<br \/>\n<b>Colocan en CETYS primera piedra para gimnasio auditorio<\/b><br \/>\nCon el prop\u00f3sito de impulsar la formaci\u00f3n integral, el deporte y la vida estudiantil de los estudiantes, el d\u00eda de hoy se realiz\u00f3 la &#8220;Ceremonia de Colocaci\u00f3n de la Primera Piedra del Gimnasio Auditorio de CETYS Universidad Ensenada, Campus Internacional&#8221;.<br \/>\n<a href=\"https:\/\/www.frontera.info\/EdicionEnLinea\/Notas\/Noticias\/29032016\/1065463-Colocan-en-CETYS-primera-piedra-para-gimnasio-auditorio.html\">https:\/\/www.frontera.info\/EdicionEnLinea\/Notas\/Noticias\/29032016\/1065463-Colocan-en-CETYS-primera-piedra-para-gimnasio-auditorio.html<\/a><\/li>\n<\/ul>\n<ul>\n<li>Tijuana Informativo<br \/>\n<b>Colocan primera piedra del gimnasio auditorio en Cetys<\/b><br \/>\nCon el prop\u00f3sito de impulsar la formaci\u00f3n integral, el deporte y la vida estudiantil de los estudiantes, el d\u00eda de hoy se realiz\u00f3 la &#8220;Ceremonia de Colocaci\u00f3n de la Primera Piedra del Gimnasio Auditorio de CETYS Universidad Ensenada, Campus Internacional&#8221;.<br \/>\n<a href=\"https:\/\/www.tijuanainformativo.info\/index.php\/noticias-de-tijuana\/item\/35972-colocan-primera-piedra-del-gimnasio-auditorio-en-cetys-ensenada\">https:\/\/www.tijuanainformativo.info\/index.php\/noticias-de-tijuana\/item\/35972-colocan-primera-piedra-del-gimnasio-auditorio-en-cetys-ensenada<\/a><\/li>\n<\/ul>\n<ul>\n<li>Monitor Econ\u00f3mico<br \/>\n<b>Colocan primera piedra del gimnasio auditorio en Cetys<\/b><br \/>\nCon el prop\u00f3sito de impulsar la formaci\u00f3n integral, el deporte y la vida estudiantil de los estudiantes, el d\u00eda de hoy se realiz\u00f3 la &#8220;Ceremonia de Colocaci\u00f3n de la Primera Piedra del Gimnasio Auditorio de CETYS Universidad Ensenada, Campus Internacional&#8221;.<br \/>\n<a href=\"https:\/\/monitoreconomico.org\/noticias\/2016\/mar\/29\/colocan-primera-piedra-del-gimnasio-auditorio-en-cetys-ensenada\/\">https:\/\/monitoreconomico.org\/noticias\/2016\/mar\/29\/colocan-primera-piedra-del-gimnasio-auditorio-en-cetys-ensenada\/<\/a><\/li>\n<\/ul>\n<ul>\n<li>Uniradioinforma.com<br \/>\n<b>Canaco Tijuana se suma al proyecto de ciudades competitivas<\/b><br \/>\nLa C\u00e1mara Nacional de Comercio, Servicios y Turismo se integrar\u00e1 a los trabajos para desarrollar en esta ciudad el proyecto de &#8220;Ciudades Competitivas&#8221;, el cual impulsa la Secretar\u00eda de Econom\u00eda en coordinaci\u00f3n con CETYS Universidad.<br \/>\n<a href=\"https:\/\/www.uniradioinforma.com\/noticias\/tijuana\/401312\/canaco-tijuana-se-suma-al-proyecto-de-ciudades-competitivas.html\">https:\/\/www.uniradioinforma.com\/noticias\/tijuana\/401312\/canaco-tijuana-se-suma-al-proyecto-de-ciudades-competitivas.html<\/a><\/li>\n<\/ul>\n<ul>\n<li>Tijuana Informativo<br \/>\n<b>Canaco se suma al proyecto de ciudades competitivas<\/b><br \/>\nLa C\u00e1mara Nacional de Comercio, Servicios y Turismo se integrar\u00e1 a los trabajos para desarrollar en esta ciudad el proyecto de &#8220;Ciudades Competitivas&#8221;, el cual impulsa la Secretar\u00eda de Econom\u00eda en coordinaci\u00f3n con CETYS Universidad.<br \/>\n<a href=\"https:\/\/www.tijuanainformativo.info\/index.php\/noticias-de-tijuana\/item\/35808-canaco-se-suma-al-proyecto-de-ciudades-competitivas\">https:\/\/www.tijuanainformativo.info\/index.php\/noticias-de-tijuana\/item\/35808-canaco-se-suma-al-proyecto-de-ciudades-competitivas<\/a><\/li>\n<\/ul>\n<ul>\n<li>Veraz Informa<br \/>\n<b>Canaco Tijuana se suma al proyecto de ciudades competitivas<\/b><br \/>\nLa C\u00e1mara Nacional de Comercio, Servicios y Turismo se integrar\u00e1 a los trabajos para desarrollar en esta ciudad el proyecto de &#8220;Ciudades Competitivas&#8221;, el cual impulsa la Secretar\u00eda de Econom\u00eda en coordinaci\u00f3n con CETYS Universidad.<br \/>\n<a href=\"https:\/\/verazinforma.com\/estatal\/canaco-tijuana-se-suma-al-proyecto-de-ciudades-competitivas\/\">https:\/\/verazinforma.com\/estatal\/canaco-tijuana-se-suma-al-proyecto-de-ciudades-competitivas\/<\/a><\/li>\n<\/ul>\n<ul>\n<li>El Sol de Tijuana<br \/>\n<b>Colocan primera piedra de gimnasio auditorio <\/b><br \/>\nCon el prop\u00f3sito de impulsar la formaci\u00f3n integral, el deporte y la vida estudiantil de los estudiantes, el d\u00eda de hoy se realiz\u00f3 la &#8220;Ceremonia de Colocaci\u00f3n de la Primera Piedra del Gimnasio Auditorio de CETYS Universidad Ensenada, Campus Internacional&#8221;.<br \/>\n<a href=\"https:\/\/www.mxl.cetys.mx\/ci\/notasperiodico\/resultado.php?f=cetys_primerapiedraens.jpg\">https:\/\/www.mxl.cetys.mx\/ci\/notasperiodico\/resultado.php?f=cetys_primerapiedraens.jpg<\/a><\/li>\n<\/ul>\n<ul>\n<li>El Sol de Tijuana<br \/>\n<b>Infantil menor tendr\u00e1 encuentros de fut americano<\/b><br \/>\nLa tercera jornada de la temporada iniciar\u00e1 a las 11:00 horas en el emparrillado de CETYS Tijuana, donde Leones recibir\u00e1n a Coyotes de la Universidad Xochicalco.<br \/>\n<a href=\"https:\/\/www.mxl.cetys.mx\/ci\/notasperiodico\/resultado.php?f=cetys_americanoinfantil16.jpg\">https:\/\/www.mxl.cetys.mx\/ci\/notasperiodico\/resultado.php?f=cetys_americanoinfantil16.jpg<\/a><\/li>\n<\/ul>\n<ul>\n<li>Uniradioinforma.com<br \/>\n<b>SSPM entrega 746 mesabancos a escuelas de la zona Este<\/b><br \/>\nLos factores de riesgo para el surgimiento de violencia en las escuelas fueron determinados con diagn\u00f3sticos, an\u00e1lisis y talleres aplicados en 98 secundarias, con fondos Subsemun, por organismos civiles especializados como CETYS Universidad, Alianza Civil y Fundaci\u00f3n Mexicana de Estudios Contra la Inseguridad.<br \/>\n<a href=\"https:\/\/www.uniradioinforma.com\/noticias\/tijuana\/402026\/sspm-entrega-746-mesabancos-a-escuelas-de-la-zona-este.html\">https:\/\/www.uniradioinforma.com\/noticias\/tijuana\/402026\/sspm-entrega-746-mesabancos-a-escuelas-de-la-zona-este.html<\/a><\/li>\n<\/ul>\n<p>Ensenada<\/p>\n<ul>\n<li>El Vig\u00eda<br \/>\n<b>Colocan primera piedra de gimnasio y auditorio<\/b><br \/>\nAyer fue colocada la primera piedra de lo que ser\u00e1 el Gimnasio y Auditorio de Cetys Universidad, &#8220;Ensenada Campus Internacional&#8221;. El recinto, que forma parte del Plan Cetys 2020, tendr\u00e1 capacidad para 733 personas durante fechas deportivas y 1 mil 500 en graduaciones; estar\u00e1 terminado en 12 meses.<br \/>\n<a href=\"https:\/\/www.elvigia.net\/deportes\/otros\/2016\/3\/30\/colocan-primera-piedra-gimnasio-auditorio-231527.html\">https:\/\/www.elvigia.net\/deportes\/otros\/2016\/3\/30\/colocan-primera-piedra-gimnasio-auditorio-231527.html<\/a><\/li>\n<\/ul>\n<ul>\n<li>El Vig\u00eda<br \/>\n<b>Colocan la primera piedra de gimnasio<\/b><br \/>\nCon un mensaje centrado en el compromiso y la continuidad, adem\u00e1s de que el deporte es una actividad llena de ense\u00f1anzas y formaci\u00f3n de car\u00e1cter, fue colocada la primera piedra del Gimnasio Auditorio de Cetys Universidad Ensenada, Campus Internacional.<br \/>\n<a href=\"https:\/\/www.elvigia.net\/general\/2016\/3\/30\/colocan-primera-piedra-gimnasio-231508.html\">https:\/\/www.elvigia.net\/general\/2016\/3\/30\/colocan-primera-piedra-gimnasio-231508.html<\/a><\/li>\n<\/ul>\n<ul>\n<li>Ensenada.net<br \/>\n<b>Colocan primera piedra de Gimnasio Auditorio CETYS<\/b><br \/>\nCon el prop\u00f3sito de impulsar la formaci\u00f3n integral, el deporte y la vida estudiantil de los estudiantes, el d\u00eda de hoy se realiz\u00f3 la &#8220;Ceremonia de Colocaci\u00f3n de la Primera Piedra del Gimnasio Auditorio de CETYS Universidad Ensenada, Campus Internacional&#8221;.<br \/>\n<a href=\"https:\/\/www.ensenada.net\/noticias\/nota.php?id=44432&amp;&amp;SearchQuery=\">https:\/\/www.ensenada.net\/noticias\/nota.php?id=44432&amp;&amp;SearchQuery=<\/a><\/li>\n<\/ul>\n<ul>\n<li>Frontera<br \/>\n<b>Colocan en CETYS primera piedra para gimnasio auditorio<\/b><br \/>\nCon el prop\u00f3sito de impulsar la formaci\u00f3n integral, el deporte y la vida estudiantil de los estudiantes, el d\u00eda de hoy se realiz\u00f3 la &#8220;Ceremonia de Colocaci\u00f3n de la Primera Piedra del Gimnasio Auditorio de CETYS Universidad Ensenada, Campus Internacional&#8221;.<br \/>\n<a href=\"https:\/\/www.frontera.info\/EdicionEnLinea\/Notas\/Noticias\/29032016\/1065463-Colocan-en-CETYS-primera-piedra-para-gimnasio-auditorio.html\">https:\/\/www.frontera.info\/EdicionEnLinea\/Notas\/Noticias\/29032016\/1065463-Colocan-en-CETYS-primera-piedra-para-gimnasio-auditorio.html<\/a><\/li>\n<\/ul>\n<p><img loading=\"lazy\" decoding=\"async\" src=\"https:\/\/www.cetys.mx\/userfiles\/sintesisDirectivos\/notasdeEducacion.jpg\" alt=\"\" width=\"624\" height=\"78\" border=\"0\" \/><br \/>\nMexicali<\/p>\n<ul>\n<li>La Cr\u00f3nica<br \/>\n<b>Descartan dar prioridad a normalistas para las plazas en el SEE<\/b><br \/>\nEl pr\u00f3ximo concurso para ingresar como docente al Sistema Educativo Estatal (SEE) no dar\u00e1 prioridad a los egresados de las escuelas Normales sino que competir\u00e1n a la par con quienes cuenten con licenciatura, confirm\u00f3 el titular del Servicio Profesional Docente en Baja California.<br \/>\n<a href=\"https:\/\/www.lacronica.com\/EdicionEnLinea\/Notas\/Noticias\/30032016\/1065512-Descartan-dar-prioridad-a-normalistas-para-las-plazas-en-el-SEE.html\">https:\/\/www.lacronica.com\/EdicionEnLinea\/Notas\/Noticias\/30032016\/1065512-Descartan-dar-prioridad-a-normalistas-para-las-plazas-en-el-SEE.html<\/a><\/li>\n<\/ul>\n<\/td>\n<\/tr>\n<\/tbody>\n<\/table>\n","protected":false},"excerpt":{"rendered":"<p>Mexicali El Mexicano Alumnos de CETYS reciben apoyos Con el prop\u00f3sito de estimular el talento de la comunidad estudiantil que participa en&#8230;<\/p>\n","protected":false},"author":26,"featured_media":14914,"menu_order":0,"comment_status":"open","ping_status":"open","template":"","categories":[130],"class_list":["post-50225","sintesis","type-sintesis","status-publish","has-post-thumbnail","hentry","category-sintesis-informativa"],"yoast_head":"<!-- This site is optimized with the Yoast SEO plugin v27.4 - https:\/\/yoast.com\/product\/yoast-seo-wordpress\/ -->\n<title>S\u00edntesis Informativa del 30 de Marzo de 2016 - CETYS<\/title>\n<meta name=\"description\" content=\"En esta S\u00edntesis Informativa se enlista lo que publican los medios de comunicaci\u00f3n en Baja California sobre el CETYS y el sector educativo.\" \/>\n<meta name=\"robots\" content=\"index, follow, max-snippet:-1, max-image-preview:large, max-video-preview:-1\" \/>\n<link rel=\"canonical\" href=\"https:\/\/www.cetys.mx\/noticias\/sintesis\/sintesis-informativa-del-30-de-marzo-de-2016\/\" \/>\n<meta property=\"og:locale\" content=\"es_MX\" \/>\n<meta property=\"og:type\" content=\"article\" \/>\n<meta property=\"og:title\" content=\"S\u00edntesis Informativa del 30 de Marzo de 2016 - CETYS\" \/>\n<meta property=\"og:description\" content=\"En esta S\u00edntesis Informativa se enlista lo que publican los medios de comunicaci\u00f3n en Baja California sobre el CETYS y el sector educativo.\" \/>\n<meta property=\"og:url\" content=\"https:\/\/www.cetys.mx\/noticias\/sintesis\/sintesis-informativa-del-30-de-marzo-de-2016\/\" \/>\n<meta property=\"og:site_name\" content=\"CETYS\" \/>\n<meta property=\"article:publisher\" content=\"https:\/\/www.facebook.com\/cetysuniversidadmxl\/\" \/>\n<meta property=\"article:modified_time\" content=\"2019-05-15T00:42:25+00:00\" \/>\n<meta property=\"og:image\" content=\"https:\/\/www.cetys.mx\/noticias\/wp-content\/uploads\/2016\/01\/sintesis_1.jpg\" \/>\n\t<meta property=\"og:image:width\" content=\"958\" \/>\n\t<meta property=\"og:image:height\" content=\"479\" \/>\n\t<meta property=\"og:image:type\" content=\"image\/jpeg\" \/>\n<meta name=\"twitter:card\" content=\"summary_large_image\" \/>\n<meta name=\"twitter:site\" content=\"@cetysuni\" \/>\n<meta name=\"twitter:label1\" content=\"Tiempo de lectura\" \/>\n\t<meta name=\"twitter:data1\" content=\"5 minutos\" \/>\n<script type=\"application\/ld+json\" class=\"yoast-schema-graph\">{\"@context\":\"https:\\\/\\\/schema.org\",\"@graph\":[{\"@type\":\"WebPage\",\"@id\":\"https:\\\/\\\/www.cetys.mx\\\/noticias\\\/sintesis\\\/sintesis-informativa-del-30-de-marzo-de-2016\\\/\",\"url\":\"https:\\\/\\\/www.cetys.mx\\\/noticias\\\/sintesis\\\/sintesis-informativa-del-30-de-marzo-de-2016\\\/\",\"name\":\"S\u00edntesis Informativa del 30 de Marzo de 2016 - CETYS\",\"isPartOf\":{\"@id\":\"https:\\\/\\\/www.cetys.mx\\\/noticias\\\/#website\"},\"primaryImageOfPage\":{\"@id\":\"https:\\\/\\\/www.cetys.mx\\\/noticias\\\/sintesis\\\/sintesis-informativa-del-30-de-marzo-de-2016\\\/#primaryimage\"},\"image\":{\"@id\":\"https:\\\/\\\/www.cetys.mx\\\/noticias\\\/sintesis\\\/sintesis-informativa-del-30-de-marzo-de-2016\\\/#primaryimage\"},\"thumbnailUrl\":\"https:\\\/\\\/www.cetys.mx\\\/noticias\\\/wp-content\\\/uploads\\\/2016\\\/01\\\/sintesis_1.jpg\",\"datePublished\":\"2016-03-30T17:02:33+00:00\",\"dateModified\":\"2019-05-15T00:42:25+00:00\",\"description\":\"En esta S\u00edntesis Informativa se enlista lo que publican los medios de comunicaci\u00f3n en Baja California sobre el CETYS y el sector educativo.\",\"breadcrumb\":{\"@id\":\"https:\\\/\\\/www.cetys.mx\\\/noticias\\\/sintesis\\\/sintesis-informativa-del-30-de-marzo-de-2016\\\/#breadcrumb\"},\"inLanguage\":\"es\",\"potentialAction\":[{\"@type\":\"ReadAction\",\"target\":[\"https:\\\/\\\/www.cetys.mx\\\/noticias\\\/sintesis\\\/sintesis-informativa-del-30-de-marzo-de-2016\\\/\"]}]},{\"@type\":\"ImageObject\",\"inLanguage\":\"es\",\"@id\":\"https:\\\/\\\/www.cetys.mx\\\/noticias\\\/sintesis\\\/sintesis-informativa-del-30-de-marzo-de-2016\\\/#primaryimage\",\"url\":\"https:\\\/\\\/www.cetys.mx\\\/noticias\\\/wp-content\\\/uploads\\\/2016\\\/01\\\/sintesis_1.jpg\",\"contentUrl\":\"https:\\\/\\\/www.cetys.mx\\\/noticias\\\/wp-content\\\/uploads\\\/2016\\\/01\\\/sintesis_1.jpg\",\"width\":958,\"height\":479,\"caption\":\"s\u00edntesis informativa\"},{\"@type\":\"BreadcrumbList\",\"@id\":\"https:\\\/\\\/www.cetys.mx\\\/noticias\\\/sintesis\\\/sintesis-informativa-del-30-de-marzo-de-2016\\\/#breadcrumb\",\"itemListElement\":[{\"@type\":\"ListItem\",\"position\":1,\"name\":\"Inicio\",\"item\":\"https:\\\/\\\/www.cetys.mx\\\/noticias\\\/\"},{\"@type\":\"ListItem\",\"position\":2,\"name\":\"S\u00edntesis\",\"item\":\"https:\\\/\\\/www.cetys.mx\\\/noticias\\\/sintesis\\\/\"},{\"@type\":\"ListItem\",\"position\":3,\"name\":\"S\u00edntesis Informativa del 30 de Marzo de 2016\"}]},{\"@type\":\"WebSite\",\"@id\":\"https:\\\/\\\/www.cetys.mx\\\/noticias\\\/#website\",\"url\":\"https:\\\/\\\/www.cetys.mx\\\/noticias\\\/\",\"name\":\"CETYS\",\"description\":\"\",\"potentialAction\":[{\"@type\":\"SearchAction\",\"target\":{\"@type\":\"EntryPoint\",\"urlTemplate\":\"https:\\\/\\\/www.cetys.mx\\\/noticias\\\/?s={search_term_string}\"},\"query-input\":{\"@type\":\"PropertyValueSpecification\",\"valueRequired\":true,\"valueName\":\"search_term_string\"}}],\"inLanguage\":\"es\"}]}<\/script>\n<!-- \/ Yoast SEO plugin. -->","yoast_head_json":{"title":"S\u00edntesis Informativa del 30 de Marzo de 2016 - CETYS","description":"En esta S\u00edntesis Informativa se enlista lo que publican los medios de comunicaci\u00f3n en Baja California sobre el CETYS y el sector educativo.","robots":{"index":"index","follow":"follow","max-snippet":"max-snippet:-1","max-image-preview":"max-image-preview:large","max-video-preview":"max-video-preview:-1"},"canonical":"https:\/\/www.cetys.mx\/noticias\/sintesis\/sintesis-informativa-del-30-de-marzo-de-2016\/","og_locale":"es_MX","og_type":"article","og_title":"S\u00edntesis Informativa del 30 de Marzo de 2016 - CETYS","og_description":"En esta S\u00edntesis Informativa se enlista lo que publican los medios de comunicaci\u00f3n en Baja California sobre el CETYS y el sector educativo.","og_url":"https:\/\/www.cetys.mx\/noticias\/sintesis\/sintesis-informativa-del-30-de-marzo-de-2016\/","og_site_name":"CETYS","article_publisher":"https:\/\/www.facebook.com\/cetysuniversidadmxl\/","article_modified_time":"2019-05-15T00:42:25+00:00","og_image":[{"width":958,"height":479,"url":"https:\/\/www.cetys.mx\/noticias\/wp-content\/uploads\/2016\/01\/sintesis_1.jpg","type":"image\/jpeg"}],"twitter_card":"summary_large_image","twitter_site":"@cetysuni","twitter_misc":{"Tiempo de lectura":"5 minutos"},"schema":{"@context":"https:\/\/schema.org","@graph":[{"@type":"WebPage","@id":"https:\/\/www.cetys.mx\/noticias\/sintesis\/sintesis-informativa-del-30-de-marzo-de-2016\/","url":"https:\/\/www.cetys.mx\/noticias\/sintesis\/sintesis-informativa-del-30-de-marzo-de-2016\/","name":"S\u00edntesis Informativa del 30 de Marzo de 2016 - CETYS","isPartOf":{"@id":"https:\/\/www.cetys.mx\/noticias\/#website"},"primaryImageOfPage":{"@id":"https:\/\/www.cetys.mx\/noticias\/sintesis\/sintesis-informativa-del-30-de-marzo-de-2016\/#primaryimage"},"image":{"@id":"https:\/\/www.cetys.mx\/noticias\/sintesis\/sintesis-informativa-del-30-de-marzo-de-2016\/#primaryimage"},"thumbnailUrl":"https:\/\/www.cetys.mx\/noticias\/wp-content\/uploads\/2016\/01\/sintesis_1.jpg","datePublished":"2016-03-30T17:02:33+00:00","dateModified":"2019-05-15T00:42:25+00:00","description":"En esta S\u00edntesis Informativa se enlista lo que publican los medios de comunicaci\u00f3n en Baja California sobre el CETYS y el sector educativo.","breadcrumb":{"@id":"https:\/\/www.cetys.mx\/noticias\/sintesis\/sintesis-informativa-del-30-de-marzo-de-2016\/#breadcrumb"},"inLanguage":"es","potentialAction":[{"@type":"ReadAction","target":["https:\/\/www.cetys.mx\/noticias\/sintesis\/sintesis-informativa-del-30-de-marzo-de-2016\/"]}]},{"@type":"ImageObject","inLanguage":"es","@id":"https:\/\/www.cetys.mx\/noticias\/sintesis\/sintesis-informativa-del-30-de-marzo-de-2016\/#primaryimage","url":"https:\/\/www.cetys.mx\/noticias\/wp-content\/uploads\/2016\/01\/sintesis_1.jpg","contentUrl":"https:\/\/www.cetys.mx\/noticias\/wp-content\/uploads\/2016\/01\/sintesis_1.jpg","width":958,"height":479,"caption":"s\u00edntesis informativa"},{"@type":"BreadcrumbList","@id":"https:\/\/www.cetys.mx\/noticias\/sintesis\/sintesis-informativa-del-30-de-marzo-de-2016\/#breadcrumb","itemListElement":[{"@type":"ListItem","position":1,"name":"Inicio","item":"https:\/\/www.cetys.mx\/noticias\/"},{"@type":"ListItem","position":2,"name":"S\u00edntesis","item":"https:\/\/www.cetys.mx\/noticias\/sintesis\/"},{"@type":"ListItem","position":3,"name":"S\u00edntesis Informativa del 30 de Marzo de 2016"}]},{"@type":"WebSite","@id":"https:\/\/www.cetys.mx\/noticias\/#website","url":"https:\/\/www.cetys.mx\/noticias\/","name":"CETYS","description":"","potentialAction":[{"@type":"SearchAction","target":{"@type":"EntryPoint","urlTemplate":"https:\/\/www.cetys.mx\/noticias\/?s={search_term_string}"},"query-input":{"@type":"PropertyValueSpecification","valueRequired":true,"valueName":"search_term_string"}}],"inLanguage":"es"}]}},"_links":{"self":[{"href":"https:\/\/www.cetys.mx\/noticias\/wp-json\/wp\/v2\/sintesis\/50225","targetHints":{"allow":["GET"]}}],"collection":[{"href":"https:\/\/www.cetys.mx\/noticias\/wp-json\/wp\/v2\/sintesis"}],"about":[{"href":"https:\/\/www.cetys.mx\/noticias\/wp-json\/wp\/v2\/types\/sintesis"}],"author":[{"embeddable":true,"href":"https:\/\/www.cetys.mx\/noticias\/wp-json\/wp\/v2\/users\/26"}],"replies":[{"embeddable":true,"href":"https:\/\/www.cetys.mx\/noticias\/wp-json\/wp\/v2\/comments?post=50225"}],"wp:featuredmedia":[{"embeddable":true,"href":"https:\/\/www.cetys.mx\/noticias\/wp-json\/wp\/v2\/media\/14914"}],"wp:attachment":[{"href":"https:\/\/www.cetys.mx\/noticias\/wp-json\/wp\/v2\/media?parent=50225"}],"wp:term":[{"taxonomy":"category","embeddable":true,"href":"https:\/\/www.cetys.mx\/noticias\/wp-json\/wp\/v2\/categories?post=50225"}],"curies":[{"name":"wp","href":"https:\/\/api.w.org\/{rel}","templated":true}]}}