{"id":50012,"date":"2016-03-16T17:11:26","date_gmt":"2016-03-17T00:11:26","guid":{"rendered":"http:\/\/vocetys.mx\/?p=50012"},"modified":"2019-05-14T17:42:28","modified_gmt":"2019-05-15T00:42:28","slug":"sintesis-informativa-del-16-de-marzo-de-2016","status":"publish","type":"sintesis","link":"https:\/\/www.cetys.mx\/noticias\/sintesis\/sintesis-informativa-del-16-de-marzo-de-2016\/","title":{"rendered":"S\u00edntesis Informativa del 16 de Marzo de 2016"},"content":{"rendered":"<table border=\"0\" width=\"624\">\n<tbody>\n<tr>\n<td><img loading=\"lazy\" decoding=\"async\" src=\"https:\/\/www.cetys.mx\/userfiles\/sintesisDirectivos\/cetysenlosMedios.jpg\" alt=\"\" width=\"624\" height=\"78\" border=\"0\" \/><\/p>\n<p>Mexicali<\/p>\n<ul>\n<li>Monitor Econ\u00f3mico<br \/>\n<b>Evoluci\u00f3n del modelo de negocios en el mundo, reto de universitarios: Kari Neilimo<\/b><br \/>\nEn la actualidad el modelo de negocios en el mundo evoluciona constantemente, lo que obliga a los j\u00f3venes estudiantes a ser capaces de adaptarse r\u00e1pidamente a los cambios en la administraci\u00f3n siendo creativos, con buenas bases te\u00f3ricas, y sobre todo, pr\u00e1ctica profesional, se\u00f1al\u00f3 el Dr. Kari Neilimo, Director Ejecutivo con Doctorado en Econom\u00eda por la Universidad de Tampere, Finlandia.<br \/>\n<a href=\"https:\/\/issuu.com\/uiemmonitoreconomico\/docs\/16_marzo_2016\/1\">https:\/\/issuu.com\/uiemmonitoreconomico\/docs\/16_marzo_2016\/1<\/a><\/li>\n<\/ul>\n<ul>\n<li>UnicoBC<br \/>\n<b>Tendencias de negocios en la d\u00e9cada 2010-2020<\/b><br \/>\nActualmente cobra m\u00e1s relevancia el valor intangible de la organizaci\u00f3n, es decir, lo que no se ve, como son las ideas, las cuestiones inform\u00e1ticas y el ambiente organizacional, dijo el Dr. Kari Neilimo qui\u00e9n ofreci\u00f3 una ponencia central sobre las tendencias de negocios en la d\u00e9cada 2010-2020 en CETYS Universidad, Campus Mexicali.<br \/>\n<a href=\"https:\/\/www.unicobc.com.mx\/2016\/03\/tend-encias-de-negocios-en-la-decada.html\">https:\/\/www.unicobc.com.mx\/2016\/03\/tend-encias-de-negocios-en-la-decada.html<\/a><\/li>\n<\/ul>\n<ul>\n<li>Zonalider.com<br \/>\n<b>Celebran CETYS y Universidad de Chile 10 a\u00f1os de colaboraci\u00f3n<\/b><br \/>\nEl compromiso por la alta calidad educativa ha hecho posible que CETYS Universidad y la Universidad Mayor de Chile, logren alcanzar los 10 a\u00f1os de colaboraci\u00f3n acad\u00e9mica este 2016, permiti\u00e9ndole a la comunidad estudiantil vivir la experiencia internacional.<br \/>\n<a href=\"https:\/\/www.zonalider.com\/local\/celebran-cetys-y-universidad-chile-10-anos-colaboracion\">https:\/\/www.zonalider.com\/local\/celebran-cetys-y-universidad-chile-10-anos-colaboracion<\/a><\/li>\n<\/ul>\n<ul>\n<li>La Voz de la Frontera<br \/>\n<b>Inspiran a trav\u00e9s de C\u00e9lulas<\/b><br \/>\nUn evento que busca inspirar a los j\u00f3venes para generar propuestas de cambio y tomar acciones de mejora es el Congreso C\u00e9lulas 2016, organizado por alumnos de Administraci\u00f3n y Negocios de CETYS Universidad, Campus Mexicali.<br \/>\n<a href=\"https:\/\/www.mxl.cetys.mx\/ci\/notasperiodico\/resultado.php?f=vn_160316_7c.jpg\">https:\/\/www.mxl.cetys.mx\/ci\/notasperiodico\/resultado.php?f=vn_160316_7c.jpg<\/a><\/li>\n<\/ul>\n<p>Tijuana<\/p>\n<ul>\n<li>Veraz Informa<br \/>\n<b>Evoluci\u00f3n de modelo de negocios en el mundo, reto de universitarios: Kari Neilimo<\/b><br \/>\nEn la actualidad el modelo de negocios en el mundo evoluciona constantemente, lo que obliga a los j\u00f3venes estudiantes a ser capaces de adaptarse r\u00e1pidamente a los cambios en la administraci\u00f3n siendo creativos, con buenas bases te\u00f3ricas, y sobre todo, pr\u00e1ctica profesional, se\u00f1al\u00f3 el Dr. Kari Neilimo, Director Ejecutivo con Doctorado en Econom\u00eda por la Universidad de Tampere, Finlandia.<br \/>\n<a href=\"https:\/\/verazinforma.com\/estatal\/evolucion-de-modelo-de-negocios-en-el-mundo-reto-de-universitarios-kari-neilimo\/\">https:\/\/verazinforma.com\/estatal\/evolucion-de-modelo-de-negocios-en-el-mundo-reto-de-universitarios-kari-neilimo\/<\/a><\/li>\n<\/ul>\n<ul>\n<li>Tijuana Informativo<br \/>\n<b>Evoluci\u00f3n de modelo de negocios en el mundo, reto de universitarios: Kari Neilimo<\/b><br \/>\nEn la actualidad el modelo de negocios en el mundo evoluciona constantemente, lo que obliga a los j\u00f3venes estudiantes a ser capaces de adaptarse r\u00e1pidamente a los cambios en la administraci\u00f3n siendo creativos, con buenas bases te\u00f3ricas, y sobre todo, pr\u00e1ctica profesional, se\u00f1al\u00f3 el Dr. Kari Neilimo, Director Ejecutivo con Doctorado en Econom\u00eda por la Universidad de Tampere, Finlandia.<br \/>\n<a href=\"https:\/\/www.tijuanainformativo.info\/index.php\/noticias-de-tijuana\/item\/35242-evolucion-del-modelo-de-negocios-en-el-mundo-reto-de-universitarios-kari-neilimo\">https:\/\/www.tijuanainformativo.info\/index.php\/noticias-de-tijuana\/item\/35242-evolucion-del-modelo-de-negocios-en-el-mundo-reto-de-universitarios-kari-neilimo<\/a><\/li>\n<\/ul>\n<ul>\n<li>Monitor Econ\u00f3mico<br \/>\n<b>Evoluci\u00f3n del modelo de negocios en el mundo, reto de universitarios: Kari Neilimo<\/b><br \/>\nEn la actualidad el modelo de negocios en el mundo evoluciona constantemente, lo que obliga a los j\u00f3venes estudiantes a ser capaces de adaptarse r\u00e1pidamente a los cambios en la administraci\u00f3n siendo creativos, con buenas bases te\u00f3ricas, y sobre todo, pr\u00e1ctica profesional, se\u00f1al\u00f3 el Dr. Kari Neilimo, Director Ejecutivo con Doctorado en Econom\u00eda por la Universidad de Tampere, Finlandia.<br \/>\n<a href=\"https:\/\/issuu.com\/uiemmonitoreconomico\/docs\/16_marzo_2016\/1\">https:\/\/issuu.com\/uiemmonitoreconomico\/docs\/16_marzo_2016\/1<\/a><\/li>\n<\/ul>\n<ul>\n<li>Uniradioinforma.com<br \/>\n<b>Dinero electr\u00f3nico<\/b><br \/>\nLas tecnolog\u00edas de la informaci\u00f3n y la comunicaci\u00f3n han tenido la capacidad de cambiar muchos aspectos de la vida humana, un ejemplo de esto es el surgimiento desde hace pocos a\u00f1os del denominado dinero electr\u00f3nico o monedas digitales que son un medio de intercambio de valores creado en las computadoras.<br \/>\n<a href=\"https:\/\/www.uniradioinforma.com\/columnas\/columnista\/292\/columna7606.html\">https:\/\/www.uniradioinforma.com\/columnas\/columnista\/292\/columna7606.html<\/a><\/li>\n<\/ul>\n<ul>\n<li>Zeta<br \/>\n<b>Reeditar\u00e1n obra de Jorge Ortega<\/b><br \/>\nMantis Editores y CETYS Universidad ofrecer\u00e1n una coedici\u00f3n de &#8220;Devoci\u00f3n por la piedra&#8221;, t\u00edtulo con el que el mexicalense obtuvo el Premio Internacional de Poes\u00eda &#8220;Jaime Sabines&#8221; 2010. &#8220;La poes\u00eda se busca, se lee y se vende&#8221;, refiri\u00f3 a ZETA el autor. Prepara el libro de ensayo &#8220;El pueblo sumergido&#8221; sobre poes\u00eda mexicana de los siglos XIX y XX.<br \/>\n<a href=\"https:\/\/zetatijuana.com\/2016\/03\/14\/reeditaran-obra-de-jorge-ortega\/\">https:\/\/zetatijuana.com\/2016\/03\/14\/reeditaran-obra-de-jorge-ortega\/<\/a><\/li>\n<\/ul>\n<ul>\n<li>El Sol de Tijuana<br \/>\n<b>Kari Neilimo imparti\u00f3 conferencia en el CETYS<\/b><br \/>\nEn la actualidad el modelo de negocios en el mundo evoluciona constantemente, lo que obliga a los j\u00f3venes estudiantes a ser capaces de adaptarse r\u00e1pidamente a los cambios en la administraci\u00f3n siendo creativos, con buenas bases te\u00f3ricas, y sobre todo, pr\u00e1ctica profesional, se\u00f1al\u00f3 el Dr. Kari Neilimo, Director Ejecutivo con Doctorado en Econom\u00eda por la Universidad de Tampere, Finlandia.<br \/>\n<a href=\"https:\/\/www.mxl.cetys.mx\/ci\/notasperiodico\/resultado.php?f=cetys_karineilimotj.jpg\">https:\/\/www.mxl.cetys.mx\/ci\/notasperiodico\/resultado.php?f=cetys_karineilimotj.jpg<\/a><\/li>\n<\/ul>\n<p>&nbsp;<\/td>\n<\/tr>\n<\/tbody>\n<\/table>\n","protected":false},"excerpt":{"rendered":"<p>Mexicali Monitor Econ\u00f3mico Evoluci\u00f3n del modelo de negocios en el mundo, reto de universitarios: Kari Neilimo En la actualidad el modelo de&#8230;<\/p>\n","protected":false},"author":26,"featured_media":14914,"menu_order":0,"comment_status":"open","ping_status":"open","template":"","categories":[130],"class_list":["post-50012","sintesis","type-sintesis","status-publish","has-post-thumbnail","hentry","category-sintesis-informativa"],"yoast_head":"<!-- This site is optimized with the Yoast SEO plugin v27.4 - https:\/\/yoast.com\/product\/yoast-seo-wordpress\/ -->\n<title>S\u00edntesis Informativa del 16 de Marzo de 2016 - CETYS<\/title>\n<meta name=\"description\" content=\"En esta S\u00edntesis Informativa se enlista lo que publican los medios de comunicaci\u00f3n en Baja California sobre el CETYS y el sector educativo.\" \/>\n<meta name=\"robots\" content=\"index, follow, max-snippet:-1, max-image-preview:large, max-video-preview:-1\" \/>\n<link rel=\"canonical\" href=\"https:\/\/www.cetys.mx\/noticias\/sintesis\/sintesis-informativa-del-16-de-marzo-de-2016\/\" \/>\n<meta property=\"og:locale\" content=\"es_MX\" \/>\n<meta property=\"og:type\" content=\"article\" \/>\n<meta property=\"og:title\" content=\"S\u00edntesis Informativa del 16 de Marzo de 2016 - CETYS\" \/>\n<meta property=\"og:description\" content=\"En esta S\u00edntesis Informativa se enlista lo que publican los medios de comunicaci\u00f3n en Baja California sobre el CETYS y el sector educativo.\" \/>\n<meta property=\"og:url\" content=\"https:\/\/www.cetys.mx\/noticias\/sintesis\/sintesis-informativa-del-16-de-marzo-de-2016\/\" \/>\n<meta property=\"og:site_name\" content=\"CETYS\" \/>\n<meta property=\"article:publisher\" content=\"https:\/\/www.facebook.com\/cetysuniversidadmxl\/\" \/>\n<meta property=\"article:modified_time\" content=\"2019-05-15T00:42:28+00:00\" \/>\n<meta property=\"og:image\" content=\"https:\/\/www.cetys.mx\/noticias\/wp-content\/uploads\/2016\/01\/sintesis_1.jpg\" \/>\n\t<meta property=\"og:image:width\" content=\"958\" \/>\n\t<meta property=\"og:image:height\" content=\"479\" \/>\n\t<meta property=\"og:image:type\" content=\"image\/jpeg\" \/>\n<meta name=\"twitter:card\" content=\"summary_large_image\" \/>\n<meta name=\"twitter:site\" content=\"@cetysuni\" \/>\n<meta name=\"twitter:label1\" content=\"Tiempo de lectura\" \/>\n\t<meta name=\"twitter:data1\" content=\"4 minutos\" \/>\n<script type=\"application\/ld+json\" class=\"yoast-schema-graph\">{\"@context\":\"https:\\\/\\\/schema.org\",\"@graph\":[{\"@type\":\"WebPage\",\"@id\":\"https:\\\/\\\/www.cetys.mx\\\/noticias\\\/sintesis\\\/sintesis-informativa-del-16-de-marzo-de-2016\\\/\",\"url\":\"https:\\\/\\\/www.cetys.mx\\\/noticias\\\/sintesis\\\/sintesis-informativa-del-16-de-marzo-de-2016\\\/\",\"name\":\"S\u00edntesis Informativa del 16 de Marzo de 2016 - CETYS\",\"isPartOf\":{\"@id\":\"https:\\\/\\\/www.cetys.mx\\\/noticias\\\/#website\"},\"primaryImageOfPage\":{\"@id\":\"https:\\\/\\\/www.cetys.mx\\\/noticias\\\/sintesis\\\/sintesis-informativa-del-16-de-marzo-de-2016\\\/#primaryimage\"},\"image\":{\"@id\":\"https:\\\/\\\/www.cetys.mx\\\/noticias\\\/sintesis\\\/sintesis-informativa-del-16-de-marzo-de-2016\\\/#primaryimage\"},\"thumbnailUrl\":\"https:\\\/\\\/www.cetys.mx\\\/noticias\\\/wp-content\\\/uploads\\\/2016\\\/01\\\/sintesis_1.jpg\",\"datePublished\":\"2016-03-17T00:11:26+00:00\",\"dateModified\":\"2019-05-15T00:42:28+00:00\",\"description\":\"En esta S\u00edntesis Informativa se enlista lo que publican los medios de comunicaci\u00f3n en Baja California sobre el CETYS y el sector educativo.\",\"breadcrumb\":{\"@id\":\"https:\\\/\\\/www.cetys.mx\\\/noticias\\\/sintesis\\\/sintesis-informativa-del-16-de-marzo-de-2016\\\/#breadcrumb\"},\"inLanguage\":\"es\",\"potentialAction\":[{\"@type\":\"ReadAction\",\"target\":[\"https:\\\/\\\/www.cetys.mx\\\/noticias\\\/sintesis\\\/sintesis-informativa-del-16-de-marzo-de-2016\\\/\"]}]},{\"@type\":\"ImageObject\",\"inLanguage\":\"es\",\"@id\":\"https:\\\/\\\/www.cetys.mx\\\/noticias\\\/sintesis\\\/sintesis-informativa-del-16-de-marzo-de-2016\\\/#primaryimage\",\"url\":\"https:\\\/\\\/www.cetys.mx\\\/noticias\\\/wp-content\\\/uploads\\\/2016\\\/01\\\/sintesis_1.jpg\",\"contentUrl\":\"https:\\\/\\\/www.cetys.mx\\\/noticias\\\/wp-content\\\/uploads\\\/2016\\\/01\\\/sintesis_1.jpg\",\"width\":958,\"height\":479,\"caption\":\"s\u00edntesis informativa\"},{\"@type\":\"BreadcrumbList\",\"@id\":\"https:\\\/\\\/www.cetys.mx\\\/noticias\\\/sintesis\\\/sintesis-informativa-del-16-de-marzo-de-2016\\\/#breadcrumb\",\"itemListElement\":[{\"@type\":\"ListItem\",\"position\":1,\"name\":\"Inicio\",\"item\":\"https:\\\/\\\/www.cetys.mx\\\/noticias\\\/\"},{\"@type\":\"ListItem\",\"position\":2,\"name\":\"S\u00edntesis\",\"item\":\"https:\\\/\\\/www.cetys.mx\\\/noticias\\\/sintesis\\\/\"},{\"@type\":\"ListItem\",\"position\":3,\"name\":\"S\u00edntesis Informativa del 16 de Marzo de 2016\"}]},{\"@type\":\"WebSite\",\"@id\":\"https:\\\/\\\/www.cetys.mx\\\/noticias\\\/#website\",\"url\":\"https:\\\/\\\/www.cetys.mx\\\/noticias\\\/\",\"name\":\"CETYS\",\"description\":\"\",\"potentialAction\":[{\"@type\":\"SearchAction\",\"target\":{\"@type\":\"EntryPoint\",\"urlTemplate\":\"https:\\\/\\\/www.cetys.mx\\\/noticias\\\/?s={search_term_string}\"},\"query-input\":{\"@type\":\"PropertyValueSpecification\",\"valueRequired\":true,\"valueName\":\"search_term_string\"}}],\"inLanguage\":\"es\"}]}<\/script>\n<!-- \/ Yoast SEO plugin. -->","yoast_head_json":{"title":"S\u00edntesis Informativa del 16 de Marzo de 2016 - CETYS","description":"En esta S\u00edntesis Informativa se enlista lo que publican los medios de comunicaci\u00f3n en Baja California sobre el CETYS y el sector educativo.","robots":{"index":"index","follow":"follow","max-snippet":"max-snippet:-1","max-image-preview":"max-image-preview:large","max-video-preview":"max-video-preview:-1"},"canonical":"https:\/\/www.cetys.mx\/noticias\/sintesis\/sintesis-informativa-del-16-de-marzo-de-2016\/","og_locale":"es_MX","og_type":"article","og_title":"S\u00edntesis Informativa del 16 de Marzo de 2016 - CETYS","og_description":"En esta S\u00edntesis Informativa se enlista lo que publican los medios de comunicaci\u00f3n en Baja California sobre el CETYS y el sector educativo.","og_url":"https:\/\/www.cetys.mx\/noticias\/sintesis\/sintesis-informativa-del-16-de-marzo-de-2016\/","og_site_name":"CETYS","article_publisher":"https:\/\/www.facebook.com\/cetysuniversidadmxl\/","article_modified_time":"2019-05-15T00:42:28+00:00","og_image":[{"width":958,"height":479,"url":"https:\/\/www.cetys.mx\/noticias\/wp-content\/uploads\/2016\/01\/sintesis_1.jpg","type":"image\/jpeg"}],"twitter_card":"summary_large_image","twitter_site":"@cetysuni","twitter_misc":{"Tiempo de lectura":"4 minutos"},"schema":{"@context":"https:\/\/schema.org","@graph":[{"@type":"WebPage","@id":"https:\/\/www.cetys.mx\/noticias\/sintesis\/sintesis-informativa-del-16-de-marzo-de-2016\/","url":"https:\/\/www.cetys.mx\/noticias\/sintesis\/sintesis-informativa-del-16-de-marzo-de-2016\/","name":"S\u00edntesis Informativa del 16 de Marzo de 2016 - CETYS","isPartOf":{"@id":"https:\/\/www.cetys.mx\/noticias\/#website"},"primaryImageOfPage":{"@id":"https:\/\/www.cetys.mx\/noticias\/sintesis\/sintesis-informativa-del-16-de-marzo-de-2016\/#primaryimage"},"image":{"@id":"https:\/\/www.cetys.mx\/noticias\/sintesis\/sintesis-informativa-del-16-de-marzo-de-2016\/#primaryimage"},"thumbnailUrl":"https:\/\/www.cetys.mx\/noticias\/wp-content\/uploads\/2016\/01\/sintesis_1.jpg","datePublished":"2016-03-17T00:11:26+00:00","dateModified":"2019-05-15T00:42:28+00:00","description":"En esta S\u00edntesis Informativa se enlista lo que publican los medios de comunicaci\u00f3n en Baja California sobre el CETYS y el sector educativo.","breadcrumb":{"@id":"https:\/\/www.cetys.mx\/noticias\/sintesis\/sintesis-informativa-del-16-de-marzo-de-2016\/#breadcrumb"},"inLanguage":"es","potentialAction":[{"@type":"ReadAction","target":["https:\/\/www.cetys.mx\/noticias\/sintesis\/sintesis-informativa-del-16-de-marzo-de-2016\/"]}]},{"@type":"ImageObject","inLanguage":"es","@id":"https:\/\/www.cetys.mx\/noticias\/sintesis\/sintesis-informativa-del-16-de-marzo-de-2016\/#primaryimage","url":"https:\/\/www.cetys.mx\/noticias\/wp-content\/uploads\/2016\/01\/sintesis_1.jpg","contentUrl":"https:\/\/www.cetys.mx\/noticias\/wp-content\/uploads\/2016\/01\/sintesis_1.jpg","width":958,"height":479,"caption":"s\u00edntesis informativa"},{"@type":"BreadcrumbList","@id":"https:\/\/www.cetys.mx\/noticias\/sintesis\/sintesis-informativa-del-16-de-marzo-de-2016\/#breadcrumb","itemListElement":[{"@type":"ListItem","position":1,"name":"Inicio","item":"https:\/\/www.cetys.mx\/noticias\/"},{"@type":"ListItem","position":2,"name":"S\u00edntesis","item":"https:\/\/www.cetys.mx\/noticias\/sintesis\/"},{"@type":"ListItem","position":3,"name":"S\u00edntesis Informativa del 16 de Marzo de 2016"}]},{"@type":"WebSite","@id":"https:\/\/www.cetys.mx\/noticias\/#website","url":"https:\/\/www.cetys.mx\/noticias\/","name":"CETYS","description":"","potentialAction":[{"@type":"SearchAction","target":{"@type":"EntryPoint","urlTemplate":"https:\/\/www.cetys.mx\/noticias\/?s={search_term_string}"},"query-input":{"@type":"PropertyValueSpecification","valueRequired":true,"valueName":"search_term_string"}}],"inLanguage":"es"}]}},"_links":{"self":[{"href":"https:\/\/www.cetys.mx\/noticias\/wp-json\/wp\/v2\/sintesis\/50012","targetHints":{"allow":["GET"]}}],"collection":[{"href":"https:\/\/www.cetys.mx\/noticias\/wp-json\/wp\/v2\/sintesis"}],"about":[{"href":"https:\/\/www.cetys.mx\/noticias\/wp-json\/wp\/v2\/types\/sintesis"}],"author":[{"embeddable":true,"href":"https:\/\/www.cetys.mx\/noticias\/wp-json\/wp\/v2\/users\/26"}],"replies":[{"embeddable":true,"href":"https:\/\/www.cetys.mx\/noticias\/wp-json\/wp\/v2\/comments?post=50012"}],"wp:featuredmedia":[{"embeddable":true,"href":"https:\/\/www.cetys.mx\/noticias\/wp-json\/wp\/v2\/media\/14914"}],"wp:attachment":[{"href":"https:\/\/www.cetys.mx\/noticias\/wp-json\/wp\/v2\/media?parent=50012"}],"wp:term":[{"taxonomy":"category","embeddable":true,"href":"https:\/\/www.cetys.mx\/noticias\/wp-json\/wp\/v2\/categories?post=50012"}],"curies":[{"name":"wp","href":"https:\/\/api.w.org\/{rel}","templated":true}]}}