{"id":49658,"date":"2016-03-01T12:40:42","date_gmt":"2016-03-01T20:40:42","guid":{"rendered":"http:\/\/vocetys.mx\/?p=49658"},"modified":"2019-05-14T17:42:33","modified_gmt":"2019-05-15T00:42:33","slug":"sintesis-informativa-del-1-de-marzo-de-2016","status":"publish","type":"sintesis","link":"https:\/\/www.cetys.mx\/noticias\/sintesis\/sintesis-informativa-del-1-de-marzo-de-2016\/","title":{"rendered":"S\u00edntesis Informativa del 1 de Marzo de 2016"},"content":{"rendered":"<table border=\"0\" width=\"624\">\n<tbody>\n<tr>\n<td><img loading=\"lazy\" decoding=\"async\" src=\"https:\/\/www.cetys.mx\/userfiles\/sintesisDirectivos\/cetysenlosMedios.jpg\" alt=\"\" width=\"624\" height=\"78\" border=\"0\" \/><\/p>\n<p>Mexicali<\/p>\n<ul>\n<li>Monitor Econ\u00f3mico<br \/>\n<b>MBA del CETYS ya est\u00e1 entre los 10 mejores de M\u00e9xico<\/b><br \/>\nLa noticia sale en portada de este diario, el lugar lo otorga la revista Expansi\u00f3n.<br \/>\n<a href=\"https:\/\/www.cetys.mx\/userfiles\/sintesis\/me-2016-3-1.jpg\">https:\/\/www.cetys.mx\/userfiles\/sintesis\/me-2016-3-1.jpg<\/a><\/li>\n<\/ul>\n<ul>\n<li>Monitor Econ\u00f3mico<br \/>\n<b>MBA CETYS entre los 10 mejores<\/b><br \/>\nLa influyente revista de negocios Expansi\u00f3n dio la noticia, lo que se traduce en un avance del puesto 16 en 2014 hasta llegar al Top 10.<br \/>\n<a href=\"https:\/\/www.cetys.mx\/userfiles\/sintesis\/me2-2016-3-1.jpg\">https:\/\/www.cetys.mx\/userfiles\/sintesis\/me2-2016-3-1.jpg<\/a><\/li>\n<\/ul>\n<ul>\n<li>Uniradioinforma.com<br \/>\n<b>Publicaci\u00f3n especializada en aeron\u00e1utica destaca a CETYS en reportaje<\/b><br \/>\n&#8220;El Centro de Excelencia en Innovaci\u00f3n y Dise\u00f1o (CEID) de CETYS, ser\u00e1 un espacio que solucione los problemas que surjan en la industria ingenieril de la regi\u00f3n&#8221; declar\u00f3 el Rector del Sistema CETYS Universidad, Dr. Fernando Le\u00f3n Garc\u00eda, en una entrevista para la edici\u00f3n M\u00e9xico 2015-2016 de la Revista Estadounidense &#8220;GBR&#8221;.<br \/>\n<a href=\"https:\/\/www.uniradioinforma.com\/noticias\/bajacalifornia\/395879\/publicacion-especializada-en-aeronautica-destaca-a-cetys-en-reportaje.html\">https:\/\/www.uniradioinforma.com\/noticias\/bajacalifornia\/395879\/publicacion-especializada-en-aeronautica-destaca-a-cetys-en-reportaje.html<\/a><\/li>\n<\/ul>\n<ul>\n<li>La Voz de la Frontera<br \/>\n<b>Arranca Congreso de Teatro &#8216;Histri\u00f3n&#8217;<\/b><br \/>\nDentro de las instalaciones de CETYS Universidad se llev\u00f3 a cabo la inauguraci\u00f3n de este Congreso art\u00edstico en donde particip\u00f3 Luis Felipe Tovar y Julio Casado como m\u00e1ximos exponentes.<br \/>\n<a href=\"https:\/\/www.mxl.cetys.mx\/ci\/notasperiodico\/resultado.php?f=vn_270216_7a.jpg\">https:\/\/www.mxl.cetys.mx\/ci\/notasperiodico\/resultado.php?f=vn_270216_7a.jpg<\/a><\/li>\n<\/ul>\n<ul>\n<li>La Voz de la Frontera<br \/>\n<b>Busca Zorros jugadores en categor\u00eda Pre Infantil<\/b><br \/>\nLa organizaci\u00f3n de Futbol Americano Zorros Mexicali se encuentra en la b\u00fasqueda de nuevos elementos.<br \/>\n<a href=\"https:\/\/www.mxl.cetys.mx\/ci\/notasperiodico\/resultado.php?f=vn_270216_6b.jpg\">https:\/\/www.mxl.cetys.mx\/ci\/notasperiodico\/resultado.php?f=vn_270216_6b.jpg<\/a><\/li>\n<\/ul>\n<ul>\n<li>La Voz de la Frontera<br \/>\n<b>Hist\u00f3rica visita del Premio Nobel de F\u00edsica al CETYS<\/b><br \/>\nEvento hist\u00f3rico para el Sistema CETYS Universidad fue la visita del Premio Nobel de F\u00edsica, Dr. Wolfgang Ketterle quien durante 3 d\u00edas estuvo en el Campus Mexicali realizando diferentes actividades encaminadas a inspirar a los j\u00f3venes para convertirse en futuras promesas de la ciencia y la ingenier\u00eda.<br \/>\n<a href=\"https:\/\/www.mxl.cetys.mx\/ci\/notasperiodico\/resultado.php?f=vn_280216_2a.jpg\">https:\/\/www.mxl.cetys.mx\/ci\/notasperiodico\/resultado.php?f=vn_280216_2a.jpg<\/a><\/li>\n<\/ul>\n<p>Tijuana<\/p>\n<ul>\n<li>Tijuana Informativo<br \/>\n<b>TRAER\u00c1N CL\u00cdNICA INTERNACIONAL DE BALONCESTO A CETYS <\/b><br \/>\nProvenientes del Sur de California, expertos del baloncesto arribar\u00e1n a la ciudad de Tijuana el pr\u00f3ximo s\u00e1bado 12 de marzo para impartir un curso te\u00f3rico- pr\u00e1ctico totalmente gratuito a entrenadores de la regi\u00f3n.<br \/>\n<a href=\"https:\/\/www.tijuanainformativo.info\/index.php\/lo-mas-destacado-del-mundo-deportivo-desde-tijuana\/item\/34304-traeran-clinica-internacional-de-baloncesto-a-cetys\">https:\/\/www.tijuanainformativo.info\/index.php\/lo-mas-destacado-del-mundo-deportivo-desde-tijuana\/item\/34304-traeran-clinica-internacional-de-baloncesto-a-cetys<\/a><\/li>\n<\/ul>\n<ul>\n<li>Veraz Informa<br \/>\n<b>Traer\u00e1n cl\u00ednica internacional de baloncesto a CETYS<\/b><br \/>\nProvenientes del Sur de California, expertos del baloncesto arribar\u00e1n a la ciudad de Tijuana el pr\u00f3ximo s\u00e1bado 12 de marzo para impartir un curso te\u00f3rico- pr\u00e1ctico totalmente gratuito a entrenadores de la regi\u00f3n.<br \/>\n<a href=\"https:\/\/verazinforma.com\/estatal\/traeran-clinica-internacional-de-baloncesto-a-cetys\/\">https:\/\/verazinforma.com\/estatal\/traeran-clinica-internacional-de-baloncesto-a-cetys\/<\/a><\/li>\n<\/ul>\n<ul>\n<li>Uniradioinforma.com<br \/>\n<b>Traer\u00e1n cl\u00ednica internacional de baloncesto a CETYS <\/b><br \/>\nProvenientes del Sur de California, expertos del baloncesto arribar\u00e1n a la ciudad de Tijuana el pr\u00f3ximo s\u00e1bado 12 de marzo para impartir un curso te\u00f3rico &#8211; pr\u00e1ctico totalmente gratuito a entrenadores de la regi\u00f3n.<br \/>\n<a href=\"https:\/\/www.uniradioinforma.com\/noticias\/deportes\/395791\/traeran-clinica-internacional-de-baloncesto-a-cetys.html\">https:\/\/www.uniradioinforma.com\/noticias\/deportes\/395791\/traeran-clinica-internacional-de-baloncesto-a-cetys.html<\/a><\/li>\n<\/ul>\n<ul>\n<li>El Sol de Tijuana<br \/>\n<b>Habr\u00e1 cl\u00ednica de baloncesto<\/b><br \/>\nProvenientes del Sur de California, expertos del baloncesto arribar\u00e1n a la ciudad de Tijuana el pr\u00f3ximo s\u00e1bado 12 de marzo para impartir un curso te\u00f3rico &#8211; pr\u00e1ctico totalmente gratuito a entrenadores de la regi\u00f3n.<br \/>\n<a href=\"https:\/\/www.mxl.cetys.mx\/ci\/notasperiodico\/resultado.php?f=SN_01032016_3C.jpg\">https:\/\/www.mxl.cetys.mx\/ci\/notasperiodico\/resultado.php?f=SN_01032016_3C.jpg<\/a><\/li>\n<\/ul>\n<ul>\n<li>Panorama Universitario<br \/>\n<b>Asume Mtra. Jessica Ibarra direcci\u00f3n del CETYS Zona Costa <\/b><br \/>\nEl Dr. Fernando Le\u00f3n Garc\u00eda, Rector del CETYS Universidad, anunci\u00f3 que la Mtra. Jessica Ibarra Ramonet, acutal Directora del Campus Tijuana, quien asumi\u00f3 a partir de enero la Direcci\u00f3n del Campus Ensenada, bajo una asignaci\u00f3n operativa de Zona Costa.<br \/>\n<a href=\"https:\/\/www.mxl.cetys.mx\/ci\/notasperiodico\/resultado.php?f=PU_01032016_10.jpg\">https:\/\/www.mxl.cetys.mx\/ci\/notasperiodico\/resultado.php?f=PU_01032016_10.jpg<\/a><\/li>\n<\/ul>\n<p>Ensenada<\/p>\n<ul>\n<li>El Vig\u00eda<br \/>\n<b>Busca oportunidades el Cetys a egresados<\/b><br \/>\nUn acercamiento con la sociedad para comprender las \u00e1reas de oportunidad de negocio, desarrollo, investigaci\u00f3n acad\u00e9mica y competitividad es uno de los principales objetivos de los integrantes de la Asociaci\u00f3n de Profesionistas y Egresados del Cetys (APEC).<br \/>\n<a href=\"https:\/\/www.elvigia.net\/general\/2016\/3\/1\/busca-oportunidades-cetys-egresados-227875.html\">https:\/\/www.elvigia.net\/general\/2016\/3\/1\/busca-oportunidades-cetys-egresados-227875.html<\/a><\/li>\n<\/ul>\n<ul>\n<li>Ensenada.net<br \/>\n<b>CETYS, revisan \u00e1reas de oportunidad con egresados<\/b><br \/>\nUn acercamiento con la sociedad para comprender las \u00e1reas de oportunidad de negocio, desarrollo, investigaci\u00f3n acad\u00e9mica y competitividad es uno de los principales objetivos de los integrantes de la Asociaci\u00f3n de Profesionistas y Egresados del Cetys (APEC).<br \/>\n<a href=\"https:\/\/www.ensenada.net\/noticias\/nota.php?id=44081&amp;&amp;SearchQuery=\">https:\/\/www.ensenada.net\/noticias\/nota.php?id=44081&amp;&amp;SearchQuery=<\/a><\/li>\n<\/ul>\n<p><img loading=\"lazy\" decoding=\"async\" src=\"https:\/\/www.cetys.mx\/userfiles\/sintesisDirectivos\/notasdeEducacion.jpg\" alt=\"\" width=\"624\" height=\"78\" border=\"0\" \/><\/td>\n<\/tr>\n<\/tbody>\n<\/table>\n","protected":false},"excerpt":{"rendered":"<p>Mexicali Monitor Econ\u00f3mico MBA del CETYS ya est\u00e1 entre los 10 mejores de M\u00e9xico La noticia sale en portada de este diario,&#8230;<\/p>\n","protected":false},"author":26,"featured_media":14914,"menu_order":0,"comment_status":"open","ping_status":"open","template":"","categories":[130],"class_list":["post-49658","sintesis","type-sintesis","status-publish","has-post-thumbnail","hentry","category-sintesis-informativa"],"yoast_head":"<!-- This site is optimized with the Yoast SEO plugin v27.4 - https:\/\/yoast.com\/product\/yoast-seo-wordpress\/ -->\n<title>S\u00edntesis Informativa del 1 de Marzo de 2016 - CETYS<\/title>\n<meta name=\"description\" content=\"En esta s\u00edntesis Informativa se enlista lo que publican los medios de comunicaci\u00f3n en Baja California sobre el CETYS y el sector educativo.\" \/>\n<meta name=\"robots\" content=\"index, follow, max-snippet:-1, max-image-preview:large, max-video-preview:-1\" \/>\n<link rel=\"canonical\" href=\"https:\/\/www.cetys.mx\/noticias\/sintesis\/sintesis-informativa-del-1-de-marzo-de-2016\/\" \/>\n<meta property=\"og:locale\" content=\"es_MX\" \/>\n<meta property=\"og:type\" content=\"article\" \/>\n<meta property=\"og:title\" content=\"S\u00edntesis Informativa del 1 de Marzo de 2016 - CETYS\" \/>\n<meta property=\"og:description\" content=\"En esta s\u00edntesis Informativa se enlista lo que publican los medios de comunicaci\u00f3n en Baja California sobre el CETYS y el sector educativo.\" \/>\n<meta property=\"og:url\" content=\"https:\/\/www.cetys.mx\/noticias\/sintesis\/sintesis-informativa-del-1-de-marzo-de-2016\/\" \/>\n<meta property=\"og:site_name\" content=\"CETYS\" \/>\n<meta property=\"article:publisher\" content=\"https:\/\/www.facebook.com\/cetysuniversidadmxl\/\" \/>\n<meta property=\"article:modified_time\" content=\"2019-05-15T00:42:33+00:00\" \/>\n<meta property=\"og:image\" content=\"https:\/\/www.cetys.mx\/noticias\/wp-content\/uploads\/2016\/01\/sintesis_1.jpg\" \/>\n\t<meta property=\"og:image:width\" content=\"958\" \/>\n\t<meta property=\"og:image:height\" content=\"479\" \/>\n\t<meta property=\"og:image:type\" content=\"image\/jpeg\" \/>\n<meta name=\"twitter:card\" content=\"summary_large_image\" \/>\n<meta name=\"twitter:site\" content=\"@cetysuni\" \/>\n<meta name=\"twitter:label1\" content=\"Tiempo de lectura\" \/>\n\t<meta name=\"twitter:data1\" content=\"4 minutos\" \/>\n<script type=\"application\/ld+json\" class=\"yoast-schema-graph\">{\"@context\":\"https:\\\/\\\/schema.org\",\"@graph\":[{\"@type\":\"WebPage\",\"@id\":\"https:\\\/\\\/www.cetys.mx\\\/noticias\\\/sintesis\\\/sintesis-informativa-del-1-de-marzo-de-2016\\\/\",\"url\":\"https:\\\/\\\/www.cetys.mx\\\/noticias\\\/sintesis\\\/sintesis-informativa-del-1-de-marzo-de-2016\\\/\",\"name\":\"S\u00edntesis Informativa del 1 de Marzo de 2016 - CETYS\",\"isPartOf\":{\"@id\":\"https:\\\/\\\/www.cetys.mx\\\/noticias\\\/#website\"},\"primaryImageOfPage\":{\"@id\":\"https:\\\/\\\/www.cetys.mx\\\/noticias\\\/sintesis\\\/sintesis-informativa-del-1-de-marzo-de-2016\\\/#primaryimage\"},\"image\":{\"@id\":\"https:\\\/\\\/www.cetys.mx\\\/noticias\\\/sintesis\\\/sintesis-informativa-del-1-de-marzo-de-2016\\\/#primaryimage\"},\"thumbnailUrl\":\"https:\\\/\\\/www.cetys.mx\\\/noticias\\\/wp-content\\\/uploads\\\/2016\\\/01\\\/sintesis_1.jpg\",\"datePublished\":\"2016-03-01T20:40:42+00:00\",\"dateModified\":\"2019-05-15T00:42:33+00:00\",\"description\":\"En esta s\u00edntesis Informativa se enlista lo que publican los medios de comunicaci\u00f3n en Baja California sobre el CETYS y el sector educativo.\",\"breadcrumb\":{\"@id\":\"https:\\\/\\\/www.cetys.mx\\\/noticias\\\/sintesis\\\/sintesis-informativa-del-1-de-marzo-de-2016\\\/#breadcrumb\"},\"inLanguage\":\"es\",\"potentialAction\":[{\"@type\":\"ReadAction\",\"target\":[\"https:\\\/\\\/www.cetys.mx\\\/noticias\\\/sintesis\\\/sintesis-informativa-del-1-de-marzo-de-2016\\\/\"]}]},{\"@type\":\"ImageObject\",\"inLanguage\":\"es\",\"@id\":\"https:\\\/\\\/www.cetys.mx\\\/noticias\\\/sintesis\\\/sintesis-informativa-del-1-de-marzo-de-2016\\\/#primaryimage\",\"url\":\"https:\\\/\\\/www.cetys.mx\\\/noticias\\\/wp-content\\\/uploads\\\/2016\\\/01\\\/sintesis_1.jpg\",\"contentUrl\":\"https:\\\/\\\/www.cetys.mx\\\/noticias\\\/wp-content\\\/uploads\\\/2016\\\/01\\\/sintesis_1.jpg\",\"width\":958,\"height\":479,\"caption\":\"s\u00edntesis informativa\"},{\"@type\":\"BreadcrumbList\",\"@id\":\"https:\\\/\\\/www.cetys.mx\\\/noticias\\\/sintesis\\\/sintesis-informativa-del-1-de-marzo-de-2016\\\/#breadcrumb\",\"itemListElement\":[{\"@type\":\"ListItem\",\"position\":1,\"name\":\"Inicio\",\"item\":\"https:\\\/\\\/www.cetys.mx\\\/noticias\\\/\"},{\"@type\":\"ListItem\",\"position\":2,\"name\":\"S\u00edntesis\",\"item\":\"https:\\\/\\\/www.cetys.mx\\\/noticias\\\/sintesis\\\/\"},{\"@type\":\"ListItem\",\"position\":3,\"name\":\"S\u00edntesis Informativa del 1 de Marzo de 2016\"}]},{\"@type\":\"WebSite\",\"@id\":\"https:\\\/\\\/www.cetys.mx\\\/noticias\\\/#website\",\"url\":\"https:\\\/\\\/www.cetys.mx\\\/noticias\\\/\",\"name\":\"CETYS\",\"description\":\"\",\"potentialAction\":[{\"@type\":\"SearchAction\",\"target\":{\"@type\":\"EntryPoint\",\"urlTemplate\":\"https:\\\/\\\/www.cetys.mx\\\/noticias\\\/?s={search_term_string}\"},\"query-input\":{\"@type\":\"PropertyValueSpecification\",\"valueRequired\":true,\"valueName\":\"search_term_string\"}}],\"inLanguage\":\"es\"}]}<\/script>\n<!-- \/ Yoast SEO plugin. -->","yoast_head_json":{"title":"S\u00edntesis Informativa del 1 de Marzo de 2016 - CETYS","description":"En esta s\u00edntesis Informativa se enlista lo que publican los medios de comunicaci\u00f3n en Baja California sobre el CETYS y el sector educativo.","robots":{"index":"index","follow":"follow","max-snippet":"max-snippet:-1","max-image-preview":"max-image-preview:large","max-video-preview":"max-video-preview:-1"},"canonical":"https:\/\/www.cetys.mx\/noticias\/sintesis\/sintesis-informativa-del-1-de-marzo-de-2016\/","og_locale":"es_MX","og_type":"article","og_title":"S\u00edntesis Informativa del 1 de Marzo de 2016 - CETYS","og_description":"En esta s\u00edntesis Informativa se enlista lo que publican los medios de comunicaci\u00f3n en Baja California sobre el CETYS y el sector educativo.","og_url":"https:\/\/www.cetys.mx\/noticias\/sintesis\/sintesis-informativa-del-1-de-marzo-de-2016\/","og_site_name":"CETYS","article_publisher":"https:\/\/www.facebook.com\/cetysuniversidadmxl\/","article_modified_time":"2019-05-15T00:42:33+00:00","og_image":[{"width":958,"height":479,"url":"https:\/\/www.cetys.mx\/noticias\/wp-content\/uploads\/2016\/01\/sintesis_1.jpg","type":"image\/jpeg"}],"twitter_card":"summary_large_image","twitter_site":"@cetysuni","twitter_misc":{"Tiempo de lectura":"4 minutos"},"schema":{"@context":"https:\/\/schema.org","@graph":[{"@type":"WebPage","@id":"https:\/\/www.cetys.mx\/noticias\/sintesis\/sintesis-informativa-del-1-de-marzo-de-2016\/","url":"https:\/\/www.cetys.mx\/noticias\/sintesis\/sintesis-informativa-del-1-de-marzo-de-2016\/","name":"S\u00edntesis Informativa del 1 de Marzo de 2016 - CETYS","isPartOf":{"@id":"https:\/\/www.cetys.mx\/noticias\/#website"},"primaryImageOfPage":{"@id":"https:\/\/www.cetys.mx\/noticias\/sintesis\/sintesis-informativa-del-1-de-marzo-de-2016\/#primaryimage"},"image":{"@id":"https:\/\/www.cetys.mx\/noticias\/sintesis\/sintesis-informativa-del-1-de-marzo-de-2016\/#primaryimage"},"thumbnailUrl":"https:\/\/www.cetys.mx\/noticias\/wp-content\/uploads\/2016\/01\/sintesis_1.jpg","datePublished":"2016-03-01T20:40:42+00:00","dateModified":"2019-05-15T00:42:33+00:00","description":"En esta s\u00edntesis Informativa se enlista lo que publican los medios de comunicaci\u00f3n en Baja California sobre el CETYS y el sector educativo.","breadcrumb":{"@id":"https:\/\/www.cetys.mx\/noticias\/sintesis\/sintesis-informativa-del-1-de-marzo-de-2016\/#breadcrumb"},"inLanguage":"es","potentialAction":[{"@type":"ReadAction","target":["https:\/\/www.cetys.mx\/noticias\/sintesis\/sintesis-informativa-del-1-de-marzo-de-2016\/"]}]},{"@type":"ImageObject","inLanguage":"es","@id":"https:\/\/www.cetys.mx\/noticias\/sintesis\/sintesis-informativa-del-1-de-marzo-de-2016\/#primaryimage","url":"https:\/\/www.cetys.mx\/noticias\/wp-content\/uploads\/2016\/01\/sintesis_1.jpg","contentUrl":"https:\/\/www.cetys.mx\/noticias\/wp-content\/uploads\/2016\/01\/sintesis_1.jpg","width":958,"height":479,"caption":"s\u00edntesis informativa"},{"@type":"BreadcrumbList","@id":"https:\/\/www.cetys.mx\/noticias\/sintesis\/sintesis-informativa-del-1-de-marzo-de-2016\/#breadcrumb","itemListElement":[{"@type":"ListItem","position":1,"name":"Inicio","item":"https:\/\/www.cetys.mx\/noticias\/"},{"@type":"ListItem","position":2,"name":"S\u00edntesis","item":"https:\/\/www.cetys.mx\/noticias\/sintesis\/"},{"@type":"ListItem","position":3,"name":"S\u00edntesis Informativa del 1 de Marzo de 2016"}]},{"@type":"WebSite","@id":"https:\/\/www.cetys.mx\/noticias\/#website","url":"https:\/\/www.cetys.mx\/noticias\/","name":"CETYS","description":"","potentialAction":[{"@type":"SearchAction","target":{"@type":"EntryPoint","urlTemplate":"https:\/\/www.cetys.mx\/noticias\/?s={search_term_string}"},"query-input":{"@type":"PropertyValueSpecification","valueRequired":true,"valueName":"search_term_string"}}],"inLanguage":"es"}]}},"_links":{"self":[{"href":"https:\/\/www.cetys.mx\/noticias\/wp-json\/wp\/v2\/sintesis\/49658","targetHints":{"allow":["GET"]}}],"collection":[{"href":"https:\/\/www.cetys.mx\/noticias\/wp-json\/wp\/v2\/sintesis"}],"about":[{"href":"https:\/\/www.cetys.mx\/noticias\/wp-json\/wp\/v2\/types\/sintesis"}],"author":[{"embeddable":true,"href":"https:\/\/www.cetys.mx\/noticias\/wp-json\/wp\/v2\/users\/26"}],"replies":[{"embeddable":true,"href":"https:\/\/www.cetys.mx\/noticias\/wp-json\/wp\/v2\/comments?post=49658"}],"wp:featuredmedia":[{"embeddable":true,"href":"https:\/\/www.cetys.mx\/noticias\/wp-json\/wp\/v2\/media\/14914"}],"wp:attachment":[{"href":"https:\/\/www.cetys.mx\/noticias\/wp-json\/wp\/v2\/media?parent=49658"}],"wp:term":[{"taxonomy":"category","embeddable":true,"href":"https:\/\/www.cetys.mx\/noticias\/wp-json\/wp\/v2\/categories?post=49658"}],"curies":[{"name":"wp","href":"https:\/\/api.w.org\/{rel}","templated":true}]}}