{"id":14767,"date":"2016-02-22T10:00:44","date_gmt":"2016-02-22T18:00:44","guid":{"rendered":"http:\/\/vocetys.mx\/?p=14767"},"modified":"2019-05-14T17:43:08","modified_gmt":"2019-05-15T00:43:08","slug":"sintesis-informativa-5-de-febrero-de-2016","status":"publish","type":"sintesis","link":"https:\/\/www.cetys.mx\/noticias\/sintesis\/sintesis-informativa-5-de-febrero-de-2016\/","title":{"rendered":"S\u00edntesis Informativa  del 22 de Febrero de 2016"},"content":{"rendered":"<table border=\"0\" width=\"624\">\n<tbody>\n<tr>\n<td><img loading=\"lazy\" decoding=\"async\" src=\"https:\/\/www.cetys.mx\/userfiles\/sintesisDirectivos\/cetysenlosMedios.jpg\" alt=\"\" width=\"624\" height=\"78\" border=\"0\" \/><\/p>\n<p>Tijuana<\/p>\n<ul>\n<li>El Sol de Tijuana<br \/>\n<b>USD busca proyectos de enfoque social en el CETYS<\/b><br \/>\nA trav\u00e9s del Centro para la Paz y el Comercio (CPC, por sus siglas en ingl\u00e9s), de la Universidad de San Diego, se lanz\u00f3 el concurso &#8220;Social Innovation Challenge&#8221;, iniciativa que tiene como objetivo encontrar ideas creativas que respondan a las necesidades de aspectos econ\u00f3micos, ambientales, de justicia o temas de impacto en la comunidad.<br \/>\n<a href=\"https:\/\/www.mxl.cetys.mx\/ci\/notasperiodico\/resultado.php?f=cetys_usdsocialinnovation.jpg\">https:\/\/www.mxl.cetys.mx\/ci\/notasperiodico\/resultado.php?f=cetys_usdsocialinnovation.jpg<\/a><\/li>\n<\/ul>\n<ul>\n<li>Monitor Econ\u00f3mico<br \/>\n<b>USD busca proyectos de enfoque social en el CETYS<\/b><br \/>\nA trav\u00e9s del Centro para la Paz y el Comercio (CPC, por sus siglas en ingl\u00e9s), de la Universidad de San Diego, se lanz\u00f3 el concurso &amp;#147;Social Innovation Challenge&amp;#148;, iniciativa que tiene como objetivo encontrar ideas creativas que respondan a las necesidades de aspectos econ\u00f3micos, ambientales, de justicia o temas de impacto en la comunidad.<br \/>\n<a href=\"https:\/\/monitoreconomico.org\/noticias\/2016\/feb\/19\/usd-busca-proyectos-de-enfoque-social-en-el-cetys\/\">https:\/\/monitoreconomico.org\/noticias\/2016\/feb\/19\/usd-busca-proyectos-de-enfoque-social-en-el-cetys\/<\/a><\/li>\n<\/ul>\n<ul>\n<li>Balun Canan<br \/>\n<b>USD busca proyectos de enfoque social en el Cetys<\/b><br \/>\nA trav\u00e9s del Centro para la Paz y el Comercio (CPC, por sus siglas en ingl\u00e9s), de la Universidad de San Diego, se lanz\u00f3 el concurso &#8220;Social Innovation Challenge&#8221;, iniciativa que tiene como objetivo encontrar ideas creativas que respondan a las necesidades de aspectos econ\u00f3micos, ambientales, de justicia o temas de impacto en la comunidad.<br \/>\n<a href=\"https:\/\/www.balun-canan.com\/index.php?option=com_k2&amp;view=item&amp;id=7650:usd-busca-proyectos-de-enfoque-social-en-el-cetys&amp;Itemid=162\">https:\/\/www.balun-canan.com\/index.php?option=com_k2&amp;view=item&amp;id=7650:usd-busca-proyectos-de-enfoque-social-en-el-cetys&amp;Itemid=162<\/a><\/li>\n<\/ul>\n<ul>\n<li>Veraz Informa<br \/>\n<b>Busca Universidad de San Diego proyectos de enfoque social en el CETYS<\/b><br \/>\nA trav\u00e9s del Centro para la Paz y el Comercio (CPC, por sus siglas en ingl\u00e9s), de la Universidad de San Diego, se lanz\u00f3 el concurso &#8220;Social Innovation Challenge&#8221;, iniciativa que tiene como objetivo encontrar ideas creativas que respondan a las necesidades de aspectos econ\u00f3micos, ambientales, de justicia o temas de impacto en la comunidad.<br \/>\n<a href=\"https:\/\/verazinforma.com\/estatal\/busca-universidad-de-san-diego-proyectos-de-enfoque-social-en-el-cetys\/\">https:\/\/verazinforma.com\/estatal\/busca-universidad-de-san-diego-proyectos-de-enfoque-social-en-el-cetys\/<\/a><\/li>\n<\/ul>\n<ul>\n<li>Tijuana Informativo<br \/>\n<b>USD busca proyectos de enfoque social en el CETYS <\/b><br \/>\nA trav\u00e9s del Centro para la Paz y el Comercio (CPC, por sus siglas en ingl\u00e9s), de la Universidad de San Diego, se lanz\u00f3 el concurso &#8220;Social Innovation Challenge&#8221;, iniciativa que tiene como objetivo encontrar ideas creativas que respondan a las necesidades de aspectos econ\u00f3micos, ambientales, de justicia o temas de impacto en la comunidad.<br \/>\n<a href=\"https:\/\/www.tijuanainformativo.info\/index.php\/noticias-de-tijuana\/item\/33701-usd-busca-proyectos-de-enfoque-social-en-el-cetys\">https:\/\/www.tijuanainformativo.info\/index.php\/noticias-de-tijuana\/item\/33701-usd-busca-proyectos-de-enfoque-social-en-el-cetys<\/a><\/li>\n<\/ul>\n<ul>\n<li>Infobaja<br \/>\n<b>USD busca proyectos de enfoque social en el CETYS <\/b><br \/>\nA trav\u00e9s del Centro para la Paz y el Comercio (CPC, por sus siglas en ingl\u00e9s), de la Universidad de San Diego, se lanz\u00f3 el concurso &#8220;Social Innovation Challenge&#8221;, iniciativa que tiene como objetivo encontrar ideas creativas que respondan a las necesidades de aspectos econ\u00f3micos, ambientales, de justicia o temas de impacto en la comunidad.<br \/>\n<a href=\"https:\/\/www.infobaja.info\/universidades\/28028-usd-busca-proyectos-de-enfoque-social-en-el-cetys\">https:\/\/www.infobaja.info\/universidades\/28028-usd-busca-proyectos-de-enfoque-social-en-el-cetys<\/a><\/li>\n<\/ul>\n<ul>\n<li>El Mexicano<br \/>\n<b>Por los pasillos del CETYS<\/b><br \/>\nFomentando su compa\u00f1erismo, alumnos de bachillerato y universidad se encuentran en las instalaciones del plantel educativo entre clase y clases.<br \/>\n<a href=\"https:\/\/www.mxl.cetys.mx\/ci\/notasperiodico\/resultado.php?f=cetys_porsuspasillos2016.jpg\">https:\/\/www.mxl.cetys.mx\/ci\/notasperiodico\/resultado.php?f=cetys_porsuspasillos2016.jpg<\/a><\/li>\n<\/ul>\n<p>Ensenada<\/p>\n<ul>\n<li>El Vig\u00eda<br \/>\n<b>Ofertar\u00e1n diplomado en Dise\u00f1o Gr\u00e1fico<\/b><br \/>\nPara transmitir ideas y conceptos de productos, servicios y organizaciones a trav\u00e9s de textos, im\u00e1genes y colores, Cetys Universidad campus Ensenada ofrecer\u00e1 el Diplomado en Dise\u00f1o Gr\u00e1fico Digital, a partir del mes de abril.<br \/>\n<a href=\"https:\/\/www.elvigia.net\/general\/2016\/2\/20\/ofertaran-diplomado-diseno-grafico-226982.html\">https:\/\/www.elvigia.net\/general\/2016\/2\/20\/ofertaran-diplomado-diseno-grafico-226982.html<\/a><\/li>\n<\/ul>\n<ul>\n<li>El Vig\u00eda<br \/>\n<b>Buscan proyectos de enfoque social<\/b><br \/>\nSe lanz\u00f3 el concurso &#8220;Social Innovation Challenge&#8221;, a trav\u00e9s del Centro para la Paz y el Comercio (CPC por sus siglas en ingl\u00e9s) de la Universidad de San Diego, con el objetivo encontrar ideas creativas que respondan a las necesidades de aspectos econ\u00f3micos, ambientales, de justicia o temas de impacto en la comunidad.<br \/>\n<a href=\"https:\/\/www.elvigia.net\/general\/2016\/2\/21\/buscan-proyectos-enfoque-social-227061.html\">https:\/\/www.elvigia.net\/general\/2016\/2\/21\/buscan-proyectos-enfoque-social-227061.html<\/a><\/li>\n<\/ul>\n<ul>\n<li>Campus Milenio<br \/>\n<b>Cetys ofertar\u00e1 diplomado en dise\u00f1o gr\u00e1fico<\/b><br \/>\nPara transmitir ideas y conceptos de productos, servicios y organizaciones a trav\u00e9s de textos, im\u00e1genes y colores, CETYS Universidad campus Ensenada ofrecer\u00e1 el Diplomado en Dise\u00f1o Gr\u00e1fico Digital, a partir del mes de abril. El M.E. Octavio C\u00e1rdenas Flores, Director Extensi\u00f3n y Educaci\u00f3n Continua Zona Costa, explic\u00f3 que el programa complementar\u00e1 la estrategia de mercadotecnia.<br \/>\n<a href=\"https:\/\/campusmilenio.mx\/index.php\/template\/informacion\/noticias\/item\/4057-cetus-ofertara-diplomado-en-diseno-grafico\">https:\/\/campusmilenio.mx\/index.php\/template\/informacion\/noticias\/item\/4057-cetus-ofertara-diplomado-en-diseno-grafico<\/a><\/li>\n<\/ul>\n<p><img loading=\"lazy\" decoding=\"async\" src=\"https:\/\/www.cetys.mx\/userfiles\/sintesisDirectivos\/notasdeEducacion.jpg\" alt=\"\" width=\"624\" height=\"78\" border=\"0\" \/><br \/>\nMexicali<\/p>\n<ul>\n<li>La Cr\u00f3nica<br \/>\n<b>Pagar\u00e1n a maestros interinos<\/b><br \/>\nDando seguimiento a los acuerdos entre el Gobierno del Estado, encabezado por el Mandatario estatal, Francisco Vega de Lamadrid, con los sindicatos del magisterio, los viernes 26 de febrero y 18 de marzo se pagar\u00e1n n\u00f3minas extraordinarias para cubrir parte del rezago que se adeuda a maestros interinos frente a grupo, inform\u00f3 el Secretario de Educaci\u00f3n y Bienestar Social, Dr. Mario Herrera Z\u00e1rate.<br \/>\n<a href=\"https:\/\/www.lacronica.com\/EdicionEnLinea\/Notas\/Noticias\/21022016\/1055646-Pagaran-a-maestros-interinos.html\">https:\/\/www.lacronica.com\/EdicionEnLinea\/Notas\/Noticias\/21022016\/1055646-Pagaran-a-maestros-interinos.html<\/a><\/li>\n<\/ul>\n<ul>\n<li>Enlace Informativo<br \/>\n<b>Dispersar\u00e1n n\u00f3minas extraordinarias para pago a maestros interinos<\/b><br \/>\nDando seguimiento a los acuerdos entre el Gobierno del Estado, encabezado por el Mandatario estatal, Francisco Vega de Lamadrid, con los sindicatos del magisterio, los viernes 26 de febrero y 18 de marzo se pagar\u00e1n n\u00f3minas extraordinarias para cubrir parte del rezago que se adeuda a maestros interinos frente a grupo, inform\u00f3 el Secretario de Educaci\u00f3n y Bienestar Social, Dr. Mario Herrera Z\u00e1rate.<br \/>\n<a href=\"https:\/\/enlaceinformativo.net\/nota.php?id_not=50572\">https:\/\/enlaceinformativo.net\/nota.php?id_not=50572<\/a><\/li>\n<\/ul>\n<ul>\n<li>La Cr\u00f3nica<br \/>\n<b>Padres se unen a protesta de interinos<\/b><br \/>\nPadres de familia de la Escuela Secundaria N\u00famero 76, tomaron las instalaciones en apoyo a los docentes que desde marzo de 2015 no reciben pago, se estima que otras escuelas de la localidad se unan a las protestas.<br \/>\n<a href=\"https:\/\/www.lacronica.com\/EdicionEnLinea\/Notas\/Noticias\/22022016\/1055729-Padres-se-unen-a-protesta-de-interinos.html\">https:\/\/www.lacronica.com\/EdicionEnLinea\/Notas\/Noticias\/22022016\/1055729-Padres-se-unen-a-protesta-de-interinos.html<\/a><\/li>\n<\/ul>\n<ul>\n<li>La Cr\u00f3nica<br \/>\n<b>Desertan alumnos hasta 25% en Cecyte<\/b><br \/>\nDurante el primer y segundo semestre, en el Colegio de Estudios Cient\u00edficos y Tecnol\u00f3gicos (CECyTE), hasta un 25% de alumnos deciden abandonar los estudios, principalmente por problemas de desintegraci\u00f3n familiar y falta de valores.<br \/>\n<a href=\"https:\/\/www.lacronica.com\/EdicionEnLinea\/Notas\/Noticias\/20022016\/1055335-Desertan-alumnos-hasta-25-en-Cecyte.html\">https:\/\/www.lacronica.com\/EdicionEnLinea\/Notas\/Noticias\/20022016\/1055335-Desertan-alumnos-hasta-25-en-Cecyte.html<\/a><\/li>\n<\/ul>\n<ul>\n<li>La Voz de la Frontera<br \/>\n<b>Congreso declara benem\u00e9rita a la escuela &#8220;Benito Ju\u00e1rez&#8221;<\/b><br \/>\nPor estar pr\u00f3xima a cumplir 90 a\u00f1os de su fundaci\u00f3n y porque en ella han cursado sus estudios destacados personajes bajacalifornianos, el Congreso del Estado declar\u00f3 benem\u00e9rita a la escuela primaria &#8220;Benito Ju\u00e1rez&#8221;.<br \/>\n<a href=\"https:\/\/www.oem.com.mx\/lavozdelafrontera\/notas\/n4087134.htm\">https:\/\/www.oem.com.mx\/lavozdelafrontera\/notas\/n4087134.htm<\/a><\/li>\n<\/ul>\n<\/td>\n<\/tr>\n<\/tbody>\n<\/table>\n<p>&nbsp;<\/p>\n","protected":false},"excerpt":{"rendered":"<p>Tijuana El Sol de Tijuana USD busca proyectos de enfoque social en el CETYS A trav\u00e9s del Centro para la Paz y&#8230;<\/p>\n","protected":false},"author":26,"featured_media":14504,"menu_order":0,"comment_status":"open","ping_status":"open","template":"","categories":[130],"class_list":["post-14767","sintesis","type-sintesis","status-publish","has-post-thumbnail","hentry","category-sintesis-informativa"],"yoast_head":"<!-- This site is optimized with the Yoast SEO plugin v27.4 - https:\/\/yoast.com\/product\/yoast-seo-wordpress\/ -->\n<title>S\u00edntesis Informativa del 22 de Febrero de 2016 - CETYS<\/title>\n<meta name=\"robots\" content=\"index, follow, max-snippet:-1, max-image-preview:large, max-video-preview:-1\" \/>\n<link rel=\"canonical\" href=\"https:\/\/www.cetys.mx\/noticias\/sintesis\/sintesis-informativa-5-de-febrero-de-2016\/\" \/>\n<meta property=\"og:locale\" content=\"es_MX\" \/>\n<meta property=\"og:type\" content=\"article\" \/>\n<meta property=\"og:title\" content=\"S\u00edntesis Informativa del 22 de Febrero de 2016 - CETYS\" \/>\n<meta property=\"og:description\" content=\"Tijuana El Sol de Tijuana USD busca proyectos de enfoque social en el CETYS A trav\u00e9s del Centro para la Paz y...\" \/>\n<meta property=\"og:url\" content=\"https:\/\/www.cetys.mx\/noticias\/sintesis\/sintesis-informativa-5-de-febrero-de-2016\/\" \/>\n<meta property=\"og:site_name\" content=\"CETYS\" \/>\n<meta property=\"article:publisher\" content=\"https:\/\/www.facebook.com\/cetysuniversidadmxl\/\" \/>\n<meta property=\"article:modified_time\" content=\"2019-05-15T00:43:08+00:00\" \/>\n<meta property=\"og:image\" content=\"https:\/\/www.cetys.mx\/noticias\/wp-content\/uploads\/2016\/01\/sintesis_.jpg\" \/>\n\t<meta property=\"og:image:width\" content=\"958\" \/>\n\t<meta property=\"og:image:height\" content=\"479\" \/>\n\t<meta property=\"og:image:type\" content=\"image\/jpeg\" \/>\n<meta name=\"twitter:card\" content=\"summary_large_image\" \/>\n<meta name=\"twitter:site\" content=\"@cetysuni\" \/>\n<meta name=\"twitter:label1\" content=\"Tiempo de lectura\" \/>\n\t<meta name=\"twitter:data1\" content=\"5 minutos\" \/>\n<script type=\"application\/ld+json\" class=\"yoast-schema-graph\">{\"@context\":\"https:\\\/\\\/schema.org\",\"@graph\":[{\"@type\":\"WebPage\",\"@id\":\"https:\\\/\\\/www.cetys.mx\\\/noticias\\\/sintesis\\\/sintesis-informativa-5-de-febrero-de-2016\\\/\",\"url\":\"https:\\\/\\\/www.cetys.mx\\\/noticias\\\/sintesis\\\/sintesis-informativa-5-de-febrero-de-2016\\\/\",\"name\":\"S\u00edntesis Informativa del 22 de Febrero de 2016 - CETYS\",\"isPartOf\":{\"@id\":\"https:\\\/\\\/www.cetys.mx\\\/noticias\\\/#website\"},\"primaryImageOfPage\":{\"@id\":\"https:\\\/\\\/www.cetys.mx\\\/noticias\\\/sintesis\\\/sintesis-informativa-5-de-febrero-de-2016\\\/#primaryimage\"},\"image\":{\"@id\":\"https:\\\/\\\/www.cetys.mx\\\/noticias\\\/sintesis\\\/sintesis-informativa-5-de-febrero-de-2016\\\/#primaryimage\"},\"thumbnailUrl\":\"https:\\\/\\\/www.cetys.mx\\\/noticias\\\/wp-content\\\/uploads\\\/2016\\\/01\\\/sintesis_.jpg\",\"datePublished\":\"2016-02-22T18:00:44+00:00\",\"dateModified\":\"2019-05-15T00:43:08+00:00\",\"breadcrumb\":{\"@id\":\"https:\\\/\\\/www.cetys.mx\\\/noticias\\\/sintesis\\\/sintesis-informativa-5-de-febrero-de-2016\\\/#breadcrumb\"},\"inLanguage\":\"es\",\"potentialAction\":[{\"@type\":\"ReadAction\",\"target\":[\"https:\\\/\\\/www.cetys.mx\\\/noticias\\\/sintesis\\\/sintesis-informativa-5-de-febrero-de-2016\\\/\"]}]},{\"@type\":\"ImageObject\",\"inLanguage\":\"es\",\"@id\":\"https:\\\/\\\/www.cetys.mx\\\/noticias\\\/sintesis\\\/sintesis-informativa-5-de-febrero-de-2016\\\/#primaryimage\",\"url\":\"https:\\\/\\\/www.cetys.mx\\\/noticias\\\/wp-content\\\/uploads\\\/2016\\\/01\\\/sintesis_.jpg\",\"contentUrl\":\"https:\\\/\\\/www.cetys.mx\\\/noticias\\\/wp-content\\\/uploads\\\/2016\\\/01\\\/sintesis_.jpg\",\"width\":958,\"height\":479},{\"@type\":\"BreadcrumbList\",\"@id\":\"https:\\\/\\\/www.cetys.mx\\\/noticias\\\/sintesis\\\/sintesis-informativa-5-de-febrero-de-2016\\\/#breadcrumb\",\"itemListElement\":[{\"@type\":\"ListItem\",\"position\":1,\"name\":\"Inicio\",\"item\":\"https:\\\/\\\/www.cetys.mx\\\/noticias\\\/\"},{\"@type\":\"ListItem\",\"position\":2,\"name\":\"S\u00edntesis\",\"item\":\"https:\\\/\\\/www.cetys.mx\\\/noticias\\\/sintesis\\\/\"},{\"@type\":\"ListItem\",\"position\":3,\"name\":\"S\u00edntesis Informativa del 22 de Febrero de 2016\"}]},{\"@type\":\"WebSite\",\"@id\":\"https:\\\/\\\/www.cetys.mx\\\/noticias\\\/#website\",\"url\":\"https:\\\/\\\/www.cetys.mx\\\/noticias\\\/\",\"name\":\"CETYS\",\"description\":\"\",\"potentialAction\":[{\"@type\":\"SearchAction\",\"target\":{\"@type\":\"EntryPoint\",\"urlTemplate\":\"https:\\\/\\\/www.cetys.mx\\\/noticias\\\/?s={search_term_string}\"},\"query-input\":{\"@type\":\"PropertyValueSpecification\",\"valueRequired\":true,\"valueName\":\"search_term_string\"}}],\"inLanguage\":\"es\"}]}<\/script>\n<!-- \/ Yoast SEO plugin. -->","yoast_head_json":{"title":"S\u00edntesis Informativa del 22 de Febrero de 2016 - CETYS","robots":{"index":"index","follow":"follow","max-snippet":"max-snippet:-1","max-image-preview":"max-image-preview:large","max-video-preview":"max-video-preview:-1"},"canonical":"https:\/\/www.cetys.mx\/noticias\/sintesis\/sintesis-informativa-5-de-febrero-de-2016\/","og_locale":"es_MX","og_type":"article","og_title":"S\u00edntesis Informativa del 22 de Febrero de 2016 - CETYS","og_description":"Tijuana El Sol de Tijuana USD busca proyectos de enfoque social en el CETYS A trav\u00e9s del Centro para la Paz y...","og_url":"https:\/\/www.cetys.mx\/noticias\/sintesis\/sintesis-informativa-5-de-febrero-de-2016\/","og_site_name":"CETYS","article_publisher":"https:\/\/www.facebook.com\/cetysuniversidadmxl\/","article_modified_time":"2019-05-15T00:43:08+00:00","og_image":[{"width":958,"height":479,"url":"https:\/\/www.cetys.mx\/noticias\/wp-content\/uploads\/2016\/01\/sintesis_.jpg","type":"image\/jpeg"}],"twitter_card":"summary_large_image","twitter_site":"@cetysuni","twitter_misc":{"Tiempo de lectura":"5 minutos"},"schema":{"@context":"https:\/\/schema.org","@graph":[{"@type":"WebPage","@id":"https:\/\/www.cetys.mx\/noticias\/sintesis\/sintesis-informativa-5-de-febrero-de-2016\/","url":"https:\/\/www.cetys.mx\/noticias\/sintesis\/sintesis-informativa-5-de-febrero-de-2016\/","name":"S\u00edntesis Informativa del 22 de Febrero de 2016 - CETYS","isPartOf":{"@id":"https:\/\/www.cetys.mx\/noticias\/#website"},"primaryImageOfPage":{"@id":"https:\/\/www.cetys.mx\/noticias\/sintesis\/sintesis-informativa-5-de-febrero-de-2016\/#primaryimage"},"image":{"@id":"https:\/\/www.cetys.mx\/noticias\/sintesis\/sintesis-informativa-5-de-febrero-de-2016\/#primaryimage"},"thumbnailUrl":"https:\/\/www.cetys.mx\/noticias\/wp-content\/uploads\/2016\/01\/sintesis_.jpg","datePublished":"2016-02-22T18:00:44+00:00","dateModified":"2019-05-15T00:43:08+00:00","breadcrumb":{"@id":"https:\/\/www.cetys.mx\/noticias\/sintesis\/sintesis-informativa-5-de-febrero-de-2016\/#breadcrumb"},"inLanguage":"es","potentialAction":[{"@type":"ReadAction","target":["https:\/\/www.cetys.mx\/noticias\/sintesis\/sintesis-informativa-5-de-febrero-de-2016\/"]}]},{"@type":"ImageObject","inLanguage":"es","@id":"https:\/\/www.cetys.mx\/noticias\/sintesis\/sintesis-informativa-5-de-febrero-de-2016\/#primaryimage","url":"https:\/\/www.cetys.mx\/noticias\/wp-content\/uploads\/2016\/01\/sintesis_.jpg","contentUrl":"https:\/\/www.cetys.mx\/noticias\/wp-content\/uploads\/2016\/01\/sintesis_.jpg","width":958,"height":479},{"@type":"BreadcrumbList","@id":"https:\/\/www.cetys.mx\/noticias\/sintesis\/sintesis-informativa-5-de-febrero-de-2016\/#breadcrumb","itemListElement":[{"@type":"ListItem","position":1,"name":"Inicio","item":"https:\/\/www.cetys.mx\/noticias\/"},{"@type":"ListItem","position":2,"name":"S\u00edntesis","item":"https:\/\/www.cetys.mx\/noticias\/sintesis\/"},{"@type":"ListItem","position":3,"name":"S\u00edntesis Informativa del 22 de Febrero de 2016"}]},{"@type":"WebSite","@id":"https:\/\/www.cetys.mx\/noticias\/#website","url":"https:\/\/www.cetys.mx\/noticias\/","name":"CETYS","description":"","potentialAction":[{"@type":"SearchAction","target":{"@type":"EntryPoint","urlTemplate":"https:\/\/www.cetys.mx\/noticias\/?s={search_term_string}"},"query-input":{"@type":"PropertyValueSpecification","valueRequired":true,"valueName":"search_term_string"}}],"inLanguage":"es"}]}},"_links":{"self":[{"href":"https:\/\/www.cetys.mx\/noticias\/wp-json\/wp\/v2\/sintesis\/14767","targetHints":{"allow":["GET"]}}],"collection":[{"href":"https:\/\/www.cetys.mx\/noticias\/wp-json\/wp\/v2\/sintesis"}],"about":[{"href":"https:\/\/www.cetys.mx\/noticias\/wp-json\/wp\/v2\/types\/sintesis"}],"author":[{"embeddable":true,"href":"https:\/\/www.cetys.mx\/noticias\/wp-json\/wp\/v2\/users\/26"}],"replies":[{"embeddable":true,"href":"https:\/\/www.cetys.mx\/noticias\/wp-json\/wp\/v2\/comments?post=14767"}],"wp:featuredmedia":[{"embeddable":true,"href":"https:\/\/www.cetys.mx\/noticias\/wp-json\/wp\/v2\/media\/14504"}],"wp:attachment":[{"href":"https:\/\/www.cetys.mx\/noticias\/wp-json\/wp\/v2\/media?parent=14767"}],"wp:term":[{"taxonomy":"category","embeddable":true,"href":"https:\/\/www.cetys.mx\/noticias\/wp-json\/wp\/v2\/categories?post=14767"}],"curies":[{"name":"wp","href":"https:\/\/api.w.org\/{rel}","templated":true}]}}