{"id":143326,"date":"2020-04-23T19:42:33","date_gmt":"2020-04-24T02:42:33","guid":{"rendered":"https:\/\/www.cetys.mx\/noticias\/sintesis\/sintesis-informativa-de-20-de-abril-de-2020\/"},"modified":"2020-07-29T11:41:16","modified_gmt":"2020-07-29T18:41:16","slug":"sintesis-informativa-de-20-de-abril-de-2020","status":"publish","type":"sintesis","link":"https:\/\/www.cetys.mx\/noticias\/sintesis\/sintesis-informativa-de-20-de-abril-de-2020\/","title":{"rendered":"S\u00edntesis Informativa de 20 de Abril  de 2020"},"content":{"rendered":"<table width=\"800\" border=\"0\" cellspacing=\"0\" cellpadding=\"0\" style=\"font-family:Tahoma, Geneva, sans-serif;\">\n<tr style=\" border:0px;\">\n<td width=\"103\" bgcolor=\"#ffdd00\">\n<table width=\"103\" border=\"0\" cellspacing=\"0\" cellpadding=\"0\"><\/table>\n<\/td>\n<td width=\"406\" align=\"center\" style=\"background-image:url('https:\/\/www.cetys.mx\/noticias\/images\/head-sintesis.jpg'); text-align:center; background-size: cover;\">\n<h1 style=\"color:#FFF;font-size: 54px; margin-bottom:14px;\">S\u00edntesis Informativa<\/h1>\n<h3 style=\"color:#FFF;font-size: 19px;font-weight: normal;margin-top: 0px;padding-top: 0px;\">Las notas m\u00e1s importantes de CETYS en los medios de comunicaci\u00f3n<\/h3>\n<\/td>\n<\/tr>\n<tr style=\" border:0px;\">\n<td bgcolor=\"#000\">&nbsp;<\/td>\n<td align=\"center\" valign=\"middle\" bgcolor=\"#000\" style=\"padding:10px; font-size:26px; text-align:center; color:#FFF;\"><img decoding=\"async\" src=\"https:\/\/www.cetys.mx\/noticias\/wp-content\/plugins\/sintesis-gen\/images\/logo-cetys-bn.png\" style=\"padding-right:30px; margin-right: 30px; border-right:2px solid #FFF;\" align=\"middle\">  20 de Abril  de 2020<\/td>\n<\/tr>\n<tr style=\" border:0px;\">\n<td bgcolor=\"#ffdd00\">&nbsp;<\/td>\n<td>&nbsp;<\/td>\n<\/tr>\n<tr style=\" border:0px;\">\n<td bgcolor=\"#ffdd00\">&nbsp;<\/td>\n<td style=\"padding:5px;\">\n<h1>Medios Nacionales<\/h1>\n<hr style=\"border-top: 2px solid #4c4747;\">\n<table width=\"100%\">\n<tr style=\"font-size:18px;\">\n<td width=\"60%\" align=\"left\" valign=\"top\" style=\"vertical-align: top;  border:0px; padding-bottom: 20px;\">\n                        <span><img loading=\"lazy\" decoding=\"async\" class=\"alignnone wp-image-142965\" src=\"https:\/\/www.cetys.mx\/noticias\/wp-content\/uploads\/2020\/04\/descarga.png\" alt=\"\" width=\"360\" height=\"42\" \/> <\/span><br \/>\n                        <span style=\"font-size:20px;\"><b><a style=\"display: inline-block; padding-top:10px; color:#00a4e8;\" href=\"https:\/\/www.la-prensa.com.mx\/mexico\/responden-empresarios-de-tijuana-con-colecta-para-insumos-medicos-y-despensas-5114970.html\">Responden empresarios de Tijuana con colecta para insumos m\u00e9dicos<\/a><\/b><\/span><br \/>\n                        <span><br \/>\n                            Adem\u00e1s de los empresarios, la sociedad civil organizada, fundaciones e integrantes de Instituciones Educativas tambi\u00e9n se han sumado a esta cadena de apoyo, como los alumnos de CETYS Universidad, que donaron alimentos no perecederos y art\u00edculos de higiene; P\u00e9rez Behr inform\u00f3 que \u00e9stos ser\u00e1n entregados en los pr\u00f3ximos d\u00edas a los sectores con mayor necesidad.                        <\/span><\/p>\n<p>\n                          <a target=\"new\" href=\"https:\/\/www.facebook.com\/sharer\/sharer.php?u=https:\/\/www.la-prensa.com.mx\/mexico\/responden-empresarios-de-tijuana-con-colecta-para-insumos-medicos-y-despensas-5114970.html\"><img decoding=\"async\" src=\"https:\/\/www.cetys.mx\/noticias\/wp-content\/plugins\/sintesis-gen\/images\/share-fb-btn.png\"><\/a> <a href=\"https:\/\/twitter.com\/share?url=https:\/\/www.la-prensa.com.mx\/mexico\/responden-empresarios-de-tijuana-con-colecta-para-insumos-medicos-y-despensas-5114970.html&amp;text=Responden empresarios de Tijuana con colecta para insumos m\u00e9dicos\" target=\"_blank\"><br \/>\n                              <img decoding=\"async\" src=\"https:\/\/www.cetys.mx\/noticias\/wp-content\/plugins\/sintesis-gen\/images\/share-tw-btn.png\"><br \/>\n                          <\/a>\n                        <\/p>\n<\/td>\n<td>\n                                        <img decoding=\"async\" style=\"width:100%;\" src=\"https:\/\/www.cetys.mx\/noticias\/wp-content\/uploads\/2020\/04\/20200415_nKNETun9ar.jpeg\">\n                    <\/td>\n<\/tr>\n<tr style=\"font-size:18px;\">\n<td width=\"60%\" align=\"left\" valign=\"top\" style=\"vertical-align: top;  border:0px; padding-bottom: 20px;\">\n                        <span><img loading=\"lazy\" decoding=\"async\" class=\"alignnone  wp-image-142933\" src=\"https:\/\/www.cetys.mx\/noticias\/wp-content\/uploads\/2020\/04\/Imagen-poblana.jpg\" alt=\"\" width=\"152\" height=\"152\" srcset=\"https:\/\/www.cetys.mx\/noticias\/wp-content\/uploads\/2020\/04\/Imagen-poblana.jpg 400w, https:\/\/www.cetys.mx\/noticias\/wp-content\/uploads\/2020\/04\/Imagen-poblana-75x75.jpg 75w, https:\/\/www.cetys.mx\/noticias\/wp-content\/uploads\/2020\/04\/Imagen-poblana-300x300.jpg 300w\" sizes=\"auto, (max-width: 152px) 100vw, 152px\" \/> <\/span><br \/>\n                        <span style=\"font-size:20px;\"><b><a style=\"display: inline-block; padding-top:10px; color:#00a4e8;\" href=\"https:\/\/imagenpoblana.com\/20\/04\/19\/toque-de-queda-un-debate-constitucional-que-acontece-en-mexico-ante-covid-19\">Toque de queda, un debate constitucional que acontece en M\u00e9xico ante COVID-19<\/a><\/b><\/span><br \/>\n                        <span><br \/>\n                            La directora de la escuela de Derecho de CETYS Universidad Campus Mexicali, Bianca Barcel\u00f3 Sandoval, explica que esta decisi\u00f3n no puede ser tomada por gobernadores ni alcaldes.                        <\/span><\/p>\n<p>\n                          <a target=\"new\" href=\"https:\/\/www.facebook.com\/sharer\/sharer.php?u=https:\/\/imagenpoblana.com\/20\/04\/19\/toque-de-queda-un-debate-constitucional-que-acontece-en-mexico-ante-covid-19\"><img decoding=\"async\" src=\"https:\/\/www.cetys.mx\/noticias\/wp-content\/plugins\/sintesis-gen\/images\/share-fb-btn.png\"><\/a> <a href=\"https:\/\/twitter.com\/share?url=https:\/\/imagenpoblana.com\/20\/04\/19\/toque-de-queda-un-debate-constitucional-que-acontece-en-mexico-ante-covid-19&amp;text=Toque de queda, un debate constitucional que acontece en M\u00e9xico ante COVID-19\" target=\"_blank\"><br \/>\n                              <img decoding=\"async\" src=\"https:\/\/www.cetys.mx\/noticias\/wp-content\/plugins\/sintesis-gen\/images\/share-tw-btn.png\"><br \/>\n                          <\/a>\n                        <\/p>\n<\/td>\n<td>\n                                        <img decoding=\"async\" style=\"width:100%;\" src=\"https:\/\/www.cetys.mx\/noticias\/wp-content\/uploads\/2020\/04\/Sin-actividad.jpg\">\n                    <\/td>\n<\/tr>\n<tr style=\"font-size:18px;\">\n<td width=\"60%\" align=\"left\" valign=\"top\" style=\"vertical-align: top;  border:0px; padding-bottom: 20px;\">\n                        <span><img loading=\"lazy\" decoding=\"async\" class=\"alignnone  wp-image-142935\" src=\"https:\/\/www.cetys.mx\/noticias\/wp-content\/uploads\/2020\/04\/notipress-logo.jpg\" alt=\"\" width=\"202\" height=\"113\" srcset=\"https:\/\/www.cetys.mx\/noticias\/wp-content\/uploads\/2020\/04\/notipress-logo.jpg 845w, https:\/\/www.cetys.mx\/noticias\/wp-content\/uploads\/2020\/04\/notipress-logo-768x431.jpg 768w\" sizes=\"auto, (max-width: 202px) 100vw, 202px\" \/> <\/span><br \/>\n                        <span style=\"font-size:20px;\"><b><a style=\"display: inline-block; padding-top:10px; color:#00a4e8;\" href=\"https:\/\/notipress.mx\/actualidad\/toque-queda-debate-constitucional-acontece-mexico-ante-covid-19-3672\">Toque de queda, un debate constitucional que acontece en M\u00e9xico ante COVID-19<\/a><\/b><\/span><br \/>\n                        <span><br \/>\n                            La directora de la Escuela de Derecho de CETYS Universidad Campus Mexicali, Bianca Barcel\u00f3 Sandoval, explica que esta decisi\u00f3n no puede ser tomada por gobernadores ni alcaldes.<br \/>\n                        <\/span><\/p>\n<p>\n                          <a target=\"new\" href=\"https:\/\/www.facebook.com\/sharer\/sharer.php?u=https:\/\/notipress.mx\/actualidad\/toque-queda-debate-constitucional-acontece-mexico-ante-covid-19-3672\"><img decoding=\"async\" src=\"https:\/\/www.cetys.mx\/noticias\/wp-content\/plugins\/sintesis-gen\/images\/share-fb-btn.png\"><\/a> <a href=\"https:\/\/twitter.com\/share?url=https:\/\/notipress.mx\/actualidad\/toque-queda-debate-constitucional-acontece-mexico-ante-covid-19-3672&amp;text=Toque de queda, un debate constitucional que acontece en M\u00e9xico ante COVID-19\" target=\"_blank\"><br \/>\n                              <img decoding=\"async\" src=\"https:\/\/www.cetys.mx\/noticias\/wp-content\/plugins\/sintesis-gen\/images\/share-tw-btn.png\"><br \/>\n                          <\/a>\n                        <\/p>\n<\/td>\n<td>\n                                        <img decoding=\"async\" style=\"width:100%;\" src=\"https:\/\/www.cetys.mx\/noticias\/wp-content\/uploads\/2020\/03\/C-IMG_0077.jpg\">\n                    <\/td>\n<\/tr>\n<tr style=\"font-size:18px;\">\n<td width=\"60%\" align=\"left\" valign=\"top\" style=\"vertical-align: top;  border:0px; padding-bottom: 20px;\">\n                        <span><img loading=\"lazy\" decoding=\"async\" class=\"alignnone wp-image-142938\" src=\"https:\/\/www.cetys.mx\/noticias\/wp-content\/uploads\/2020\/04\/logo-la-verdad-temp.png\" alt=\"\" width=\"227\" height=\"60\" \/> <\/span><br \/>\n                        <span style=\"font-size:20px;\"><b><a style=\"display: inline-block; padding-top:10px; color:#00a4e8;\" href=\"https:\/\/periodicolaverdad.mx\/en-santiago-tangamandapio-michoacan-anticonstitucional-el-toque-de-queda.html\">Toque de queda no puede ser declarado por gobernadores ni alcaldes, explica abogada<\/a><\/b><\/span><br \/>\n                        <span><br \/>\n                            Ni alcaldes ni gobernadores de las diferentes entidades mexicanas pueden aplicar restricciones a la libre circulaci\u00f3n, limit\u00e1ndose sus facultades a emitir la recomendaci\u00f3n de permanecer en casa y tomar las medidas higi\u00e9nicas pertinentes para evitar contagios del COVID-19, explic\u00f3 la Mtra. Bianca Barcel\u00f3 Sandoval.                        <\/span><\/p>\n<p>\n                          <a target=\"new\" href=\"https:\/\/www.facebook.com\/sharer\/sharer.php?u=https:\/\/periodicolaverdad.mx\/en-santiago-tangamandapio-michoacan-anticonstitucional-el-toque-de-queda.html\"><img decoding=\"async\" src=\"https:\/\/www.cetys.mx\/noticias\/wp-content\/plugins\/sintesis-gen\/images\/share-fb-btn.png\"><\/a> <a href=\"https:\/\/twitter.com\/share?url=https:\/\/periodicolaverdad.mx\/en-santiago-tangamandapio-michoacan-anticonstitucional-el-toque-de-queda.html&amp;text=Toque de queda no puede ser declarado por gobernadores ni alcaldes, explica abogada\" target=\"_blank\"><br \/>\n                              <img decoding=\"async\" src=\"https:\/\/www.cetys.mx\/noticias\/wp-content\/plugins\/sintesis-gen\/images\/share-tw-btn.png\"><br \/>\n                          <\/a>\n                        <\/p>\n<\/td>\n<td>\n                                        <img decoding=\"async\" style=\"width:100%;\" src=\"https:\/\/www.cetys.mx\/noticias\/wp-content\/uploads\/2020\/04\/Sin-actividad.jpg\">\n                    <\/td>\n<\/tr>\n<tr style=\"font-size:18px;\">\n<td width=\"60%\" align=\"left\" valign=\"top\" style=\"vertical-align: top;  border:0px; padding-bottom: 20px;\">\n                        <span><img loading=\"lazy\" decoding=\"async\" class=\"alignnone  wp-image-142941\" src=\"https:\/\/www.cetys.mx\/noticias\/wp-content\/uploads\/2020\/04\/ntv.jpg\" alt=\"\" width=\"130\" height=\"130\" srcset=\"https:\/\/www.cetys.mx\/noticias\/wp-content\/uploads\/2020\/04\/ntv.jpg 960w, https:\/\/www.cetys.mx\/noticias\/wp-content\/uploads\/2020\/04\/ntv-768x768.jpg 768w, https:\/\/www.cetys.mx\/noticias\/wp-content\/uploads\/2020\/04\/ntv-75x75.jpg 75w, https:\/\/www.cetys.mx\/noticias\/wp-content\/uploads\/2020\/04\/ntv-300x300.jpg 300w\" sizes=\"auto, (max-width: 130px) 100vw, 130px\" \/> <\/span><br \/>\n                        <span style=\"font-size:20px;\"><b><a style=\"display: inline-block; padding-top:10px; color:#00a4e8;\" href=\"https:\/\/www.facebook.com\/permalink.php?story_fbid=2158510754293279&#038;id=1204912896319741&#038;__tn__=K-R\">Toque de queda no puede ser declarado por gobernadores ni alcaldes, explica abogada<\/a><\/b><\/span><br \/>\n                        <span><br \/>\n                            Ni alcaldes ni gobernadores de las diferentes entidades mexicanas pueden aplicar restricciones a la libre circulaci\u00f3n, limit\u00e1ndose sus facultades a emitir la recomendaci\u00f3n de permanecer en casa y tomar las medidas higi\u00e9nicas pertinentes para evitar contagios del COVID-19, explic\u00f3 la Mtra. Bianca Barcel\u00f3 Sandoval, Directora de la Escuela de Derecho de CETYS Universidad Campus Mexicali.                        <\/span><\/p>\n<p>\n                          <a target=\"new\" href=\"https:\/\/www.facebook.com\/sharer\/sharer.php?u=https:\/\/www.facebook.com\/permalink.php?story_fbid=2158510754293279&#038;id=1204912896319741&#038;__tn__=K-R\"><img decoding=\"async\" src=\"https:\/\/www.cetys.mx\/noticias\/wp-content\/plugins\/sintesis-gen\/images\/share-fb-btn.png\"><\/a> <a href=\"https:\/\/twitter.com\/share?url=https:\/\/www.facebook.com\/permalink.php?story_fbid=2158510754293279&#038;id=1204912896319741&#038;__tn__=K-R&amp;text=Toque de queda no puede ser declarado por gobernadores ni alcaldes, explica abogada\" target=\"_blank\"><br \/>\n                              <img decoding=\"async\" src=\"https:\/\/www.cetys.mx\/noticias\/wp-content\/plugins\/sintesis-gen\/images\/share-tw-btn.png\"><br \/>\n                          <\/a>\n                        <\/p>\n<\/td>\n<td>\n                                        <img decoding=\"async\" style=\"width:100%;\" src=\"https:\/\/www.cetys.mx\/noticias\/wp-content\/uploads\/2020\/03\/C-IMG_0077.jpg\">\n                    <\/td>\n<\/tr>\n<tr style=\"font-size:18px;\">\n<td width=\"60%\" align=\"left\" valign=\"top\" style=\"vertical-align: top;  border:0px; padding-bottom: 20px;\">\n                        <span><img loading=\"lazy\" decoding=\"async\" class=\"alignnone  wp-image-129964\" src=\"https:\/\/www.cetys.mx\/noticias\/wp-content\/uploads\/2019\/05\/el-imparcial-logo.png\" alt=\"\" width=\"368\" height=\"39\" \/> <\/span><br \/>\n                        <span style=\"font-size:20px;\"><b><a style=\"display: inline-block; padding-top:10px; color:#00a4e8;\" href=\"https:\/\/www.elimparcial.com\/estilos\/Rechazo-al-personal-medico-por-la-desinformacion-y-temor-a-lo-desconocido-senalan-20200419-0063.html\">Rechazo al personal m\u00e9dico por la desinformaci\u00f3n y temor a lo desconocido, se\u00f1alan<\/a><\/b><\/span><br \/>\n                        <span><br \/>\n                            Desde el punto de vista de la psicolog\u00eda, son pensamientos irracionales que no tienen un motivo certero para llevarse a cabo. Sin embargo, mantienen una estrecha relaci\u00f3n con el miedo a todo lo representa una amenaza y nos es desconocido, explic\u00f3 el Dr. Josman Espinosa, Docente de Tiempo Completo de la Escuela de Psicolog\u00eda en CETYS Universidad Campus Mexicali.                         <\/span><\/p>\n<p>\n                          <a target=\"new\" href=\"https:\/\/www.facebook.com\/sharer\/sharer.php?u=https:\/\/www.elimparcial.com\/estilos\/Rechazo-al-personal-medico-por-la-desinformacion-y-temor-a-lo-desconocido-senalan-20200419-0063.html\"><img decoding=\"async\" src=\"https:\/\/www.cetys.mx\/noticias\/wp-content\/plugins\/sintesis-gen\/images\/share-fb-btn.png\"><\/a> <a href=\"https:\/\/twitter.com\/share?url=https:\/\/www.elimparcial.com\/estilos\/Rechazo-al-personal-medico-por-la-desinformacion-y-temor-a-lo-desconocido-senalan-20200419-0063.html&amp;text=Rechazo al personal m\u00e9dico por la desinformaci\u00f3n y temor a lo desconocido, se\u00f1alan\" target=\"_blank\"><br \/>\n                              <img decoding=\"async\" src=\"https:\/\/www.cetys.mx\/noticias\/wp-content\/plugins\/sintesis-gen\/images\/share-tw-btn.png\"><br \/>\n                          <\/a>\n                        <\/p>\n<\/td>\n<td>\n                                        <img decoding=\"async\" style=\"width:100%;\" src=\"https:\/\/www.cetys.mx\/noticias\/wp-content\/uploads\/2020\/04\/Nota17abril20.jpg\">\n                    <\/td>\n<\/tr>\n<\/table>\n<h1>Mexicali<\/h1>\n<hr style=\"border-top: 2px solid #4c4747;\">\n<table width=\"100%\">\n<tr style=\"font-size:18px;\">\n<td width=\"60%\" align=\"left\" valign=\"top\" style=\"vertical-align: top;  border:0px; padding-bottom: 20px;\">\n                        <span><img loading=\"lazy\" decoding=\"async\" src=\"https:\/\/www.cetys.mx\/noticias\/wp-content\/uploads\/2018\/05\/la-cronica.jpg\" alt=\"\" width=\"140\" height=\"65\" \/> <\/span><br \/>\n                        <span style=\"font-size:20px;\"><b><a style=\"display: inline-block; padding-top:10px; color:#00a4e8;\" href=\"https:\/\/www.elimparcial.com\/mexicali\/mexicali\/Detras-del-rechazo-al-personal-medico-estan-la-desinformacion-y-el-temor-a-lo-desconocido-20200417-0007.html\">Detr\u00e1s del rechazo al personal m\u00e9dico est\u00e1n la desinformaci\u00f3n y el temor a lo desconocido<\/a><\/b><\/span><br \/>\n                        <span><br \/>\n                            Es importante utilizar el pensamiento cr\u00edtico antes de actuar durante la emergencia sanitaria, reflexiona acad\u00e9mico de CETYS.                        <\/span><\/p>\n<p>\n                          <a target=\"new\" href=\"https:\/\/www.facebook.com\/sharer\/sharer.php?u=https:\/\/www.elimparcial.com\/mexicali\/mexicali\/Detras-del-rechazo-al-personal-medico-estan-la-desinformacion-y-el-temor-a-lo-desconocido-20200417-0007.html\"><img decoding=\"async\" src=\"https:\/\/www.cetys.mx\/noticias\/wp-content\/plugins\/sintesis-gen\/images\/share-fb-btn.png\"><\/a> <a href=\"https:\/\/twitter.com\/share?url=https:\/\/www.elimparcial.com\/mexicali\/mexicali\/Detras-del-rechazo-al-personal-medico-estan-la-desinformacion-y-el-temor-a-lo-desconocido-20200417-0007.html&amp;text=Detr\u00e1s del rechazo al personal m\u00e9dico est\u00e1n la desinformaci\u00f3n y el temor a lo desconocido\" target=\"_blank\"><br \/>\n                              <img decoding=\"async\" src=\"https:\/\/www.cetys.mx\/noticias\/wp-content\/plugins\/sintesis-gen\/images\/share-tw-btn.png\"><br \/>\n                          <\/a>\n                        <\/p>\n<\/td>\n<td>\n                                        <img decoding=\"async\" style=\"width:100%;\" src=\"https:\/\/www.cetys.mx\/noticias\/wp-content\/uploads\/2020\/04\/Nota17abril20.jpg\">\n                    <\/td>\n<\/tr>\n<tr style=\"font-size:18px;\">\n<td width=\"60%\" align=\"left\" valign=\"top\" style=\"vertical-align: top;  border:0px; padding-bottom: 20px;\">\n                        <span><img loading=\"lazy\" decoding=\"async\" class=\" wp-image-118266 alignleft\" src=\"https:\/\/www.cetys.mx\/noticias\/wp-content\/uploads\/2018\/09\/logo_uniradio.png\" alt=\"\" width=\"155\" height=\"47\" \/> <\/span><br \/>\n                        <span style=\"font-size:20px;\"><b><a style=\"display: inline-block; padding-top:10px; color:#00a4e8;\" href=\"https:\/\/www.uniradionoticias.com\/noticias\/coronavirus\/597782\/rechazo-al-personal-medico-por-temor-y-desinformacion-experto.html\">Rechazo al personal m\u00e9dico, por temor y desinformaci\u00f3n: experto<\/a><\/b><\/span><br \/>\n                        <span><br \/>\n                            Es importante utilizar el pensamiento cr\u00edtico antes de actuar durante la emergencia sanitaria, reflexiona acad\u00e9mico de CETYS.                        <\/span><\/p>\n<p>\n                          <a target=\"new\" href=\"https:\/\/www.facebook.com\/sharer\/sharer.php?u=https:\/\/www.uniradionoticias.com\/noticias\/coronavirus\/597782\/rechazo-al-personal-medico-por-temor-y-desinformacion-experto.html\"><img decoding=\"async\" src=\"https:\/\/www.cetys.mx\/noticias\/wp-content\/plugins\/sintesis-gen\/images\/share-fb-btn.png\"><\/a> <a href=\"https:\/\/twitter.com\/share?url=https:\/\/www.uniradionoticias.com\/noticias\/coronavirus\/597782\/rechazo-al-personal-medico-por-temor-y-desinformacion-experto.html&amp;text=Rechazo al personal m\u00e9dico, por temor y desinformaci\u00f3n: experto\" target=\"_blank\"><br \/>\n                              <img decoding=\"async\" src=\"https:\/\/www.cetys.mx\/noticias\/wp-content\/plugins\/sintesis-gen\/images\/share-tw-btn.png\"><br \/>\n                          <\/a>\n                        <\/p>\n<\/td>\n<td>\n                                        <img decoding=\"async\" style=\"width:100%;\" src=\"https:\/\/www.cetys.mx\/noticias\/wp-content\/uploads\/2020\/04\/Nota17abril20.jpg\">\n                    <\/td>\n<\/tr>\n<tr style=\"font-size:18px;\">\n<td width=\"60%\" align=\"left\" valign=\"top\" style=\"vertical-align: top;  border:0px; padding-bottom: 20px;\">\n                        <span><img loading=\"lazy\" decoding=\"async\" class=\"alignnone  wp-image-142593\" src=\"https:\/\/www.cetys.mx\/noticias\/wp-content\/uploads\/2020\/04\/logo-unico.png\" alt=\"\" width=\"165\" height=\"56\" \/> <\/span><br \/>\n                        <span style=\"font-size:20px;\"><b><a style=\"display: inline-block; padding-top:10px; color:#00a4e8;\" href=\"https:\/\/unicobc.com.mx\/un-drastico-cambio-a-la-dinamica-de-la-vida\/\">Un dr\u00e1stico cambio a la din\u00e1mica de la vida<\/a><\/b><\/span><br \/>\n                        <span><br \/>\n                            La manera de enfrentar la emergencia sanitaria es diferente para cada individuo, explic\u00f3 la Mtra. Diana Romo, quien forma parte del Departamento Psicopedag\u00f3gico y Docente de la Preparatoria CETYS Campus Mexicali.                        <\/span><\/p>\n<p>\n                          <a target=\"new\" href=\"https:\/\/www.facebook.com\/sharer\/sharer.php?u=https:\/\/unicobc.com.mx\/un-drastico-cambio-a-la-dinamica-de-la-vida\/\"><img decoding=\"async\" src=\"https:\/\/www.cetys.mx\/noticias\/wp-content\/plugins\/sintesis-gen\/images\/share-fb-btn.png\"><\/a> <a href=\"https:\/\/twitter.com\/share?url=https:\/\/unicobc.com.mx\/un-drastico-cambio-a-la-dinamica-de-la-vida\/&amp;text=Un dr\u00e1stico cambio a la din\u00e1mica de la vida\" target=\"_blank\"><br \/>\n                              <img decoding=\"async\" src=\"https:\/\/www.cetys.mx\/noticias\/wp-content\/plugins\/sintesis-gen\/images\/share-tw-btn.png\"><br \/>\n                          <\/a>\n                        <\/p>\n<\/td>\n<td>\n                                        <img decoding=\"async\" style=\"width:100%;\" src=\"https:\/\/www.cetys.mx\/noticias\/wp-content\/uploads\/2020\/04\/bole15abril20.jpg\">\n                    <\/td>\n<\/tr>\n<tr style=\"font-size:18px;\">\n<td width=\"60%\" align=\"left\" valign=\"top\" style=\"vertical-align: top;  border:0px; padding-bottom: 20px;\">\n                        <span><img loading=\"lazy\" decoding=\"async\" class=\"alignnone size-full wp-image-112903\" src=\"https:\/\/www.cetys.mx\/noticias\/wp-content\/uploads\/2018\/05\/El-mexicano.png\" alt=\"\" width=\"140\" height=\"56\" \/> <\/span><br \/>\n                        <span style=\"font-size:20px;\"><b><a style=\"display: inline-block; padding-top:10px; color:#00a4e8;\" href=\"https:\/\/www.cetys.mx\/noticias\/miedo-y-desinformacion-estan-detras-de-ataques-a-personal-medico-que-lucha-contra-el-covid-19\">Miedo y desinformaci\u00f3n est\u00e1n detr\u00e1s de ataques a personal m\u00e9dico que lucha contra el COVID-19<\/a><\/b><\/span><br \/>\n                        <span><br \/>\n                            Estas acciones mantienen una estrecha relaci\u00f3n con el miedo a todo lo representa una amenaza y nos es desconocido, explic\u00f3 el Dr. Josman Espinosa, Docente de Tiempo Completo de la Escuela de Psicolog\u00eda en CETYS Universidad Campus Mexicali.                         <\/span><\/p>\n<p>\n                          <a target=\"new\" href=\"https:\/\/www.facebook.com\/sharer\/sharer.php?u=https:\/\/www.cetys.mx\/noticias\/miedo-y-desinformacion-estan-detras-de-ataques-a-personal-medico-que-lucha-contra-el-covid-19\"><img decoding=\"async\" src=\"https:\/\/www.cetys.mx\/noticias\/wp-content\/plugins\/sintesis-gen\/images\/share-fb-btn.png\"><\/a> <a href=\"https:\/\/twitter.com\/share?url=https:\/\/www.cetys.mx\/noticias\/miedo-y-desinformacion-estan-detras-de-ataques-a-personal-medico-que-lucha-contra-el-covid-19&amp;text=Miedo y desinformaci\u00f3n est\u00e1n detr\u00e1s de ataques a personal m\u00e9dico que lucha contra el COVID-19\" target=\"_blank\"><br \/>\n                              <img decoding=\"async\" src=\"https:\/\/www.cetys.mx\/noticias\/wp-content\/plugins\/sintesis-gen\/images\/share-tw-btn.png\"><br \/>\n                          <\/a>\n                        <\/p>\n<\/td>\n<td>\n                                        <img decoding=\"async\" style=\"width:100%;\" src=\"https:\/\/www.cetys.mx\/noticias\/wp-content\/uploads\/2020\/04\/Nota17abril20.jpg\">\n                    <\/td>\n<\/tr>\n<tr style=\"font-size:18px;\">\n<td width=\"60%\" align=\"left\" valign=\"top\" style=\"vertical-align: top;  border:0px; padding-bottom: 20px;\">\n                        <span><img loading=\"lazy\" decoding=\"async\" class=\"alignnone  wp-image-142593\" src=\"https:\/\/www.cetys.mx\/noticias\/wp-content\/uploads\/2020\/04\/logo-unico.png\" alt=\"\" width=\"165\" height=\"56\" \/> <\/span><br \/>\n                        <span style=\"font-size:20px;\"><b><a style=\"display: inline-block; padding-top:10px; color:#00a4e8;\" href=\"https:\/\/unicobc.com.mx\/detras-del-rechazo-esta-la-desinformacion-y-el-temor-a-lo-desconocido\/\">Detr\u00e1s del rechazo est\u00e1 la desinformaci\u00f3n y el temor a lo desconocido<\/a><\/b><\/span><br \/>\n                        <span><br \/>\n                            Las acciones de rechazo al personal m\u00e9dico mantienen una estrecha relaci\u00f3n con el miedo a todo lo representa una amenaza y nos es desconocido, explic\u00f3 el Dr. Josman Espinosa, Docente de Tiempo Completo de la Escuela de Psicolog\u00eda en CETYS Universidad Campus Mexicali.                         <\/span><\/p>\n<p>\n                          <a target=\"new\" href=\"https:\/\/www.facebook.com\/sharer\/sharer.php?u=https:\/\/unicobc.com.mx\/detras-del-rechazo-esta-la-desinformacion-y-el-temor-a-lo-desconocido\/\"><img decoding=\"async\" src=\"https:\/\/www.cetys.mx\/noticias\/wp-content\/plugins\/sintesis-gen\/images\/share-fb-btn.png\"><\/a> <a href=\"https:\/\/twitter.com\/share?url=https:\/\/unicobc.com.mx\/detras-del-rechazo-esta-la-desinformacion-y-el-temor-a-lo-desconocido\/&amp;text=Detr\u00e1s del rechazo est\u00e1 la desinformaci\u00f3n y el temor a lo desconocido\" target=\"_blank\"><br \/>\n                              <img decoding=\"async\" src=\"https:\/\/www.cetys.mx\/noticias\/wp-content\/plugins\/sintesis-gen\/images\/share-tw-btn.png\"><br \/>\n                          <\/a>\n                        <\/p>\n<\/td>\n<td>\n                                        <img decoding=\"async\" style=\"width:100%;\" src=\"https:\/\/www.cetys.mx\/noticias\/wp-content\/uploads\/2020\/04\/Nota17abril20.jpg\">\n                    <\/td>\n<\/tr>\n<tr style=\"font-size:18px;\">\n<td width=\"60%\" align=\"left\" valign=\"top\" style=\"vertical-align: top;  border:0px; padding-bottom: 20px;\">\n                        <span><img loading=\"lazy\" decoding=\"async\" class=\"alignnone size-full wp-image-112903\" src=\"https:\/\/www.cetys.mx\/noticias\/wp-content\/uploads\/2018\/05\/El-mexicano.png\" alt=\"\" width=\"140\" height=\"56\" \/> <\/span><br \/>\n                        <span style=\"font-size:20px;\"><b><a style=\"display: inline-block; padding-top:10px; color:#00a4e8;\" href=\"https:\/\/www.cetys.mx\/noticias\/por-salud-los-mayores-deben-controlar-ansiedades-y-miedos\/\">Por salud, los mayores deben controlar ansiedades y miedos<\/a><\/b><\/span><br \/>\n                        <span><br \/>\n                            Destaca experta de CETYS Universidad Campus Mexicali medidas a seguir para lograrlo.                        <\/span><\/p>\n<p>\n                          <a target=\"new\" href=\"https:\/\/www.facebook.com\/sharer\/sharer.php?u=https:\/\/www.cetys.mx\/noticias\/por-salud-los-mayores-deben-controlar-ansiedades-y-miedos\/\"><img decoding=\"async\" src=\"https:\/\/www.cetys.mx\/noticias\/wp-content\/plugins\/sintesis-gen\/images\/share-fb-btn.png\"><\/a> <a href=\"https:\/\/twitter.com\/share?url=https:\/\/www.cetys.mx\/noticias\/por-salud-los-mayores-deben-controlar-ansiedades-y-miedos\/&amp;text=Por salud, los mayores deben controlar ansiedades y miedos\" target=\"_blank\"><br \/>\n                              <img decoding=\"async\" src=\"https:\/\/www.cetys.mx\/noticias\/wp-content\/plugins\/sintesis-gen\/images\/share-tw-btn.png\"><br \/>\n                          <\/a>\n                        <\/p>\n<\/td>\n<td>\n                                        <img decoding=\"async\" style=\"width:100%;\" src=\"https:\/\/www.cetys.mx\/noticias\/wp-content\/uploads\/2020\/04\/pandemia-prueba.jpg\">\n                    <\/td>\n<\/tr>\n<tr style=\"font-size:18px;\">\n<td width=\"60%\" align=\"left\" valign=\"top\" style=\"vertical-align: top;  border:0px; padding-bottom: 20px;\">\n                        <span><img loading=\"lazy\" decoding=\"async\" class=\"alignnone size-full wp-image-121836\" src=\"https:\/\/www.cetys.mx\/noticias\/wp-content\/uploads\/2018\/11\/images.png\" alt=\"\" width=\"128\" height=\"50\" \/> <\/span><br \/>\n                        <span style=\"font-size:20px;\"><b><a style=\"display: inline-block; padding-top:10px; color:#00a4e8;\" href=\"https:\/\/youtu.be\/Hcd0GKDzEOA\">Deportistas de CETYS mantienen entrenamiento<\/a><\/b><\/span><br \/>\n                        <span><br \/>\n                            Con programas dise\u00f1ados por sus entrenadores y continuando con sus estudios v\u00eda internet, deportistas de CETYS Universidad se mantienen en forma en casa.                        <\/span><\/p>\n<p>\n                          <a target=\"new\" href=\"https:\/\/www.facebook.com\/sharer\/sharer.php?u=https:\/\/youtu.be\/Hcd0GKDzEOA\"><img decoding=\"async\" src=\"https:\/\/www.cetys.mx\/noticias\/wp-content\/plugins\/sintesis-gen\/images\/share-fb-btn.png\"><\/a> <a href=\"https:\/\/twitter.com\/share?url=https:\/\/youtu.be\/Hcd0GKDzEOA&amp;text=Deportistas de CETYS mantienen entrenamiento\" target=\"_blank\"><br \/>\n                              <img decoding=\"async\" src=\"https:\/\/www.cetys.mx\/noticias\/wp-content\/plugins\/sintesis-gen\/images\/share-tw-btn.png\"><br \/>\n                          <\/a>\n                        <\/p>\n<\/td>\n<td>\n                                        <img decoding=\"async\" style=\"width:100%;\" src=\"https:\/\/www.cetys.mx\/noticias\/wp-content\/uploads\/2020\/04\/Gabriel-Nevarez-Apango-en-casa-2.png\">\n                    <\/td>\n<\/tr>\n<\/table>\n<h1>Tijuana<\/h1>\n<hr style=\"border-top: 2px solid #4c4747;\">\n<table width=\"100%\">\n<tr style=\"font-size:18px;\">\n<td width=\"60%\" align=\"left\" valign=\"top\" style=\"vertical-align: top;  border:0px; padding-bottom: 20px;\">\n                        <span><img loading=\"lazy\" decoding=\"async\" class=\" wp-image-118272 alignleft\" src=\"https:\/\/www.cetys.mx\/noticias\/wp-content\/uploads\/2018\/09\/cetys_soltijuana1.jpg\" alt=\"\" width=\"187\" height=\"35\" \/> <\/span><br \/>\n                        <span style=\"font-size:20px;\"><b><a style=\"display: inline-block; padding-top:10px; color:#00a4e8;\" href=\"https:\/\/www.elsoldetijuana.com.mx\/local\/estudiante-de-cetys-ofrece-apoyo-a-restaurantes-de-tijuana-5118542.html\">Estudiante de Cetys ofrece apoyo a restaurantes de Tijuana<\/a><\/b><\/span><br \/>\n                        <span><br \/>\n                            Para apoyar a los restaurantes locales, Enrique Pablos, estudiante de la Ingenier\u00eda en Mecatr\u00f3nica de la Escuela de Ingenier\u00eda de CETYS campus Tijuana, de la mano con Emiliano Varela, estudiante de San Diego, adaptaron la App \u201cSkipeat\u201d la cual permite hacer pedidos de comida y disminuir los tiempos de espera de los resturantes.                        <\/span><\/p>\n<p>\n                          <a target=\"new\" href=\"https:\/\/www.facebook.com\/sharer\/sharer.php?u=https:\/\/www.elsoldetijuana.com.mx\/local\/estudiante-de-cetys-ofrece-apoyo-a-restaurantes-de-tijuana-5118542.html\"><img decoding=\"async\" src=\"https:\/\/www.cetys.mx\/noticias\/wp-content\/plugins\/sintesis-gen\/images\/share-fb-btn.png\"><\/a> <a href=\"https:\/\/twitter.com\/share?url=https:\/\/www.elsoldetijuana.com.mx\/local\/estudiante-de-cetys-ofrece-apoyo-a-restaurantes-de-tijuana-5118542.html&amp;text=Estudiante de Cetys ofrece apoyo a restaurantes de Tijuana\" target=\"_blank\"><br \/>\n                              <img decoding=\"async\" src=\"https:\/\/www.cetys.mx\/noticias\/wp-content\/plugins\/sintesis-gen\/images\/share-tw-btn.png\"><br \/>\n                          <\/a>\n                        <\/p>\n<\/td>\n<td>\n                                        <img decoding=\"async\" style=\"width:100%;\" src=\"https:\/\/www.cetys.mx\/noticias\/wp-content\/uploads\/2020\/04\/enrique-pablos-skipeat-para-restaurantes.jpg\">\n                    <\/td>\n<\/tr>\n<tr style=\"font-size:18px;\">\n<td width=\"60%\" align=\"left\" valign=\"top\" style=\"vertical-align: top;  border:0px; padding-bottom: 20px;\">\n                        <span><img loading=\"lazy\" decoding=\"async\" class=\" wp-image-118039 alignleft\" src=\"https:\/\/www.cetys.mx\/noticias\/wp-content\/uploads\/2018\/09\/cetys_cadenanoticias.jpg\" alt=\"\" width=\"173\" height=\"46\" \/> <\/span><br \/>\n                        <span style=\"font-size:20px;\"><b><a style=\"display: inline-block; padding-top:10px; color:#00a4e8;\" href=\"https:\/\/cadenanoticias.com\/deportes\/2020\/04\/se-une-cetys-a-iniciativa-para-atender-a-pacientes-por-coronavirus?utm_source=google&#038;utm_medium=googlenews&#038;utm_campaign=se-une-cetys-a-iniciativa-para-atender-a-pacientes-por-coronavirus\">Se une CETYS a iniciativa para atender a pacientes por Coronavirus<\/a><\/b><\/span><br \/>\n                        <span><br \/>\n                            CETYS Universidad se sum\u00f3 como instituci\u00f3n a la iniciativa &#8220;Apoyemos a Tijuana&#8221;, que tiene como objetivo invitar a la ciudadan\u00eda a realizar alguna donaci\u00f3n de alimento o insumos m\u00e9dicos; todo lo recaudado ser\u00e1 para apoyar a la poblaci\u00f3n afectada por contagio de COVID-19 (Coronavirus).                        <\/span><\/p>\n<p>\n                          <a target=\"new\" href=\"https:\/\/www.facebook.com\/sharer\/sharer.php?u=https:\/\/cadenanoticias.com\/deportes\/2020\/04\/se-une-cetys-a-iniciativa-para-atender-a-pacientes-por-coronavirus?utm_source=google&#038;utm_medium=googlenews&#038;utm_campaign=se-une-cetys-a-iniciativa-para-atender-a-pacientes-por-coronavirus\"><img decoding=\"async\" src=\"https:\/\/www.cetys.mx\/noticias\/wp-content\/plugins\/sintesis-gen\/images\/share-fb-btn.png\"><\/a> <a href=\"https:\/\/twitter.com\/share?url=https:\/\/cadenanoticias.com\/deportes\/2020\/04\/se-une-cetys-a-iniciativa-para-atender-a-pacientes-por-coronavirus?utm_source=google&#038;utm_medium=googlenews&#038;utm_campaign=se-une-cetys-a-iniciativa-para-atender-a-pacientes-por-coronavirus&amp;text=Se une CETYS a iniciativa para atender a pacientes por Coronavirus\" target=\"_blank\"><br \/>\n                              <img decoding=\"async\" src=\"https:\/\/www.cetys.mx\/noticias\/wp-content\/plugins\/sintesis-gen\/images\/share-tw-btn.png\"><br \/>\n                          <\/a>\n                        <\/p>\n<\/td>\n<td>\n                                        <img decoding=\"async\" style=\"width:100%;\" src=\"https:\/\/cadenanoticias.com\/assets\/article\/00070129\/20200419_LJNufjvBha.jpg\">\n                    <\/td>\n<\/tr>\n<tr style=\"font-size:18px;\">\n<td width=\"60%\" align=\"left\" valign=\"top\" style=\"vertical-align: top;  border:0px; padding-bottom: 20px;\">\n                        <span><img loading=\"lazy\" decoding=\"async\" class=\"alignnone  wp-image-129849\" src=\"https:\/\/www.cetys.mx\/noticias\/wp-content\/uploads\/2019\/05\/logo-afn-noticias.png\" alt=\"\" width=\"187\" height=\"81\" \/> <\/span><br \/>\n                        <span style=\"font-size:20px;\"><b><a style=\"display: inline-block; padding-top:10px; color:#00a4e8;\" href=\"http:\/\/www.afntijuana.info\/informacion_general\/105821_se_une_comunidad_estudiantil_para_recabar_equipo_medico\">Se une comunidad estudiantil para recabar equipo m\u00e9dico<\/a><\/b><\/span><br \/>\n                        <span><br \/>\n                            La comunidad del CETYS Universidad, inform\u00f3 que se une a la colecta para apoyar a la poblaci\u00f3n afectada por contagio de COVID-19 (Coronavirus).                         <\/span><\/p>\n<p>\n                          <a target=\"new\" href=\"https:\/\/www.facebook.com\/sharer\/sharer.php?u=http:\/\/www.afntijuana.info\/informacion_general\/105821_se_une_comunidad_estudiantil_para_recabar_equipo_medico\"><img decoding=\"async\" src=\"https:\/\/www.cetys.mx\/noticias\/wp-content\/plugins\/sintesis-gen\/images\/share-fb-btn.png\"><\/a> <a href=\"https:\/\/twitter.com\/share?url=http:\/\/www.afntijuana.info\/informacion_general\/105821_se_une_comunidad_estudiantil_para_recabar_equipo_medico&amp;text=Se une comunidad estudiantil para recabar equipo m\u00e9dico\" target=\"_blank\"><br \/>\n                              <img decoding=\"async\" src=\"https:\/\/www.cetys.mx\/noticias\/wp-content\/plugins\/sintesis-gen\/images\/share-tw-btn.png\"><br \/>\n                          <\/a>\n                        <\/p>\n<\/td>\n<td>\n                                        <img decoding=\"async\" style=\"width:100%;\" src=\"https:\/\/www.cetys.mx\/noticias\/wp-content\/uploads\/2020\/04\/WhatsApp-Image-2020-04-17-at-3.33.16-PM-e1587163808678.jpeg\">\n                    <\/td>\n<\/tr>\n<tr style=\"font-size:18px;\">\n<td width=\"60%\" align=\"left\" valign=\"top\" style=\"vertical-align: top;  border:0px; padding-bottom: 20px;\">\n                        <span><img loading=\"lazy\" decoding=\"async\" class=\" wp-image-118039 alignleft\" src=\"https:\/\/www.cetys.mx\/noticias\/wp-content\/uploads\/2018\/09\/cetys_cadenanoticias.jpg\" alt=\"\" width=\"173\" height=\"46\" \/> <\/span><br \/>\n                        <span style=\"font-size:20px;\"><b><a style=\"display: inline-block; padding-top:10px; color:#00a4e8;\" href=\"https:\/\/cadenanoticias.com\/deportes\/2020\/04\/deporte-de-baja-california-se-une-contra-el-coronavirus\">Deporte de Baja California se une contra el coronavirus<\/a><\/b><\/span><br \/>\n                        <span><br \/>\n                            Por iniciativa de Club \u00c1guilas de Mexicali, junto con Toros de Tijuana (LMB), Xolos de Tijuana (Liga MX), Soles de Mexicali (LNBP), Zonkeys de Tijuana (CIBACOPA), Industriales de Otay (LNM), Freseros de San Quint\u00edn (LNM), CETYS Universidad, UABC, Instituto Tecnol\u00f3gico de Mexicali y la colaboraci\u00f3n de atletas de las diferentes ramas y organizaciones deportivas profesionales del estado y universidades baja californianas, se lanz\u00f3 una campa\u00f1a #BCUnidos donde el mensaje de uni\u00f3n y apoyo a las aficiones ante la presencia del COVID-19 es el objetivo.                         <\/span><\/p>\n<p>\n                          <a target=\"new\" href=\"https:\/\/www.facebook.com\/sharer\/sharer.php?u=https:\/\/cadenanoticias.com\/deportes\/2020\/04\/deporte-de-baja-california-se-une-contra-el-coronavirus\"><img decoding=\"async\" src=\"https:\/\/www.cetys.mx\/noticias\/wp-content\/plugins\/sintesis-gen\/images\/share-fb-btn.png\"><\/a> <a href=\"https:\/\/twitter.com\/share?url=https:\/\/cadenanoticias.com\/deportes\/2020\/04\/deporte-de-baja-california-se-une-contra-el-coronavirus&amp;text=Deporte de Baja California se une contra el coronavirus\" target=\"_blank\"><br \/>\n                              <img decoding=\"async\" src=\"https:\/\/www.cetys.mx\/noticias\/wp-content\/plugins\/sintesis-gen\/images\/share-tw-btn.png\"><br \/>\n                          <\/a>\n                        <\/p>\n<\/td>\n<td>\n                                        <img decoding=\"async\" style=\"width:100%;\" src=\"https:\/\/www.cetys.mx\/noticias\/wp-content\/uploads\/2020\/04\/20200419_6WvauXXBW2.jpg\">\n                    <\/td>\n<\/tr>\n<\/table>\n<h1>Ensenada<\/h1>\n<hr style=\"border-top: 2px solid #4c4747;\">\n<table width=\"100%\">\n<tr style=\"font-size:18px;\">\n<td width=\"60%\" align=\"left\" valign=\"top\" style=\"vertical-align: top;  border:0px; padding-bottom: 20px;\">\n                        <span><img loading=\"lazy\" decoding=\"async\" src=\"https:\/\/www.cetys.mx\/noticias\/wp-content\/uploads\/2018\/05\/televisa.jpg\" alt=\"\" width=\"151\" height=\"100\" \/> <\/span><br \/>\n                        <span style=\"font-size:20px;\"><b><a style=\"display: inline-block; padding-top:10px; color:#00a4e8;\" href=\"https:\/\/www.youtube.com\/watch?v=2P4H7o_73uc&#038;feature=youtu.be\">Entrevista Televisa, conferencias AyN\/Ensenada<\/a><\/b><\/span><br \/>\n                        <span><br \/>\n                            La Mtra. Janeth Murillo Avi\u00f1a, Directora de la Escuela de Administraci\u00f3n y Negocios de CETYS Ensenada, nos habla sobre el ciclo de conferencias que se llevar\u00e1n a cabo en l\u00ednea por motivo de la contingencia sanitaria.                        <\/span><\/p>\n<p>\n                          <a target=\"new\" href=\"https:\/\/www.facebook.com\/sharer\/sharer.php?u=https:\/\/www.youtube.com\/watch?v=2P4H7o_73uc&#038;feature=youtu.be\"><img decoding=\"async\" src=\"https:\/\/www.cetys.mx\/noticias\/wp-content\/plugins\/sintesis-gen\/images\/share-fb-btn.png\"><\/a> <a href=\"https:\/\/twitter.com\/share?url=https:\/\/www.youtube.com\/watch?v=2P4H7o_73uc&#038;feature=youtu.be&amp;text=Entrevista Televisa, conferencias AyN\/Ensenada\" target=\"_blank\"><br \/>\n                              <img decoding=\"async\" src=\"https:\/\/www.cetys.mx\/noticias\/wp-content\/plugins\/sintesis-gen\/images\/share-tw-btn.png\"><br \/>\n                          <\/a>\n                        <\/p>\n<\/td>\n<td>\n                                        <img decoding=\"async\" style=\"width:100%;\" src=\"https:\/\/www.cetys.mx\/noticias\/wp-content\/uploads\/2020\/04\/Televisa.png\">\n                    <\/td>\n<\/tr>\n<\/table>\n<p>&nbsp;<\/p>\n<\/td>\n<\/tr>\n<tr style=\" border:0px;\">\n<td bgcolor=\"#ffdd00\">&nbsp;<\/td>\n<td align=\"center\" bgcolor=\"#000000\" style=\"padding-left: 30px; color: #FFF;\">\n<p>&nbsp;<\/p>\n<h2><\/h2>\n<p>&nbsp;<\/p>\n<\/td>\n<\/tr>\n<tr style=\" border:0px;\">\n<td bgcolor=\"#ffdd00\">&nbsp;<\/td>\n<td style=\"padding-left:30px;\">\n<div style=\"text-align:center; font-size:20px;\">\n<h3>\n          Contactos:<\/h3>\n<\/p><\/div>\n<p>      <strong>COORDINACI&Oacute;N DE COMUNICACI&Oacute;N Y RELACIONES P&Uacute;BLICAS<\/strong><br \/>\n      <span style=\"font-size:14px;\"><\/p>\n<p>Campus Mexicali:<br \/>\n        <b>Mtra. Laura Odette Ram&iacute;rez Govea<\/b> | <img decoding=\"async\" src=\"https:\/\/www.cetys.mx\/noticias\/wp-content\/plugins\/sintesis-gen\/images\/icon-phone.png\"> +52 (686) 567-3782 | <img decoding=\"async\" src=\"https:\/\/www.cetys.mx\/noticias\/wp-content\/plugins\/sintesis-gen\/images\/icon-email.png\"> <a href=\"mailto:odette.ramirez@cetys.mx\">odette.ramirez@cetys.mx<\/a>\n      <\/p>\n<p>      <\/span><\/p>\n<p><span style=\"font-size:14px;\">Campus Tijuana:<br \/>\n        <b>Mtra. Angela N. Arroyo P&eacute;rez<\/b> | <img decoding=\"async\" src=\"https:\/\/www.cetys.mx\/noticias\/wp-content\/plugins\/sintesis-gen\/images\/icon-phone.png\"> +52 (664) 903-1853 | <img decoding=\"async\" src=\"https:\/\/www.cetys.mx\/noticias\/wp-content\/plugins\/sintesis-gen\/images\/icon-email.png\"> <a href=\"mailto:angela.arroyo@cetys.mx\">angela.arroyo@cetys.mx<\/a><br \/>\n      <\/span><\/p>\n<p><span style=\"font-size:14px;\">Campus Ensenada:<br \/>\n        <b>Mtra. Claudia Garc\u00eda Ruiz <\/b> | <img decoding=\"async\" src=\"https:\/\/www.cetys.mx\/noticias\/wp-content\/plugins\/sintesis-gen\/images\/icon-phone.png\"> +52 (646) 222-2300 ext. 3431 | <img decoding=\"async\" src=\"https:\/\/www.cetys.mx\/noticias\/wp-content\/plugins\/sintesis-gen\/images\/icon-email.png\"> <a href=\"mailto:claudia.garcia@cetys.mx\">claudia.garcia@cetys.mx<\/a><br \/>\n      <\/span><\/p>\n<p>&nbsp;<\/p>\n<p><strong>DIRECCI&Oacute;N DE COMUNICACI&Oacute;N INSTITUCIONAL<\/strong><br \/>\n        <span style=\"font-size:14px;\"><b>Mtro. Francisco Reyes Cervantes<\/b> | <img decoding=\"async\" src=\"https:\/\/www.cetys.mx\/noticias\/wp-content\/plugins\/sintesis-gen\/images\/icon-phone.png\"> +52 (664) 903-1800 ext. 2260 | <img decoding=\"async\" src=\"https:\/\/www.cetys.mx\/noticias\/wp-content\/plugins\/sintesis-gen\/images\/icon-email.png\"> <a href=\"mailto:francisco.reyes@cetys.mx\">francisco.reyes@cetys.mx<\/a><br \/>\n      <\/span><\/p>\n<p>&nbsp;<\/p>\n<\/td>\n<\/tr>\n<tr style=\" border:0px;\">\n<td bgcolor=\"#ffdd00\">&nbsp;<\/td>\n<td>&nbsp;<\/td>\n<\/tr>\n<\/table>\n<style>\n.article-content{\n  padding: 0px;\n}\n.article-content table {\n    width: initial !important;\n}<\/p>\n<\/style>\n","protected":false},"excerpt":{"rendered":"<p>S\u00edntesis Informativa Las notas m\u00e1s importantes de CETYS en los medios de comunicaci\u00f3n &nbsp; 20 de Abril de 2020 &nbsp; &nbsp; &nbsp;&#8230;<\/p>\n","protected":false},"author":26,"featured_media":109042,"menu_order":0,"comment_status":"closed","ping_status":"closed","template":"","categories":[130],"class_list":["post-143326","sintesis","type-sintesis","status-publish","has-post-thumbnail","hentry","category-sintesis-informativa"],"yoast_head":"<!-- This site is optimized with the Yoast SEO plugin v27.4 - https:\/\/yoast.com\/product\/yoast-seo-wordpress\/ -->\n<title>S\u00edntesis Informativa de 20 de Abril de 2020 - CETYS<\/title>\n<meta name=\"robots\" content=\"index, follow, max-snippet:-1, max-image-preview:large, max-video-preview:-1\" \/>\n<link rel=\"canonical\" href=\"https:\/\/www.cetys.mx\/noticias\/sintesis\/sintesis-informativa-de-20-de-abril-de-2020\/\" \/>\n<meta property=\"og:locale\" content=\"es_MX\" \/>\n<meta property=\"og:type\" content=\"article\" \/>\n<meta property=\"og:title\" content=\"S\u00edntesis Informativa de 20 de Abril de 2020 - CETYS\" \/>\n<meta property=\"og:description\" content=\"S\u00edntesis Informativa Las notas m\u00e1s importantes de CETYS en los medios de comunicaci\u00f3n &nbsp; 20 de Abril de 2020 &nbsp; &nbsp; &nbsp;...\" \/>\n<meta property=\"og:url\" content=\"https:\/\/www.cetys.mx\/noticias\/sintesis\/sintesis-informativa-de-20-de-abril-de-2020\/\" \/>\n<meta property=\"og:site_name\" content=\"CETYS\" \/>\n<meta property=\"article:publisher\" content=\"https:\/\/www.facebook.com\/cetysuniversidadmxl\/\" \/>\n<meta property=\"article:modified_time\" content=\"2020-07-29T18:41:16+00:00\" \/>\n<meta property=\"og:image\" content=\"https:\/\/www.cetys.mx\/noticias\/wp-content\/uploads\/2018\/02\/sintesis_2018.jpg\" \/>\n\t<meta property=\"og:image:width\" content=\"958\" \/>\n\t<meta property=\"og:image:height\" content=\"479\" \/>\n\t<meta property=\"og:image:type\" content=\"image\/jpeg\" \/>\n<meta name=\"twitter:card\" content=\"summary_large_image\" \/>\n<meta name=\"twitter:site\" content=\"@cetysuni\" \/>\n<meta name=\"twitter:label1\" content=\"Tiempo de lectura\" \/>\n\t<meta name=\"twitter:data1\" content=\"5 minutos\" \/>\n<script type=\"application\/ld+json\" class=\"yoast-schema-graph\">{\"@context\":\"https:\\\/\\\/schema.org\",\"@graph\":[{\"@type\":\"WebPage\",\"@id\":\"https:\\\/\\\/www.cetys.mx\\\/noticias\\\/sintesis\\\/sintesis-informativa-de-20-de-abril-de-2020\\\/\",\"url\":\"https:\\\/\\\/www.cetys.mx\\\/noticias\\\/sintesis\\\/sintesis-informativa-de-20-de-abril-de-2020\\\/\",\"name\":\"S\u00edntesis Informativa de 20 de Abril de 2020 - CETYS\",\"isPartOf\":{\"@id\":\"https:\\\/\\\/www.cetys.mx\\\/noticias\\\/#website\"},\"primaryImageOfPage\":{\"@id\":\"https:\\\/\\\/www.cetys.mx\\\/noticias\\\/sintesis\\\/sintesis-informativa-de-20-de-abril-de-2020\\\/#primaryimage\"},\"image\":{\"@id\":\"https:\\\/\\\/www.cetys.mx\\\/noticias\\\/sintesis\\\/sintesis-informativa-de-20-de-abril-de-2020\\\/#primaryimage\"},\"thumbnailUrl\":\"https:\\\/\\\/www.cetys.mx\\\/noticias\\\/wp-content\\\/uploads\\\/2018\\\/02\\\/sintesis_2018.jpg\",\"datePublished\":\"2020-04-24T02:42:33+00:00\",\"dateModified\":\"2020-07-29T18:41:16+00:00\",\"breadcrumb\":{\"@id\":\"https:\\\/\\\/www.cetys.mx\\\/noticias\\\/sintesis\\\/sintesis-informativa-de-20-de-abril-de-2020\\\/#breadcrumb\"},\"inLanguage\":\"es\",\"potentialAction\":[{\"@type\":\"ReadAction\",\"target\":[\"https:\\\/\\\/www.cetys.mx\\\/noticias\\\/sintesis\\\/sintesis-informativa-de-20-de-abril-de-2020\\\/\"]}]},{\"@type\":\"ImageObject\",\"inLanguage\":\"es\",\"@id\":\"https:\\\/\\\/www.cetys.mx\\\/noticias\\\/sintesis\\\/sintesis-informativa-de-20-de-abril-de-2020\\\/#primaryimage\",\"url\":\"https:\\\/\\\/www.cetys.mx\\\/noticias\\\/wp-content\\\/uploads\\\/2018\\\/02\\\/sintesis_2018.jpg\",\"contentUrl\":\"https:\\\/\\\/www.cetys.mx\\\/noticias\\\/wp-content\\\/uploads\\\/2018\\\/02\\\/sintesis_2018.jpg\",\"width\":958,\"height\":479},{\"@type\":\"BreadcrumbList\",\"@id\":\"https:\\\/\\\/www.cetys.mx\\\/noticias\\\/sintesis\\\/sintesis-informativa-de-20-de-abril-de-2020\\\/#breadcrumb\",\"itemListElement\":[{\"@type\":\"ListItem\",\"position\":1,\"name\":\"Inicio\",\"item\":\"https:\\\/\\\/www.cetys.mx\\\/noticias\\\/\"},{\"@type\":\"ListItem\",\"position\":2,\"name\":\"S\u00edntesis\",\"item\":\"https:\\\/\\\/www.cetys.mx\\\/noticias\\\/sintesis\\\/\"},{\"@type\":\"ListItem\",\"position\":3,\"name\":\"S\u00edntesis Informativa de 20 de Abril de 2020\"}]},{\"@type\":\"WebSite\",\"@id\":\"https:\\\/\\\/www.cetys.mx\\\/noticias\\\/#website\",\"url\":\"https:\\\/\\\/www.cetys.mx\\\/noticias\\\/\",\"name\":\"CETYS\",\"description\":\"\",\"potentialAction\":[{\"@type\":\"SearchAction\",\"target\":{\"@type\":\"EntryPoint\",\"urlTemplate\":\"https:\\\/\\\/www.cetys.mx\\\/noticias\\\/?s={search_term_string}\"},\"query-input\":{\"@type\":\"PropertyValueSpecification\",\"valueRequired\":true,\"valueName\":\"search_term_string\"}}],\"inLanguage\":\"es\"}]}<\/script>\n<!-- \/ Yoast SEO plugin. -->","yoast_head_json":{"title":"S\u00edntesis Informativa de 20 de Abril de 2020 - CETYS","robots":{"index":"index","follow":"follow","max-snippet":"max-snippet:-1","max-image-preview":"max-image-preview:large","max-video-preview":"max-video-preview:-1"},"canonical":"https:\/\/www.cetys.mx\/noticias\/sintesis\/sintesis-informativa-de-20-de-abril-de-2020\/","og_locale":"es_MX","og_type":"article","og_title":"S\u00edntesis Informativa de 20 de Abril de 2020 - CETYS","og_description":"S\u00edntesis Informativa Las notas m\u00e1s importantes de CETYS en los medios de comunicaci\u00f3n &nbsp; 20 de Abril de 2020 &nbsp; &nbsp; &nbsp;...","og_url":"https:\/\/www.cetys.mx\/noticias\/sintesis\/sintesis-informativa-de-20-de-abril-de-2020\/","og_site_name":"CETYS","article_publisher":"https:\/\/www.facebook.com\/cetysuniversidadmxl\/","article_modified_time":"2020-07-29T18:41:16+00:00","og_image":[{"width":958,"height":479,"url":"https:\/\/www.cetys.mx\/noticias\/wp-content\/uploads\/2018\/02\/sintesis_2018.jpg","type":"image\/jpeg"}],"twitter_card":"summary_large_image","twitter_site":"@cetysuni","twitter_misc":{"Tiempo de lectura":"5 minutos"},"schema":{"@context":"https:\/\/schema.org","@graph":[{"@type":"WebPage","@id":"https:\/\/www.cetys.mx\/noticias\/sintesis\/sintesis-informativa-de-20-de-abril-de-2020\/","url":"https:\/\/www.cetys.mx\/noticias\/sintesis\/sintesis-informativa-de-20-de-abril-de-2020\/","name":"S\u00edntesis Informativa de 20 de Abril de 2020 - CETYS","isPartOf":{"@id":"https:\/\/www.cetys.mx\/noticias\/#website"},"primaryImageOfPage":{"@id":"https:\/\/www.cetys.mx\/noticias\/sintesis\/sintesis-informativa-de-20-de-abril-de-2020\/#primaryimage"},"image":{"@id":"https:\/\/www.cetys.mx\/noticias\/sintesis\/sintesis-informativa-de-20-de-abril-de-2020\/#primaryimage"},"thumbnailUrl":"https:\/\/www.cetys.mx\/noticias\/wp-content\/uploads\/2018\/02\/sintesis_2018.jpg","datePublished":"2020-04-24T02:42:33+00:00","dateModified":"2020-07-29T18:41:16+00:00","breadcrumb":{"@id":"https:\/\/www.cetys.mx\/noticias\/sintesis\/sintesis-informativa-de-20-de-abril-de-2020\/#breadcrumb"},"inLanguage":"es","potentialAction":[{"@type":"ReadAction","target":["https:\/\/www.cetys.mx\/noticias\/sintesis\/sintesis-informativa-de-20-de-abril-de-2020\/"]}]},{"@type":"ImageObject","inLanguage":"es","@id":"https:\/\/www.cetys.mx\/noticias\/sintesis\/sintesis-informativa-de-20-de-abril-de-2020\/#primaryimage","url":"https:\/\/www.cetys.mx\/noticias\/wp-content\/uploads\/2018\/02\/sintesis_2018.jpg","contentUrl":"https:\/\/www.cetys.mx\/noticias\/wp-content\/uploads\/2018\/02\/sintesis_2018.jpg","width":958,"height":479},{"@type":"BreadcrumbList","@id":"https:\/\/www.cetys.mx\/noticias\/sintesis\/sintesis-informativa-de-20-de-abril-de-2020\/#breadcrumb","itemListElement":[{"@type":"ListItem","position":1,"name":"Inicio","item":"https:\/\/www.cetys.mx\/noticias\/"},{"@type":"ListItem","position":2,"name":"S\u00edntesis","item":"https:\/\/www.cetys.mx\/noticias\/sintesis\/"},{"@type":"ListItem","position":3,"name":"S\u00edntesis Informativa de 20 de Abril de 2020"}]},{"@type":"WebSite","@id":"https:\/\/www.cetys.mx\/noticias\/#website","url":"https:\/\/www.cetys.mx\/noticias\/","name":"CETYS","description":"","potentialAction":[{"@type":"SearchAction","target":{"@type":"EntryPoint","urlTemplate":"https:\/\/www.cetys.mx\/noticias\/?s={search_term_string}"},"query-input":{"@type":"PropertyValueSpecification","valueRequired":true,"valueName":"search_term_string"}}],"inLanguage":"es"}]}},"_links":{"self":[{"href":"https:\/\/www.cetys.mx\/noticias\/wp-json\/wp\/v2\/sintesis\/143326","targetHints":{"allow":["GET"]}}],"collection":[{"href":"https:\/\/www.cetys.mx\/noticias\/wp-json\/wp\/v2\/sintesis"}],"about":[{"href":"https:\/\/www.cetys.mx\/noticias\/wp-json\/wp\/v2\/types\/sintesis"}],"author":[{"embeddable":true,"href":"https:\/\/www.cetys.mx\/noticias\/wp-json\/wp\/v2\/users\/26"}],"replies":[{"embeddable":true,"href":"https:\/\/www.cetys.mx\/noticias\/wp-json\/wp\/v2\/comments?post=143326"}],"wp:featuredmedia":[{"embeddable":true,"href":"https:\/\/www.cetys.mx\/noticias\/wp-json\/wp\/v2\/media\/109042"}],"wp:attachment":[{"href":"https:\/\/www.cetys.mx\/noticias\/wp-json\/wp\/v2\/media?parent=143326"}],"wp:term":[{"taxonomy":"category","embeddable":true,"href":"https:\/\/www.cetys.mx\/noticias\/wp-json\/wp\/v2\/categories?post=143326"}],"curies":[{"name":"wp","href":"https:\/\/api.w.org\/{rel}","templated":true}]}}