{"id":143325,"date":"2020-04-23T19:42:27","date_gmt":"2020-04-24T02:42:27","guid":{"rendered":"https:\/\/www.cetys.mx\/noticias\/sintesis\/sintesis-informativa-de-17-de-abril-de-2020\/"},"modified":"2020-07-29T11:43:27","modified_gmt":"2020-07-29T18:43:27","slug":"sintesis-informativa-de-17-de-abril-de-2020","status":"publish","type":"sintesis","link":"https:\/\/www.cetys.mx\/noticias\/sintesis\/sintesis-informativa-de-17-de-abril-de-2020\/","title":{"rendered":"S\u00edntesis Informativa de 17 de Abril  de 2020"},"content":{"rendered":"<table width=\"800\" border=\"0\" cellspacing=\"0\" cellpadding=\"0\" style=\"font-family:Tahoma, Geneva, sans-serif;\">\n<tr style=\" border:0px;\">\n<td width=\"103\" bgcolor=\"#ffdd00\">\n<table width=\"103\" border=\"0\" cellspacing=\"0\" cellpadding=\"0\"><\/table>\n<\/td>\n<td width=\"406\" align=\"center\" style=\"background-image:url('https:\/\/www.cetys.mx\/noticias\/images\/head-sintesis.jpg'); text-align:center; background-size: cover;\">\n<h1 style=\"color:#FFF;font-size: 54px; margin-bottom:14px;\">S\u00edntesis Informativa<\/h1>\n<h3 style=\"color:#FFF;font-size: 19px;font-weight: normal;margin-top: 0px;padding-top: 0px;\">Las notas m\u00e1s importantes de CETYS en los medios de comunicaci\u00f3n<\/h3>\n<\/td>\n<\/tr>\n<tr style=\" border:0px;\">\n<td bgcolor=\"#000\">&nbsp;<\/td>\n<td align=\"center\" valign=\"middle\" bgcolor=\"#000\" style=\"padding:10px; font-size:26px; text-align:center; color:#FFF;\"><img decoding=\"async\" src=\"https:\/\/www.cetys.mx\/noticias\/wp-content\/plugins\/sintesis-gen\/images\/logo-cetys-bn.png\" style=\"padding-right:30px; margin-right: 30px; border-right:2px solid #FFF;\" align=\"middle\">  17 de Abril  de 2020<\/td>\n<\/tr>\n<tr style=\" border:0px;\">\n<td bgcolor=\"#ffdd00\">&nbsp;<\/td>\n<td>&nbsp;<\/td>\n<\/tr>\n<tr style=\" border:0px;\">\n<td bgcolor=\"#ffdd00\">&nbsp;<\/td>\n<td style=\"padding:5px;\">\n<h1>Medios Nacionales<\/h1>\n<hr style=\"border-top: 2px solid #4c4747;\">\n<table width=\"100%\">\n<tr style=\"font-size:18px;\">\n<td width=\"60%\" align=\"left\" valign=\"top\" style=\"vertical-align: top;  border:0px; padding-bottom: 20px;\">\n                        <span><img loading=\"lazy\" decoding=\"async\" class=\"alignnone wp-image-141434 size-full\" src=\"https:\/\/www.cetys.mx\/noticias\/wp-content\/uploads\/2020\/03\/diachih-e1583520037229.jpg\" alt=\"\" width=\"212\" height=\"61\" \/> <\/span><br \/>\n                        <span style=\"font-size:20px;\"><b><a style=\"display: inline-block; padding-top:10px; color:#00a4e8;\" href=\"https:\/\/www.eldiariodechihuahua.mx\/nacional\/toque-de-queda-no-puede-ser-declarado-por-gobernadores-ni-alcaldes-senalan-20200416-1652770.html\">Toque de queda no puede ser declarado por gobernadores ni alcaldes, se\u00f1alan<\/a><\/b><\/span><br \/>\n                        <span><br \/>\n                            De hecho, dijo la maestra en Derecho Bianca Barcel\u00f3 Sandoval, Directora de la Escuela de Derecho de CETYS Universidad Campus Mexicali, el t\u00e9rmino que com\u00fanmente se conoce como toque de queda no existe como tal en la Constituci\u00f3n Mexicana.                        <\/span><\/p>\n<p>\n                          <a target=\"new\" href=\"https:\/\/www.facebook.com\/sharer\/sharer.php?u=https:\/\/www.eldiariodechihuahua.mx\/nacional\/toque-de-queda-no-puede-ser-declarado-por-gobernadores-ni-alcaldes-senalan-20200416-1652770.html\"><img decoding=\"async\" src=\"https:\/\/www.cetys.mx\/noticias\/wp-content\/plugins\/sintesis-gen\/images\/share-fb-btn.png\"><\/a> <a href=\"https:\/\/twitter.com\/share?url=https:\/\/www.eldiariodechihuahua.mx\/nacional\/toque-de-queda-no-puede-ser-declarado-por-gobernadores-ni-alcaldes-senalan-20200416-1652770.html&amp;text=Toque de queda no puede ser declarado por gobernadores ni alcaldes, se\u00f1alan\" target=\"_blank\"><br \/>\n                              <img decoding=\"async\" src=\"https:\/\/www.cetys.mx\/noticias\/wp-content\/plugins\/sintesis-gen\/images\/share-tw-btn.png\"><br \/>\n                          <\/a>\n                        <\/p>\n<\/td>\n<td>\n                                        <img decoding=\"async\" style=\"width:100%;\" src=\"https:\/\/www.cetys.mx\/noticias\/wp-content\/uploads\/2020\/04\/Sin-actividad.jpg\">\n                    <\/td>\n<\/tr>\n<tr style=\"font-size:18px;\">\n<td width=\"60%\" align=\"left\" valign=\"top\" style=\"vertical-align: top;  border:0px; padding-bottom: 20px;\">\n                        <span><img loading=\"lazy\" decoding=\"async\" class=\"alignnone  wp-image-129964\" src=\"https:\/\/www.cetys.mx\/noticias\/wp-content\/uploads\/2019\/05\/el-imparcial-logo.png\" alt=\"\" width=\"368\" height=\"39\" \/> <\/span><br \/>\n                        <span style=\"font-size:20px;\"><b><a style=\"display: inline-block; padding-top:10px; color:#00a4e8;\" href=\"https:\/\/www.elimparcial.com\/mexico\/Toque-de-queda-no-puede-ser-declarado-por-gobernadores-ni-alcaldes-senalan-20200416-0055.html\">Toque de queda no puede ser declarado por gobernadores ni alcaldes, se\u00f1alan<\/a><\/b><\/span><br \/>\n                        <span><br \/>\n                            Ni alcaldes ni gobernadores de las diferentes entidades mexicanas pueden aplicar restricciones a la libre circulaci\u00f3n en sus demarcaciones, limit\u00e1ndose sus facultades a emitir la recomendaci\u00f3n de permanecer en casa y tomar las medidas higi\u00e9nicas pertinentes para evitar contagios del COVID-19, explic\u00f3 la Mtra. Bianca Barcel\u00f3 Sandoval, Directora de la Escuela de Derecho de CETYS Universidad Campus Mexicali.                        <\/span><\/p>\n<p>\n                          <a target=\"new\" href=\"https:\/\/www.facebook.com\/sharer\/sharer.php?u=https:\/\/www.elimparcial.com\/mexico\/Toque-de-queda-no-puede-ser-declarado-por-gobernadores-ni-alcaldes-senalan-20200416-0055.html\"><img decoding=\"async\" src=\"https:\/\/www.cetys.mx\/noticias\/wp-content\/plugins\/sintesis-gen\/images\/share-fb-btn.png\"><\/a> <a href=\"https:\/\/twitter.com\/share?url=https:\/\/www.elimparcial.com\/mexico\/Toque-de-queda-no-puede-ser-declarado-por-gobernadores-ni-alcaldes-senalan-20200416-0055.html&amp;text=Toque de queda no puede ser declarado por gobernadores ni alcaldes, se\u00f1alan\" target=\"_blank\"><br \/>\n                              <img decoding=\"async\" src=\"https:\/\/www.cetys.mx\/noticias\/wp-content\/plugins\/sintesis-gen\/images\/share-tw-btn.png\"><br \/>\n                          <\/a>\n                        <\/p>\n<\/td>\n<td>\n                                        <img decoding=\"async\" style=\"width:100%;\" src=\"https:\/\/www.cetys.mx\/noticias\/wp-content\/uploads\/2020\/04\/Sin-actividad.jpg\">\n                    <\/td>\n<\/tr>\n<tr style=\"font-size:18px;\">\n<td width=\"60%\" align=\"left\" valign=\"top\" style=\"vertical-align: top;  border:0px; padding-bottom: 20px;\">\n                        <span><img loading=\"lazy\" decoding=\"async\" class=\"alignnone wp-image-142888\" src=\"https:\/\/www.cetys.mx\/noticias\/wp-content\/uploads\/2020\/04\/elDP.jpg\" alt=\"\" width=\"166\" height=\"166\" srcset=\"https:\/\/www.cetys.mx\/noticias\/wp-content\/uploads\/2020\/04\/elDP.jpg 960w, https:\/\/www.cetys.mx\/noticias\/wp-content\/uploads\/2020\/04\/elDP-768x768.jpg 768w, https:\/\/www.cetys.mx\/noticias\/wp-content\/uploads\/2020\/04\/elDP-75x75.jpg 75w, https:\/\/www.cetys.mx\/noticias\/wp-content\/uploads\/2020\/04\/elDP-300x300.jpg 300w\" sizes=\"auto, (max-width: 166px) 100vw, 166px\" \/> <\/span><br \/>\n                        <span style=\"font-size:20px;\"><b><a style=\"display: inline-block; padding-top:10px; color:#00a4e8;\" href=\"https:\/\/eldiariodeparral.mx\/nacional\/toque-de-queda-no-puede-ser-declarado-por-gobernadores-ni-alcaldes-senalan-20200416-1652770.html\">Toque de queda no puede ser declarado por gobernadores ni alcaldes, se\u00f1alan<\/a><\/b><\/span><br \/>\n                        <span><br \/>\n                            La Maestra Bianca Barcel\u00f3 Sandoval, Directora de la Escuela de Derecho de CETYS Universidad Campus Mexicali, explic\u00f3 que el t\u00e9rmino que com\u00fanmente se conoce como toque de queda no existe como tal en la Constituci\u00f3n Mexicana.                        <\/span><\/p>\n<p>\n                          <a target=\"new\" href=\"https:\/\/www.facebook.com\/sharer\/sharer.php?u=https:\/\/eldiariodeparral.mx\/nacional\/toque-de-queda-no-puede-ser-declarado-por-gobernadores-ni-alcaldes-senalan-20200416-1652770.html\"><img decoding=\"async\" src=\"https:\/\/www.cetys.mx\/noticias\/wp-content\/plugins\/sintesis-gen\/images\/share-fb-btn.png\"><\/a> <a href=\"https:\/\/twitter.com\/share?url=https:\/\/eldiariodeparral.mx\/nacional\/toque-de-queda-no-puede-ser-declarado-por-gobernadores-ni-alcaldes-senalan-20200416-1652770.html&amp;text=Toque de queda no puede ser declarado por gobernadores ni alcaldes, se\u00f1alan\" target=\"_blank\"><br \/>\n                              <img decoding=\"async\" src=\"https:\/\/www.cetys.mx\/noticias\/wp-content\/plugins\/sintesis-gen\/images\/share-tw-btn.png\"><br \/>\n                          <\/a>\n                        <\/p>\n<\/td>\n<td>\n                                        <img decoding=\"async\" style=\"width:100%;\" src=\"https:\/\/www.cetys.mx\/noticias\/wp-content\/uploads\/2020\/04\/Sin-actividad.jpg\">\n                    <\/td>\n<\/tr>\n<tr style=\"font-size:18px;\">\n<td width=\"60%\" align=\"left\" valign=\"top\" style=\"vertical-align: top;  border:0px; padding-bottom: 20px;\">\n                        <span><img loading=\"lazy\" decoding=\"async\" class=\"alignnone size-full wp-image-142890\" src=\"https:\/\/www.cetys.mx\/noticias\/wp-content\/uploads\/2020\/04\/Diario-de-Delicias.png\" alt=\"\" width=\"225\" height=\"225\" srcset=\"https:\/\/www.cetys.mx\/noticias\/wp-content\/uploads\/2020\/04\/Diario-de-Delicias.png 225w, https:\/\/www.cetys.mx\/noticias\/wp-content\/uploads\/2020\/04\/Diario-de-Delicias-75x75.png 75w\" sizes=\"auto, (max-width: 225px) 100vw, 225px\" \/> <\/span><br \/>\n                        <span style=\"font-size:20px;\"><b><a style=\"display: inline-block; padding-top:10px; color:#00a4e8;\" href=\"https:\/\/eldiariodedelicias.mx\/nacional\/toque-de-queda-no-puede-ser-declarado-por-gobernadores-ni-alcaldes-senalan-20200416-1652770.html\">Toque de queda no puede ser declarado por gobernadores ni alcaldes, se\u00f1alan<\/a><\/b><\/span><br \/>\n                        <span><br \/>\n                            Ni alcaldes ni gobernadores de las diferentes entidades mexicanas pueden aplicar restricciones a la libre circulaci\u00f3n, limit\u00e1ndose sus facultades a emitir la recomendaci\u00f3n de permanecer en casa y tomar las medidas higi\u00e9nicas pertinentes para evitar contagios del COVID-19, explic\u00f3 la Mtra. Bianca Barcel\u00f3 Sandoval, Directora de la Escuela de Derecho de CETYS Universidad Campus Mexicali.                        <\/span><\/p>\n<p>\n                          <a target=\"new\" href=\"https:\/\/www.facebook.com\/sharer\/sharer.php?u=https:\/\/eldiariodedelicias.mx\/nacional\/toque-de-queda-no-puede-ser-declarado-por-gobernadores-ni-alcaldes-senalan-20200416-1652770.html\"><img decoding=\"async\" src=\"https:\/\/www.cetys.mx\/noticias\/wp-content\/plugins\/sintesis-gen\/images\/share-fb-btn.png\"><\/a> <a href=\"https:\/\/twitter.com\/share?url=https:\/\/eldiariodedelicias.mx\/nacional\/toque-de-queda-no-puede-ser-declarado-por-gobernadores-ni-alcaldes-senalan-20200416-1652770.html&amp;text=Toque de queda no puede ser declarado por gobernadores ni alcaldes, se\u00f1alan\" target=\"_blank\"><br \/>\n                              <img decoding=\"async\" src=\"https:\/\/www.cetys.mx\/noticias\/wp-content\/plugins\/sintesis-gen\/images\/share-tw-btn.png\"><br \/>\n                          <\/a>\n                        <\/p>\n<\/td>\n<td>\n                                        <img decoding=\"async\" style=\"width:100%;\" src=\"https:\/\/www.cetys.mx\/noticias\/wp-content\/uploads\/2020\/04\/Sin-actividad.jpg\">\n                    <\/td>\n<\/tr>\n<tr style=\"font-size:18px;\">\n<td width=\"60%\" align=\"left\" valign=\"top\" style=\"vertical-align: top;  border:0px; padding-bottom: 20px;\">\n                        <span><img loading=\"lazy\" decoding=\"async\" class=\"alignnone  wp-image-142913\" src=\"https:\/\/www.cetys.mx\/noticias\/wp-content\/uploads\/2020\/04\/NoticiasZMG.png\" alt=\"\" width=\"183\" height=\"183\" srcset=\"https:\/\/www.cetys.mx\/noticias\/wp-content\/uploads\/2020\/04\/NoticiasZMG.png 251w, https:\/\/www.cetys.mx\/noticias\/wp-content\/uploads\/2020\/04\/NoticiasZMG-75x75.png 75w\" sizes=\"auto, (max-width: 183px) 100vw, 183px\" \/> <\/span><br \/>\n                        <span style=\"font-size:20px;\"><b><a style=\"display: inline-block; padding-top:10px; color:#00a4e8;\" href=\"https:\/\/noticiaszmg.com\/zmg29998.htm\">Ni alcaldes ni gobernadores pueden declarar toque de queda, se\u00f1ala acad\u00e9mica<\/a><\/b><\/span><br \/>\n                        <span><br \/>\n                            Ni alcaldes ni gobernadores pueden aplicar restricciones a la libre circulaci\u00f3n, limit\u00e1ndose sus facultades a emitir la recomendaci\u00f3n de permanecer en casa y tomar las medidas higi\u00e9nicas pertinentes para evitar contagios del COVID-19, explic\u00f3 la Mtra. Bianca Barcel\u00f3 Sandoval, Directora de la Escuela de Derecho de CETYS Universidad Campus Mexicali.                        <\/span><\/p>\n<p>\n                          <a target=\"new\" href=\"https:\/\/www.facebook.com\/sharer\/sharer.php?u=https:\/\/noticiaszmg.com\/zmg29998.htm\"><img decoding=\"async\" src=\"https:\/\/www.cetys.mx\/noticias\/wp-content\/plugins\/sintesis-gen\/images\/share-fb-btn.png\"><\/a> <a href=\"https:\/\/twitter.com\/share?url=https:\/\/noticiaszmg.com\/zmg29998.htm&amp;text=Ni alcaldes ni gobernadores pueden declarar toque de queda, se\u00f1ala acad\u00e9mica\" target=\"_blank\"><br \/>\n                              <img decoding=\"async\" src=\"https:\/\/www.cetys.mx\/noticias\/wp-content\/plugins\/sintesis-gen\/images\/share-tw-btn.png\"><br \/>\n                          <\/a>\n                        <\/p>\n<\/td>\n<td>\n                                        <img decoding=\"async\" style=\"width:100%;\" src=\"https:\/\/www.cetys.mx\/noticias\/wp-content\/uploads\/2020\/04\/Sin-actividad.jpg\">\n                    <\/td>\n<\/tr>\n<\/table>\n<h1>Mexicali<\/h1>\n<hr style=\"border-top: 2px solid #4c4747;\">\n<table width=\"100%\">\n<tr style=\"font-size:18px;\">\n<td width=\"60%\" align=\"left\" valign=\"top\" style=\"vertical-align: top;  border:0px; padding-bottom: 20px;\">\n                        <span><img loading=\"lazy\" decoding=\"async\" class=\" wp-image-120898 alignleft\" src=\"https:\/\/www.cetys.mx\/noticias\/wp-content\/uploads\/2018\/10\/cetys_tijuanotas.jpg\" alt=\"\" width=\"205\" height=\"54\" \/> <\/span><br \/>\n                        <span style=\"font-size:20px;\"><b><a style=\"display: inline-block; padding-top:10px; color:#00a4e8;\" href=\"https:\/\/tijuanotas.com\/emergencia-sanitaria-tiene-consecuencias-legales-distintas-a-la-contingencia-sanitaria-segun-la-lft\/\">Emergencia sanitaria tiene consecuencias legales distintas a la contingencia sanitaria seg\u00fan la LFT<\/a><\/b><\/span><br \/>\n                        <span><br \/>\n                            En M\u00e9xico a\u00fan no se ha emitido la Declaratoria de Contingencia Sanitaria que contempla la ley. El pasado 30 de marzo se public\u00f3 una Declaratoria de Emergencia Sanitaria, que tiene consecuencias legales distintas. La Mtra. Bianca Barcel\u00f3 Sandoval, Directora de la Escuela de Derecho de CETYS Universidad Campus Mexicali, habl\u00f3 sobre el marco jur\u00eddico.                        <\/span><\/p>\n<p>\n                          <a target=\"new\" href=\"https:\/\/www.facebook.com\/sharer\/sharer.php?u=https:\/\/tijuanotas.com\/emergencia-sanitaria-tiene-consecuencias-legales-distintas-a-la-contingencia-sanitaria-segun-la-lft\/\"><img decoding=\"async\" src=\"https:\/\/www.cetys.mx\/noticias\/wp-content\/plugins\/sintesis-gen\/images\/share-fb-btn.png\"><\/a> <a href=\"https:\/\/twitter.com\/share?url=https:\/\/tijuanotas.com\/emergencia-sanitaria-tiene-consecuencias-legales-distintas-a-la-contingencia-sanitaria-segun-la-lft\/&amp;text=Emergencia sanitaria tiene consecuencias legales distintas a la contingencia sanitaria seg\u00fan la LFT\" target=\"_blank\"><br \/>\n                              <img decoding=\"async\" src=\"https:\/\/www.cetys.mx\/noticias\/wp-content\/plugins\/sintesis-gen\/images\/share-tw-btn.png\"><br \/>\n                          <\/a>\n                        <\/p>\n<\/td>\n<td>\n                                        <img decoding=\"async\" style=\"width:100%;\" src=\"https:\/\/www.cetys.mx\/noticias\/wp-content\/uploads\/2020\/04\/emergencia-sanitaria.jpg\">\n                    <\/td>\n<\/tr>\n<tr style=\"font-size:18px;\">\n<td width=\"60%\" align=\"left\" valign=\"top\" style=\"vertical-align: top;  border:0px; padding-bottom: 20px;\">\n                        <span><img loading=\"lazy\" decoding=\"async\" class=\"alignnone size-full wp-image-112903\" src=\"https:\/\/www.cetys.mx\/noticias\/wp-content\/uploads\/2018\/05\/El-mexicano.png\" alt=\"\" width=\"140\" height=\"56\" \/> <\/span><br \/>\n                        <span style=\"font-size:20px;\"><b><a style=\"display: inline-block; padding-top:10px; color:#00a4e8;\" href=\"https:\/\/www.cetys.mx\/noticias\/toque-de-queda-solo-puede-ser-establecido-por-el-presidente\/\">Toque de queda s\u00f3lo puede ser establecido por el presidente<\/a><\/b><\/span><br \/>\n                        <span><br \/>\n                            Ni alcaldes ni gobernadores pueden aplicar restricciones a la libre circulaci\u00f3n, limit\u00e1ndose sus facultades a emitir la recomendaci\u00f3n de permanecer en casa y tomar las medidas higi\u00e9nicas pertinentes para evitar contagios del COVID-19, explic\u00f3 la Mtra. Bianca Barcel\u00f3 Sandoval, Directora de la Escuela de Derecho de CETYS Universidad Campus Mexicali.                        <\/span><\/p>\n<p>\n                          <a target=\"new\" href=\"https:\/\/www.facebook.com\/sharer\/sharer.php?u=https:\/\/www.cetys.mx\/noticias\/toque-de-queda-solo-puede-ser-establecido-por-el-presidente\/\"><img decoding=\"async\" src=\"https:\/\/www.cetys.mx\/noticias\/wp-content\/plugins\/sintesis-gen\/images\/share-fb-btn.png\"><\/a> <a href=\"https:\/\/twitter.com\/share?url=https:\/\/www.cetys.mx\/noticias\/toque-de-queda-solo-puede-ser-establecido-por-el-presidente\/&amp;text=Toque de queda s\u00f3lo puede ser establecido por el presidente\" target=\"_blank\"><br \/>\n                              <img decoding=\"async\" src=\"https:\/\/www.cetys.mx\/noticias\/wp-content\/plugins\/sintesis-gen\/images\/share-tw-btn.png\"><br \/>\n                          <\/a>\n                        <\/p>\n<\/td>\n<td>\n                                        <img decoding=\"async\" style=\"width:100%;\" src=\"https:\/\/www.cetys.mx\/noticias\/wp-content\/uploads\/2020\/04\/Sin-actividad.jpg\">\n                    <\/td>\n<\/tr>\n<tr style=\"font-size:18px;\">\n<td width=\"60%\" align=\"left\" valign=\"top\" style=\"vertical-align: top;  border:0px; padding-bottom: 20px;\">\n                        <span><img loading=\"lazy\" decoding=\"async\" class=\" wp-image-118266 alignleft\" src=\"https:\/\/www.cetys.mx\/noticias\/wp-content\/uploads\/2018\/09\/logo_uniradio.png\" alt=\"\" width=\"155\" height=\"47\" \/> <\/span><br \/>\n                        <span style=\"font-size:20px;\"><b><a style=\"display: inline-block; padding-top:10px; color:#00a4e8;\" href=\"https:\/\/www.uniradionoticias.com\/noticias\/bajacalifornia\/597643\/toque-de-queda-solo-puede-ser-declarado-por-el-presidente-de-mexico.html\">Toque de queda s\u00f3lo puede ser declarado por el Presidente de M\u00e9xico<\/a><\/b><\/span><br \/>\n                        <span><br \/>\n                            Solicitar la suspensi\u00f3n de garant\u00edas es una facultad exclusiva del Presidente de la Rep\u00fablica. Sin embargo, debemos atender la solicitud de las autoridades locales y permanecer en casa el mayor tiempo posible, para contener la pandemia de COVID-19, explica acad\u00e9mica de CETYS.                        <\/span><\/p>\n<p>\n                          <a target=\"new\" href=\"https:\/\/www.facebook.com\/sharer\/sharer.php?u=https:\/\/www.uniradionoticias.com\/noticias\/bajacalifornia\/597643\/toque-de-queda-solo-puede-ser-declarado-por-el-presidente-de-mexico.html\"><img decoding=\"async\" src=\"https:\/\/www.cetys.mx\/noticias\/wp-content\/plugins\/sintesis-gen\/images\/share-fb-btn.png\"><\/a> <a href=\"https:\/\/twitter.com\/share?url=https:\/\/www.uniradionoticias.com\/noticias\/bajacalifornia\/597643\/toque-de-queda-solo-puede-ser-declarado-por-el-presidente-de-mexico.html&amp;text=Toque de queda s\u00f3lo puede ser declarado por el Presidente de M\u00e9xico\" target=\"_blank\"><br \/>\n                              <img decoding=\"async\" src=\"https:\/\/www.cetys.mx\/noticias\/wp-content\/plugins\/sintesis-gen\/images\/share-tw-btn.png\"><br \/>\n                          <\/a>\n                        <\/p>\n<\/td>\n<td>\n                                        <img decoding=\"async\" style=\"width:100%;\" src=\"https:\/\/www.cetys.mx\/noticias\/wp-content\/uploads\/2020\/04\/Sin-actividad.jpg\">\n                    <\/td>\n<\/tr>\n<tr style=\"font-size:18px;\">\n<td width=\"60%\" align=\"left\" valign=\"top\" style=\"vertical-align: top;  border:0px; padding-bottom: 20px;\">\n                        <span><img loading=\"lazy\" decoding=\"async\" src=\"https:\/\/www.cetys.mx\/noticias\/wp-content\/uploads\/2018\/05\/el-cachanilla.jpg\" alt=\"\" width=\"140\" height=\"56\" \/> <\/span><br \/>\n                        <span style=\"font-size:20px;\"><b><a style=\"display: inline-block; padding-top:10px; color:#00a4e8;\" href=\"https:\/\/www.eldiariodemexico.com\/elcachanilla\/toque-de-queda-no-se-puede-ser-declarado-por-gobernadores-ni-alcaldes\">Toque de queda no se puede ser declarado por gobernadores ni alcaldes<\/a><\/b><\/span><br \/>\n                        <span><br \/>\n                            Solicitar la suspensi\u00f3n de garant\u00edas es una facultad exclusiva del Presidente de la Rep\u00fablica. Sin embargo, debemos atender la solicitud de las autoridades locales y permanecer en casa el mayor tiempo posible, para contener la pandemia de COVID-19, explica acad\u00e9mica de CETYS                        <\/span><\/p>\n<p>\n                          <a target=\"new\" href=\"https:\/\/www.facebook.com\/sharer\/sharer.php?u=https:\/\/www.eldiariodemexico.com\/elcachanilla\/toque-de-queda-no-se-puede-ser-declarado-por-gobernadores-ni-alcaldes\"><img decoding=\"async\" src=\"https:\/\/www.cetys.mx\/noticias\/wp-content\/plugins\/sintesis-gen\/images\/share-fb-btn.png\"><\/a> <a href=\"https:\/\/twitter.com\/share?url=https:\/\/www.eldiariodemexico.com\/elcachanilla\/toque-de-queda-no-se-puede-ser-declarado-por-gobernadores-ni-alcaldes&amp;text=Toque de queda no se puede ser declarado por gobernadores ni alcaldes\" target=\"_blank\"><br \/>\n                              <img decoding=\"async\" src=\"https:\/\/www.cetys.mx\/noticias\/wp-content\/plugins\/sintesis-gen\/images\/share-tw-btn.png\"><br \/>\n                          <\/a>\n                        <\/p>\n<\/td>\n<td>\n                                        <img decoding=\"async\" style=\"width:100%;\" src=\"https:\/\/www.cetys.mx\/noticias\/wp-content\/uploads\/2020\/04\/Sin-actividad.jpg\">\n                    <\/td>\n<\/tr>\n<tr style=\"font-size:18px;\">\n<td width=\"60%\" align=\"left\" valign=\"top\" style=\"vertical-align: top;  border:0px; padding-bottom: 20px;\">\n                        <span><img loading=\"lazy\" decoding=\"async\" class=\"alignnone  wp-image-142905\" src=\"https:\/\/www.cetys.mx\/noticias\/wp-content\/uploads\/2020\/04\/InfoMexicali.png\" alt=\"\" width=\"138\" height=\"138\" srcset=\"https:\/\/www.cetys.mx\/noticias\/wp-content\/uploads\/2020\/04\/InfoMexicali.png 400w, https:\/\/www.cetys.mx\/noticias\/wp-content\/uploads\/2020\/04\/InfoMexicali-75x75.png 75w, https:\/\/www.cetys.mx\/noticias\/wp-content\/uploads\/2020\/04\/InfoMexicali-300x300.png 300w\" sizes=\"auto, (max-width: 138px) 100vw, 138px\" \/> <\/span><br \/>\n                        <span style=\"font-size:20px;\"><b><a style=\"display: inline-block; padding-top:10px; color:#00a4e8;\" href=\"https:\/\/www.facebook.com\/permalink.php?id=100900134655821&#038;story_fbid=223842595694907\">Toque de queda no puede ser declarado por gobernadores ni alcaldes, se\u00f1alan<\/a><\/b><\/span><br \/>\n                        <span><br \/>\n                            Ni alcaldes ni gobernadores pueden aplicar restricciones a la libre circulaci\u00f3n, limit\u00e1ndose sus facultades a emitir la recomendaci\u00f3n de permanecer en casa y tomar las medidas higi\u00e9nicas pertinentes para evitar contagios del COVID-19, explic\u00f3 la Mtra. Bianca Barcel\u00f3 Sandoval, Directora de la Escuela de Derecho de CETYS Universidad Campus Mexicali.                        <\/span><\/p>\n<p>\n                          <a target=\"new\" href=\"https:\/\/www.facebook.com\/sharer\/sharer.php?u=https:\/\/www.facebook.com\/permalink.php?id=100900134655821&#038;story_fbid=223842595694907\"><img decoding=\"async\" src=\"https:\/\/www.cetys.mx\/noticias\/wp-content\/plugins\/sintesis-gen\/images\/share-fb-btn.png\"><\/a> <a href=\"https:\/\/twitter.com\/share?url=https:\/\/www.facebook.com\/permalink.php?id=100900134655821&#038;story_fbid=223842595694907&amp;text=Toque de queda no puede ser declarado por gobernadores ni alcaldes, se\u00f1alan\" target=\"_blank\"><br \/>\n                              <img decoding=\"async\" src=\"https:\/\/www.cetys.mx\/noticias\/wp-content\/plugins\/sintesis-gen\/images\/share-tw-btn.png\"><br \/>\n                          <\/a>\n                        <\/p>\n<\/td>\n<td>\n                                        <img decoding=\"async\" style=\"width:100%;\" src=\"https:\/\/www.cetys.mx\/noticias\/wp-content\/uploads\/2020\/04\/Sin-actividad.jpg\">\n                    <\/td>\n<\/tr>\n<tr style=\"font-size:18px;\">\n<td width=\"60%\" align=\"left\" valign=\"top\" style=\"vertical-align: top;  border:0px; padding-bottom: 20px;\">\n                        <span><img loading=\"lazy\" decoding=\"async\" class=\"alignnone  wp-image-120252\" src=\"https:\/\/www.cetys.mx\/noticias\/wp-content\/uploads\/2018\/10\/logo-1.png\" alt=\"\" width=\"176\" height=\"176\" srcset=\"https:\/\/www.cetys.mx\/noticias\/wp-content\/uploads\/2018\/10\/logo-1.png 250w, https:\/\/www.cetys.mx\/noticias\/wp-content\/uploads\/2018\/10\/logo-1-75x75.png 75w\" sizes=\"auto, (max-width: 176px) 100vw, 176px\" \/> <\/span><br \/>\n                        <span style=\"font-size:20px;\"><b><a style=\"display: inline-block; padding-top:10px; color:#00a4e8;\" href=\"https:\/\/www.facebook.com\/EnLaMiraTVEnsenada\/photos\/a.163298020890015\/629024917650654\/?type=3&#038;theater\">Toque de queda no puede ser declarado por gobernadores ni alcaldes, se\u00f1alan<\/a><\/b><\/span><br \/>\n                        <span><br \/>\n                            Ni alcaldes ni gobernadores de las diferentes entidades mexicanas pueden aplicar restricciones a la libre circulaci\u00f3n en las calles,  explic\u00f3 la Mtra. Bianca Barcel\u00f3 Sandoval, Directora de la Escuela de Derecho de CETYS Universidad Campus Mexicali                        <\/span><\/p>\n<p>\n                          <a target=\"new\" href=\"https:\/\/www.facebook.com\/sharer\/sharer.php?u=https:\/\/www.facebook.com\/EnLaMiraTVEnsenada\/photos\/a.163298020890015\/629024917650654\/?type=3&#038;theater\"><img decoding=\"async\" src=\"https:\/\/www.cetys.mx\/noticias\/wp-content\/plugins\/sintesis-gen\/images\/share-fb-btn.png\"><\/a> <a href=\"https:\/\/twitter.com\/share?url=https:\/\/www.facebook.com\/EnLaMiraTVEnsenada\/photos\/a.163298020890015\/629024917650654\/?type=3&#038;theater&amp;text=Toque de queda no puede ser declarado por gobernadores ni alcaldes, se\u00f1alan\" target=\"_blank\"><br \/>\n                              <img decoding=\"async\" src=\"https:\/\/www.cetys.mx\/noticias\/wp-content\/plugins\/sintesis-gen\/images\/share-tw-btn.png\"><br \/>\n                          <\/a>\n                        <\/p>\n<\/td>\n<td>\n                                        <img decoding=\"async\" style=\"width:100%;\" src=\"https:\/\/www.cetys.mx\/noticias\/wp-content\/uploads\/2020\/04\/Sin-actividad.jpg\">\n                    <\/td>\n<\/tr>\n<\/table>\n<h1>Tijuana<\/h1>\n<hr style=\"border-top: 2px solid #4c4747;\">\n<table width=\"100%\">\n<tr style=\"font-size:18px;\">\n<td width=\"60%\" align=\"left\" valign=\"top\" style=\"vertical-align: top;  border:0px; padding-bottom: 20px;\">\n                        <span><img loading=\"lazy\" decoding=\"async\" src=\"https:\/\/www.cetys.mx\/noticias\/wp-content\/uploads\/2018\/05\/uniradio-informa.jpg\" alt=\"\" width=\"140\" height=\"56\"\/> <\/span><br \/>\n                        <span style=\"font-size:20px;\"><b><a style=\"display: inline-block; padding-top:10px; color:#00a4e8;\" href=\"https:\/\/www.uniradionoticias.com\/noticias\/coronavirus\/597701\/estudiante-de-cetys-ofrece-apoyo-a-restaurantes-locales.html\">Estudiante de CETYS ofrece apoyo a restaurantes locales<\/a><\/b><\/span><br \/>\n                        <span><br \/>\n                            Para apoyar a los restaurantes locales, Enrique Pablos, estudiante de la Ingenier\u00eda en Mecatr\u00f3nica de la Escuela de Ingenier\u00eda de CETYS campus Tijuana, de la mano con Emiliano Varela, estudiante de San Diego, adaptaron la App \u201cSkipeat\u201d la cual permite hacer pedidos de comida y disminuir los tiempos de espera de los resturantes.                        <\/span><\/p>\n<p>\n                          <a target=\"new\" href=\"https:\/\/www.facebook.com\/sharer\/sharer.php?u=https:\/\/www.uniradionoticias.com\/noticias\/coronavirus\/597701\/estudiante-de-cetys-ofrece-apoyo-a-restaurantes-locales.html\"><img decoding=\"async\" src=\"https:\/\/www.cetys.mx\/noticias\/wp-content\/plugins\/sintesis-gen\/images\/share-fb-btn.png\"><\/a> <a href=\"https:\/\/twitter.com\/share?url=https:\/\/www.uniradionoticias.com\/noticias\/coronavirus\/597701\/estudiante-de-cetys-ofrece-apoyo-a-restaurantes-locales.html&amp;text=Estudiante de CETYS ofrece apoyo a restaurantes locales\" target=\"_blank\"><br \/>\n                              <img decoding=\"async\" src=\"https:\/\/www.cetys.mx\/noticias\/wp-content\/plugins\/sintesis-gen\/images\/share-tw-btn.png\"><br \/>\n                          <\/a>\n                        <\/p>\n<\/td>\n<td>\n                                        <img decoding=\"async\" style=\"width:100%;\" src=\"https:\/\/www.cetys.mx\/noticias\/wp-content\/uploads\/2020\/04\/enrique-pablos-skipeat-para-restaurantes.jpg\">\n                    <\/td>\n<\/tr>\n<tr style=\"font-size:18px;\">\n<td width=\"60%\" align=\"left\" valign=\"top\" style=\"vertical-align: top;  border:0px; padding-bottom: 20px;\">\n                        <span><img loading=\"lazy\" decoding=\"async\" class=\"alignnone size-full wp-image-112903\" src=\"https:\/\/www.cetys.mx\/noticias\/wp-content\/uploads\/2018\/05\/El-mexicano.png\" alt=\"\" width=\"140\" height=\"56\" \/> <\/span><br \/>\n                        <span style=\"font-size:20px;\"><b><a style=\"display: inline-block; padding-top:10px; color:#00a4e8;\" href=\"https:\/\/www.el-mexicano.com.mx\/educacion\/estudiantes-de-cetys-ofrece-apoyo-a-restaurantes-locales\/2055333\">Estudiantes de CETYS ofrece apoyo a restaurantes locales<\/a><\/b><\/span><br \/>\n                        <span><br \/>\n                            Para apoyar a los restaurantes locales, Enrique Pablos, estudiante de la Ingenier\u00eda en Mecatr\u00f3nica de la Escuela de Ingenier\u00eda de CETYS campus Tijuana, de la mano con Emiliano Varela, estudiante de San Diego, adaptaron la App &#8220;Skipeat&#8221; la cual permite hacer pedidos de comida y disminuir los tiempos de espera de los resturantes.                        <\/span><\/p>\n<p>\n                          <a target=\"new\" href=\"https:\/\/www.facebook.com\/sharer\/sharer.php?u=https:\/\/www.el-mexicano.com.mx\/educacion\/estudiantes-de-cetys-ofrece-apoyo-a-restaurantes-locales\/2055333\"><img decoding=\"async\" src=\"https:\/\/www.cetys.mx\/noticias\/wp-content\/plugins\/sintesis-gen\/images\/share-fb-btn.png\"><\/a> <a href=\"https:\/\/twitter.com\/share?url=https:\/\/www.el-mexicano.com.mx\/educacion\/estudiantes-de-cetys-ofrece-apoyo-a-restaurantes-locales\/2055333&amp;text=Estudiantes de CETYS ofrece apoyo a restaurantes locales\" target=\"_blank\"><br \/>\n                              <img decoding=\"async\" src=\"https:\/\/www.cetys.mx\/noticias\/wp-content\/plugins\/sintesis-gen\/images\/share-tw-btn.png\"><br \/>\n                          <\/a>\n                        <\/p>\n<\/td>\n<td>\n                                        <img decoding=\"async\" style=\"width:100%;\" src=\"https:\/\/www.cetys.mx\/noticias\/wp-content\/uploads\/2020\/04\/enrique-pablos-skipeat-para-restaurantes.jpg\">\n                    <\/td>\n<\/tr>\n<tr style=\"font-size:18px;\">\n<td width=\"60%\" align=\"left\" valign=\"top\" style=\"vertical-align: top;  border:0px; padding-bottom: 20px;\">\n                        <span><img loading=\"lazy\" decoding=\"async\" class=\"alignnone wp-image-134377\" src=\"https:\/\/www.cetys.mx\/noticias\/wp-content\/uploads\/2019\/09\/cetys_alfredoalv.png\" alt=\"\" width=\"176\" height=\"30\" srcset=\"https:\/\/www.cetys.mx\/noticias\/wp-content\/uploads\/2019\/09\/cetys_alfredoalv.png 1169w, https:\/\/www.cetys.mx\/noticias\/wp-content\/uploads\/2019\/09\/cetys_alfredoalv-768x125.png 768w\" sizes=\"auto, (max-width: 176px) 100vw, 176px\" \/> <\/span><br \/>\n                        <span style=\"font-size:20px;\"><b><a style=\"display: inline-block; padding-top:10px; color:#00a4e8;\" href=\"https:\/\/alfredoalvarez.mx\/estudiante-de-cetys-ofrece-apoyo-a-restaurantes-locales\/\">Estudiante de CETYS ofrece apoyo a restaurantes locales<\/a><\/b><\/span><br \/>\n                        <span><br \/>\n                             Para apoyar a los restaurantes locales, Enrique Pablos, estudiante de la Ingenier\u00eda en Mecatr\u00f3nica de la Escuela de Ingenier\u00eda de CETYS campus Tijuana, de la mano con Emiliano Varela, estudiante de San Diego, adaptaron la App \u201cSkipeat\u201d la cual permite hacer pedidos de comida y disminuir los tiempos de espera de los resturantes.                        <\/span><\/p>\n<p>\n                          <a target=\"new\" href=\"https:\/\/www.facebook.com\/sharer\/sharer.php?u=https:\/\/alfredoalvarez.mx\/estudiante-de-cetys-ofrece-apoyo-a-restaurantes-locales\/\"><img decoding=\"async\" src=\"https:\/\/www.cetys.mx\/noticias\/wp-content\/plugins\/sintesis-gen\/images\/share-fb-btn.png\"><\/a> <a href=\"https:\/\/twitter.com\/share?url=https:\/\/alfredoalvarez.mx\/estudiante-de-cetys-ofrece-apoyo-a-restaurantes-locales\/&amp;text=Estudiante de CETYS ofrece apoyo a restaurantes locales\" target=\"_blank\"><br \/>\n                              <img decoding=\"async\" src=\"https:\/\/www.cetys.mx\/noticias\/wp-content\/plugins\/sintesis-gen\/images\/share-tw-btn.png\"><br \/>\n                          <\/a>\n                        <\/p>\n<\/td>\n<td>\n                                        <img decoding=\"async\" style=\"width:100%;\" src=\"https:\/\/www.cetys.mx\/noticias\/wp-content\/uploads\/2020\/04\/enrique-pablos-skipeat-para-restaurantes.jpg\">\n                    <\/td>\n<\/tr>\n<\/table>\n<p>&nbsp;<\/p>\n<\/td>\n<\/tr>\n<tr style=\" border:0px;\">\n<td bgcolor=\"#ffdd00\">&nbsp;<\/td>\n<td align=\"center\" bgcolor=\"#000000\" style=\"padding-left: 30px; color: #FFF;\">\n<p>&nbsp;<\/p>\n<h2><\/h2>\n<p>&nbsp;<\/p>\n<\/td>\n<\/tr>\n<tr style=\" border:0px;\">\n<td bgcolor=\"#ffdd00\">&nbsp;<\/td>\n<td style=\"padding-left:30px;\">\n<div style=\"text-align:center; font-size:20px;\">\n<h3>\n          Contactos:<\/h3>\n<\/p><\/div>\n<p>      <strong>COORDINACI&Oacute;N DE COMUNICACI&Oacute;N Y RELACIONES P&Uacute;BLICAS<\/strong><br \/>\n      <span style=\"font-size:14px;\"><\/p>\n<p>Campus Mexicali:<br \/>\n        <b>Mtra. Laura Odette Ram&iacute;rez Govea<\/b> | <img decoding=\"async\" src=\"https:\/\/www.cetys.mx\/noticias\/wp-content\/plugins\/sintesis-gen\/images\/icon-phone.png\"> +52 (686) 567-3782 | <img decoding=\"async\" src=\"https:\/\/www.cetys.mx\/noticias\/wp-content\/plugins\/sintesis-gen\/images\/icon-email.png\"> <a href=\"mailto:odette.ramirez@cetys.mx\">odette.ramirez@cetys.mx<\/a>\n      <\/p>\n<p>      <\/span><\/p>\n<p><span style=\"font-size:14px;\">Campus Tijuana:<br \/>\n        <b>Mtra. Angela N. Arroyo P&eacute;rez<\/b> | <img decoding=\"async\" src=\"https:\/\/www.cetys.mx\/noticias\/wp-content\/plugins\/sintesis-gen\/images\/icon-phone.png\"> +52 (664) 903-1853 | <img decoding=\"async\" src=\"https:\/\/www.cetys.mx\/noticias\/wp-content\/plugins\/sintesis-gen\/images\/icon-email.png\"> <a href=\"mailto:angela.arroyo@cetys.mx\">angela.arroyo@cetys.mx<\/a><br \/>\n      <\/span><\/p>\n<p><span style=\"font-size:14px;\">Campus Ensenada:<br \/>\n        <b>Mtra. Claudia Garc\u00eda Ruiz <\/b> | <img decoding=\"async\" src=\"https:\/\/www.cetys.mx\/noticias\/wp-content\/plugins\/sintesis-gen\/images\/icon-phone.png\"> +52 (646) 222-2300 ext. 3431 | <img decoding=\"async\" src=\"https:\/\/www.cetys.mx\/noticias\/wp-content\/plugins\/sintesis-gen\/images\/icon-email.png\"> <a href=\"mailto:claudia.garcia@cetys.mx\">claudia.garcia@cetys.mx<\/a><br \/>\n      <\/span><\/p>\n<p>&nbsp;<\/p>\n<p><strong>DIRECCI&Oacute;N DE COMUNICACI&Oacute;N INSTITUCIONAL<\/strong><br \/>\n        <span style=\"font-size:14px;\"><b>Mtro. Francisco Reyes Cervantes<\/b> | <img decoding=\"async\" src=\"https:\/\/www.cetys.mx\/noticias\/wp-content\/plugins\/sintesis-gen\/images\/icon-phone.png\"> +52 (664) 903-1800 ext. 2260 | <img decoding=\"async\" src=\"https:\/\/www.cetys.mx\/noticias\/wp-content\/plugins\/sintesis-gen\/images\/icon-email.png\"> <a href=\"mailto:francisco.reyes@cetys.mx\">francisco.reyes@cetys.mx<\/a><br \/>\n      <\/span><\/p>\n<p>&nbsp;<\/p>\n<\/td>\n<\/tr>\n<tr style=\" border:0px;\">\n<td bgcolor=\"#ffdd00\">&nbsp;<\/td>\n<td>&nbsp;<\/td>\n<\/tr>\n<\/table>\n<style>\n.article-content{\n  padding: 0px;\n}\n.article-content table {\n    width: initial !important;\n}<\/p>\n<\/style>\n","protected":false},"excerpt":{"rendered":"<p>S\u00edntesis Informativa Las notas m\u00e1s importantes de CETYS en los medios de comunicaci\u00f3n &nbsp; 17 de Abril de 2020 &nbsp; &nbsp; &nbsp;&#8230;<\/p>\n","protected":false},"author":26,"featured_media":109042,"menu_order":0,"comment_status":"closed","ping_status":"closed","template":"","categories":[130],"class_list":["post-143325","sintesis","type-sintesis","status-publish","has-post-thumbnail","hentry","category-sintesis-informativa"],"yoast_head":"<!-- This site is optimized with the Yoast SEO plugin v27.4 - https:\/\/yoast.com\/product\/yoast-seo-wordpress\/ -->\n<title>S\u00edntesis Informativa de 17 de Abril de 2020 - CETYS<\/title>\n<meta name=\"robots\" content=\"index, follow, max-snippet:-1, max-image-preview:large, max-video-preview:-1\" \/>\n<link rel=\"canonical\" href=\"https:\/\/www.cetys.mx\/noticias\/sintesis\/sintesis-informativa-de-17-de-abril-de-2020\/\" \/>\n<meta property=\"og:locale\" content=\"es_MX\" \/>\n<meta property=\"og:type\" content=\"article\" \/>\n<meta property=\"og:title\" content=\"S\u00edntesis Informativa de 17 de Abril de 2020 - CETYS\" \/>\n<meta property=\"og:description\" content=\"S\u00edntesis Informativa Las notas m\u00e1s importantes de CETYS en los medios de comunicaci\u00f3n &nbsp; 17 de Abril de 2020 &nbsp; &nbsp; &nbsp;...\" \/>\n<meta property=\"og:url\" content=\"https:\/\/www.cetys.mx\/noticias\/sintesis\/sintesis-informativa-de-17-de-abril-de-2020\/\" \/>\n<meta property=\"og:site_name\" content=\"CETYS\" \/>\n<meta property=\"article:publisher\" content=\"https:\/\/www.facebook.com\/cetysuniversidadmxl\/\" \/>\n<meta property=\"article:modified_time\" content=\"2020-07-29T18:43:27+00:00\" \/>\n<meta property=\"og:image\" content=\"https:\/\/www.cetys.mx\/noticias\/wp-content\/uploads\/2018\/02\/sintesis_2018.jpg\" \/>\n\t<meta property=\"og:image:width\" content=\"958\" \/>\n\t<meta property=\"og:image:height\" content=\"479\" \/>\n\t<meta property=\"og:image:type\" content=\"image\/jpeg\" \/>\n<meta name=\"twitter:card\" content=\"summary_large_image\" \/>\n<meta name=\"twitter:site\" content=\"@cetysuni\" \/>\n<meta name=\"twitter:label1\" content=\"Tiempo de lectura\" \/>\n\t<meta name=\"twitter:data1\" content=\"5 minutos\" \/>\n<script type=\"application\/ld+json\" class=\"yoast-schema-graph\">{\"@context\":\"https:\\\/\\\/schema.org\",\"@graph\":[{\"@type\":\"WebPage\",\"@id\":\"https:\\\/\\\/www.cetys.mx\\\/noticias\\\/sintesis\\\/sintesis-informativa-de-17-de-abril-de-2020\\\/\",\"url\":\"https:\\\/\\\/www.cetys.mx\\\/noticias\\\/sintesis\\\/sintesis-informativa-de-17-de-abril-de-2020\\\/\",\"name\":\"S\u00edntesis Informativa de 17 de Abril de 2020 - CETYS\",\"isPartOf\":{\"@id\":\"https:\\\/\\\/www.cetys.mx\\\/noticias\\\/#website\"},\"primaryImageOfPage\":{\"@id\":\"https:\\\/\\\/www.cetys.mx\\\/noticias\\\/sintesis\\\/sintesis-informativa-de-17-de-abril-de-2020\\\/#primaryimage\"},\"image\":{\"@id\":\"https:\\\/\\\/www.cetys.mx\\\/noticias\\\/sintesis\\\/sintesis-informativa-de-17-de-abril-de-2020\\\/#primaryimage\"},\"thumbnailUrl\":\"https:\\\/\\\/www.cetys.mx\\\/noticias\\\/wp-content\\\/uploads\\\/2018\\\/02\\\/sintesis_2018.jpg\",\"datePublished\":\"2020-04-24T02:42:27+00:00\",\"dateModified\":\"2020-07-29T18:43:27+00:00\",\"breadcrumb\":{\"@id\":\"https:\\\/\\\/www.cetys.mx\\\/noticias\\\/sintesis\\\/sintesis-informativa-de-17-de-abril-de-2020\\\/#breadcrumb\"},\"inLanguage\":\"es\",\"potentialAction\":[{\"@type\":\"ReadAction\",\"target\":[\"https:\\\/\\\/www.cetys.mx\\\/noticias\\\/sintesis\\\/sintesis-informativa-de-17-de-abril-de-2020\\\/\"]}]},{\"@type\":\"ImageObject\",\"inLanguage\":\"es\",\"@id\":\"https:\\\/\\\/www.cetys.mx\\\/noticias\\\/sintesis\\\/sintesis-informativa-de-17-de-abril-de-2020\\\/#primaryimage\",\"url\":\"https:\\\/\\\/www.cetys.mx\\\/noticias\\\/wp-content\\\/uploads\\\/2018\\\/02\\\/sintesis_2018.jpg\",\"contentUrl\":\"https:\\\/\\\/www.cetys.mx\\\/noticias\\\/wp-content\\\/uploads\\\/2018\\\/02\\\/sintesis_2018.jpg\",\"width\":958,\"height\":479},{\"@type\":\"BreadcrumbList\",\"@id\":\"https:\\\/\\\/www.cetys.mx\\\/noticias\\\/sintesis\\\/sintesis-informativa-de-17-de-abril-de-2020\\\/#breadcrumb\",\"itemListElement\":[{\"@type\":\"ListItem\",\"position\":1,\"name\":\"Inicio\",\"item\":\"https:\\\/\\\/www.cetys.mx\\\/noticias\\\/\"},{\"@type\":\"ListItem\",\"position\":2,\"name\":\"S\u00edntesis\",\"item\":\"https:\\\/\\\/www.cetys.mx\\\/noticias\\\/sintesis\\\/\"},{\"@type\":\"ListItem\",\"position\":3,\"name\":\"S\u00edntesis Informativa de 17 de Abril de 2020\"}]},{\"@type\":\"WebSite\",\"@id\":\"https:\\\/\\\/www.cetys.mx\\\/noticias\\\/#website\",\"url\":\"https:\\\/\\\/www.cetys.mx\\\/noticias\\\/\",\"name\":\"CETYS\",\"description\":\"\",\"potentialAction\":[{\"@type\":\"SearchAction\",\"target\":{\"@type\":\"EntryPoint\",\"urlTemplate\":\"https:\\\/\\\/www.cetys.mx\\\/noticias\\\/?s={search_term_string}\"},\"query-input\":{\"@type\":\"PropertyValueSpecification\",\"valueRequired\":true,\"valueName\":\"search_term_string\"}}],\"inLanguage\":\"es\"}]}<\/script>\n<!-- \/ Yoast SEO plugin. -->","yoast_head_json":{"title":"S\u00edntesis Informativa de 17 de Abril de 2020 - CETYS","robots":{"index":"index","follow":"follow","max-snippet":"max-snippet:-1","max-image-preview":"max-image-preview:large","max-video-preview":"max-video-preview:-1"},"canonical":"https:\/\/www.cetys.mx\/noticias\/sintesis\/sintesis-informativa-de-17-de-abril-de-2020\/","og_locale":"es_MX","og_type":"article","og_title":"S\u00edntesis Informativa de 17 de Abril de 2020 - CETYS","og_description":"S\u00edntesis Informativa Las notas m\u00e1s importantes de CETYS en los medios de comunicaci\u00f3n &nbsp; 17 de Abril de 2020 &nbsp; &nbsp; &nbsp;...","og_url":"https:\/\/www.cetys.mx\/noticias\/sintesis\/sintesis-informativa-de-17-de-abril-de-2020\/","og_site_name":"CETYS","article_publisher":"https:\/\/www.facebook.com\/cetysuniversidadmxl\/","article_modified_time":"2020-07-29T18:43:27+00:00","og_image":[{"width":958,"height":479,"url":"https:\/\/www.cetys.mx\/noticias\/wp-content\/uploads\/2018\/02\/sintesis_2018.jpg","type":"image\/jpeg"}],"twitter_card":"summary_large_image","twitter_site":"@cetysuni","twitter_misc":{"Tiempo de lectura":"5 minutos"},"schema":{"@context":"https:\/\/schema.org","@graph":[{"@type":"WebPage","@id":"https:\/\/www.cetys.mx\/noticias\/sintesis\/sintesis-informativa-de-17-de-abril-de-2020\/","url":"https:\/\/www.cetys.mx\/noticias\/sintesis\/sintesis-informativa-de-17-de-abril-de-2020\/","name":"S\u00edntesis Informativa de 17 de Abril de 2020 - CETYS","isPartOf":{"@id":"https:\/\/www.cetys.mx\/noticias\/#website"},"primaryImageOfPage":{"@id":"https:\/\/www.cetys.mx\/noticias\/sintesis\/sintesis-informativa-de-17-de-abril-de-2020\/#primaryimage"},"image":{"@id":"https:\/\/www.cetys.mx\/noticias\/sintesis\/sintesis-informativa-de-17-de-abril-de-2020\/#primaryimage"},"thumbnailUrl":"https:\/\/www.cetys.mx\/noticias\/wp-content\/uploads\/2018\/02\/sintesis_2018.jpg","datePublished":"2020-04-24T02:42:27+00:00","dateModified":"2020-07-29T18:43:27+00:00","breadcrumb":{"@id":"https:\/\/www.cetys.mx\/noticias\/sintesis\/sintesis-informativa-de-17-de-abril-de-2020\/#breadcrumb"},"inLanguage":"es","potentialAction":[{"@type":"ReadAction","target":["https:\/\/www.cetys.mx\/noticias\/sintesis\/sintesis-informativa-de-17-de-abril-de-2020\/"]}]},{"@type":"ImageObject","inLanguage":"es","@id":"https:\/\/www.cetys.mx\/noticias\/sintesis\/sintesis-informativa-de-17-de-abril-de-2020\/#primaryimage","url":"https:\/\/www.cetys.mx\/noticias\/wp-content\/uploads\/2018\/02\/sintesis_2018.jpg","contentUrl":"https:\/\/www.cetys.mx\/noticias\/wp-content\/uploads\/2018\/02\/sintesis_2018.jpg","width":958,"height":479},{"@type":"BreadcrumbList","@id":"https:\/\/www.cetys.mx\/noticias\/sintesis\/sintesis-informativa-de-17-de-abril-de-2020\/#breadcrumb","itemListElement":[{"@type":"ListItem","position":1,"name":"Inicio","item":"https:\/\/www.cetys.mx\/noticias\/"},{"@type":"ListItem","position":2,"name":"S\u00edntesis","item":"https:\/\/www.cetys.mx\/noticias\/sintesis\/"},{"@type":"ListItem","position":3,"name":"S\u00edntesis Informativa de 17 de Abril de 2020"}]},{"@type":"WebSite","@id":"https:\/\/www.cetys.mx\/noticias\/#website","url":"https:\/\/www.cetys.mx\/noticias\/","name":"CETYS","description":"","potentialAction":[{"@type":"SearchAction","target":{"@type":"EntryPoint","urlTemplate":"https:\/\/www.cetys.mx\/noticias\/?s={search_term_string}"},"query-input":{"@type":"PropertyValueSpecification","valueRequired":true,"valueName":"search_term_string"}}],"inLanguage":"es"}]}},"_links":{"self":[{"href":"https:\/\/www.cetys.mx\/noticias\/wp-json\/wp\/v2\/sintesis\/143325","targetHints":{"allow":["GET"]}}],"collection":[{"href":"https:\/\/www.cetys.mx\/noticias\/wp-json\/wp\/v2\/sintesis"}],"about":[{"href":"https:\/\/www.cetys.mx\/noticias\/wp-json\/wp\/v2\/types\/sintesis"}],"author":[{"embeddable":true,"href":"https:\/\/www.cetys.mx\/noticias\/wp-json\/wp\/v2\/users\/26"}],"replies":[{"embeddable":true,"href":"https:\/\/www.cetys.mx\/noticias\/wp-json\/wp\/v2\/comments?post=143325"}],"wp:featuredmedia":[{"embeddable":true,"href":"https:\/\/www.cetys.mx\/noticias\/wp-json\/wp\/v2\/media\/109042"}],"wp:attachment":[{"href":"https:\/\/www.cetys.mx\/noticias\/wp-json\/wp\/v2\/media?parent=143325"}],"wp:term":[{"taxonomy":"category","embeddable":true,"href":"https:\/\/www.cetys.mx\/noticias\/wp-json\/wp\/v2\/categories?post=143325"}],"curies":[{"name":"wp","href":"https:\/\/api.w.org\/{rel}","templated":true}]}}