{"id":143321,"date":"2020-04-23T19:42:02","date_gmt":"2020-04-24T02:42:02","guid":{"rendered":"https:\/\/www.cetys.mx\/noticias\/sintesis\/sintesis-informativa-de-13-de-abril-de-2020\/"},"modified":"2020-07-29T11:44:31","modified_gmt":"2020-07-29T18:44:31","slug":"sintesis-informativa-de-13-de-abril-de-2020","status":"publish","type":"sintesis","link":"https:\/\/www.cetys.mx\/noticias\/sintesis\/sintesis-informativa-de-13-de-abril-de-2020\/","title":{"rendered":"S\u00edntesis Informativa de 13 de Abril  de 2020"},"content":{"rendered":"<table width=\"800\" border=\"0\" cellspacing=\"0\" cellpadding=\"0\" style=\"font-family:Tahoma, Geneva, sans-serif;\">\n<tr style=\" border:0px;\">\n<td width=\"103\" bgcolor=\"#ffdd00\">\n<table width=\"103\" border=\"0\" cellspacing=\"0\" cellpadding=\"0\"><\/table>\n<\/td>\n<td width=\"406\" align=\"center\" style=\"background-image:url('https:\/\/www.cetys.mx\/noticias\/images\/head-sintesis.jpg'); text-align:center; background-size: cover;\">\n<h1 style=\"color:#FFF;font-size: 54px; margin-bottom:14px;\">S\u00edntesis Informativa<\/h1>\n<h3 style=\"color:#FFF;font-size: 19px;font-weight: normal;margin-top: 0px;padding-top: 0px;\">Las notas m\u00e1s importantes de CETYS en los medios de comunicaci\u00f3n<\/h3>\n<\/td>\n<\/tr>\n<tr style=\" border:0px;\">\n<td bgcolor=\"#000\">&nbsp;<\/td>\n<td align=\"center\" valign=\"middle\" bgcolor=\"#000\" style=\"padding:10px; font-size:26px; text-align:center; color:#FFF;\"><img decoding=\"async\" src=\"https:\/\/www.cetys.mx\/noticias\/wp-content\/plugins\/sintesis-gen\/images\/logo-cetys-bn.png\" style=\"padding-right:30px; margin-right: 30px; border-right:2px solid #FFF;\" align=\"middle\">  13 de Abril  de 2020<\/td>\n<\/tr>\n<tr style=\" border:0px;\">\n<td bgcolor=\"#ffdd00\">&nbsp;<\/td>\n<td>&nbsp;<\/td>\n<\/tr>\n<tr style=\" border:0px;\">\n<td bgcolor=\"#ffdd00\">&nbsp;<\/td>\n<td style=\"padding:5px;\">\n<h1>Medios Nacionales<\/h1>\n<hr style=\"border-top: 2px solid #4c4747;\">\n<table width=\"100%\">\n<tr style=\"font-size:18px;\">\n<td width=\"60%\" align=\"left\" valign=\"top\" style=\"vertical-align: top;  border:0px; padding-bottom: 20px;\">\n                        <span><img loading=\"lazy\" decoding=\"async\" class=\"alignnone  wp-image-129964\" src=\"https:\/\/www.cetys.mx\/noticias\/wp-content\/uploads\/2019\/05\/el-imparcial-logo.png\" alt=\"\" width=\"368\" height=\"39\" \/> <\/span><br \/>\n                        <span style=\"font-size:20px;\"><b><a style=\"display: inline-block; padding-top:10px; color:#00a4e8;\" href=\"https:\/\/www.elimparcial.com\/estilos\/Desaparecera-el-saludo-de-abrazo-y-beso-por-coronavirus-20200406-0126.html\">\u00bfDesaparecer\u00e1 el saludo de abrazo y beso por coronavirus?<\/a><\/b><\/span><br \/>\n                        <span><br \/>\n                            Respecto a la forma de socializar, una vez superada la contingencia sanitaria, parte de la prevenci\u00f3n de enfermedades seguir\u00e1 siendo mantener una distancia prudente, analiza experta de CETYS.                        <\/span><\/p>\n<p>\n                          <a target=\"new\" href=\"https:\/\/www.facebook.com\/sharer\/sharer.php?u=https:\/\/www.elimparcial.com\/estilos\/Desaparecera-el-saludo-de-abrazo-y-beso-por-coronavirus-20200406-0126.html\"><img decoding=\"async\" src=\"https:\/\/www.cetys.mx\/noticias\/wp-content\/plugins\/sintesis-gen\/images\/share-fb-btn.png\"><\/a> <a href=\"https:\/\/twitter.com\/share?url=https:\/\/www.elimparcial.com\/estilos\/Desaparecera-el-saludo-de-abrazo-y-beso-por-coronavirus-20200406-0126.html&amp;text=\u00bfDesaparecer\u00e1 el saludo de abrazo y beso por coronavirus?\" target=\"_blank\"><br \/>\n                              <img decoding=\"async\" src=\"https:\/\/www.cetys.mx\/noticias\/wp-content\/plugins\/sintesis-gen\/images\/share-tw-btn.png\"><br \/>\n                          <\/a>\n                        <\/p>\n<\/td>\n<td>\n                                        <img decoding=\"async\" style=\"width:100%;\" src=\"https:\/\/www.cetys.mx\/noticias\/wp-content\/uploads\/2020\/04\/nuevas-formas.jpg\">\n                    <\/td>\n<\/tr>\n<tr style=\"font-size:18px;\">\n<td width=\"60%\" align=\"left\" valign=\"top\" style=\"vertical-align: top;  border:0px; padding-bottom: 20px;\">\n                        <span><img loading=\"lazy\" decoding=\"async\" class=\"alignnone  wp-image-142727\" src=\"https:\/\/www.cetys.mx\/noticias\/wp-content\/uploads\/2020\/04\/laboralia.png\" alt=\"\" width=\"266\" height=\"79\" \/> <\/span><br \/>\n                        <span style=\"font-size:20px;\"><b><a style=\"display: inline-block; padding-top:10px; color:#00a4e8;\" href=\"http:\/\/www.laboralia.mx\/que-pasaria-con-tu-empleo-ante-una-declaratoria-de-contingencia-sanitaria-en-mexico-por-coronavirus\/\">\u00bfQu\u00e9 pasar\u00eda con tu empleo ante una declaratoria de contingencia sanitaria en M\u00e9xico?<\/a><\/b><\/span><br \/>\n                        <span><br \/>\n                            Es fundamental generar una proyecci\u00f3n de los diferentes escenarios laborales ante los cuales tanto empleados como empleadores pueden enfrentarse en medio de la contingencia por el COVID-19, indic\u00f3 la Mtra. Bianca Barcel\u00f3 Sandoval, Directora de la Escuela de Derecho de CETYS Universidad Campus Mexicali.                        <\/span><\/p>\n<p>\n                          <a target=\"new\" href=\"https:\/\/www.facebook.com\/sharer\/sharer.php?u=http:\/\/www.laboralia.mx\/que-pasaria-con-tu-empleo-ante-una-declaratoria-de-contingencia-sanitaria-en-mexico-por-coronavirus\/\"><img decoding=\"async\" src=\"https:\/\/www.cetys.mx\/noticias\/wp-content\/plugins\/sintesis-gen\/images\/share-fb-btn.png\"><\/a> <a href=\"https:\/\/twitter.com\/share?url=http:\/\/www.laboralia.mx\/que-pasaria-con-tu-empleo-ante-una-declaratoria-de-contingencia-sanitaria-en-mexico-por-coronavirus\/&amp;text=\u00bfQu\u00e9 pasar\u00eda con tu empleo ante una declaratoria de contingencia sanitaria en M\u00e9xico?\" target=\"_blank\"><br \/>\n                              <img decoding=\"async\" src=\"https:\/\/www.cetys.mx\/noticias\/wp-content\/plugins\/sintesis-gen\/images\/share-tw-btn.png\"><br \/>\n                          <\/a>\n                        <\/p>\n<\/td>\n<td>\n                                        <img decoding=\"async\" style=\"width:100%;\" src=\"https:\/\/www.cetys.mx\/noticias\/wp-content\/uploads\/2018\/11\/EMPLEOS.png\">\n                    <\/td>\n<\/tr>\n<tr style=\"font-size:18px;\">\n<td width=\"60%\" align=\"left\" valign=\"top\" style=\"vertical-align: top;  border:0px; padding-bottom: 20px;\">\n                        <span><img loading=\"lazy\" decoding=\"async\" class=\"alignnone  wp-image-129964\" src=\"https:\/\/www.cetys.mx\/noticias\/wp-content\/uploads\/2019\/05\/el-imparcial-logo.png\" alt=\"\" width=\"368\" height=\"39\" \/> <\/span><br \/>\n                        <span style=\"font-size:20px;\"><b><a style=\"display: inline-block; padding-top:10px; color:#00a4e8;\" href=\"https:\/\/www.elimparcial.com\/dinero\/Lo-que-debes-saber-de-la-Emergencia-Sanitaria-y-las-implicaciones-en-tu-trabajo-20200408-0059.html\">Lo que debes saber de la Emergencia Sanitaria y las implicaciones en tu trabajo<\/a><\/b><\/span><br \/>\n                        <span><br \/>\n                            Se debe precisar que la Declaratoria de Contingencia Sanitaria no se ha decretado a\u00fan, explic\u00f3 la Mtra. Bianca Barcel\u00f3, Directora de la Escuela de Derecho de CETYS Universidad Campus Mexicali.                        <\/span><\/p>\n<p>\n                          <a target=\"new\" href=\"https:\/\/www.facebook.com\/sharer\/sharer.php?u=https:\/\/www.elimparcial.com\/dinero\/Lo-que-debes-saber-de-la-Emergencia-Sanitaria-y-las-implicaciones-en-tu-trabajo-20200408-0059.html\"><img decoding=\"async\" src=\"https:\/\/www.cetys.mx\/noticias\/wp-content\/plugins\/sintesis-gen\/images\/share-fb-btn.png\"><\/a> <a href=\"https:\/\/twitter.com\/share?url=https:\/\/www.elimparcial.com\/dinero\/Lo-que-debes-saber-de-la-Emergencia-Sanitaria-y-las-implicaciones-en-tu-trabajo-20200408-0059.html&amp;text=Lo que debes saber de la Emergencia Sanitaria y las implicaciones en tu trabajo\" target=\"_blank\"><br \/>\n                              <img decoding=\"async\" src=\"https:\/\/www.cetys.mx\/noticias\/wp-content\/plugins\/sintesis-gen\/images\/share-tw-btn.png\"><br \/>\n                          <\/a>\n                        <\/p>\n<\/td>\n<td>\n                                        <img decoding=\"async\" style=\"width:100%;\" src=\"https:\/\/www.cetys.mx\/noticias\/wp-content\/uploads\/2020\/04\/emergencia-sanitaria.jpg\">\n                    <\/td>\n<\/tr>\n<tr style=\"font-size:18px;\">\n<td width=\"60%\" align=\"left\" valign=\"top\" style=\"vertical-align: top;  border:0px; padding-bottom: 20px;\">\n                        <span><font style=\"font-size:18px; margin-left:15px;\">Mi Ambiente<\/font> <\/span><br \/>\n                        <span style=\"font-size:20px;\"><b><a style=\"display: inline-block; padding-top:10px; color:#00a4e8;\" href=\"http:\/\/www.miambiente.com.mx\/general\/requieren-empresas-de-empatia-social-para-mitigar-violencia\/\">Requieren empresas de empat\u00eda social para mitigar violencia<\/a><\/b><\/span><br \/>\n                        <span><br \/>\n                            Eduardo Durazo Watanabe, coordinador de la Maestr\u00eda en Administraci\u00f3n de Negocios CETYS, campus Ensenada, Baja California, expres\u00f3 que las grandes empresas se perciben como un ente lejano del ciudadano y del p\u00e1nico social, sin embargo, tienen gran interrelaci\u00f3n al coronavirus (Covid-19) al ser los sujetos proveedores de insumos.                        <\/span><\/p>\n<p>\n                          <a target=\"new\" href=\"https:\/\/www.facebook.com\/sharer\/sharer.php?u=http:\/\/www.miambiente.com.mx\/general\/requieren-empresas-de-empatia-social-para-mitigar-violencia\/\"><img decoding=\"async\" src=\"https:\/\/www.cetys.mx\/noticias\/wp-content\/plugins\/sintesis-gen\/images\/share-fb-btn.png\"><\/a> <a href=\"https:\/\/twitter.com\/share?url=http:\/\/www.miambiente.com.mx\/general\/requieren-empresas-de-empatia-social-para-mitigar-violencia\/&amp;text=Requieren empresas de empat\u00eda social para mitigar violencia\" target=\"_blank\"><br \/>\n                              <img decoding=\"async\" src=\"https:\/\/www.cetys.mx\/noticias\/wp-content\/plugins\/sintesis-gen\/images\/share-tw-btn.png\"><br \/>\n                          <\/a>\n                        <\/p>\n<\/td>\n<td>\n                                        <img decoding=\"async\" style=\"width:100%;\" src=\"https:\/\/www.cetys.mx\/noticias\/wp-content\/uploads\/2020\/04\/Mi-ambiente.png\">\n                    <\/td>\n<\/tr>\n<tr style=\"font-size:18px;\">\n<td width=\"60%\" align=\"left\" valign=\"top\" style=\"vertical-align: top;  border:0px; padding-bottom: 20px;\">\n                        <span><img loading=\"lazy\" decoding=\"async\" class=\" wp-image-120482 alignleft\" src=\"https:\/\/www.cetys.mx\/noticias\/wp-content\/uploads\/2018\/10\/newsweek.jpg\" alt=\"\" width=\"199\" height=\"50\" \/> <\/span><br \/>\n                        <span style=\"font-size:20px;\"><b><a style=\"display: inline-block; padding-top:10px; color:#00a4e8;\" href=\"https:\/\/newsweekespanol.com\/2020\/04\/parques-industriales-espacios-que-favorecen-la-inversion-extranjera\/\">Parques industriales espacios que favorecen la inversion extranjera<\/a><\/b><\/span><br \/>\n                        <span><br \/>\n                            La ciudad cuenta con universidades p\u00fablicas y privadas que ofrecen ingenier\u00edas, como la Universidad Aut\u00f3noma de Baja California, el Instituto Tecnol\u00f3gico de Tijuana y CETYS Universidad                        <\/span><\/p>\n<p>\n                          <a target=\"new\" href=\"https:\/\/www.facebook.com\/sharer\/sharer.php?u=https:\/\/newsweekespanol.com\/2020\/04\/parques-industriales-espacios-que-favorecen-la-inversion-extranjera\/\"><img decoding=\"async\" src=\"https:\/\/www.cetys.mx\/noticias\/wp-content\/plugins\/sintesis-gen\/images\/share-fb-btn.png\"><\/a> <a href=\"https:\/\/twitter.com\/share?url=https:\/\/newsweekespanol.com\/2020\/04\/parques-industriales-espacios-que-favorecen-la-inversion-extranjera\/&amp;text=Parques industriales espacios que favorecen la inversion extranjera\" target=\"_blank\"><br \/>\n                              <img decoding=\"async\" src=\"https:\/\/www.cetys.mx\/noticias\/wp-content\/plugins\/sintesis-gen\/images\/share-tw-btn.png\"><br \/>\n                          <\/a>\n                        <\/p>\n<\/td>\n<td>\n                                        <img decoding=\"async\" style=\"width:100%;\" src=\"https:\/\/www.cetys.mx\/noticias\/wp-content\/uploads\/2020\/04\/parques-industriales-4-scaled.jpg\">\n                    <\/td>\n<\/tr>\n<\/table>\n<h1>Mexicali<\/h1>\n<hr style=\"border-top: 2px solid #4c4747;\">\n<table width=\"100%\">\n<tr style=\"font-size:18px;\">\n<td width=\"60%\" align=\"left\" valign=\"top\" style=\"vertical-align: top;  border:0px; padding-bottom: 20px;\">\n                        <span><img loading=\"lazy\" decoding=\"async\" class=\"alignnone size-full wp-image-112921\" src=\"https:\/\/www.cetys.mx\/noticias\/wp-content\/uploads\/2018\/05\/logolavoz.png\" alt=\"\" width=\"140\" height=\"65\" \/> <\/span><br \/>\n                        <span style=\"font-size:20px;\"><b><a style=\"display: inline-block; padding-top:10px; color:#00a4e8;\" href=\"https:\/\/www.lavozdelafrontera.com.mx\/local\/alumnos-donaron-insumos-medicos-para-proteccion-del-covid-19-5067566.html\">Alumnos donaron insumos m\u00e9dicos para protecci\u00f3n del Covid-19<\/a><\/b><\/span><br \/>\n                        <span><br \/>\n                            Estudiantes del CETYS buscan que el personal de Cruz Roja y Brigada del Sol realicen su labor en mejores condiciones sanitarias.                        <\/span><\/p>\n<p>\n                          <a target=\"new\" href=\"https:\/\/www.facebook.com\/sharer\/sharer.php?u=https:\/\/www.lavozdelafrontera.com.mx\/local\/alumnos-donaron-insumos-medicos-para-proteccion-del-covid-19-5067566.html\"><img decoding=\"async\" src=\"https:\/\/www.cetys.mx\/noticias\/wp-content\/plugins\/sintesis-gen\/images\/share-fb-btn.png\"><\/a> <a href=\"https:\/\/twitter.com\/share?url=https:\/\/www.lavozdelafrontera.com.mx\/local\/alumnos-donaron-insumos-medicos-para-proteccion-del-covid-19-5067566.html&amp;text=Alumnos donaron insumos m\u00e9dicos para protecci\u00f3n del Covid-19\" target=\"_blank\"><br \/>\n                              <img decoding=\"async\" src=\"https:\/\/www.cetys.mx\/noticias\/wp-content\/plugins\/sintesis-gen\/images\/share-tw-btn.png\"><br \/>\n                          <\/a>\n                        <\/p>\n<\/td>\n<td>\n                                        <img decoding=\"async\" style=\"width:100%;\" src=\"https:\/\/www.cetys.mx\/noticias\/wp-content\/uploads\/2020\/04\/brigdaparaportal1.jpg\">\n                    <\/td>\n<\/tr>\n<tr style=\"font-size:18px;\">\n<td width=\"60%\" align=\"left\" valign=\"top\" style=\"vertical-align: top;  border:0px; padding-bottom: 20px;\">\n                        <span><img loading=\"lazy\" decoding=\"async\" src=\"https:\/\/www.cetys.mx\/noticias\/wp-content\/uploads\/2018\/05\/la-cronica.jpg\" alt=\"\" width=\"140\" height=\"65\" \/> <\/span><br \/>\n                        <span style=\"font-size:20px;\"><b><a style=\"display: inline-block; padding-top:10px; color:#00a4e8;\" href=\"https:\/\/www.elimparcial.com\/mexicali\/mexicali\/Donan-insumos-medicos-a-Cruz-Roja-y-a-grupo-de-rescate-Brigada-del-Sol-20200403-0012.html\">Donan insumos m\u00e9dicos a Cruz Roja y a grupo de rescate Brigada del Sol<\/a><\/b><\/span><br \/>\n                        <span><br \/>\n                            El donativo realizado por los estudiantes de CETYS const\u00f3 de insumos m\u00e9dicos con valor de 50 mil pesos, entre los que se contaron guantes, cubrezapatos y cubrebocas.                        <\/span><\/p>\n<p>\n                          <a target=\"new\" href=\"https:\/\/www.facebook.com\/sharer\/sharer.php?u=https:\/\/www.elimparcial.com\/mexicali\/mexicali\/Donan-insumos-medicos-a-Cruz-Roja-y-a-grupo-de-rescate-Brigada-del-Sol-20200403-0012.html\"><img decoding=\"async\" src=\"https:\/\/www.cetys.mx\/noticias\/wp-content\/plugins\/sintesis-gen\/images\/share-fb-btn.png\"><\/a> <a href=\"https:\/\/twitter.com\/share?url=https:\/\/www.elimparcial.com\/mexicali\/mexicali\/Donan-insumos-medicos-a-Cruz-Roja-y-a-grupo-de-rescate-Brigada-del-Sol-20200403-0012.html&amp;text=Donan insumos m\u00e9dicos a Cruz Roja y a grupo de rescate Brigada del Sol\" target=\"_blank\"><br \/>\n                              <img decoding=\"async\" src=\"https:\/\/www.cetys.mx\/noticias\/wp-content\/plugins\/sintesis-gen\/images\/share-tw-btn.png\"><br \/>\n                          <\/a>\n                        <\/p>\n<\/td>\n<td>\n                                        <img decoding=\"async\" style=\"width:100%;\" src=\"https:\/\/www.cetys.mx\/noticias\/wp-content\/uploads\/2020\/04\/Foto-3-entrega-donativo.jpg\">\n                    <\/td>\n<\/tr>\n<tr style=\"font-size:18px;\">\n<td width=\"60%\" align=\"left\" valign=\"top\" style=\"vertical-align: top;  border:0px; padding-bottom: 20px;\">\n                        <span><img loading=\"lazy\" decoding=\"async\" src=\"https:\/\/www.cetys.mx\/noticias\/wp-content\/uploads\/2018\/05\/el-cachanilla.jpg\" alt=\"\" width=\"140\" height=\"56\" \/> <\/span><br \/>\n                        <span style=\"font-size:20px;\"><b><a style=\"display: inline-block; padding-top:10px; color:#00a4e8;\" href=\"https:\/\/www.eldiariodemexico.com\/elcachanilla\/donan-estudiantes-insumos-medicos-a-cruz-roja-y-al-grupo-de-rescate-brigada-del-sol\">Donan estudiantes insumos m\u00e9dicos a Cruz Roja y al grupo de Rescate Brigada del Sol<\/a><\/b><\/span><br \/>\n                        <span><br \/>\n                            Estudiantes de CETYS Universidad Campus Mexicali realizaron un donativo de insumos m\u00e9dicos a la Cruz Roja Mexicana y al grupo de rescate Brigada del Sol, que const\u00f3 de insumos m\u00e9dicos con valor de 50 mil pesos, entre los que se contaron guantes, cubrezapatos y cubrebocas.                        <\/span><\/p>\n<p>\n                          <a target=\"new\" href=\"https:\/\/www.facebook.com\/sharer\/sharer.php?u=https:\/\/www.eldiariodemexico.com\/elcachanilla\/donan-estudiantes-insumos-medicos-a-cruz-roja-y-al-grupo-de-rescate-brigada-del-sol\"><img decoding=\"async\" src=\"https:\/\/www.cetys.mx\/noticias\/wp-content\/plugins\/sintesis-gen\/images\/share-fb-btn.png\"><\/a> <a href=\"https:\/\/twitter.com\/share?url=https:\/\/www.eldiariodemexico.com\/elcachanilla\/donan-estudiantes-insumos-medicos-a-cruz-roja-y-al-grupo-de-rescate-brigada-del-sol&amp;text=Donan estudiantes insumos m\u00e9dicos a Cruz Roja y al grupo de Rescate Brigada del Sol\" target=\"_blank\"><br \/>\n                              <img decoding=\"async\" src=\"https:\/\/www.cetys.mx\/noticias\/wp-content\/plugins\/sintesis-gen\/images\/share-tw-btn.png\"><br \/>\n                          <\/a>\n                        <\/p>\n<\/td>\n<td>\n                                        <img decoding=\"async\" style=\"width:100%;\" src=\"https:\/\/www.cetys.mx\/noticias\/wp-content\/uploads\/2020\/04\/Foto-1-entrega.jpg\">\n                    <\/td>\n<\/tr>\n<tr style=\"font-size:18px;\">\n<td width=\"60%\" align=\"left\" valign=\"top\" style=\"vertical-align: top;  border:0px; padding-bottom: 20px;\">\n                        <span><img loading=\"lazy\" decoding=\"async\" class=\"alignnone  wp-image-142593\" src=\"https:\/\/www.cetys.mx\/noticias\/wp-content\/uploads\/2020\/04\/logo-unico.png\" alt=\"\" width=\"165\" height=\"56\" \/> <\/span><br \/>\n                        <span style=\"font-size:20px;\"><b><a style=\"display: inline-block; padding-top:10px; color:#00a4e8;\" href=\"https:\/\/unicobc.com.mx\/vamos-a-empezar-a-tener-nuevas-reglas-sociales\/\">Vamos a empezar a tener nuevas reglas sociales<\/a><\/b><\/span><br \/>\n                        <span><br \/>\n                            La pandemia podr\u00eda dar pie a cambios que pueden llegar a ser dr\u00e1sticos y muy notorios, explic\u00f3 la Mtra. Iv\u00f3n Guerrero Ceballos, Directora de la Escuela de Psicolog\u00eda de CETYS Universidad Campus Mexicali.                         <\/span><\/p>\n<p>\n                          <a target=\"new\" href=\"https:\/\/www.facebook.com\/sharer\/sharer.php?u=https:\/\/unicobc.com.mx\/vamos-a-empezar-a-tener-nuevas-reglas-sociales\/\"><img decoding=\"async\" src=\"https:\/\/www.cetys.mx\/noticias\/wp-content\/plugins\/sintesis-gen\/images\/share-fb-btn.png\"><\/a> <a href=\"https:\/\/twitter.com\/share?url=https:\/\/unicobc.com.mx\/vamos-a-empezar-a-tener-nuevas-reglas-sociales\/&amp;text=Vamos a empezar a tener nuevas reglas sociales\" target=\"_blank\"><br \/>\n                              <img decoding=\"async\" src=\"https:\/\/www.cetys.mx\/noticias\/wp-content\/plugins\/sintesis-gen\/images\/share-tw-btn.png\"><br \/>\n                          <\/a>\n                        <\/p>\n<\/td>\n<td>\n                                        <img decoding=\"async\" style=\"width:100%;\" src=\"https:\/\/www.cetys.mx\/noticias\/wp-content\/uploads\/2020\/04\/nuevas-formas.jpg\">\n                    <\/td>\n<\/tr>\n<tr style=\"font-size:18px;\">\n<td width=\"60%\" align=\"left\" valign=\"top\" style=\"vertical-align: top;  border:0px; padding-bottom: 20px;\">\n                        <span><img loading=\"lazy\" decoding=\"async\" src=\"https:\/\/www.cetys.mx\/noticias\/wp-content\/uploads\/2018\/05\/el-cachanilla.jpg\" alt=\"\" width=\"140\" height=\"56\" \/> <\/span><br \/>\n                        <span style=\"font-size:20px;\"><b><a style=\"display: inline-block; padding-top:10px; color:#00a4e8;\" href=\"https:\/\/www.eldiariodemexico.com\/elcachanilla\/generara-la-pandemia-nuevas-formas-y-convenciones-sociales\">\u00bfGenerar\u00e1 la pandemia nuevas formas y convenciones sociales?<\/a><\/b><\/span><br \/>\n                        <span><br \/>\n                            Una vez superados el peligro de contagio y la cuarentena, nuestras sociedades podr\u00edan experimentar cambios que modificar\u00e1n la forma en la que nos relacionamos, analiza experta de CETYS.                        <\/span><\/p>\n<p>\n                          <a target=\"new\" href=\"https:\/\/www.facebook.com\/sharer\/sharer.php?u=https:\/\/www.eldiariodemexico.com\/elcachanilla\/generara-la-pandemia-nuevas-formas-y-convenciones-sociales\"><img decoding=\"async\" src=\"https:\/\/www.cetys.mx\/noticias\/wp-content\/plugins\/sintesis-gen\/images\/share-fb-btn.png\"><\/a> <a href=\"https:\/\/twitter.com\/share?url=https:\/\/www.eldiariodemexico.com\/elcachanilla\/generara-la-pandemia-nuevas-formas-y-convenciones-sociales&amp;text=\u00bfGenerar\u00e1 la pandemia nuevas formas y convenciones sociales?\" target=\"_blank\"><br \/>\n                              <img decoding=\"async\" src=\"https:\/\/www.cetys.mx\/noticias\/wp-content\/plugins\/sintesis-gen\/images\/share-tw-btn.png\"><br \/>\n                          <\/a>\n                        <\/p>\n<\/td>\n<td>\n                                        <img decoding=\"async\" style=\"width:100%;\" src=\"https:\/\/www.cetys.mx\/noticias\/wp-content\/uploads\/2020\/04\/nuevas-formas.jpg\">\n                    <\/td>\n<\/tr>\n<tr style=\"font-size:18px;\">\n<td width=\"60%\" align=\"left\" valign=\"top\" style=\"vertical-align: top;  border:0px; padding-bottom: 20px;\">\n                        <span><img loading=\"lazy\" decoding=\"async\" class=\"alignnone size-full wp-image-112903\" src=\"https:\/\/www.cetys.mx\/noticias\/wp-content\/uploads\/2018\/05\/El-mexicano.png\" alt=\"\" width=\"140\" height=\"56\" \/> <\/span><br \/>\n                        <span style=\"font-size:20px;\"><b><a style=\"display: inline-block; padding-top:10px; color:#00a4e8;\" href=\"https:\/\/www.cetys.mx\/noticias\/falto-claridad-juridica-de-la-emergencia-sanitaria\/\">Falt\u00f3 claridad jur\u00eddica de la emergencia sanitaria<\/a><\/b><\/span><br \/>\n                        <span><br \/>\n                            Se debe precisar que la Declaratoria de Contingencia Sanitaria no se ha realizado a\u00fan, explica la Mtra. Bianca Barcel\u00f3, Directora de la Escuela de Derecho de CETYS Universidad Campus Mexicali.                        <\/span><\/p>\n<p>\n                          <a target=\"new\" href=\"https:\/\/www.facebook.com\/sharer\/sharer.php?u=https:\/\/www.cetys.mx\/noticias\/falto-claridad-juridica-de-la-emergencia-sanitaria\/\"><img decoding=\"async\" src=\"https:\/\/www.cetys.mx\/noticias\/wp-content\/plugins\/sintesis-gen\/images\/share-fb-btn.png\"><\/a> <a href=\"https:\/\/twitter.com\/share?url=https:\/\/www.cetys.mx\/noticias\/falto-claridad-juridica-de-la-emergencia-sanitaria\/&amp;text=Falt\u00f3 claridad jur\u00eddica de la emergencia sanitaria\" target=\"_blank\"><br \/>\n                              <img decoding=\"async\" src=\"https:\/\/www.cetys.mx\/noticias\/wp-content\/plugins\/sintesis-gen\/images\/share-tw-btn.png\"><br \/>\n                          <\/a>\n                        <\/p>\n<\/td>\n<td>\n                                        <img decoding=\"async\" style=\"width:100%;\" src=\"https:\/\/www.cetys.mx\/noticias\/wp-content\/uploads\/2020\/04\/emergencia-sanitaria.jpg\">\n                    <\/td>\n<\/tr>\n<tr style=\"font-size:18px;\">\n<td width=\"60%\" align=\"left\" valign=\"top\" style=\"vertical-align: top;  border:0px; padding-bottom: 20px;\">\n                        <span><img loading=\"lazy\" decoding=\"async\" class=\"alignnone  wp-image-142593\" src=\"https:\/\/www.cetys.mx\/noticias\/wp-content\/uploads\/2020\/04\/logo-unico.png\" alt=\"\" width=\"165\" height=\"56\" \/> <\/span><br \/>\n                        <span style=\"font-size:20px;\"><b><a style=\"display: inline-block; padding-top:10px; color:#00a4e8;\" href=\"https:\/\/unicobc.com.mx\/las-consecuencias-legales-de-la-declaratoria-de-contingencia-sanitaria\/\">Las consecuencias legales de la declaratoria de contingencia sanitaria<\/a><\/b><\/span><br \/>\n                        <span><br \/>\n                            Se debe precisar que la Declaratoria de Contingencia Sanitaria no se ha decretado a\u00fan. Muchos expertos abogados en materia laboral esperaban que la autoridad lo hiciera el 30 de marzo pasado, ya que ese es el mecanismo que los legisladores a\u00f1adieron en la reforma a la ley laboral de 2012, explic\u00f3 la Mtra. Bianca Barcel\u00f3 Sandoval, Directora de la Escuela de Derecho de CETYS Universidad Campus Mexicali.                         <\/span><\/p>\n<p>\n                          <a target=\"new\" href=\"https:\/\/www.facebook.com\/sharer\/sharer.php?u=https:\/\/unicobc.com.mx\/las-consecuencias-legales-de-la-declaratoria-de-contingencia-sanitaria\/\"><img decoding=\"async\" src=\"https:\/\/www.cetys.mx\/noticias\/wp-content\/plugins\/sintesis-gen\/images\/share-fb-btn.png\"><\/a> <a href=\"https:\/\/twitter.com\/share?url=https:\/\/unicobc.com.mx\/las-consecuencias-legales-de-la-declaratoria-de-contingencia-sanitaria\/&amp;text=Las consecuencias legales de la declaratoria de contingencia sanitaria\" target=\"_blank\"><br \/>\n                              <img decoding=\"async\" src=\"https:\/\/www.cetys.mx\/noticias\/wp-content\/plugins\/sintesis-gen\/images\/share-tw-btn.png\"><br \/>\n                          <\/a>\n                        <\/p>\n<\/td>\n<td>\n                                        <img decoding=\"async\" style=\"width:100%;\" src=\"https:\/\/www.cetys.mx\/noticias\/wp-content\/uploads\/2020\/04\/emergencia-sanitaria.jpg\">\n                    <\/td>\n<\/tr>\n<tr style=\"font-size:18px;\">\n<td width=\"60%\" align=\"left\" valign=\"top\" style=\"vertical-align: top;  border:0px; padding-bottom: 20px;\">\n                        <span><img loading=\"lazy\" decoding=\"async\" src=\"https:\/\/www.cetys.mx\/noticias\/wp-content\/uploads\/2018\/05\/el-cachanilla.jpg\" alt=\"\" width=\"140\" height=\"56\" \/> <\/span><br \/>\n                        <span style=\"font-size:20px;\"><b><a style=\"display: inline-block; padding-top:10px; color:#00a4e8;\" href=\"https:\/\/www.eldiariodemexico.com\/elcachanilla\/emergencia-sanitaria-tiene-implicaciones-distintas-a-la-declaratoria-de-contingencia-sanitaria-estipulada-en-la-lft\">Emergencia sanitaria tiene implicaciones distintas a la declaratoria de contingencia sanitaria estipulada en la LFT<\/a><\/b><\/span><br \/>\n                        <span><br \/>\n                            En M\u00e9xico a\u00fan no se ha emitido la Declaratoria de Contingencia Sanitaria que contempla la ley. El pasado 30 de marzo se public\u00f3 una Declaratoria de Emergencia Sanitaria, que tiene consecuencias legales distintas para empleados y empleadores, explic\u00f3 la Mtra. Bianca Barcel\u00f3, Directora de la Escuela de Derecho de CETYS Universidad Campus Mexicali.                        <\/span><\/p>\n<p>\n                          <a target=\"new\" href=\"https:\/\/www.facebook.com\/sharer\/sharer.php?u=https:\/\/www.eldiariodemexico.com\/elcachanilla\/emergencia-sanitaria-tiene-implicaciones-distintas-a-la-declaratoria-de-contingencia-sanitaria-estipulada-en-la-lft\"><img decoding=\"async\" src=\"https:\/\/www.cetys.mx\/noticias\/wp-content\/plugins\/sintesis-gen\/images\/share-fb-btn.png\"><\/a> <a href=\"https:\/\/twitter.com\/share?url=https:\/\/www.eldiariodemexico.com\/elcachanilla\/emergencia-sanitaria-tiene-implicaciones-distintas-a-la-declaratoria-de-contingencia-sanitaria-estipulada-en-la-lft&amp;text=Emergencia sanitaria tiene implicaciones distintas a la declaratoria de contingencia sanitaria estipulada en la LFT\" target=\"_blank\"><br \/>\n                              <img decoding=\"async\" src=\"https:\/\/www.cetys.mx\/noticias\/wp-content\/plugins\/sintesis-gen\/images\/share-tw-btn.png\"><br \/>\n                          <\/a>\n                        <\/p>\n<\/td>\n<td>\n                                        <img decoding=\"async\" style=\"width:100%;\" src=\"https:\/\/www.cetys.mx\/noticias\/wp-content\/uploads\/2020\/04\/emergencia-sanitaria.jpg\">\n                    <\/td>\n<\/tr>\n<tr style=\"font-size:18px;\">\n<td width=\"60%\" align=\"left\" valign=\"top\" style=\"vertical-align: top;  border:0px; padding-bottom: 20px;\">\n                        <span><img loading=\"lazy\" decoding=\"async\" class=\" wp-image-118266 alignleft\" src=\"https:\/\/www.cetys.mx\/noticias\/wp-content\/uploads\/2018\/09\/logo_uniradio.png\" alt=\"\" width=\"155\" height=\"47\" \/> <\/span><br \/>\n                        <span style=\"font-size:20px;\"><b><a style=\"display: inline-block; padding-top:10px; color:#00a4e8;\" href=\"https:\/\/www.uniradioinforma.com\/noticias\/coronavirus\/596704\/emergencia-sanitaria-distinta-a-declaratoria-de-contingencia-sanitaria.html\">Emergencia sanitaria distinta a declaratoria de contingencia sanitaria<\/a><\/b><\/span><br \/>\n                        <span><br \/>\n                            En M\u00e9xico a\u00fan no se ha emitido la Declaratoria de Contingencia Sanitaria que contempla la ley. El pasado 30 de marzo se public\u00f3 una Declaratoria de Emergencia Sanitaria, que tiene consecuencias legales distintas para empleados y empleadores, explic\u00f3 la Mtra. Bianca Barcel\u00f3, Directora de la Escuela de Derecho de CETYS Universidad Campus Mexicali.                        <\/span><\/p>\n<p>\n                          <a target=\"new\" href=\"https:\/\/www.facebook.com\/sharer\/sharer.php?u=https:\/\/www.uniradioinforma.com\/noticias\/coronavirus\/596704\/emergencia-sanitaria-distinta-a-declaratoria-de-contingencia-sanitaria.html\"><img decoding=\"async\" src=\"https:\/\/www.cetys.mx\/noticias\/wp-content\/plugins\/sintesis-gen\/images\/share-fb-btn.png\"><\/a> <a href=\"https:\/\/twitter.com\/share?url=https:\/\/www.uniradioinforma.com\/noticias\/coronavirus\/596704\/emergencia-sanitaria-distinta-a-declaratoria-de-contingencia-sanitaria.html&amp;text=Emergencia sanitaria distinta a declaratoria de contingencia sanitaria\" target=\"_blank\"><br \/>\n                              <img decoding=\"async\" src=\"https:\/\/www.cetys.mx\/noticias\/wp-content\/plugins\/sintesis-gen\/images\/share-tw-btn.png\"><br \/>\n                          <\/a>\n                        <\/p>\n<\/td>\n<td>\n                                        <img decoding=\"async\" style=\"width:100%;\" src=\"https:\/\/www.cetys.mx\/noticias\/wp-content\/uploads\/2020\/04\/emergencia-sanitaria.jpg\">\n                    <\/td>\n<\/tr>\n<tr style=\"font-size:18px;\">\n<td width=\"60%\" align=\"left\" valign=\"top\" style=\"vertical-align: top;  border:0px; padding-bottom: 20px;\">\n                        <span><img loading=\"lazy\" decoding=\"async\" class=\"alignnone size-full wp-image-112921\" src=\"https:\/\/www.cetys.mx\/noticias\/wp-content\/uploads\/2018\/05\/logolavoz.png\" alt=\"\" width=\"140\" height=\"65\" \/> <\/span><br \/>\n                        <span style=\"font-size:20px;\"><b><a style=\"display: inline-block; padding-top:10px; color:#00a4e8;\" href=\"https:\/\/www.lavozdelafrontera.com.mx\/doble-via\/inteligencia-artificial-pronostico-la-propagacion-del-covid-19-5055775.html\">Inteligencia artificial pronostic\u00f3 la propagaci\u00f3n del COVID-19<\/a><\/b><\/span><br \/>\n                        <span><br \/>\n                            La coordinadora de la Licenciatura en Inteligencia de Negocios e Innovaci\u00f3n del CETYS Universidad, Michelle Lazcano, destac\u00f3 que la existencia, el acceso y el buen manejo de los datos recabados por la IA son pieza clave cuando de pronosticar y prevenir la propagaci\u00f3n de esta y otras enfermedades se trata.                        <\/span><\/p>\n<p>\n                          <a target=\"new\" href=\"https:\/\/www.facebook.com\/sharer\/sharer.php?u=https:\/\/www.lavozdelafrontera.com.mx\/doble-via\/inteligencia-artificial-pronostico-la-propagacion-del-covid-19-5055775.html\"><img decoding=\"async\" src=\"https:\/\/www.cetys.mx\/noticias\/wp-content\/plugins\/sintesis-gen\/images\/share-fb-btn.png\"><\/a> <a href=\"https:\/\/twitter.com\/share?url=https:\/\/www.lavozdelafrontera.com.mx\/doble-via\/inteligencia-artificial-pronostico-la-propagacion-del-covid-19-5055775.html&amp;text=Inteligencia artificial pronostic\u00f3 la propagaci\u00f3n del COVID-19\" target=\"_blank\"><br \/>\n                              <img decoding=\"async\" src=\"https:\/\/www.cetys.mx\/noticias\/wp-content\/plugins\/sintesis-gen\/images\/share-tw-btn.png\"><br \/>\n                          <\/a>\n                        <\/p>\n<\/td>\n<td>\n                                        <img decoding=\"async\" style=\"width:100%;\" src=\"https:\/\/www.cetys.mx\/noticias\/wp-content\/uploads\/2020\/04\/IA.jpg\">\n                    <\/td>\n<\/tr>\n<tr style=\"font-size:18px;\">\n<td width=\"60%\" align=\"left\" valign=\"top\" style=\"vertical-align: top;  border:0px; padding-bottom: 20px;\">\n                        <span><img loading=\"lazy\" decoding=\"async\" src=\"https:\/\/www.cetys.mx\/noticias\/wp-content\/uploads\/2018\/05\/la-cronica.jpg\" alt=\"\" width=\"140\" height=\"65\" \/> <\/span><br \/>\n                        <span style=\"font-size:20px;\"><b><a style=\"display: inline-block; padding-top:10px; color:#00a4e8;\" href=\"https:\/\/www.elimparcial.com\/mexicali\/mexicali\/Cumple-atletismo-de-Cetys-20200408-0004.html\">Cumple atletismo de CETYS<\/a><\/b><\/span><br \/>\n                        <span><br \/>\n                            Los atletas de CETYS Universidad alcanzaron 9 medallas en los campeonatos nacionales de la CONADEIP.                        <\/span><\/p>\n<p>\n                          <a target=\"new\" href=\"https:\/\/www.facebook.com\/sharer\/sharer.php?u=https:\/\/www.elimparcial.com\/mexicali\/mexicali\/Cumple-atletismo-de-Cetys-20200408-0004.html\"><img decoding=\"async\" src=\"https:\/\/www.cetys.mx\/noticias\/wp-content\/plugins\/sintesis-gen\/images\/share-fb-btn.png\"><\/a> <a href=\"https:\/\/twitter.com\/share?url=https:\/\/www.elimparcial.com\/mexicali\/mexicali\/Cumple-atletismo-de-Cetys-20200408-0004.html&amp;text=Cumple atletismo de CETYS\" target=\"_blank\"><br \/>\n                              <img decoding=\"async\" src=\"https:\/\/www.cetys.mx\/noticias\/wp-content\/plugins\/sintesis-gen\/images\/share-tw-btn.png\"><br \/>\n                          <\/a>\n                        <\/p>\n<\/td>\n<td>\n                                        <img decoding=\"async\" style=\"width:100%;\" src=\"https:\/\/www.cetys.mx\/noticias\/wp-content\/uploads\/2020\/04\/03_KarenMontes.jpg\">\n                    <\/td>\n<\/tr>\n<tr style=\"font-size:18px;\">\n<td width=\"60%\" align=\"left\" valign=\"top\" style=\"vertical-align: top;  border:0px; padding-bottom: 20px;\">\n                        <span><img loading=\"lazy\" decoding=\"async\" class=\"alignnone size-full wp-image-112921\" src=\"https:\/\/www.cetys.mx\/noticias\/wp-content\/uploads\/2018\/05\/logolavoz.png\" alt=\"\" width=\"140\" height=\"65\" \/> <\/span><br \/>\n                        <span style=\"font-size:20px;\"><b><a style=\"display: inline-block; padding-top:10px; color:#00a4e8;\" href=\"https:\/\/www.lavozdelafrontera.com.mx\/deportes\/salieron-con-buenos-dividendos-5073706.html\">Salieron con buenos dividendos<\/a><\/b><\/span><br \/>\n                        <span><br \/>\n                            Antes del par\u00f3n deportivo, los atletas del CETYS campus Mexicali regresaron con nueve medallas del Nacional de Atletismo.                        <\/span><\/p>\n<p>\n                          <a target=\"new\" href=\"https:\/\/www.facebook.com\/sharer\/sharer.php?u=https:\/\/www.lavozdelafrontera.com.mx\/deportes\/salieron-con-buenos-dividendos-5073706.html\"><img decoding=\"async\" src=\"https:\/\/www.cetys.mx\/noticias\/wp-content\/plugins\/sintesis-gen\/images\/share-fb-btn.png\"><\/a> <a href=\"https:\/\/twitter.com\/share?url=https:\/\/www.lavozdelafrontera.com.mx\/deportes\/salieron-con-buenos-dividendos-5073706.html&amp;text=Salieron con buenos dividendos\" target=\"_blank\"><br \/>\n                              <img decoding=\"async\" src=\"https:\/\/www.cetys.mx\/noticias\/wp-content\/plugins\/sintesis-gen\/images\/share-tw-btn.png\"><br \/>\n                          <\/a>\n                        <\/p>\n<\/td>\n<td>\n                                        <img decoding=\"async\" style=\"width:100%;\" src=\"https:\/\/www.cetys.mx\/noticias\/wp-content\/uploads\/2020\/04\/02_AlmaPollorena.jpg\">\n                    <\/td>\n<\/tr>\n<tr style=\"font-size:18px;\">\n<td width=\"60%\" align=\"left\" valign=\"top\" style=\"vertical-align: top;  border:0px; padding-bottom: 20px;\">\n                        <span><img loading=\"lazy\" decoding=\"async\" class=\"alignnone size-full wp-image-112921\" src=\"https:\/\/www.cetys.mx\/noticias\/wp-content\/uploads\/2018\/05\/logolavoz.png\" alt=\"\" width=\"140\" height=\"65\" \/> <\/span><br \/>\n                        <span style=\"font-size:20px;\"><b><a style=\"display: inline-block; padding-top:10px; color:#00a4e8;\" href=\"https:\/\/www.lavozdelafrontera.com.mx\/deportes\/deportistas-de-cetys-siguen-recibiendo-apoyo-5082554.html\">Deportistas de CETYS siguen recibiendo apoyo<\/a><\/b><\/span><br \/>\n                        <span><br \/>\n                            En caso de reprogramar competencias, la decisi\u00f3n de participaci\u00f3n de Zorros depender\u00e1 del Rector.                        <\/span><\/p>\n<p>\n                          <a target=\"new\" href=\"https:\/\/www.facebook.com\/sharer\/sharer.php?u=https:\/\/www.lavozdelafrontera.com.mx\/deportes\/deportistas-de-cetys-siguen-recibiendo-apoyo-5082554.html\"><img decoding=\"async\" src=\"https:\/\/www.cetys.mx\/noticias\/wp-content\/plugins\/sintesis-gen\/images\/share-fb-btn.png\"><\/a> <a href=\"https:\/\/twitter.com\/share?url=https:\/\/www.lavozdelafrontera.com.mx\/deportes\/deportistas-de-cetys-siguen-recibiendo-apoyo-5082554.html&amp;text=Deportistas de CETYS siguen recibiendo apoyo\" target=\"_blank\"><br \/>\n                              <img decoding=\"async\" src=\"https:\/\/www.cetys.mx\/noticias\/wp-content\/plugins\/sintesis-gen\/images\/share-tw-btn.png\"><br \/>\n                          <\/a>\n                        <\/p>\n<\/td>\n<td>\n                                        <img decoding=\"async\" style=\"width:100%;\" src=\"https:\/\/www.cetys.mx\/noticias\/wp-content\/uploads\/2020\/04\/04_ReneeVazquez.jpg\">\n                    <\/td>\n<\/tr>\n<\/table>\n<h1>Tijuana<\/h1>\n<hr style=\"border-top: 2px solid #4c4747;\">\n<table width=\"100%\">\n<tr style=\"font-size:18px;\">\n<td width=\"60%\" align=\"left\" valign=\"top\" style=\"vertical-align: top;  border:0px; padding-bottom: 20px;\">\n                        <span><img loading=\"lazy\" decoding=\"async\" src=\"https:\/\/www.cetys.mx\/noticias\/wp-content\/uploads\/2018\/05\/uniradio-informa.jpg\" alt=\"\" width=\"140\" height=\"56\"\/> <\/span><br \/>\n                        <span style=\"font-size:20px;\"><b><a style=\"display: inline-block; padding-top:10px; color:#00a4e8;\" href=\"https:\/\/www.facebook.com\/UniradioInforma\/videos\/1052294881808654\/?t=5320\">\u2013 Radio \u2013 Entrevista con la Mtra. Natali Medina, Docente de la Escuela de Ingenier\u00eda de CETYS Universidad Campus Tijuana<\/a><\/b><\/span><br \/>\n                        <span><br \/>\n                            Hoy en #Noticias7AM, entrevistamos a la Mtra. Nataly Medina Ram\u00edrez, Docente de la Escuela de Ingenier\u00eda de CETYS Universidad Campus Tijuana, quien nos platica el por qu\u00e9 matem\u00e1tico del distanciamiento social y la f\u00f3rmula para la cantidad de insumos necesaria.                        <\/span><\/p>\n<p>\n                          <a target=\"new\" href=\"https:\/\/www.facebook.com\/sharer\/sharer.php?u=https:\/\/www.facebook.com\/UniradioInforma\/videos\/1052294881808654\/?t=5320\"><img decoding=\"async\" src=\"https:\/\/www.cetys.mx\/noticias\/wp-content\/plugins\/sintesis-gen\/images\/share-fb-btn.png\"><\/a> <a href=\"https:\/\/twitter.com\/share?url=https:\/\/www.facebook.com\/UniradioInforma\/videos\/1052294881808654\/?t=5320&amp;text=\u2013 Radio \u2013 Entrevista con la Mtra. Natali Medina, Docente de la Escuela de Ingenier\u00eda de CETYS Universidad Campus Tijuana\" target=\"_blank\"><br \/>\n                              <img decoding=\"async\" src=\"https:\/\/www.cetys.mx\/noticias\/wp-content\/plugins\/sintesis-gen\/images\/share-tw-btn.png\"><br \/>\n                          <\/a>\n                        <\/p>\n<\/td>\n<td>\n                                        <img decoding=\"async\" style=\"width:100%;\" src=\"https:\/\/www.cetys.mx\/noticias\/wp-content\/uploads\/2020\/04\/Captura-de-Pantalla-2020-04-13-a-las-10.08.01.png\">\n                    <\/td>\n<\/tr>\n<tr style=\"font-size:18px;\">\n<td width=\"60%\" align=\"left\" valign=\"top\" style=\"vertical-align: top;  border:0px; padding-bottom: 20px;\">\n                        <span><img loading=\"lazy\" decoding=\"async\" class=\"alignnone wp-image-132424\" src=\"https:\/\/www.cetys.mx\/noticias\/wp-content\/uploads\/2019\/07\/rcn-1470-logo.png\" alt=\"\" width=\"149\" height=\"51\" \/> <\/span><br \/>\n                        <span style=\"font-size:20px;\"><b><a style=\"display: inline-block; padding-top:10px; color:#00a4e8;\" href=\"https:\/\/open.spotify.com\/episode\/1TDCxbeyHUim51unHA3wwN?si=TsuzcLiCQ9KniEBkMzVcbA\">Entrevista con la Mtra. Nataly Medina, Docente de la Escuela de Ingenier\u00eda de CETYS Universidad Campus Tijuana. (08-04-2020)<\/a><\/b><\/span><br \/>\n                        <span><br \/>\n                            Hoy en #Noticias7AM, entrevistamos a la Mtra. Nataly Medina Ram\u00edrez, Docente de la Escuela de Ingenier\u00eda de CETYS Universidad Campus Tijuana, quien nos platica el por qu\u00e9 matem\u00e1tico del distanciamiento social y la f\u00f3rmula para la cantidad de insumos necesaria.                        <\/span><\/p>\n<p>\n                          <a target=\"new\" href=\"https:\/\/www.facebook.com\/sharer\/sharer.php?u=https:\/\/open.spotify.com\/episode\/1TDCxbeyHUim51unHA3wwN?si=TsuzcLiCQ9KniEBkMzVcbA\"><img decoding=\"async\" src=\"https:\/\/www.cetys.mx\/noticias\/wp-content\/plugins\/sintesis-gen\/images\/share-fb-btn.png\"><\/a> <a href=\"https:\/\/twitter.com\/share?url=https:\/\/open.spotify.com\/episode\/1TDCxbeyHUim51unHA3wwN?si=TsuzcLiCQ9KniEBkMzVcbA&amp;text=Entrevista con la Mtra. Nataly Medina, Docente de la Escuela de Ingenier\u00eda de CETYS Universidad Campus Tijuana. (08-04-2020)\" target=\"_blank\"><br \/>\n                              <img decoding=\"async\" src=\"https:\/\/www.cetys.mx\/noticias\/wp-content\/plugins\/sintesis-gen\/images\/share-tw-btn.png\"><br \/>\n                          <\/a>\n                        <\/p>\n<\/td>\n<td>\n                                        <img decoding=\"async\" style=\"width:100%;\" src=\"https:\/\/www.cetys.mx\/noticias\/wp-content\/uploads\/2020\/04\/Captura-de-Pantalla-2020-04-13-a-las-10.10.42.png\">\n                    <\/td>\n<\/tr>\n<tr style=\"font-size:18px;\">\n<td width=\"60%\" align=\"left\" valign=\"top\" style=\"vertical-align: top;  border:0px; padding-bottom: 20px;\">\n                        <span><img loading=\"lazy\" decoding=\"async\" class=\"alignnone  wp-image-129964\" src=\"https:\/\/www.cetys.mx\/noticias\/wp-content\/uploads\/2019\/05\/el-imparcial-logo.png\" alt=\"\" width=\"368\" height=\"39\" \/> <\/span><br \/>\n                        <span style=\"font-size:20px;\"><b><a style=\"display: inline-block; padding-top:10px; color:#00a4e8;\" href=\"https:\/\/www.elimparcial.com\/tijuana\/tijuana\/Terapia-a-distancia-alternativa-sicologica-ante-distanciamiento-social-20200406-0014.html\">Terapia a distancia, alternativa sicol\u00f3gica ante distanciamiento social<\/a><\/b><\/span><br \/>\n                        <span><br \/>\n                            Para atender las crisis que presente la poblaci\u00f3n derivado del distanciamiento social, la terapia a distancia (teleterapia) surge como alternativa para dar atenci\u00f3n psicol\u00f3gica. De acuerdo con Marina Alvelais Alarc\u00f3n, Directora de la Escuela de Psicolog\u00eda en CETYS Universidad, Campus Tijuana, con este tipo de tratamiento se da continuidad a la salud mental sin exponer la salud f\u00edsica de los pacientes.                        <\/span><\/p>\n<p>\n                          <a target=\"new\" href=\"https:\/\/www.facebook.com\/sharer\/sharer.php?u=https:\/\/www.elimparcial.com\/tijuana\/tijuana\/Terapia-a-distancia-alternativa-sicologica-ante-distanciamiento-social-20200406-0014.html\"><img decoding=\"async\" src=\"https:\/\/www.cetys.mx\/noticias\/wp-content\/plugins\/sintesis-gen\/images\/share-fb-btn.png\"><\/a> <a href=\"https:\/\/twitter.com\/share?url=https:\/\/www.elimparcial.com\/tijuana\/tijuana\/Terapia-a-distancia-alternativa-sicologica-ante-distanciamiento-social-20200406-0014.html&amp;text=Terapia a distancia, alternativa sicol\u00f3gica ante distanciamiento social\" target=\"_blank\"><br \/>\n                              <img decoding=\"async\" src=\"https:\/\/www.cetys.mx\/noticias\/wp-content\/plugins\/sintesis-gen\/images\/share-tw-btn.png\"><br \/>\n                          <\/a>\n                        <\/p>\n<\/td>\n<td>\n                                        <img decoding=\"async\" style=\"width:100%;\" src=\"https:\/\/www.cetys.mx\/noticias\/wp-content\/uploads\/2020\/04\/Captura-de-Pantalla-2020-04-13-a-las-9.21.07.png\">\n                    <\/td>\n<\/tr>\n<tr style=\"font-size:18px;\">\n<td width=\"60%\" align=\"left\" valign=\"top\" style=\"vertical-align: top;  border:0px; padding-bottom: 20px;\">\n                        <span><img loading=\"lazy\" decoding=\"async\" src=\"https:\/\/www.cetys.mx\/noticias\/wp-content\/uploads\/2018\/05\/uniradio-informa.jpg\" alt=\"\" width=\"140\" height=\"56\"\/> <\/span><br \/>\n                        <span style=\"font-size:20px;\"><b><a style=\"display: inline-block; padding-top:10px; color:#00a4e8;\" href=\"https:\/\/www.instagram.com\/tv\/B-uytTap6R3\/?utm_source=ig_web_copy_link\">#Notiminuto: Las matem\u00e1ticas de la sana distancia<\/a><\/b><\/span><br \/>\n                        <span><br \/>\n                            #Notiminuto: Las matem\u00e1ticas de la sana distancia, explicadas por la docente de la Escuela en Ingenier\u00eda de CETYS Universidad, Nataly Medina.<br \/>\n#UniradioInforma                        <\/span><\/p>\n<p>\n                          <a target=\"new\" href=\"https:\/\/www.facebook.com\/sharer\/sharer.php?u=https:\/\/www.instagram.com\/tv\/B-uytTap6R3\/?utm_source=ig_web_copy_link\"><img decoding=\"async\" src=\"https:\/\/www.cetys.mx\/noticias\/wp-content\/plugins\/sintesis-gen\/images\/share-fb-btn.png\"><\/a> <a href=\"https:\/\/twitter.com\/share?url=https:\/\/www.instagram.com\/tv\/B-uytTap6R3\/?utm_source=ig_web_copy_link&amp;text=#Notiminuto: Las matem\u00e1ticas de la sana distancia\" target=\"_blank\"><br \/>\n                              <img decoding=\"async\" src=\"https:\/\/www.cetys.mx\/noticias\/wp-content\/plugins\/sintesis-gen\/images\/share-tw-btn.png\"><br \/>\n                          <\/a>\n                        <\/p>\n<\/td>\n<td>\n                                        <img decoding=\"async\" style=\"width:100%;\" src=\"https:\/\/www.cetys.mx\/noticias\/wp-content\/uploads\/2020\/04\/Captura-de-Pantalla-2020-04-13-a-las-10.14.09-e1586798133261.png\">\n                    <\/td>\n<\/tr>\n<tr style=\"font-size:18px;\">\n<td width=\"60%\" align=\"left\" valign=\"top\" style=\"vertical-align: top;  border:0px; padding-bottom: 20px;\">\n                        <span><img loading=\"lazy\" decoding=\"async\" class=\"alignnone size-full wp-image-112903\" src=\"https:\/\/www.cetys.mx\/noticias\/wp-content\/uploads\/2018\/05\/El-mexicano.png\" alt=\"\" width=\"140\" height=\"56\" \/> <\/span><br \/>\n                        <span style=\"font-size:20px;\"><b><a style=\"display: inline-block; padding-top:10px; color:#00a4e8;\" href=\"https:\/\/www.el-mexicano.com.mx\/educacion\/terapia-a-distancia-alternativa-psicologica-ante-distanciamiento-social\/2054004\">Terapia a distancia, alternativa psicol\u00f3gica ante distanciamiento social<\/a><\/b><\/span><br \/>\n                        <span><br \/>\n                            Para atender las crisis que presente la poblaci\u00f3n derivado del distanciamiento social, la terapia a distancia (teleterapia) surge como alternativa para dar atenci\u00f3n psicol\u00f3gica. De acuerdo con la Dra. Marina Alvelais Alarc\u00f3n, Directora de la Escuela de Psicolog\u00eda en CETYS Universidad, Campus Tijuana, con este tipo de tratamiento se da continuidad a la salud mental sin exponer la salud f\u00edsica de los pacientes.                        <\/span><\/p>\n<p>\n                          <a target=\"new\" href=\"https:\/\/www.facebook.com\/sharer\/sharer.php?u=https:\/\/www.el-mexicano.com.mx\/educacion\/terapia-a-distancia-alternativa-psicologica-ante-distanciamiento-social\/2054004\"><img decoding=\"async\" src=\"https:\/\/www.cetys.mx\/noticias\/wp-content\/plugins\/sintesis-gen\/images\/share-fb-btn.png\"><\/a> <a href=\"https:\/\/twitter.com\/share?url=https:\/\/www.el-mexicano.com.mx\/educacion\/terapia-a-distancia-alternativa-psicologica-ante-distanciamiento-social\/2054004&amp;text=Terapia a distancia, alternativa psicol\u00f3gica ante distanciamiento social\" target=\"_blank\"><br \/>\n                              <img decoding=\"async\" src=\"https:\/\/www.cetys.mx\/noticias\/wp-content\/plugins\/sintesis-gen\/images\/share-tw-btn.png\"><br \/>\n                          <\/a>\n                        <\/p>\n<\/td>\n<td>\n                                        <img decoding=\"async\" style=\"width:100%;\" src=\"https:\/\/www.cetys.mx\/noticias\/wp-content\/uploads\/2020\/04\/Terapia-en-Li\u0301nea-CAOP.png\">\n                    <\/td>\n<\/tr>\n<tr style=\"font-size:18px;\">\n<td width=\"60%\" align=\"left\" valign=\"top\" style=\"vertical-align: top;  border:0px; padding-bottom: 20px;\">\n                        <span><img loading=\"lazy\" decoding=\"async\" class=\"alignnone  wp-image-129849\" src=\"https:\/\/www.cetys.mx\/noticias\/wp-content\/uploads\/2019\/05\/logo-afn-noticias.png\" alt=\"\" width=\"187\" height=\"81\" \/> <\/span><br \/>\n                        <span style=\"font-size:20px;\"><b><a style=\"display: inline-block; padding-top:10px; color:#00a4e8;\" href=\"http:\/\/www.afntijuana.info\/salud\/105453_distanciamiento_social_causa_crisis_emocional\">Distanciamiento social causa crisis emocional<\/a><\/b><\/span><br \/>\n                        <span><br \/>\n                            El distanciamiento social provoca crisis emocional, entre la poblaci\u00f3n, por lo que es importante que \u00e9stos tomen  terapia a distancia, consider\u00f3 Marina Alvelais Alarc\u00f3n, Directora de la Escuela de Psicolog\u00eda en CETYS Tijuana.                        <\/span><\/p>\n<p>\n                          <a target=\"new\" href=\"https:\/\/www.facebook.com\/sharer\/sharer.php?u=http:\/\/www.afntijuana.info\/salud\/105453_distanciamiento_social_causa_crisis_emocional\"><img decoding=\"async\" src=\"https:\/\/www.cetys.mx\/noticias\/wp-content\/plugins\/sintesis-gen\/images\/share-fb-btn.png\"><\/a> <a href=\"https:\/\/twitter.com\/share?url=http:\/\/www.afntijuana.info\/salud\/105453_distanciamiento_social_causa_crisis_emocional&amp;text=Distanciamiento social causa crisis emocional\" target=\"_blank\"><br \/>\n                              <img decoding=\"async\" src=\"https:\/\/www.cetys.mx\/noticias\/wp-content\/plugins\/sintesis-gen\/images\/share-tw-btn.png\"><br \/>\n                          <\/a>\n                        <\/p>\n<\/td>\n<td>\n                                        <img decoding=\"async\" style=\"width:100%;\" src=\"https:\/\/www.cetys.mx\/noticias\/wp-content\/uploads\/2020\/04\/Terapia-en-Li\u0301nea-CAOP.png\">\n                    <\/td>\n<\/tr>\n<tr style=\"font-size:18px;\">\n<td width=\"60%\" align=\"left\" valign=\"top\" style=\"vertical-align: top;  border:0px; padding-bottom: 20px;\">\n                        <span><img loading=\"lazy\" decoding=\"async\" class=\"alignnone wp-image-134377\" src=\"https:\/\/www.cetys.mx\/noticias\/wp-content\/uploads\/2019\/09\/cetys_alfredoalv.png\" alt=\"\" width=\"176\" height=\"30\" srcset=\"https:\/\/www.cetys.mx\/noticias\/wp-content\/uploads\/2019\/09\/cetys_alfredoalv.png 1169w, https:\/\/www.cetys.mx\/noticias\/wp-content\/uploads\/2019\/09\/cetys_alfredoalv-768x125.png 768w\" sizes=\"auto, (max-width: 176px) 100vw, 176px\" \/> <\/span><br \/>\n                        <span style=\"font-size:20px;\"><b><a style=\"display: inline-block; padding-top:10px; color:#00a4e8;\" href=\"https:\/\/alfredoalvarez.mx\/terapia-a-distancia-alternativa-psicologica-ante-distanciamiento-social\/?fbclid=IwAR0iDF1z6EXwZiQudFZ_R39qsl8bsqPrYVyPXf-kN4gZWHWLCFyoSm3Ul4k\">Terapia a distancia, alternativa psicol\u00f3gica ante distanciamiento social<\/a><\/b><\/span><br \/>\n                        <span><br \/>\n                            De acuerdo con la Dra. Marina Alvelais Alarc\u00f3n, directora de la Escuela de Psicolog\u00eda en CETYS Universidad, Campus Tijuana, con este tipo de tratamiento se da continuidad a la salud mental sin exponer la salud f\u00edsica de los pacientes.                        <\/span><\/p>\n<p>\n                          <a target=\"new\" href=\"https:\/\/www.facebook.com\/sharer\/sharer.php?u=https:\/\/alfredoalvarez.mx\/terapia-a-distancia-alternativa-psicologica-ante-distanciamiento-social\/?fbclid=IwAR0iDF1z6EXwZiQudFZ_R39qsl8bsqPrYVyPXf-kN4gZWHWLCFyoSm3Ul4k\"><img decoding=\"async\" src=\"https:\/\/www.cetys.mx\/noticias\/wp-content\/plugins\/sintesis-gen\/images\/share-fb-btn.png\"><\/a> <a href=\"https:\/\/twitter.com\/share?url=https:\/\/alfredoalvarez.mx\/terapia-a-distancia-alternativa-psicologica-ante-distanciamiento-social\/?fbclid=IwAR0iDF1z6EXwZiQudFZ_R39qsl8bsqPrYVyPXf-kN4gZWHWLCFyoSm3Ul4k&amp;text=Terapia a distancia, alternativa psicol\u00f3gica ante distanciamiento social\" target=\"_blank\"><br \/>\n                              <img decoding=\"async\" src=\"https:\/\/www.cetys.mx\/noticias\/wp-content\/plugins\/sintesis-gen\/images\/share-tw-btn.png\"><br \/>\n                          <\/a>\n                        <\/p>\n<\/td>\n<td>\n                                        <img decoding=\"async\" style=\"width:100%;\" src=\"https:\/\/www.cetys.mx\/noticias\/wp-content\/uploads\/2020\/04\/Terapia-en-Li\u0301nea-CAOP.png\">\n                    <\/td>\n<\/tr>\n<tr style=\"font-size:18px;\">\n<td width=\"60%\" align=\"left\" valign=\"top\" style=\"vertical-align: top;  border:0px; padding-bottom: 20px;\">\n                        <span><img loading=\"lazy\" decoding=\"async\" class=\" wp-image-118039 alignleft\" src=\"https:\/\/www.cetys.mx\/noticias\/wp-content\/uploads\/2018\/09\/cetys_cadenanoticias.jpg\" alt=\"\" width=\"173\" height=\"46\" \/> <\/span><br \/>\n                        <span style=\"font-size:20px;\"><b><a style=\"display: inline-block; padding-top:10px; color:#00a4e8;\" href=\"https:\/\/cadenanoticias.com\/deportes\/2020\/04\/venir-a-cetys-fue-una-excelente-decision-monica-moguel\">Venir a CETYS fue una excelente decisi\u00f3n: M\u00f3nica Moguel<\/a><\/b><\/span><br \/>\n                        <span><br \/>\n                            Desde hace dos meses merodea M\u00f3nica Moguel Farrera por Campus Tijuana, ahora con estatus de estudiante de Posgrado en CETYS Universidad; joven estudiante que emprendi\u00f3 un camino acad\u00e9mico que suma su tercera escala al momento.                        <\/span><\/p>\n<p>\n                          <a target=\"new\" href=\"https:\/\/www.facebook.com\/sharer\/sharer.php?u=https:\/\/cadenanoticias.com\/deportes\/2020\/04\/venir-a-cetys-fue-una-excelente-decision-monica-moguel\"><img decoding=\"async\" src=\"https:\/\/www.cetys.mx\/noticias\/wp-content\/plugins\/sintesis-gen\/images\/share-fb-btn.png\"><\/a> <a href=\"https:\/\/twitter.com\/share?url=https:\/\/cadenanoticias.com\/deportes\/2020\/04\/venir-a-cetys-fue-una-excelente-decision-monica-moguel&amp;text=Venir a CETYS fue una excelente decisi\u00f3n: M\u00f3nica Moguel\" target=\"_blank\"><br \/>\n                              <img decoding=\"async\" src=\"https:\/\/www.cetys.mx\/noticias\/wp-content\/plugins\/sintesis-gen\/images\/share-tw-btn.png\"><br \/>\n                          <\/a>\n                        <\/p>\n<\/td>\n<td>\n                                        <img decoding=\"async\" style=\"width:100%;\" src=\"https:\/\/www.cetys.mx\/noticias\/wp-content\/uploads\/2020\/04\/MONICA3.jpg\">\n                    <\/td>\n<\/tr>\n<\/table>\n<h1>Ensenada<\/h1>\n<hr style=\"border-top: 2px solid #4c4747;\">\n<table width=\"100%\">\n<tr style=\"font-size:18px;\">\n<td width=\"60%\" align=\"left\" valign=\"top\" style=\"vertical-align: top;  border:0px; padding-bottom: 20px;\">\n                        <span><img loading=\"lazy\" decoding=\"async\" src=\"https:\/\/www.cetys.mx\/noticias\/wp-content\/uploads\/2018\/05\/radar-noticias.jpg\" alt=\"\" width=\"140\" height=\"56\" \/> <\/span><br \/>\n                        <span style=\"font-size:20px;\"><b><a style=\"display: inline-block; padding-top:10px; color:#00a4e8;\" href=\"https:\/\/radanoticias.info\/que-significa-aplanar-la-curva-del-covid-19\/\">\u00bfQU\u00c9 SIGNIFICA APLANAR LA CURVA DEL COVID-19?<\/a><\/b><\/span><br \/>\n                        <span><br \/>\n                            Hemos escuchado en los \u00faltimos d\u00edas que las autoridades de salud hacen un en\u00e9rgico llamado a la poblaci\u00f3n a quedarse en casa para \u2018aplanar la curva\u2019 de crecimiento del Covid-19\u201d, pero \u00bfqu\u00e9 quiere decir esto? La Directora de la Escuela de Ingenier\u00eda de Cetys Universidad Campus Internacional Ensenada, Dalia Ch\u00e1vez Garc\u00eda, nos explica.                        <\/span><\/p>\n<p>\n                          <a target=\"new\" href=\"https:\/\/www.facebook.com\/sharer\/sharer.php?u=https:\/\/radanoticias.info\/que-significa-aplanar-la-curva-del-covid-19\/\"><img decoding=\"async\" src=\"https:\/\/www.cetys.mx\/noticias\/wp-content\/plugins\/sintesis-gen\/images\/share-fb-btn.png\"><\/a> <a href=\"https:\/\/twitter.com\/share?url=https:\/\/radanoticias.info\/que-significa-aplanar-la-curva-del-covid-19\/&amp;text=\u00bfQU\u00c9 SIGNIFICA APLANAR LA CURVA DEL COVID-19?\" target=\"_blank\"><br \/>\n                              <img decoding=\"async\" src=\"https:\/\/www.cetys.mx\/noticias\/wp-content\/plugins\/sintesis-gen\/images\/share-tw-btn.png\"><br \/>\n                          <\/a>\n                        <\/p>\n<\/td>\n<td>\n                                        <img decoding=\"async\" style=\"width:100%;\" src=\"https:\/\/www.cetys.mx\/noticias\/wp-content\/uploads\/2020\/04\/Rada-1.jpg\">\n                    <\/td>\n<\/tr>\n<tr style=\"font-size:18px;\">\n<td width=\"60%\" align=\"left\" valign=\"top\" style=\"vertical-align: top;  border:0px; padding-bottom: 20px;\">\n                        <span><img loading=\"lazy\" decoding=\"async\" class=\"alignnone size-full wp-image-112911\" src=\"https:\/\/www.cetys.mx\/noticias\/wp-content\/uploads\/2018\/05\/ElVigiaLogo.jpg\" alt=\"\" width=\"140\" height=\"56\" \/> <\/span><br \/>\n                        <span style=\"font-size:20px;\"><b><a style=\"display: inline-block; padding-top:10px; color:#00a4e8;\" href=\"https:\/\/www.elvigia.net\/general\/2020\/4\/7\/explican-como-aplanar-la-curva-346466.html\">Explican c\u00f3mo \u2018aplanar la curva\u2019<\/a><\/b><\/span><br \/>\n                        <span><br \/>\n                            Hemos escuchado en los \u00faltimos d\u00edas que las autoridades de salud hacen un en\u00e9rgico llamado a la poblaci\u00f3n a quedarse en casa para \u2018aplanar la curva\u2019 de crecimiento del Covid-19\u201d, pero \u00bfqu\u00e9 quiere decir esto? La Directora de la Escuela de Ingenier\u00eda de Cetys Universidad Campus Internacional Ensenada, Dalia Ch\u00e1vez Garc\u00eda, nos explica.                        <\/span><\/p>\n<p>\n                          <a target=\"new\" href=\"https:\/\/www.facebook.com\/sharer\/sharer.php?u=https:\/\/www.elvigia.net\/general\/2020\/4\/7\/explican-como-aplanar-la-curva-346466.html\"><img decoding=\"async\" src=\"https:\/\/www.cetys.mx\/noticias\/wp-content\/plugins\/sintesis-gen\/images\/share-fb-btn.png\"><\/a> <a href=\"https:\/\/twitter.com\/share?url=https:\/\/www.elvigia.net\/general\/2020\/4\/7\/explican-como-aplanar-la-curva-346466.html&amp;text=Explican c\u00f3mo \u2018aplanar la curva\u2019\" target=\"_blank\"><br \/>\n                              <img decoding=\"async\" src=\"https:\/\/www.cetys.mx\/noticias\/wp-content\/plugins\/sintesis-gen\/images\/share-tw-btn.png\"><br \/>\n                          <\/a>\n                        <\/p>\n<\/td>\n<td>\n                                        <img decoding=\"async\" style=\"width:100%;\" src=\"https:\/\/www.elvigia.net\/u\/fotografias\/fotosnoticias\/2020\/4\/6\/433052.jpg\">\n                    <\/td>\n<\/tr>\n<tr style=\"font-size:18px;\">\n<td width=\"60%\" align=\"left\" valign=\"top\" style=\"vertical-align: top;  border:0px; padding-bottom: 20px;\">\n                        <span><img loading=\"lazy\" decoding=\"async\" class=\"alignnone size-full wp-image-112903\" src=\"https:\/\/www.cetys.mx\/noticias\/wp-content\/uploads\/2018\/05\/El-mexicano.png\" alt=\"\" width=\"140\" height=\"56\" \/> <\/span><br \/>\n                        <span style=\"font-size:20px;\"><b><a style=\"display: inline-block; padding-top:10px; color:#00a4e8;\" href=\"https:\/\/www.el-mexicano.com.mx\/edicionimpresa\/?ed=ensenada&#038;fe=07-04-2020\">\u00bfQU\u00c9 SIGNIFICA APLANAR LA CURVA DEL COVID-19?<\/a><\/b><\/span><br \/>\n                        <span><br \/>\n                            Hemos escuchado en los \u00faltimos d\u00edas que las autoridades de salud hacen un en\u00e9rgico llamado a la poblaci\u00f3n a quedarse en casa para \u2018aplanar la curva\u2019 de crecimiento del Covid-19\u201d, pero \u00bfqu\u00e9 quiere decir esto? La Directora de la Escuela de Ingenier\u00eda de Cetys Universidad Campus Internacional Ensenada, Dalia Ch\u00e1vez Garc\u00eda, nos explica.                        <\/span><\/p>\n<p>\n                          <a target=\"new\" href=\"https:\/\/www.facebook.com\/sharer\/sharer.php?u=https:\/\/www.el-mexicano.com.mx\/edicionimpresa\/?ed=ensenada&#038;fe=07-04-2020\"><img decoding=\"async\" src=\"https:\/\/www.cetys.mx\/noticias\/wp-content\/plugins\/sintesis-gen\/images\/share-fb-btn.png\"><\/a> <a href=\"https:\/\/twitter.com\/share?url=https:\/\/www.el-mexicano.com.mx\/edicionimpresa\/?ed=ensenada&#038;fe=07-04-2020&amp;text=\u00bfQU\u00c9 SIGNIFICA APLANAR LA CURVA DEL COVID-19?\" target=\"_blank\"><br \/>\n                              <img decoding=\"async\" src=\"https:\/\/www.cetys.mx\/noticias\/wp-content\/plugins\/sintesis-gen\/images\/share-tw-btn.png\"><br \/>\n                          <\/a>\n                        <\/p>\n<\/td>\n<td>\n                                        <img decoding=\"async\" style=\"width:100%;\" src=\"https:\/\/www.cetys.mx\/noticias\/wp-content\/uploads\/2020\/04\/El-Mexicano.png\">\n                    <\/td>\n<\/tr>\n<tr style=\"font-size:18px;\">\n<td width=\"60%\" align=\"left\" valign=\"top\" style=\"vertical-align: top;  border:0px; padding-bottom: 20px;\">\n                        <span><font style=\"font-size:18px; margin-left:15px;\">E Mexicano<\/font> <\/span><br \/>\n                        <span style=\"font-size:20px;\"><b><a style=\"display: inline-block; padding-top:10px; color:#00a4e8;\" href=\"https:\/\/www.el-mexicano.com.mx\/edicionimpresa\/?ed=ensenada&#038;fe=05-04-2020\">CREATIVIDAD E INNOVACI\u00d3N FRENTE AL COVID-19<\/a><\/b><\/span><br \/>\n                        <span><br \/>\n                            El Dr. Josu\u00e9 Aaron L\u00f3pez Leyva, Coordinador Acad\u00e9mico de la Ingenier\u00eda en Energ\u00edas Renovables de CETYS Universidad Campus Internacional Ensenada, sostiene que el COVID-19 establecer\u00e1, sin duda, un nuevo umbral en la humanidad, el antes y despu\u00e9s. Mientras tanto, todas las personas del mundo, y de M\u00e9xico, deben de participar activamente, y no solo ser un espectador m\u00e1s.                        <\/span><\/p>\n<p>\n                          <a target=\"new\" href=\"https:\/\/www.facebook.com\/sharer\/sharer.php?u=https:\/\/www.el-mexicano.com.mx\/edicionimpresa\/?ed=ensenada&#038;fe=05-04-2020\"><img decoding=\"async\" src=\"https:\/\/www.cetys.mx\/noticias\/wp-content\/plugins\/sintesis-gen\/images\/share-fb-btn.png\"><\/a> <a href=\"https:\/\/twitter.com\/share?url=https:\/\/www.el-mexicano.com.mx\/edicionimpresa\/?ed=ensenada&#038;fe=05-04-2020&amp;text=CREATIVIDAD E INNOVACI\u00d3N FRENTE AL COVID-19\" target=\"_blank\"><br \/>\n                              <img decoding=\"async\" src=\"https:\/\/www.cetys.mx\/noticias\/wp-content\/plugins\/sintesis-gen\/images\/share-tw-btn.png\"><br \/>\n                          <\/a>\n                        <\/p>\n<\/td>\n<td>\n                                        <img decoding=\"async\" style=\"width:100%;\" src=\"https:\/\/www.cetys.mx\/noticias\/wp-content\/uploads\/2020\/04\/El-Mex..png\">\n                    <\/td>\n<\/tr>\n<tr style=\"font-size:18px;\">\n<td width=\"60%\" align=\"left\" valign=\"top\" style=\"vertical-align: top;  border:0px; padding-bottom: 20px;\">\n                        <span><img loading=\"lazy\" decoding=\"async\" class=\"alignnone size-full wp-image-112903\" src=\"https:\/\/www.cetys.mx\/noticias\/wp-content\/uploads\/2018\/05\/El-mexicano.png\" alt=\"\" width=\"140\" height=\"56\" \/> <\/span><br \/>\n                        <span style=\"font-size:20px;\"><b><a style=\"display: inline-block; padding-top:10px; color:#00a4e8;\" href=\"https:\/\/www.el-mexicano.com.mx\/edicionimpresa\/?ed=ensenada&#038;fe=04-04-2020\">LA INGENIER\u00cdA RESPONDE ANTE EMERGENCIA SANITARIA<\/a><\/b><\/span><br \/>\n                        <span><br \/>\n                            Docentes de la Escuela de Ingenier\u00eda de CETYS Universidad Ensenada, coinciden en que la ingenier\u00eda aplicada tiene gran potencial en la soluci\u00f3n de problemas, necesidades y mejoras en las \u00e1reas de la medicina y la salud ante la contingencia sanitaria.                        <\/span><\/p>\n<p>\n                          <a target=\"new\" href=\"https:\/\/www.facebook.com\/sharer\/sharer.php?u=https:\/\/www.el-mexicano.com.mx\/edicionimpresa\/?ed=ensenada&#038;fe=04-04-2020\"><img decoding=\"async\" src=\"https:\/\/www.cetys.mx\/noticias\/wp-content\/plugins\/sintesis-gen\/images\/share-fb-btn.png\"><\/a> <a href=\"https:\/\/twitter.com\/share?url=https:\/\/www.el-mexicano.com.mx\/edicionimpresa\/?ed=ensenada&#038;fe=04-04-2020&amp;text=LA INGENIER\u00cdA RESPONDE ANTE EMERGENCIA SANITARIA\" target=\"_blank\"><br \/>\n                              <img decoding=\"async\" src=\"https:\/\/www.cetys.mx\/noticias\/wp-content\/plugins\/sintesis-gen\/images\/share-tw-btn.png\"><br \/>\n                          <\/a>\n                        <\/p>\n<\/td>\n<td>\n                                        <img decoding=\"async\" style=\"width:100%;\" src=\"https:\/\/www.cetys.mx\/noticias\/wp-content\/uploads\/2020\/04\/El-Mexi....png\">\n                    <\/td>\n<\/tr>\n<tr style=\"font-size:18px;\">\n<td width=\"60%\" align=\"left\" valign=\"top\" style=\"vertical-align: top;  border:0px; padding-bottom: 20px;\">\n                        <span><img loading=\"lazy\" decoding=\"async\" class=\"alignnone  wp-image-118489\" src=\"https:\/\/www.cetys.mx\/noticias\/wp-content\/uploads\/2018\/09\/logotipo-agp.jpg\" alt=\"\" width=\"159\" height=\"56\" \/> <\/span><br \/>\n                        <span style=\"font-size:20px;\"><b><a style=\"display: inline-block; padding-top:10px; color:#00a4e8;\" href=\"https:\/\/agpnoticias.com\/news\/zinnia-garayzar-la-entrenadora-de-cetys-ensenada-analiza-el-nacional-de-records-y-revelaciones-en-monterrey\/\">Zinnia Garayzar, la entrenadora de CETYS Ensenada, analiza el nacional de r\u00e9cords y revelaciones en Monterrey<\/a><\/b><\/span><br \/>\n                        <span><br \/>\n                            CETYS Universidad Campus Internacional Ensenada se coloc\u00f3 en el octavo puesto entre 26 instituci\u00f3n participantes durante el Campeonato Nacional de Atletismo Conadeip, con par de r\u00e9cords nacionales y un total de 13 medallas, divididas en cinco oros, seis platas y dos bronces.                        <\/span><\/p>\n<p>\n                          <a target=\"new\" href=\"https:\/\/www.facebook.com\/sharer\/sharer.php?u=https:\/\/agpnoticias.com\/news\/zinnia-garayzar-la-entrenadora-de-cetys-ensenada-analiza-el-nacional-de-records-y-revelaciones-en-monterrey\/\"><img decoding=\"async\" src=\"https:\/\/www.cetys.mx\/noticias\/wp-content\/plugins\/sintesis-gen\/images\/share-fb-btn.png\"><\/a> <a href=\"https:\/\/twitter.com\/share?url=https:\/\/agpnoticias.com\/news\/zinnia-garayzar-la-entrenadora-de-cetys-ensenada-analiza-el-nacional-de-records-y-revelaciones-en-monterrey\/&amp;text=Zinnia Garayzar, la entrenadora de CETYS Ensenada, analiza el nacional de r\u00e9cords y revelaciones en Monterrey\" target=\"_blank\"><br \/>\n                              <img decoding=\"async\" src=\"https:\/\/www.cetys.mx\/noticias\/wp-content\/plugins\/sintesis-gen\/images\/share-tw-btn.png\"><br \/>\n                          <\/a>\n                        <\/p>\n<\/td>\n<td>\n                                        <img decoding=\"async\" style=\"width:100%;\" src=\"https:\/\/www.cetys.mx\/noticias\/wp-content\/uploads\/2020\/04\/AGP.jpg\">\n                    <\/td>\n<\/tr>\n<tr style=\"font-size:18px;\">\n<td width=\"60%\" align=\"left\" valign=\"top\" style=\"vertical-align: top;  border:0px; padding-bottom: 20px;\">\n                        <span><img loading=\"lazy\" decoding=\"async\" class=\"alignnone  wp-image-118489\" src=\"https:\/\/www.cetys.mx\/noticias\/wp-content\/uploads\/2018\/09\/logotipo-agp.jpg\" alt=\"\" width=\"159\" height=\"56\" \/> <\/span><br \/>\n                        <span style=\"font-size:20px;\"><b><a style=\"display: inline-block; padding-top:10px; color:#00a4e8;\" href=\"https:\/\/agpnoticias.com\/news\/venir-a-cetys-fue-una-excelente-decision-monica-moguel\/\">Venir a Cetys fue una excelente decisi\u00f3n: M\u00f3nica Moguel<\/a><\/b><\/span><br \/>\n                        <span><br \/>\n                            Desde hace dos meses merodea M\u00f3nica Moguel Farrera por Campus Tijuana, ahora con estatus de estudiante de Posgrado en CETYS Universidad; joven estudiante que emprendi\u00f3 un camino acad\u00e9mico que suma su tercera escala al momento.                        <\/span><\/p>\n<p>\n                          <a target=\"new\" href=\"https:\/\/www.facebook.com\/sharer\/sharer.php?u=https:\/\/agpnoticias.com\/news\/venir-a-cetys-fue-una-excelente-decision-monica-moguel\/\"><img decoding=\"async\" src=\"https:\/\/www.cetys.mx\/noticias\/wp-content\/plugins\/sintesis-gen\/images\/share-fb-btn.png\"><\/a> <a href=\"https:\/\/twitter.com\/share?url=https:\/\/agpnoticias.com\/news\/venir-a-cetys-fue-una-excelente-decision-monica-moguel\/&amp;text=Venir a Cetys fue una excelente decisi\u00f3n: M\u00f3nica Moguel\" target=\"_blank\"><br \/>\n                              <img decoding=\"async\" src=\"https:\/\/www.cetys.mx\/noticias\/wp-content\/plugins\/sintesis-gen\/images\/share-tw-btn.png\"><br \/>\n                          <\/a>\n                        <\/p>\n<\/td>\n<td>\n                                        <img decoding=\"async\" style=\"width:100%;\" src=\"https:\/\/www.cetys.mx\/noticias\/wp-content\/uploads\/2020\/04\/AGP-1.jpg\">\n                    <\/td>\n<\/tr>\n<\/table>\n<p>&nbsp;<\/p>\n<\/td>\n<\/tr>\n<tr style=\" border:0px;\">\n<td bgcolor=\"#ffdd00\">&nbsp;<\/td>\n<td align=\"center\" bgcolor=\"#000000\" style=\"padding-left: 30px; color: #FFF;\">\n<p>&nbsp;<\/p>\n<h2><\/h2>\n<p>&nbsp;<\/p>\n<\/td>\n<\/tr>\n<tr style=\" border:0px;\">\n<td bgcolor=\"#ffdd00\">&nbsp;<\/td>\n<td style=\"padding-left:30px;\">\n<div style=\"text-align:center; font-size:20px;\">\n<h3>\n          Contactos:<\/h3>\n<\/p><\/div>\n<p>      <strong>COORDINACI&Oacute;N DE COMUNICACI&Oacute;N Y RELACIONES P&Uacute;BLICAS<\/strong><br \/>\n      <span style=\"font-size:14px;\"><\/p>\n<p>Campus Mexicali:<br \/>\n        <b>Mtra. Laura Odette Ram&iacute;rez Govea<\/b> | <img decoding=\"async\" src=\"https:\/\/www.cetys.mx\/noticias\/wp-content\/plugins\/sintesis-gen\/images\/icon-phone.png\"> +52 (686) 567-3782 | <img decoding=\"async\" src=\"https:\/\/www.cetys.mx\/noticias\/wp-content\/plugins\/sintesis-gen\/images\/icon-email.png\"> <a href=\"mailto:odette.ramirez@cetys.mx\">odette.ramirez@cetys.mx<\/a>\n      <\/p>\n<p>      <\/span><\/p>\n<p><span style=\"font-size:14px;\">Campus Tijuana:<br \/>\n        <b>Mtra. Angela N. Arroyo P&eacute;rez<\/b> | <img decoding=\"async\" src=\"https:\/\/www.cetys.mx\/noticias\/wp-content\/plugins\/sintesis-gen\/images\/icon-phone.png\"> +52 (664) 903-1853 | <img decoding=\"async\" src=\"https:\/\/www.cetys.mx\/noticias\/wp-content\/plugins\/sintesis-gen\/images\/icon-email.png\"> <a href=\"mailto:angela.arroyo@cetys.mx\">angela.arroyo@cetys.mx<\/a><br \/>\n      <\/span><\/p>\n<p><span style=\"font-size:14px;\">Campus Ensenada:<br \/>\n        <b>Mtra. Claudia Garc\u00eda Ruiz <\/b> | <img decoding=\"async\" src=\"https:\/\/www.cetys.mx\/noticias\/wp-content\/plugins\/sintesis-gen\/images\/icon-phone.png\"> +52 (646) 222-2300 ext. 3431 | <img decoding=\"async\" src=\"https:\/\/www.cetys.mx\/noticias\/wp-content\/plugins\/sintesis-gen\/images\/icon-email.png\"> <a href=\"mailto:claudia.garcia@cetys.mx\">claudia.garcia@cetys.mx<\/a><br \/>\n      <\/span><\/p>\n<p>&nbsp;<\/p>\n<p><strong>DIRECCI&Oacute;N DE COMUNICACI&Oacute;N INSTITUCIONAL<\/strong><br \/>\n        <span style=\"font-size:14px;\"><b>Mtro. Francisco Reyes Cervantes<\/b> | <img decoding=\"async\" src=\"https:\/\/www.cetys.mx\/noticias\/wp-content\/plugins\/sintesis-gen\/images\/icon-phone.png\"> +52 (664) 903-1800 ext. 2260 | <img decoding=\"async\" src=\"https:\/\/www.cetys.mx\/noticias\/wp-content\/plugins\/sintesis-gen\/images\/icon-email.png\"> <a href=\"mailto:francisco.reyes@cetys.mx\">francisco.reyes@cetys.mx<\/a><br \/>\n      <\/span><\/p>\n<p>&nbsp;<\/p>\n<\/td>\n<\/tr>\n<tr style=\" border:0px;\">\n<td bgcolor=\"#ffdd00\">&nbsp;<\/td>\n<td>&nbsp;<\/td>\n<\/tr>\n<\/table>\n<style>\n.article-content{\n  padding: 0px;\n}\n.article-content table {\n    width: initial !important;\n}<\/p>\n<\/style>\n","protected":false},"excerpt":{"rendered":"<p>S\u00edntesis Informativa Las notas m\u00e1s importantes de CETYS en los medios de comunicaci\u00f3n &nbsp; 13 de Abril de 2020 &nbsp; &nbsp; &nbsp;&#8230;<\/p>\n","protected":false},"author":26,"featured_media":109042,"menu_order":0,"comment_status":"closed","ping_status":"closed","template":"","categories":[130],"class_list":["post-143321","sintesis","type-sintesis","status-publish","has-post-thumbnail","hentry","category-sintesis-informativa"],"yoast_head":"<!-- This site is optimized with the Yoast SEO plugin v27.4 - https:\/\/yoast.com\/product\/yoast-seo-wordpress\/ -->\n<title>S\u00edntesis Informativa de 13 de Abril de 2020 - CETYS<\/title>\n<meta name=\"robots\" content=\"index, follow, max-snippet:-1, max-image-preview:large, max-video-preview:-1\" \/>\n<link rel=\"canonical\" href=\"https:\/\/www.cetys.mx\/noticias\/sintesis\/sintesis-informativa-de-13-de-abril-de-2020\/\" \/>\n<meta property=\"og:locale\" content=\"es_MX\" \/>\n<meta property=\"og:type\" content=\"article\" \/>\n<meta property=\"og:title\" content=\"S\u00edntesis Informativa de 13 de Abril de 2020 - CETYS\" \/>\n<meta property=\"og:description\" content=\"S\u00edntesis Informativa Las notas m\u00e1s importantes de CETYS en los medios de comunicaci\u00f3n &nbsp; 13 de Abril de 2020 &nbsp; &nbsp; &nbsp;...\" \/>\n<meta property=\"og:url\" content=\"https:\/\/www.cetys.mx\/noticias\/sintesis\/sintesis-informativa-de-13-de-abril-de-2020\/\" \/>\n<meta property=\"og:site_name\" content=\"CETYS\" \/>\n<meta property=\"article:publisher\" content=\"https:\/\/www.facebook.com\/cetysuniversidadmxl\/\" \/>\n<meta property=\"article:modified_time\" content=\"2020-07-29T18:44:31+00:00\" \/>\n<meta property=\"og:image\" content=\"https:\/\/www.cetys.mx\/noticias\/wp-content\/uploads\/2018\/02\/sintesis_2018.jpg\" \/>\n\t<meta property=\"og:image:width\" content=\"958\" \/>\n\t<meta property=\"og:image:height\" content=\"479\" \/>\n\t<meta property=\"og:image:type\" content=\"image\/jpeg\" \/>\n<meta name=\"twitter:card\" content=\"summary_large_image\" \/>\n<meta name=\"twitter:site\" content=\"@cetysuni\" \/>\n<meta name=\"twitter:label1\" content=\"Tiempo de lectura\" \/>\n\t<meta name=\"twitter:data1\" content=\"9 minutos\" \/>\n<script type=\"application\/ld+json\" class=\"yoast-schema-graph\">{\"@context\":\"https:\\\/\\\/schema.org\",\"@graph\":[{\"@type\":\"WebPage\",\"@id\":\"https:\\\/\\\/www.cetys.mx\\\/noticias\\\/sintesis\\\/sintesis-informativa-de-13-de-abril-de-2020\\\/\",\"url\":\"https:\\\/\\\/www.cetys.mx\\\/noticias\\\/sintesis\\\/sintesis-informativa-de-13-de-abril-de-2020\\\/\",\"name\":\"S\u00edntesis Informativa de 13 de Abril de 2020 - CETYS\",\"isPartOf\":{\"@id\":\"https:\\\/\\\/www.cetys.mx\\\/noticias\\\/#website\"},\"primaryImageOfPage\":{\"@id\":\"https:\\\/\\\/www.cetys.mx\\\/noticias\\\/sintesis\\\/sintesis-informativa-de-13-de-abril-de-2020\\\/#primaryimage\"},\"image\":{\"@id\":\"https:\\\/\\\/www.cetys.mx\\\/noticias\\\/sintesis\\\/sintesis-informativa-de-13-de-abril-de-2020\\\/#primaryimage\"},\"thumbnailUrl\":\"https:\\\/\\\/www.cetys.mx\\\/noticias\\\/wp-content\\\/uploads\\\/2018\\\/02\\\/sintesis_2018.jpg\",\"datePublished\":\"2020-04-24T02:42:02+00:00\",\"dateModified\":\"2020-07-29T18:44:31+00:00\",\"breadcrumb\":{\"@id\":\"https:\\\/\\\/www.cetys.mx\\\/noticias\\\/sintesis\\\/sintesis-informativa-de-13-de-abril-de-2020\\\/#breadcrumb\"},\"inLanguage\":\"es\",\"potentialAction\":[{\"@type\":\"ReadAction\",\"target\":[\"https:\\\/\\\/www.cetys.mx\\\/noticias\\\/sintesis\\\/sintesis-informativa-de-13-de-abril-de-2020\\\/\"]}]},{\"@type\":\"ImageObject\",\"inLanguage\":\"es\",\"@id\":\"https:\\\/\\\/www.cetys.mx\\\/noticias\\\/sintesis\\\/sintesis-informativa-de-13-de-abril-de-2020\\\/#primaryimage\",\"url\":\"https:\\\/\\\/www.cetys.mx\\\/noticias\\\/wp-content\\\/uploads\\\/2018\\\/02\\\/sintesis_2018.jpg\",\"contentUrl\":\"https:\\\/\\\/www.cetys.mx\\\/noticias\\\/wp-content\\\/uploads\\\/2018\\\/02\\\/sintesis_2018.jpg\",\"width\":958,\"height\":479},{\"@type\":\"BreadcrumbList\",\"@id\":\"https:\\\/\\\/www.cetys.mx\\\/noticias\\\/sintesis\\\/sintesis-informativa-de-13-de-abril-de-2020\\\/#breadcrumb\",\"itemListElement\":[{\"@type\":\"ListItem\",\"position\":1,\"name\":\"Inicio\",\"item\":\"https:\\\/\\\/www.cetys.mx\\\/noticias\\\/\"},{\"@type\":\"ListItem\",\"position\":2,\"name\":\"S\u00edntesis\",\"item\":\"https:\\\/\\\/www.cetys.mx\\\/noticias\\\/sintesis\\\/\"},{\"@type\":\"ListItem\",\"position\":3,\"name\":\"S\u00edntesis Informativa de 13 de Abril de 2020\"}]},{\"@type\":\"WebSite\",\"@id\":\"https:\\\/\\\/www.cetys.mx\\\/noticias\\\/#website\",\"url\":\"https:\\\/\\\/www.cetys.mx\\\/noticias\\\/\",\"name\":\"CETYS\",\"description\":\"\",\"potentialAction\":[{\"@type\":\"SearchAction\",\"target\":{\"@type\":\"EntryPoint\",\"urlTemplate\":\"https:\\\/\\\/www.cetys.mx\\\/noticias\\\/?s={search_term_string}\"},\"query-input\":{\"@type\":\"PropertyValueSpecification\",\"valueRequired\":true,\"valueName\":\"search_term_string\"}}],\"inLanguage\":\"es\"}]}<\/script>\n<!-- \/ Yoast SEO plugin. -->","yoast_head_json":{"title":"S\u00edntesis Informativa de 13 de Abril de 2020 - CETYS","robots":{"index":"index","follow":"follow","max-snippet":"max-snippet:-1","max-image-preview":"max-image-preview:large","max-video-preview":"max-video-preview:-1"},"canonical":"https:\/\/www.cetys.mx\/noticias\/sintesis\/sintesis-informativa-de-13-de-abril-de-2020\/","og_locale":"es_MX","og_type":"article","og_title":"S\u00edntesis Informativa de 13 de Abril de 2020 - CETYS","og_description":"S\u00edntesis Informativa Las notas m\u00e1s importantes de CETYS en los medios de comunicaci\u00f3n &nbsp; 13 de Abril de 2020 &nbsp; &nbsp; &nbsp;...","og_url":"https:\/\/www.cetys.mx\/noticias\/sintesis\/sintesis-informativa-de-13-de-abril-de-2020\/","og_site_name":"CETYS","article_publisher":"https:\/\/www.facebook.com\/cetysuniversidadmxl\/","article_modified_time":"2020-07-29T18:44:31+00:00","og_image":[{"width":958,"height":479,"url":"https:\/\/www.cetys.mx\/noticias\/wp-content\/uploads\/2018\/02\/sintesis_2018.jpg","type":"image\/jpeg"}],"twitter_card":"summary_large_image","twitter_site":"@cetysuni","twitter_misc":{"Tiempo de lectura":"9 minutos"},"schema":{"@context":"https:\/\/schema.org","@graph":[{"@type":"WebPage","@id":"https:\/\/www.cetys.mx\/noticias\/sintesis\/sintesis-informativa-de-13-de-abril-de-2020\/","url":"https:\/\/www.cetys.mx\/noticias\/sintesis\/sintesis-informativa-de-13-de-abril-de-2020\/","name":"S\u00edntesis Informativa de 13 de Abril de 2020 - CETYS","isPartOf":{"@id":"https:\/\/www.cetys.mx\/noticias\/#website"},"primaryImageOfPage":{"@id":"https:\/\/www.cetys.mx\/noticias\/sintesis\/sintesis-informativa-de-13-de-abril-de-2020\/#primaryimage"},"image":{"@id":"https:\/\/www.cetys.mx\/noticias\/sintesis\/sintesis-informativa-de-13-de-abril-de-2020\/#primaryimage"},"thumbnailUrl":"https:\/\/www.cetys.mx\/noticias\/wp-content\/uploads\/2018\/02\/sintesis_2018.jpg","datePublished":"2020-04-24T02:42:02+00:00","dateModified":"2020-07-29T18:44:31+00:00","breadcrumb":{"@id":"https:\/\/www.cetys.mx\/noticias\/sintesis\/sintesis-informativa-de-13-de-abril-de-2020\/#breadcrumb"},"inLanguage":"es","potentialAction":[{"@type":"ReadAction","target":["https:\/\/www.cetys.mx\/noticias\/sintesis\/sintesis-informativa-de-13-de-abril-de-2020\/"]}]},{"@type":"ImageObject","inLanguage":"es","@id":"https:\/\/www.cetys.mx\/noticias\/sintesis\/sintesis-informativa-de-13-de-abril-de-2020\/#primaryimage","url":"https:\/\/www.cetys.mx\/noticias\/wp-content\/uploads\/2018\/02\/sintesis_2018.jpg","contentUrl":"https:\/\/www.cetys.mx\/noticias\/wp-content\/uploads\/2018\/02\/sintesis_2018.jpg","width":958,"height":479},{"@type":"BreadcrumbList","@id":"https:\/\/www.cetys.mx\/noticias\/sintesis\/sintesis-informativa-de-13-de-abril-de-2020\/#breadcrumb","itemListElement":[{"@type":"ListItem","position":1,"name":"Inicio","item":"https:\/\/www.cetys.mx\/noticias\/"},{"@type":"ListItem","position":2,"name":"S\u00edntesis","item":"https:\/\/www.cetys.mx\/noticias\/sintesis\/"},{"@type":"ListItem","position":3,"name":"S\u00edntesis Informativa de 13 de Abril de 2020"}]},{"@type":"WebSite","@id":"https:\/\/www.cetys.mx\/noticias\/#website","url":"https:\/\/www.cetys.mx\/noticias\/","name":"CETYS","description":"","potentialAction":[{"@type":"SearchAction","target":{"@type":"EntryPoint","urlTemplate":"https:\/\/www.cetys.mx\/noticias\/?s={search_term_string}"},"query-input":{"@type":"PropertyValueSpecification","valueRequired":true,"valueName":"search_term_string"}}],"inLanguage":"es"}]}},"_links":{"self":[{"href":"https:\/\/www.cetys.mx\/noticias\/wp-json\/wp\/v2\/sintesis\/143321","targetHints":{"allow":["GET"]}}],"collection":[{"href":"https:\/\/www.cetys.mx\/noticias\/wp-json\/wp\/v2\/sintesis"}],"about":[{"href":"https:\/\/www.cetys.mx\/noticias\/wp-json\/wp\/v2\/types\/sintesis"}],"author":[{"embeddable":true,"href":"https:\/\/www.cetys.mx\/noticias\/wp-json\/wp\/v2\/users\/26"}],"replies":[{"embeddable":true,"href":"https:\/\/www.cetys.mx\/noticias\/wp-json\/wp\/v2\/comments?post=143321"}],"wp:featuredmedia":[{"embeddable":true,"href":"https:\/\/www.cetys.mx\/noticias\/wp-json\/wp\/v2\/media\/109042"}],"wp:attachment":[{"href":"https:\/\/www.cetys.mx\/noticias\/wp-json\/wp\/v2\/media?parent=143321"}],"wp:term":[{"taxonomy":"category","embeddable":true,"href":"https:\/\/www.cetys.mx\/noticias\/wp-json\/wp\/v2\/categories?post=143321"}],"curies":[{"name":"wp","href":"https:\/\/api.w.org\/{rel}","templated":true}]}}