{"id":143279,"date":"2020-04-23T19:34:25","date_gmt":"2020-04-24T02:34:25","guid":{"rendered":"https:\/\/www.cetys.mx\/noticias\/sintesis\/sintesis-informativa-de-13-de-febrero-de-2020\/"},"modified":"2020-07-29T11:44:13","modified_gmt":"2020-07-29T18:44:13","slug":"sintesis-informativa-de-13-de-febrero-de-2020","status":"publish","type":"sintesis","link":"https:\/\/www.cetys.mx\/noticias\/sintesis\/sintesis-informativa-de-13-de-febrero-de-2020\/","title":{"rendered":"S\u00edntesis Informativa de 13 de Febrero  de 2020"},"content":{"rendered":"<table width=\"800\" border=\"0\" cellspacing=\"0\" cellpadding=\"0\" style=\"font-family:Tahoma, Geneva, sans-serif;\">\n<tr style=\" border:0px;\">\n<td width=\"103\" bgcolor=\"#ffdd00\">\n<table width=\"103\" border=\"0\" cellspacing=\"0\" cellpadding=\"0\"><\/table>\n<\/td>\n<td width=\"406\" align=\"center\" style=\"background-image:url('https:\/\/www.cetys.mx\/noticias\/images\/head-sintesis.jpg'); text-align:center; background-size: cover;\">\n<h1 style=\"color:#FFF;font-size: 54px; margin-bottom:14px;\">S\u00edntesis Informativa<\/h1>\n<h3 style=\"color:#FFF;font-size: 19px;font-weight: normal;margin-top: 0px;padding-top: 0px;\">Las notas m\u00e1s importantes de CETYS en los medios de comunicaci\u00f3n<\/h3>\n<\/td>\n<\/tr>\n<tr style=\" border:0px;\">\n<td bgcolor=\"#000\">&nbsp;<\/td>\n<td align=\"center\" valign=\"middle\" bgcolor=\"#000\" style=\"padding:10px; font-size:26px; text-align:center; color:#FFF;\"><img decoding=\"async\" src=\"https:\/\/www.cetys.mx\/noticias\/wp-content\/plugins\/sintesis-gen\/images\/logo-cetys-bn.png\" style=\"padding-right:30px; margin-right: 30px; border-right:2px solid #FFF;\" align=\"middle\">  13 de Febrero  de 2020<\/td>\n<\/tr>\n<tr style=\" border:0px;\">\n<td bgcolor=\"#ffdd00\">&nbsp;<\/td>\n<td>&nbsp;<\/td>\n<\/tr>\n<tr style=\" border:0px;\">\n<td bgcolor=\"#ffdd00\">&nbsp;<\/td>\n<td style=\"padding:5px;\">\n<h1>Medios Nacionales<\/h1>\n<hr style=\"border-top: 2px solid #4c4747;\">\n<table width=\"100%\">\n<tr style=\"font-size:18px;\">\n<td width=\"60%\" align=\"left\" valign=\"top\" style=\"vertical-align: top;  border:0px; padding-bottom: 20px;\">\n                        <span><img loading=\"lazy\" decoding=\"async\" class=\" wp-image-120482 alignleft\" src=\"https:\/\/www.cetys.mx\/noticias\/wp-content\/uploads\/2018\/10\/newsweek.jpg\" alt=\"\" width=\"199\" height=\"50\" \/> <\/span><br \/>\n                        <span style=\"font-size:20px;\"><b><a style=\"display: inline-block; padding-top:10px; color:#00a4e8;\" href=\"https:\/\/newsweekespanol.com\/2020\/02\/centros-educativos-kumon-celebran-5-anos-en-baja-california\">Centros educativos Kumon celebran 5 a\u00f1os en Baja California<\/a><\/b><\/span><br \/>\n                        <span><br \/>\n                            Un caso de \u00e9xito es el de Maritza Barrios Mac\u00edas, quien estudia en un centro de ense\u00f1anza Kumon<br \/>\ny el segundo semestre de preparatoria en CETYS Universidad, con beca en Bachillerato<br \/>\nInternacional.                         <\/span><\/p>\n<p>\n                          <a target=\"new\" href=\"https:\/\/www.facebook.com\/sharer\/sharer.php?u=https:\/\/newsweekespanol.com\/2020\/02\/centros-educativos-kumon-celebran-5-anos-en-baja-california\"><img decoding=\"async\" src=\"https:\/\/www.cetys.mx\/noticias\/wp-content\/plugins\/sintesis-gen\/images\/share-fb-btn.png\"><\/a> <a href=\"https:\/\/twitter.com\/share?url=https:\/\/newsweekespanol.com\/2020\/02\/centros-educativos-kumon-celebran-5-anos-en-baja-california&amp;text=Centros educativos Kumon celebran 5 a\u00f1os en Baja California\" target=\"_blank\"><br \/>\n                              <img decoding=\"async\" src=\"https:\/\/www.cetys.mx\/noticias\/wp-content\/plugins\/sintesis-gen\/images\/share-tw-btn.png\"><br \/>\n                          <\/a>\n                        <\/p>\n<\/td>\n<td>\n                                        <img decoding=\"async\" style=\"width:100%;\" src=\"https:\/\/www.cetys.mx\/noticias\/wp-content\/uploads\/2020\/02\/81915845_2414360808830053_4871354638722400256_n-600x530.jpg\">\n                    <\/td>\n<\/tr>\n<\/table>\n<h1>Mexicali<\/h1>\n<hr style=\"border-top: 2px solid #4c4747;\">\n<table width=\"100%\">\n<tr style=\"font-size:18px;\">\n<td width=\"60%\" align=\"left\" valign=\"top\" style=\"vertical-align: top;  border:0px; padding-bottom: 20px;\">\n                        <span><img loading=\"lazy\" decoding=\"async\" src=\"https:\/\/www.cetys.mx\/noticias\/wp-content\/uploads\/2018\/05\/el-cachanilla.jpg\" alt=\"\" width=\"140\" height=\"56\" \/> <\/span><br \/>\n                        <span style=\"font-size:20px;\"><b><a style=\"display: inline-block; padding-top:10px; color:#00a4e8;\" href=\"https:\/\/elcachanilla.com\/post\/190730106759\/el-intercambio-estudiantil-en-cetys-es-una\">El intercambio estudiantil en CETYS es una experiencia que vale totalmente la pena: Samantha Cota<\/a><\/b><\/span><br \/>\n                        <span><br \/>\n                            Cursando 6to. semestre de LAE y procedente de la UES, la estudiante se encuentra en el Campus Mexicali de CETYS Universidad, donde asegura, vive una de las m\u00e1s importantes experiencias de su vida                        <\/span><\/p>\n<p>\n                          <a target=\"new\" href=\"https:\/\/www.facebook.com\/sharer\/sharer.php?u=https:\/\/elcachanilla.com\/post\/190730106759\/el-intercambio-estudiantil-en-cetys-es-una\"><img decoding=\"async\" src=\"https:\/\/www.cetys.mx\/noticias\/wp-content\/plugins\/sintesis-gen\/images\/share-fb-btn.png\"><\/a> <a href=\"https:\/\/twitter.com\/share?url=https:\/\/elcachanilla.com\/post\/190730106759\/el-intercambio-estudiantil-en-cetys-es-una&amp;text=El intercambio estudiantil en CETYS es una experiencia que vale totalmente la pena: Samantha Cota\" target=\"_blank\"><br \/>\n                              <img decoding=\"async\" src=\"https:\/\/www.cetys.mx\/noticias\/wp-content\/plugins\/sintesis-gen\/images\/share-tw-btn.png\"><br \/>\n                          <\/a>\n                        <\/p>\n<\/td>\n<td>\n                                        <img decoding=\"async\" style=\"width:100%;\" src=\"https:\/\/www.cetys.mx\/noticias\/images\/no-disponible.jpg\">\n                    <\/td>\n<\/tr>\n<tr style=\"font-size:18px;\">\n<td width=\"60%\" align=\"left\" valign=\"top\" style=\"vertical-align: top;  border:0px; padding-bottom: 20px;\">\n                        <span><img loading=\"lazy\" decoding=\"async\" class=\" wp-image-118266 alignleft\" src=\"https:\/\/www.cetys.mx\/noticias\/wp-content\/uploads\/2018\/09\/logo_uniradio.png\" alt=\"\" width=\"155\" height=\"47\" \/> <\/span><br \/>\n                        <span style=\"font-size:20px;\"><b><a style=\"display: inline-block; padding-top:10px; color:#00a4e8;\" href=\"https:\/\/www.uniradioinforma.com\/noticias\/bajacalifornia\/591020\/estudiantes-chinos-de-cetys-se-unen-para-enviar-apoyo-a-china.html\">Estudiantes chinos de CETYS se unen para enviar apoyo a China<\/a><\/b><\/span><br \/>\n                        <span><br \/>\n                            Alumnos del CETYS Universidad Campus Mexicali conforman la primera Sociedad de Alumnos CETYS-China, misma que trabaja en la recaudaci\u00f3n de fondos para el env\u00edo de v\u00edveres a la Universidad de Jinan, en China, buscando hacer frente a la contingencia de salud por coronavirus que vive la naci\u00f3n asi\u00e1tica.                        <\/span><\/p>\n<p>\n                          <a target=\"new\" href=\"https:\/\/www.facebook.com\/sharer\/sharer.php?u=https:\/\/www.uniradioinforma.com\/noticias\/bajacalifornia\/591020\/estudiantes-chinos-de-cetys-se-unen-para-enviar-apoyo-a-china.html\"><img decoding=\"async\" src=\"https:\/\/www.cetys.mx\/noticias\/wp-content\/plugins\/sintesis-gen\/images\/share-fb-btn.png\"><\/a> <a href=\"https:\/\/twitter.com\/share?url=https:\/\/www.uniradioinforma.com\/noticias\/bajacalifornia\/591020\/estudiantes-chinos-de-cetys-se-unen-para-enviar-apoyo-a-china.html&amp;text=Estudiantes chinos de CETYS se unen para enviar apoyo a China\" target=\"_blank\"><br \/>\n                              <img decoding=\"async\" src=\"https:\/\/www.cetys.mx\/noticias\/wp-content\/plugins\/sintesis-gen\/images\/share-tw-btn.png\"><br \/>\n                          <\/a>\n                        <\/p>\n<\/td>\n<td>\n                                        <img decoding=\"async\" style=\"width:100%;\" src=\"https:\/\/www.cetys.mx\/noticias\/wp-content\/uploads\/2020\/02\/SACC1.jpg\">\n                    <\/td>\n<\/tr>\n<\/table>\n<h1>Tijuana<\/h1>\n<hr style=\"border-top: 2px solid #4c4747;\">\n<table width=\"100%\">\n<tr style=\"font-size:18px;\">\n<td width=\"60%\" align=\"left\" valign=\"top\" style=\"vertical-align: top;  border:0px; padding-bottom: 20px;\">\n                        <span><img loading=\"lazy\" decoding=\"async\" src=\"https:\/\/www.cetys.mx\/noticias\/wp-content\/uploads\/2018\/05\/uniradio-informa.jpg\" alt=\"\" width=\"140\" height=\"56\"\/> <\/span><br \/>\n                        <span style=\"font-size:20px;\"><b><a style=\"display: inline-block; padding-top:10px; color:#00a4e8;\" href=\"https:\/\/www.uniradioinforma.com\/noticias\/tijuana\/591071\/amor-en-la-era-digital-relaciones-amorosas-a-traves-de-algoritmos.html\">Amor en la era digital, relaciones amorosas a trav\u00e9s de algoritmos<\/a><\/b><\/span><br \/>\n                        <span><br \/>\n                            \u00bfQui\u00e9n iba a pensar que personas ciudades distintas y lejanas pueden enamorarse y hasta mantener una relaci\u00f3n? es parte de la globalizaci\u00f3n y antes no lo pod\u00edamos observar, se\u00f1al\u00f3 el Dr. Fabi\u00e1n Bautista Saucedo, Director de la Escuela de Ingenier\u00eda de CETYS campus Tijuana, a prop\u00f3sito del D\u00eda de San Valent\u00edn.                        <\/span><\/p>\n<p>\n                          <a target=\"new\" href=\"https:\/\/www.facebook.com\/sharer\/sharer.php?u=https:\/\/www.uniradioinforma.com\/noticias\/tijuana\/591071\/amor-en-la-era-digital-relaciones-amorosas-a-traves-de-algoritmos.html\"><img decoding=\"async\" src=\"https:\/\/www.cetys.mx\/noticias\/wp-content\/plugins\/sintesis-gen\/images\/share-fb-btn.png\"><\/a> <a href=\"https:\/\/twitter.com\/share?url=https:\/\/www.uniradioinforma.com\/noticias\/tijuana\/591071\/amor-en-la-era-digital-relaciones-amorosas-a-traves-de-algoritmos.html&amp;text=Amor en la era digital, relaciones amorosas a trav\u00e9s de algoritmos\" target=\"_blank\"><br \/>\n                              <img decoding=\"async\" src=\"https:\/\/www.cetys.mx\/noticias\/wp-content\/plugins\/sintesis-gen\/images\/share-tw-btn.png\"><br \/>\n                          <\/a>\n                        <\/p>\n<\/td>\n<td>\n                                        <img decoding=\"async\" style=\"width:100%;\" src=\"https:\/\/www.cetys.mx\/noticias\/wp-content\/uploads\/2020\/02\/San-Valentin-Comunicado.png\">\n                    <\/td>\n<\/tr>\n<tr style=\"font-size:18px;\">\n<td width=\"60%\" align=\"left\" valign=\"top\" style=\"vertical-align: top;  border:0px; padding-bottom: 20px;\">\n                        <span><img loading=\"lazy\" decoding=\"async\" class=\" wp-image-118272 alignleft\" src=\"https:\/\/www.cetys.mx\/noticias\/wp-content\/uploads\/2018\/09\/cetys_soltijuana1.jpg\" alt=\"\" width=\"187\" height=\"35\" \/> <\/span><br \/>\n                        <span style=\"font-size:20px;\"><b><a style=\"display: inline-block; padding-top:10px; color:#00a4e8;\" href=\"https:\/\/www.elsoldetijuana.com.mx\/local\/amor-en-la-era-digital-relaciones-amorosas-a-traves-de-algoritmos-4827131.html\">Amor en la era digital, relaciones amorosas a trav\u00e9s de algoritmos<\/a><\/b><\/span><br \/>\n                        <span><br \/>\n                            \u00bfQui\u00e9n iba a pensar que personas ciudades distintas y lejanas pueden enamorarse y hasta mantener una relaci\u00f3n? es parte de la globalizaci\u00f3n y antes no lo pod\u00edamos observar, se\u00f1al\u00f3 el Dr. Fabi\u00e1n Bautista Saucedo, Director de la Escuela de Ingenier\u00eda de CETYS campus Tijuana, a prop\u00f3sito del D\u00eda de San Valent\u00edn.                        <\/span><\/p>\n<p>\n                          <a target=\"new\" href=\"https:\/\/www.facebook.com\/sharer\/sharer.php?u=https:\/\/www.elsoldetijuana.com.mx\/local\/amor-en-la-era-digital-relaciones-amorosas-a-traves-de-algoritmos-4827131.html\"><img decoding=\"async\" src=\"https:\/\/www.cetys.mx\/noticias\/wp-content\/plugins\/sintesis-gen\/images\/share-fb-btn.png\"><\/a> <a href=\"https:\/\/twitter.com\/share?url=https:\/\/www.elsoldetijuana.com.mx\/local\/amor-en-la-era-digital-relaciones-amorosas-a-traves-de-algoritmos-4827131.html&amp;text=Amor en la era digital, relaciones amorosas a trav\u00e9s de algoritmos\" target=\"_blank\"><br \/>\n                              <img decoding=\"async\" src=\"https:\/\/www.cetys.mx\/noticias\/wp-content\/plugins\/sintesis-gen\/images\/share-tw-btn.png\"><br \/>\n                          <\/a>\n                        <\/p>\n<\/td>\n<td>\n                                        <img decoding=\"async\" style=\"width:100%;\" src=\"https:\/\/www.cetys.mx\/noticias\/wp-content\/uploads\/2020\/02\/San-Valentin-Comunicado.png\">\n                    <\/td>\n<\/tr>\n<tr style=\"font-size:18px;\">\n<td width=\"60%\" align=\"left\" valign=\"top\" style=\"vertical-align: top;  border:0px; padding-bottom: 20px;\">\n                        <span><img loading=\"lazy\" decoding=\"async\" class=\"alignnone  wp-image-137103\" src=\"https:\/\/www.cetys.mx\/noticias\/wp-content\/uploads\/2019\/11\/tijuana-en-linea-noticias.png\" alt=\"\" width=\"184\" height=\"44\" srcset=\"https:\/\/www.cetys.mx\/noticias\/wp-content\/uploads\/2019\/11\/tijuana-en-linea-noticias.png 459w, https:\/\/www.cetys.mx\/noticias\/wp-content\/uploads\/2019\/11\/tijuana-en-linea-noticias-450x110.png 450w\" sizes=\"auto, (max-width: 184px) 100vw, 184px\" \/> <\/span><br \/>\n                        <span style=\"font-size:20px;\"><b><a style=\"display: inline-block; padding-top:10px; color:#00a4e8;\" href=\"https:\/\/www.tijuanaenlinea.com\/2020\/02\/12\/amor-en-la-era-digital-relaciones-amorosas-a-traves-de-algoritmos\/\">Amor en la era digital, relaciones amorosas, a trav\u00e9s de algoritmos<\/a><\/b><\/span><br \/>\n                        <span><br \/>\n                            \u00bfQui\u00e9n iba a pensar que personas ciudades distintas y lejanas pueden enamorarse y hasta mantener una relaci\u00f3n? es parte de la globalizaci\u00f3n y antes no lo pod\u00edamos observar, se\u00f1al\u00f3 el Dr. Fabi\u00e1n Bautista Saucedo, Director de la Escuela de Ingenier\u00eda de CETYS campus Tijuana, a prop\u00f3sito del D\u00eda de San Valent\u00edn.                        <\/span><\/p>\n<p>\n                          <a target=\"new\" href=\"https:\/\/www.facebook.com\/sharer\/sharer.php?u=https:\/\/www.tijuanaenlinea.com\/2020\/02\/12\/amor-en-la-era-digital-relaciones-amorosas-a-traves-de-algoritmos\/\"><img decoding=\"async\" src=\"https:\/\/www.cetys.mx\/noticias\/wp-content\/plugins\/sintesis-gen\/images\/share-fb-btn.png\"><\/a> <a href=\"https:\/\/twitter.com\/share?url=https:\/\/www.tijuanaenlinea.com\/2020\/02\/12\/amor-en-la-era-digital-relaciones-amorosas-a-traves-de-algoritmos\/&amp;text=Amor en la era digital, relaciones amorosas, a trav\u00e9s de algoritmos\" target=\"_blank\"><br \/>\n                              <img decoding=\"async\" src=\"https:\/\/www.cetys.mx\/noticias\/wp-content\/plugins\/sintesis-gen\/images\/share-tw-btn.png\"><br \/>\n                          <\/a>\n                        <\/p>\n<\/td>\n<td>\n                                        <img decoding=\"async\" style=\"width:100%;\" src=\"https:\/\/www.cetys.mx\/noticias\/wp-content\/uploads\/2020\/02\/San-Valentin-Comunicado.png\">\n                    <\/td>\n<\/tr>\n<tr style=\"font-size:18px;\">\n<td width=\"60%\" align=\"left\" valign=\"top\" style=\"vertical-align: top;  border:0px; padding-bottom: 20px;\">\n                        <span><img loading=\"lazy\" decoding=\"async\" src=\"https:\/\/www.cetys.mx\/noticias\/wp-content\/uploads\/2018\/05\/tijuana-informativo.jpg\" alt=\"\" width=\"140\" height=\"56\" \/> <\/span><br \/>\n                        <span style=\"font-size:20px;\"><b><a style=\"display: inline-block; padding-top:10px; color:#00a4e8;\" href=\"https:\/\/www.tijuanainformativo.info\/index.php\/noticias-de-tijuana\/item\/102566-amor-en-la-era-digital-relaciones-amorosas-a-traves-de-algoritmos\">Amor en la era digital, relaciones amorosas a trav\u00e9s de algoritmos<\/a><\/b><\/span><br \/>\n                        <span><br \/>\n                            \u00bfQui\u00e9n iba a pensar que personas ciudades distintas y lejanas pueden enamorarse y hasta mantener una relaci\u00f3n? es parte de la globalizaci\u00f3n y antes no lo pod\u00edamos observar, se\u00f1al\u00f3 el Dr. Fabi\u00e1n Bautista Saucedo, Director de la Escuela de Ingenier\u00eda de CETYS campus Tijuana, a prop\u00f3sito del D\u00eda de San Valent\u00edn.                        <\/span><\/p>\n<p>\n                          <a target=\"new\" href=\"https:\/\/www.facebook.com\/sharer\/sharer.php?u=https:\/\/www.tijuanainformativo.info\/index.php\/noticias-de-tijuana\/item\/102566-amor-en-la-era-digital-relaciones-amorosas-a-traves-de-algoritmos\"><img decoding=\"async\" src=\"https:\/\/www.cetys.mx\/noticias\/wp-content\/plugins\/sintesis-gen\/images\/share-fb-btn.png\"><\/a> <a href=\"https:\/\/twitter.com\/share?url=https:\/\/www.tijuanainformativo.info\/index.php\/noticias-de-tijuana\/item\/102566-amor-en-la-era-digital-relaciones-amorosas-a-traves-de-algoritmos&amp;text=Amor en la era digital, relaciones amorosas a trav\u00e9s de algoritmos\" target=\"_blank\"><br \/>\n                              <img decoding=\"async\" src=\"https:\/\/www.cetys.mx\/noticias\/wp-content\/plugins\/sintesis-gen\/images\/share-tw-btn.png\"><br \/>\n                          <\/a>\n                        <\/p>\n<\/td>\n<td>\n                                        <img decoding=\"async\" style=\"width:100%;\" src=\"https:\/\/www.cetys.mx\/noticias\/wp-content\/uploads\/2020\/02\/San-Valentin-Comunicado.png\">\n                    <\/td>\n<\/tr>\n<tr style=\"font-size:18px;\">\n<td width=\"60%\" align=\"left\" valign=\"top\" style=\"vertical-align: top;  border:0px; padding-bottom: 20px;\">\n                        <span><img loading=\"lazy\" decoding=\"async\" class=\" wp-image-118272 alignleft\" src=\"https:\/\/www.cetys.mx\/noticias\/wp-content\/uploads\/2018\/09\/cetys_soltijuana1.jpg\" alt=\"\" width=\"187\" height=\"35\" \/> <\/span><br \/>\n                        <span style=\"font-size:20px;\"><b><a style=\"display: inline-block; padding-top:10px; color:#00a4e8;\" href=\"https:\/\/www.elsoldetijuana.com.mx\/deportes\/voleibol-varonil-de-cetys-reaparece-en-el-campeonato-universitario-4828644.html\">Voleibol Varonil de CETYS reaparece en el campeonato universitario<\/a><\/b><\/span><br \/>\n                        <span><br \/>\n                            De cara al cierre del Campeonato Universitario &#8220;Telmex Telcel&#8221; (CUTT) y al proceso de clasificaci\u00f3n a la &#8220;Universiada Nacional 2020&#8221; (avalada por CONDDE), el equipo de Voleibol Varonil de CETYS Universidad intensifica su preparaci\u00f3n con juegos en Estados Unidos.                        <\/span><\/p>\n<p>\n                          <a target=\"new\" href=\"https:\/\/www.facebook.com\/sharer\/sharer.php?u=https:\/\/www.elsoldetijuana.com.mx\/deportes\/voleibol-varonil-de-cetys-reaparece-en-el-campeonato-universitario-4828644.html\"><img decoding=\"async\" src=\"https:\/\/www.cetys.mx\/noticias\/wp-content\/plugins\/sintesis-gen\/images\/share-fb-btn.png\"><\/a> <a href=\"https:\/\/twitter.com\/share?url=https:\/\/www.elsoldetijuana.com.mx\/deportes\/voleibol-varonil-de-cetys-reaparece-en-el-campeonato-universitario-4828644.html&amp;text=Voleibol Varonil de CETYS reaparece en el campeonato universitario\" target=\"_blank\"><br \/>\n                              <img decoding=\"async\" src=\"https:\/\/www.cetys.mx\/noticias\/wp-content\/plugins\/sintesis-gen\/images\/share-tw-btn.png\"><br \/>\n                          <\/a>\n                        <\/p>\n<\/td>\n<td>\n                                        <img decoding=\"async\" style=\"width:100%;\" src=\"https:\/\/www.cetys.mx\/noticias\/wp-content\/uploads\/2020\/02\/Buen-fogueo-para-Zorros.jpg\">\n                    <\/td>\n<\/tr>\n<\/table>\n<h1>Ensenada<\/h1>\n<hr style=\"border-top: 2px solid #4c4747;\">\n<table width=\"100%\">\n<tr style=\"font-size:18px;\">\n<td width=\"60%\" align=\"left\" valign=\"top\" style=\"vertical-align: top;  border:0px; padding-bottom: 20px;\">\n                        <span><img loading=\"lazy\" decoding=\"async\" src=\"https:\/\/www.cetys.mx\/noticias\/wp-content\/uploads\/2018\/05\/televisa.jpg\" alt=\"\" width=\"151\" height=\"100\" \/> <\/span><br \/>\n                        <span style=\"font-size:20px;\"><b><a style=\"display: inline-block; padding-top:10px; color:#00a4e8;\" href=\"https:\/\/www.youtube.com\/watch?v=0oyNXSw4rls&#038;feature=youtu.be\">CETYS reconoce el talento de sus estudiantes<\/a><\/b><\/span><br \/>\n                        <span><br \/>\n                            M\u00e1s de ciento cincuenta alumnos de Preparatoria y Profesional del Campus Internacional Ensenada fueron reconocidos por su talento acad\u00e9mico, cultural y deportivo en una ceremonia especial presidida por el Rector del Sistema CETYS.                        <\/span><\/p>\n<p>\n                          <a target=\"new\" href=\"https:\/\/www.facebook.com\/sharer\/sharer.php?u=https:\/\/www.youtube.com\/watch?v=0oyNXSw4rls&#038;feature=youtu.be\"><img decoding=\"async\" src=\"https:\/\/www.cetys.mx\/noticias\/wp-content\/plugins\/sintesis-gen\/images\/share-fb-btn.png\"><\/a> <a href=\"https:\/\/twitter.com\/share?url=https:\/\/www.youtube.com\/watch?v=0oyNXSw4rls&#038;feature=youtu.be&amp;text=CETYS reconoce el talento de sus estudiantes\" target=\"_blank\"><br \/>\n                              <img decoding=\"async\" src=\"https:\/\/www.cetys.mx\/noticias\/wp-content\/plugins\/sintesis-gen\/images\/share-tw-btn.png\"><br \/>\n                          <\/a>\n                        <\/p>\n<\/td>\n<td>\n                                        <img decoding=\"async\" style=\"width:100%;\" src=\"https:\/\/www.cetys.mx\/noticias\/wp-content\/uploads\/2020\/02\/Televisa.png\">\n                    <\/td>\n<\/tr>\n<\/table>\n<p>&nbsp;<\/p>\n<\/td>\n<\/tr>\n<tr style=\" border:0px;\">\n<td bgcolor=\"#ffdd00\">&nbsp;<\/td>\n<td align=\"center\" bgcolor=\"#000000\" style=\"padding-left: 30px; color: #FFF;\">\n<p>&nbsp;<\/p>\n<h2><\/h2>\n<p>&nbsp;<\/p>\n<\/td>\n<\/tr>\n<tr style=\" border:0px;\">\n<td bgcolor=\"#ffdd00\">&nbsp;<\/td>\n<td style=\"padding-left:30px;\">\n<div style=\"text-align:center; font-size:20px;\">\n<h3>\n          Contactos:<\/h3>\n<\/p><\/div>\n<p>      <strong>COORDINACI&Oacute;N DE COMUNICACI&Oacute;N Y RELACIONES P&Uacute;BLICAS<\/strong><br \/>\n      <span style=\"font-size:14px;\"><\/p>\n<p>Campus Mexicali:<br \/>\n        <b>Mtra. Laura Odette Ram&iacute;rez Govea<\/b> | <img decoding=\"async\" src=\"https:\/\/www.cetys.mx\/noticias\/wp-content\/plugins\/sintesis-gen\/images\/icon-phone.png\"> +52 (686) 567-3782 | <img decoding=\"async\" src=\"https:\/\/www.cetys.mx\/noticias\/wp-content\/plugins\/sintesis-gen\/images\/icon-email.png\"> <a href=\"mailto:odette.ramirez@cetys.mx\">odette.ramirez@cetys.mx<\/a>\n      <\/p>\n<p>      <\/span><\/p>\n<p><span style=\"font-size:14px;\">Campus Tijuana:<br \/>\n        <b>Mtra. Angela N. Arroyo P&eacute;rez<\/b> | <img decoding=\"async\" src=\"https:\/\/www.cetys.mx\/noticias\/wp-content\/plugins\/sintesis-gen\/images\/icon-phone.png\"> +52 (664) 903-1853 | <img decoding=\"async\" src=\"https:\/\/www.cetys.mx\/noticias\/wp-content\/plugins\/sintesis-gen\/images\/icon-email.png\"> <a href=\"mailto:angela.arroyo@cetys.mx\">angela.arroyo@cetys.mx<\/a><br \/>\n      <\/span><\/p>\n<p><span style=\"font-size:14px;\">Campus Ensenada:<br \/>\n        <b>Mtra. Claudia Garc\u00eda Ruiz <\/b> | <img decoding=\"async\" src=\"https:\/\/www.cetys.mx\/noticias\/wp-content\/plugins\/sintesis-gen\/images\/icon-phone.png\"> +52 (646) 222-2300 ext. 3431 | <img decoding=\"async\" src=\"https:\/\/www.cetys.mx\/noticias\/wp-content\/plugins\/sintesis-gen\/images\/icon-email.png\"> <a href=\"mailto:claudia.garcia@cetys.mx\">claudia.garcia@cetys.mx<\/a><br \/>\n      <\/span><\/p>\n<p>&nbsp;<\/p>\n<p><strong>DIRECCI&Oacute;N DE COMUNICACI&Oacute;N INSTITUCIONAL<\/strong><br \/>\n        <span style=\"font-size:14px;\"><b>Mtro. Francisco Reyes Cervantes<\/b> | <img decoding=\"async\" src=\"https:\/\/www.cetys.mx\/noticias\/wp-content\/plugins\/sintesis-gen\/images\/icon-phone.png\"> +52 (664) 903-1800 ext. 2260 | <img decoding=\"async\" src=\"https:\/\/www.cetys.mx\/noticias\/wp-content\/plugins\/sintesis-gen\/images\/icon-email.png\"> <a href=\"mailto:francisco.reyes@cetys.mx\">francisco.reyes@cetys.mx<\/a><br \/>\n      <\/span><\/p>\n<p>&nbsp;<\/p>\n<\/td>\n<\/tr>\n<tr style=\" border:0px;\">\n<td bgcolor=\"#ffdd00\">&nbsp;<\/td>\n<td>&nbsp;<\/td>\n<\/tr>\n<\/table>\n<style>\n.article-content{\n  padding: 0px;\n}\n.article-content table {\n    width: initial !important;\n}<\/p>\n<\/style>\n","protected":false},"excerpt":{"rendered":"<p>S\u00edntesis Informativa Las notas m\u00e1s importantes de CETYS en los medios de comunicaci\u00f3n &nbsp; 13 de Febrero de 2020 &nbsp; &nbsp; &nbsp;&#8230;<\/p>\n","protected":false},"author":26,"featured_media":109042,"menu_order":0,"comment_status":"closed","ping_status":"closed","template":"","categories":[130],"class_list":["post-143279","sintesis","type-sintesis","status-publish","has-post-thumbnail","hentry","category-sintesis-informativa"],"yoast_head":"<!-- This site is optimized with the Yoast SEO plugin v27.4 - https:\/\/yoast.com\/product\/yoast-seo-wordpress\/ -->\n<title>S\u00edntesis Informativa de 13 de Febrero de 2020 - CETYS<\/title>\n<meta name=\"robots\" content=\"index, follow, max-snippet:-1, max-image-preview:large, max-video-preview:-1\" \/>\n<link rel=\"canonical\" href=\"https:\/\/www.cetys.mx\/noticias\/sintesis\/sintesis-informativa-de-13-de-febrero-de-2020\/\" \/>\n<meta property=\"og:locale\" content=\"es_MX\" \/>\n<meta property=\"og:type\" content=\"article\" \/>\n<meta property=\"og:title\" content=\"S\u00edntesis Informativa de 13 de Febrero de 2020 - CETYS\" \/>\n<meta property=\"og:description\" content=\"S\u00edntesis Informativa Las notas m\u00e1s importantes de CETYS en los medios de comunicaci\u00f3n &nbsp; 13 de Febrero de 2020 &nbsp; &nbsp; &nbsp;...\" \/>\n<meta property=\"og:url\" content=\"https:\/\/www.cetys.mx\/noticias\/sintesis\/sintesis-informativa-de-13-de-febrero-de-2020\/\" \/>\n<meta property=\"og:site_name\" content=\"CETYS\" \/>\n<meta property=\"article:publisher\" content=\"https:\/\/www.facebook.com\/cetysuniversidadmxl\/\" \/>\n<meta property=\"article:modified_time\" content=\"2020-07-29T18:44:13+00:00\" \/>\n<meta property=\"og:image\" content=\"https:\/\/www.cetys.mx\/noticias\/wp-content\/uploads\/2018\/02\/sintesis_2018.jpg\" \/>\n\t<meta property=\"og:image:width\" content=\"958\" \/>\n\t<meta property=\"og:image:height\" content=\"479\" \/>\n\t<meta property=\"og:image:type\" content=\"image\/jpeg\" \/>\n<meta name=\"twitter:card\" content=\"summary_large_image\" \/>\n<meta name=\"twitter:site\" content=\"@cetysuni\" \/>\n<meta name=\"twitter:label1\" content=\"Tiempo de lectura\" \/>\n\t<meta name=\"twitter:data1\" content=\"3 minutos\" \/>\n<script type=\"application\/ld+json\" class=\"yoast-schema-graph\">{\"@context\":\"https:\\\/\\\/schema.org\",\"@graph\":[{\"@type\":\"WebPage\",\"@id\":\"https:\\\/\\\/www.cetys.mx\\\/noticias\\\/sintesis\\\/sintesis-informativa-de-13-de-febrero-de-2020\\\/\",\"url\":\"https:\\\/\\\/www.cetys.mx\\\/noticias\\\/sintesis\\\/sintesis-informativa-de-13-de-febrero-de-2020\\\/\",\"name\":\"S\u00edntesis Informativa de 13 de Febrero de 2020 - CETYS\",\"isPartOf\":{\"@id\":\"https:\\\/\\\/www.cetys.mx\\\/noticias\\\/#website\"},\"primaryImageOfPage\":{\"@id\":\"https:\\\/\\\/www.cetys.mx\\\/noticias\\\/sintesis\\\/sintesis-informativa-de-13-de-febrero-de-2020\\\/#primaryimage\"},\"image\":{\"@id\":\"https:\\\/\\\/www.cetys.mx\\\/noticias\\\/sintesis\\\/sintesis-informativa-de-13-de-febrero-de-2020\\\/#primaryimage\"},\"thumbnailUrl\":\"https:\\\/\\\/www.cetys.mx\\\/noticias\\\/wp-content\\\/uploads\\\/2018\\\/02\\\/sintesis_2018.jpg\",\"datePublished\":\"2020-04-24T02:34:25+00:00\",\"dateModified\":\"2020-07-29T18:44:13+00:00\",\"breadcrumb\":{\"@id\":\"https:\\\/\\\/www.cetys.mx\\\/noticias\\\/sintesis\\\/sintesis-informativa-de-13-de-febrero-de-2020\\\/#breadcrumb\"},\"inLanguage\":\"es\",\"potentialAction\":[{\"@type\":\"ReadAction\",\"target\":[\"https:\\\/\\\/www.cetys.mx\\\/noticias\\\/sintesis\\\/sintesis-informativa-de-13-de-febrero-de-2020\\\/\"]}]},{\"@type\":\"ImageObject\",\"inLanguage\":\"es\",\"@id\":\"https:\\\/\\\/www.cetys.mx\\\/noticias\\\/sintesis\\\/sintesis-informativa-de-13-de-febrero-de-2020\\\/#primaryimage\",\"url\":\"https:\\\/\\\/www.cetys.mx\\\/noticias\\\/wp-content\\\/uploads\\\/2018\\\/02\\\/sintesis_2018.jpg\",\"contentUrl\":\"https:\\\/\\\/www.cetys.mx\\\/noticias\\\/wp-content\\\/uploads\\\/2018\\\/02\\\/sintesis_2018.jpg\",\"width\":958,\"height\":479},{\"@type\":\"BreadcrumbList\",\"@id\":\"https:\\\/\\\/www.cetys.mx\\\/noticias\\\/sintesis\\\/sintesis-informativa-de-13-de-febrero-de-2020\\\/#breadcrumb\",\"itemListElement\":[{\"@type\":\"ListItem\",\"position\":1,\"name\":\"Inicio\",\"item\":\"https:\\\/\\\/www.cetys.mx\\\/noticias\\\/\"},{\"@type\":\"ListItem\",\"position\":2,\"name\":\"S\u00edntesis\",\"item\":\"https:\\\/\\\/www.cetys.mx\\\/noticias\\\/sintesis\\\/\"},{\"@type\":\"ListItem\",\"position\":3,\"name\":\"S\u00edntesis Informativa de 13 de Febrero de 2020\"}]},{\"@type\":\"WebSite\",\"@id\":\"https:\\\/\\\/www.cetys.mx\\\/noticias\\\/#website\",\"url\":\"https:\\\/\\\/www.cetys.mx\\\/noticias\\\/\",\"name\":\"CETYS\",\"description\":\"\",\"potentialAction\":[{\"@type\":\"SearchAction\",\"target\":{\"@type\":\"EntryPoint\",\"urlTemplate\":\"https:\\\/\\\/www.cetys.mx\\\/noticias\\\/?s={search_term_string}\"},\"query-input\":{\"@type\":\"PropertyValueSpecification\",\"valueRequired\":true,\"valueName\":\"search_term_string\"}}],\"inLanguage\":\"es\"}]}<\/script>\n<!-- \/ Yoast SEO plugin. -->","yoast_head_json":{"title":"S\u00edntesis Informativa de 13 de Febrero de 2020 - CETYS","robots":{"index":"index","follow":"follow","max-snippet":"max-snippet:-1","max-image-preview":"max-image-preview:large","max-video-preview":"max-video-preview:-1"},"canonical":"https:\/\/www.cetys.mx\/noticias\/sintesis\/sintesis-informativa-de-13-de-febrero-de-2020\/","og_locale":"es_MX","og_type":"article","og_title":"S\u00edntesis Informativa de 13 de Febrero de 2020 - CETYS","og_description":"S\u00edntesis Informativa Las notas m\u00e1s importantes de CETYS en los medios de comunicaci\u00f3n &nbsp; 13 de Febrero de 2020 &nbsp; &nbsp; &nbsp;...","og_url":"https:\/\/www.cetys.mx\/noticias\/sintesis\/sintesis-informativa-de-13-de-febrero-de-2020\/","og_site_name":"CETYS","article_publisher":"https:\/\/www.facebook.com\/cetysuniversidadmxl\/","article_modified_time":"2020-07-29T18:44:13+00:00","og_image":[{"width":958,"height":479,"url":"https:\/\/www.cetys.mx\/noticias\/wp-content\/uploads\/2018\/02\/sintesis_2018.jpg","type":"image\/jpeg"}],"twitter_card":"summary_large_image","twitter_site":"@cetysuni","twitter_misc":{"Tiempo de lectura":"3 minutos"},"schema":{"@context":"https:\/\/schema.org","@graph":[{"@type":"WebPage","@id":"https:\/\/www.cetys.mx\/noticias\/sintesis\/sintesis-informativa-de-13-de-febrero-de-2020\/","url":"https:\/\/www.cetys.mx\/noticias\/sintesis\/sintesis-informativa-de-13-de-febrero-de-2020\/","name":"S\u00edntesis Informativa de 13 de Febrero de 2020 - CETYS","isPartOf":{"@id":"https:\/\/www.cetys.mx\/noticias\/#website"},"primaryImageOfPage":{"@id":"https:\/\/www.cetys.mx\/noticias\/sintesis\/sintesis-informativa-de-13-de-febrero-de-2020\/#primaryimage"},"image":{"@id":"https:\/\/www.cetys.mx\/noticias\/sintesis\/sintesis-informativa-de-13-de-febrero-de-2020\/#primaryimage"},"thumbnailUrl":"https:\/\/www.cetys.mx\/noticias\/wp-content\/uploads\/2018\/02\/sintesis_2018.jpg","datePublished":"2020-04-24T02:34:25+00:00","dateModified":"2020-07-29T18:44:13+00:00","breadcrumb":{"@id":"https:\/\/www.cetys.mx\/noticias\/sintesis\/sintesis-informativa-de-13-de-febrero-de-2020\/#breadcrumb"},"inLanguage":"es","potentialAction":[{"@type":"ReadAction","target":["https:\/\/www.cetys.mx\/noticias\/sintesis\/sintesis-informativa-de-13-de-febrero-de-2020\/"]}]},{"@type":"ImageObject","inLanguage":"es","@id":"https:\/\/www.cetys.mx\/noticias\/sintesis\/sintesis-informativa-de-13-de-febrero-de-2020\/#primaryimage","url":"https:\/\/www.cetys.mx\/noticias\/wp-content\/uploads\/2018\/02\/sintesis_2018.jpg","contentUrl":"https:\/\/www.cetys.mx\/noticias\/wp-content\/uploads\/2018\/02\/sintesis_2018.jpg","width":958,"height":479},{"@type":"BreadcrumbList","@id":"https:\/\/www.cetys.mx\/noticias\/sintesis\/sintesis-informativa-de-13-de-febrero-de-2020\/#breadcrumb","itemListElement":[{"@type":"ListItem","position":1,"name":"Inicio","item":"https:\/\/www.cetys.mx\/noticias\/"},{"@type":"ListItem","position":2,"name":"S\u00edntesis","item":"https:\/\/www.cetys.mx\/noticias\/sintesis\/"},{"@type":"ListItem","position":3,"name":"S\u00edntesis Informativa de 13 de Febrero de 2020"}]},{"@type":"WebSite","@id":"https:\/\/www.cetys.mx\/noticias\/#website","url":"https:\/\/www.cetys.mx\/noticias\/","name":"CETYS","description":"","potentialAction":[{"@type":"SearchAction","target":{"@type":"EntryPoint","urlTemplate":"https:\/\/www.cetys.mx\/noticias\/?s={search_term_string}"},"query-input":{"@type":"PropertyValueSpecification","valueRequired":true,"valueName":"search_term_string"}}],"inLanguage":"es"}]}},"_links":{"self":[{"href":"https:\/\/www.cetys.mx\/noticias\/wp-json\/wp\/v2\/sintesis\/143279","targetHints":{"allow":["GET"]}}],"collection":[{"href":"https:\/\/www.cetys.mx\/noticias\/wp-json\/wp\/v2\/sintesis"}],"about":[{"href":"https:\/\/www.cetys.mx\/noticias\/wp-json\/wp\/v2\/types\/sintesis"}],"author":[{"embeddable":true,"href":"https:\/\/www.cetys.mx\/noticias\/wp-json\/wp\/v2\/users\/26"}],"replies":[{"embeddable":true,"href":"https:\/\/www.cetys.mx\/noticias\/wp-json\/wp\/v2\/comments?post=143279"}],"wp:featuredmedia":[{"embeddable":true,"href":"https:\/\/www.cetys.mx\/noticias\/wp-json\/wp\/v2\/media\/109042"}],"wp:attachment":[{"href":"https:\/\/www.cetys.mx\/noticias\/wp-json\/wp\/v2\/media?parent=143279"}],"wp:term":[{"taxonomy":"category","embeddable":true,"href":"https:\/\/www.cetys.mx\/noticias\/wp-json\/wp\/v2\/categories?post=143279"}],"curies":[{"name":"wp","href":"https:\/\/api.w.org\/{rel}","templated":true}]}}