{"id":15260,"date":"2016-02-23T17:57:08","date_gmt":"2016-02-24T01:57:08","guid":{"rendered":"http:\/\/vocetys.mx\/?page_id=15260"},"modified":"2026-04-21T10:55:10","modified_gmt":"2026-04-21T17:55:10","slug":"cetys-principal","status":"publish","type":"page","link":"https:\/\/www.cetys.mx\/noticias\/","title":{"rendered":"CETYS Principal"},"content":{"rendered":"<section class=\"section  \">\n        <div class=\"row clearfix\">\n            \n\t<div class=\"col-md-12 wpb_column vc_column_container\">\n\t\t<div class=\"wpb_wrapper\">\n\t\t\t\n\t<div class=\"wpb_text_column wpb_content_element \">\n\t\t<div class=\"wpb_wrapper\">\n\t\t\t\n\t\t<\/div> \n\t<\/div> \n\t\t<\/div> \n\t<\/div> \n        <\/div>\n    <\/section><section class=\"section  \">\n        <div class=\"row clearfix\">\n            \n\t<div class=\"col-md-12 wpb_column vc_column_container\">\n\t\t<div class=\"wpb_wrapper\">\n\t\t\t\n\t<div class=\"wpb_text_column wpb_content_element \">\n\t\t<div class=\"wpb_wrapper\">\n\t\t\t<div class=\"featured-post \">\n        <div class=\"featured-slider\"><div class=\"featured-slide\">\n                                <a href=\"https:\/\/www.cetys.mx\/noticias\/cetys-universidad-y-ammje-ensenada-fortalecen-vinculacion-para-impulsar-talento-y-liderazgo-empresarial\/\" class=\"half-thumb\"><img src='https:\/\/www.cetys.mx\/noticias\/wp-content\/uploads\/2026\/09\/Foto-1-1-scaled.jpg' alt='CETYS Universidad y AMMJE Ensenada fortalecen vinculaci\u00f3n para impulsar talento y liderazgo empresarial'><\/a>\n                                <div class=\"caption\">\n                                    <div class=\"caption-container\">\n                                        <div class='post-categories'><a href='https:\/\/www.cetys.mx\/noticias\/category\/academia\/' rel='category'>Academia<\/a><\/div>\n                                        <h1 class=\"post-title\"><a href=\"https:\/\/www.cetys.mx\/noticias\/cetys-universidad-y-ammje-ensenada-fortalecen-vinculacion-para-impulsar-talento-y-liderazgo-empresarial\/\">CETYS Universidad y AMMJE Ensenada fortalecen vinculaci\u00f3n para impulsar talento y liderazgo empresarial<\/a><\/h1>\n                                    <\/div>\n                                <\/div>\n                            <\/div><div class=\"featured-slide\">\n                                <a href=\"https:\/\/www.cetys.mx\/noticias\/que-nos-ensenaron-los-comerciales-que-netflix-no-como-la-inmediatez-digital-transformo-nuestra-forma-de-esperar\/\" class=\"half-thumb\"><img class='lazyOwl' src='https:\/\/www.cetys.mx\/noticias\/wp-content\/plugins\/jmagz-plugin\/assets\/placeholder\/900x450.png' data-src='https:\/\/www.cetys.mx\/noticias\/wp-content\/uploads\/2026\/09\/netflixvscomerciales.png' alt='\u00bfQu\u00e9 nos ense\u00f1aron los comerciales que Netflix no? C\u00f3mo la inmediatez digital transform\u00f3 nuestra forma de esperar'><\/a>\n                                <div class=\"caption\">\n                                    <div class=\"caption-container\">\n                                        <div class='post-categories'><a href='https:\/\/www.cetys.mx\/noticias\/category\/campus-mexicali\/' rel='category'>Campus Mexicali<\/a><\/div>\n                                        <h1 class=\"post-title\"><a href=\"https:\/\/www.cetys.mx\/noticias\/que-nos-ensenaron-los-comerciales-que-netflix-no-como-la-inmediatez-digital-transformo-nuestra-forma-de-esperar\/\">\u00bfQu\u00e9 nos ense\u00f1aron los comerciales que Netflix no? C\u00f3mo la inmediatez digital transform\u00f3 nuestra forma de esperar<\/a><\/h1>\n                                    <\/div>\n                                <\/div>\n                            <\/div><div class=\"featured-slide\">\n                                <a href=\"https:\/\/www.cetys.mx\/noticias\/estudiantes-de-doctorado-en-educacion-de-cetys-y-unab-fortalecen-su-formacion-academica-en-salamanca-espana\/\" class=\"half-thumb\"><img class='lazyOwl' src='https:\/\/www.cetys.mx\/noticias\/wp-content\/plugins\/jmagz-plugin\/assets\/placeholder\/900x450.png' data-src='https:\/\/www.cetys.mx\/noticias\/wp-content\/uploads\/2026\/09\/Experiencia-Internacional-Doctorado-Educacion-CETYS-en-Salamanca.png' alt='Estudiantes de Doctorado en Educaci\u00f3n de CETYS y UNAB fortalecen su formaci\u00f3n acad\u00e9mica en Salamanca, Espa\u00f1a'><\/a>\n                                <div class=\"caption\">\n                                    <div class=\"caption-container\">\n                                        <div class='post-categories'><a href='https:\/\/www.cetys.mx\/noticias\/category\/campus-tijuana\/' rel='category'>Campus Tijuana<\/a><\/div>\n                                        <h1 class=\"post-title\"><a href=\"https:\/\/www.cetys.mx\/noticias\/estudiantes-de-doctorado-en-educacion-de-cetys-y-unab-fortalecen-su-formacion-academica-en-salamanca-espana\/\">Estudiantes de Doctorado en Educaci\u00f3n de CETYS y UNAB fortalecen su formaci\u00f3n acad\u00e9mica en Salamanca, Espa\u00f1a<\/a><\/h1>\n                                    <\/div>\n                                <\/div>\n                            <\/div><div class=\"featured-slide\">\n                                <a href=\"https:\/\/www.cetys.mx\/noticias\/cetys-y-st-cloud-state-university-preparan-talento-para-una-industria-medica-sin-fronteras\/\" class=\"half-thumb\"><img class='lazyOwl' src='https:\/\/www.cetys.mx\/noticias\/wp-content\/plugins\/jmagz-plugin\/assets\/placeholder\/900x450.png' data-src='https:\/\/www.cetys.mx\/noticias\/wp-content\/uploads\/2026\/09\/Graduados-Maestria-en-Ingenieria-e-Innovacion-concentracion-en-Manufactura-Medica-CETYS-ST-CLOUD.png' alt='CETYS y St. Cloud State University preparan talento para una industria m\u00e9dica sin fronteras'><\/a>\n                                <div class=\"caption\">\n                                    <div class=\"caption-container\">\n                                        <div class='post-categories'><a href='https:\/\/www.cetys.mx\/noticias\/category\/ingenieria\/' rel='category'>Ingenier\u00eda<\/a><\/div>\n                                        <h1 class=\"post-title\"><a href=\"https:\/\/www.cetys.mx\/noticias\/cetys-y-st-cloud-state-university-preparan-talento-para-una-industria-medica-sin-fronteras\/\">CETYS y St. Cloud State University preparan talento para una industria m\u00e9dica sin fronteras<\/a><\/h1>\n                                    <\/div>\n                                <\/div>\n                            <\/div><div class=\"featured-slide\">\n                                <a href=\"https:\/\/www.cetys.mx\/noticias\/226145-2\/\" class=\"half-thumb\"><img class='lazyOwl' src='https:\/\/www.cetys.mx\/noticias\/wp-content\/plugins\/jmagz-plugin\/assets\/placeholder\/900x450.png' data-src='https:\/\/www.cetys.mx\/noticias\/wp-content\/uploads\/2026\/09\/Foto-1.jpg' alt='Primera generaci\u00f3n de la Maestr\u00eda en Vitivinicultura y Negocios del Vino fortalece su formaci\u00f3n con semana presencial en Baja California'><\/a>\n                                <div class=\"caption\">\n                                    <div class=\"caption-container\">\n                                        <div class='post-categories'><a href='https:\/\/www.cetys.mx\/noticias\/category\/campus-ensenada\/' rel='category'>Campus Ensenada<\/a><\/div>\n                                        <h1 class=\"post-title\"><a href=\"https:\/\/www.cetys.mx\/noticias\/226145-2\/\">Primera generaci\u00f3n de la Maestr\u00eda en Vitivinicultura y Negocios del Vino fortalece su formaci\u00f3n con semana presencial en Baja California<\/a><\/h1>\n                                    <\/div>\n                                <\/div>\n                            <\/div><\/div>\n        <div class=\"featured-thumbnail-container\">\n            <div class=\"featured-slider-thumbnail\"> <div class=\"featured-thumbnail\"><a href=\"#\" class=\"half-thumb\"><img src='https:\/\/www.cetys.mx\/noticias\/wp-content\/uploads\/2026\/09\/Foto-1-1-scaled.jpg' alt='CETYS Universidad y AMMJE Ensenada fortalecen vinculaci\u00f3n para impulsar talento y liderazgo empresarial'><\/a><\/div> <div class=\"featured-thumbnail\"><a href=\"#\" class=\"half-thumb\"><img src='https:\/\/www.cetys.mx\/noticias\/wp-content\/uploads\/2026\/09\/netflixvscomerciales.png' alt='\u00bfQu\u00e9 nos ense\u00f1aron los comerciales que Netflix no? C\u00f3mo la inmediatez digital transform\u00f3 nuestra forma de esperar'><\/a><\/div> <div class=\"featured-thumbnail\"><a href=\"#\" class=\"half-thumb\"><img src='https:\/\/www.cetys.mx\/noticias\/wp-content\/uploads\/2026\/09\/Experiencia-Internacional-Doctorado-Educacion-CETYS-en-Salamanca.png' alt='Estudiantes de Doctorado en Educaci\u00f3n de CETYS y UNAB fortalecen su formaci\u00f3n acad\u00e9mica en Salamanca, Espa\u00f1a'><\/a><\/div> <div class=\"featured-thumbnail\"><a href=\"#\" class=\"half-thumb\"><img src='https:\/\/www.cetys.mx\/noticias\/wp-content\/uploads\/2026\/09\/Graduados-Maestria-en-Ingenieria-e-Innovacion-concentracion-en-Manufactura-Medica-CETYS-ST-CLOUD.png' alt='CETYS y St. Cloud State University preparan talento para una industria m\u00e9dica sin fronteras'><\/a><\/div> <div class=\"featured-thumbnail\"><a href=\"#\" class=\"half-thumb\"><img src='https:\/\/www.cetys.mx\/noticias\/wp-content\/uploads\/2026\/09\/Foto-1.jpg' alt='Primera generaci\u00f3n de la Maestr\u00eda en Vitivinicultura y Negocios del Vino fortalece su formaci\u00f3n con semana presencial en Baja California'><\/a><\/div><\/div>\n        <\/div>\n    <\/div>\n\n\t\t<\/div> \n\t<\/div> \n\t\t<\/div> \n\t<\/div> \n        <\/div>\n    <\/section><section class=\"section  \">\n        <div class=\"row clearfix\">\n            \n\t<div class=\"col-md-3 wpb_column vc_column_container\">\n\t\t<div class=\"wpb_wrapper\">\n\t\t\t\n\t<div class=\"wpb_text_column wpb_content_element \">\n\t\t<div class=\"wpb_wrapper\">\n\t\t\t<div class=\"post-columns \">\n            <div class=\"section-heading-wrapper\">\n                <h3 class=\"section-heading\">Campus <strong>Ensenada<\/strong><\/h3>\n            <\/div>\n            <article class=\"post-big\">\n                        <figure class=\"thumb half-thumb \">\r\n                <a href=\"https:\/\/www.cetys.mx\/noticias\/cetys-universidad-y-ammje-ensenada-fortalecen-vinculacion-para-impulsar-talento-y-liderazgo-empresarial\/\" class=\"\">\r\n                    <img class='lazyOwl unveil' src='https:\/\/www.cetys.mx\/noticias\/wp-content\/themes\/jmagz-themes\/public\/placeholder\/300x150.png' data-src='https:\/\/www.cetys.mx\/noticias\/wp-content\/uploads\/2026\/09\/Foto-1-1-scaled.jpg' alt='CETYS Universidad y AMMJE Ensenada fortalecen vinculaci\u00f3n para impulsar talento y liderazgo empresarial'>\r\n                <\/a>\r\n            <\/figure>\n                        <header class=\"content\">\n                            <h1 class=\"post-title\"><a href=\"https:\/\/www.cetys.mx\/noticias\/cetys-universidad-y-ammje-ensenada-fortalecen-vinculacion-para-impulsar-talento-y-liderazgo-empresarial\/\">CETYS Universidad y AMMJE Ensenada fortalecen vinculaci\u00f3n para impulsar talento y liderazgo empresarial<\/a><\/h1>\n                            <div class=\"post-meta\">\n                                <span class=\"post-author\">Por <a href=\"https:\/\/www.cetys.mx\/noticias\/author\/campusensenada\/\" rel=\"author\">Campus Ensenada<\/a><\/span>\n                                <time class='post-date' dt='1788353223' datetime='2026-09-02 12:47:03'>10 horas publicado<\/time>\n                            <\/div>\n                        <\/header>\n                        <div class=\"post-excerpt\">\n                            <p>CETYS Universidad Campus Internacional Ensenada y la Asociaci\u00f3n Mexicana de Mujeres Jefas de Empresa (AMMJE) Ensenada formalizaron un convenio de colaboraci\u00f3n con...<\/p>\n                        <\/div>\n                    <\/article>\n            <ul class=\"post-feed clearfix\">\n                <li class=\"post-feed-item content clearfix\">\n                        <h1 class=\"post-title\">\n                            <a href=\"https:\/\/www.cetys.mx\/noticias\/226145-2\/\">Primera generaci\u00f3n de la Maestr\u00eda en Vitivinicultura y Negocios del Vino fortalece su formaci\u00f3n con semana presencial en Baja California<\/a>\n                            <span class=\"post-meta\"><time class='post-date' dt='1788265270' datetime='2026-09-01 12:21:10'>1 d\u00eda publicado<\/time><\/span>\n                        <\/h1>\n                    <\/li><li class=\"post-feed-item content clearfix\">\n                        <h1 class=\"post-title\">\n                            <a href=\"https:\/\/www.cetys.mx\/noticias\/de-ensenada-al-liderazgo-global-el-orgullo-de-ser-cetys-alumni\/\">De Ensenada al liderazgo global: el orgullo de ser CETYS Alumni<\/a>\n                            <span class=\"post-meta\"><time class='post-date' dt='1787844396' datetime='2026-08-27 15:26:36'>6 d\u00edas publicado<\/time><\/span>\n                        <\/h1>\n                    <\/li><li class=\"post-feed-item content clearfix\">\n                        <h1 class=\"post-title\">\n                            <a href=\"https:\/\/www.cetys.mx\/noticias\/pedagogia-de-las-cosas-una-experiencia-internacional-que-fortalece-la-formacion-de-estudiantes-de-la-maestria-en-educacion\/\">Pedagog\u00eda de las Cosas: una experiencia internacional que fortalece la formaci\u00f3n de estudiantes de la Maestr\u00eda en Educaci\u00f3n<\/a>\n                            <span class=\"post-meta\"><time class='post-date' dt='1787824551' datetime='2026-08-27 09:55:51'>7 d\u00edas publicado<\/time><\/span>\n                        <\/h1>\n                    <\/li><li class=\"post-feed-item content clearfix\">\n                        <h1 class=\"post-title\">\n                            <a href=\"https:\/\/www.cetys.mx\/noticias\/internacionalizacion-que-conecta-cetys-participa-en-encuentro-latinoamericano-de-escuelas-de-negocios\/\">Internacionalizaci\u00f3n que conecta: CETYS participa en encuentro latinoamericano de escuelas de negocios<\/a>\n                            <span class=\"post-meta\"><time class='post-date' dt='1787331613' datetime='2026-08-21 17:00:13'>2 semanas publicado<\/time><\/span>\n                        <\/h1>\n                    <\/li>\n            <\/ul>\n            <p><a href=\"\/noticias\/category\/campus-ensenada\/\" class=\"more-post\">Ver m\u00e1s<\/a><\/p>\n        <\/div>\n\n\t\t<\/div> \n\t<\/div> \n\t\t<\/div> \n\t<\/div> \n\t<div class=\"col-md-3 wpb_column vc_column_container\">\n\t\t<div class=\"wpb_wrapper\">\n\t\t\t\n\t<div class=\"wpb_text_column wpb_content_element \">\n\t\t<div class=\"wpb_wrapper\">\n\t\t\t<div class=\"post-columns \">\n            <div class=\"section-heading-wrapper\">\n                <h3 class=\"section-heading\">Campus <strong>Mexicali<\/strong><\/h3>\n            <\/div>\n            <article class=\"post-big\">\n                        <figure class=\"thumb half-thumb \">\r\n                <a href=\"https:\/\/www.cetys.mx\/noticias\/que-nos-ensenaron-los-comerciales-que-netflix-no-como-la-inmediatez-digital-transformo-nuestra-forma-de-esperar\/\" class=\"\">\r\n                    <img class='lazyOwl unveil' src='https:\/\/www.cetys.mx\/noticias\/wp-content\/themes\/jmagz-themes\/public\/placeholder\/300x150.png' data-src='https:\/\/www.cetys.mx\/noticias\/wp-content\/uploads\/2026\/09\/netflixvscomerciales.png' alt='\u00bfQu\u00e9 nos ense\u00f1aron los comerciales que Netflix no? C\u00f3mo la inmediatez digital transform\u00f3 nuestra forma de esperar'>\r\n                <\/a>\r\n            <\/figure>\n                        <header class=\"content\">\n                            <h1 class=\"post-title\"><a href=\"https:\/\/www.cetys.mx\/noticias\/que-nos-ensenaron-los-comerciales-que-netflix-no-como-la-inmediatez-digital-transformo-nuestra-forma-de-esperar\/\">\u00bfQu\u00e9 nos ense\u00f1aron los comerciales que Netflix no? C\u00f3mo la inmediatez digital transform\u00f3 nuestra forma de esperar<\/a><\/h1>\n                            <div class=\"post-meta\">\n                                <span class=\"post-author\">Por <a href=\"https:\/\/www.cetys.mx\/noticias\/author\/campusmexicali\/\" rel=\"author\">Campus Mexicali<\/a><\/span>\n                                <time class='post-date' dt='1788344361' datetime='2026-09-02 10:19:21'>12 horas publicado<\/time>\n                            <\/div>\n                        <\/header>\n                        <div class=\"post-excerpt\">\n                            <p>Esperar, aburrirse y tolerar la frustraci\u00f3n tambi\u00e9n son habilidades que se aprenden y practican, destaca Experta CETYS Hubo una \u00e9poca en la...<\/p>\n                        <\/div>\n                    <\/article>\n            <ul class=\"post-feed clearfix\">\n                <li class=\"post-feed-item content clearfix\">\n                        <h1 class=\"post-title\">\n                            <a href=\"https:\/\/www.cetys.mx\/noticias\/dia-internacional-de-concientizacion-sobre-la-sobredosis-acompanar-a-quienes-se-quedan\/\">D\u00eda Internacional de Concientizaci\u00f3n sobre la Sobredosis: acompa\u00f1ar a quienes se quedan<\/a>\n                            <span class=\"post-meta\"><time class='post-date' dt='1788197786' datetime='2026-08-31 17:36:26'>2 d\u00edas publicado<\/time><\/span>\n                        <\/h1>\n                    <\/li><li class=\"post-feed-item content clearfix\">\n                        <h1 class=\"post-title\">\n                            <a href=\"https:\/\/www.cetys.mx\/noticias\/campana-touchdown-zorros-de-cetys-recibe-premio-internacional-circle-of-excellence-bronze-award-2026-de-case\/\">Campa\u00f1a Touchdown Zorros de CETYS recibe Premio Internacional \u201cCircle of Excellence Bronze Award 2026\u201d de CASE<\/a>\n                            <span class=\"post-meta\"><time class='post-date' dt='1788168497' datetime='2026-08-31 09:28:17'>3 d\u00edas publicado<\/time><\/span>\n                        <\/h1>\n                    <\/li><li class=\"post-feed-item content clearfix\">\n                        <h1 class=\"post-title\">\n                            <a href=\"https:\/\/www.cetys.mx\/noticias\/distraccion-digital-vs-tda-claves-para-entender-la-atencion-en-los-jovenes\/\">Distracci\u00f3n digital vs. TDA: Claves para entender la atenci\u00f3n en los j\u00f3venes<\/a>\n                            <span class=\"post-meta\"><time class='post-date' dt='1788167039' datetime='2026-08-31 09:03:59'>3 d\u00edas publicado<\/time><\/span>\n                        <\/h1>\n                    <\/li><li class=\"post-feed-item content clearfix\">\n                        <h1 class=\"post-title\">\n                            <a href=\"https:\/\/www.cetys.mx\/noticias\/inauguran-expo-rumo-rosa-del-maestro-carlos-coronado-galeria\/\">Inauguran expo Rumo-rosa del maestro Carlos Coronado [GALER\u00cdA]<\/a>\n                            <span class=\"post-meta\"><time class='post-date' dt='1787912497' datetime='2026-08-28 10:21:37'>5 d\u00edas publicado<\/time><\/span>\n                        <\/h1>\n                    <\/li>\n            <\/ul>\n            <p><a href=\"\/noticias\/category\/campus-mexicali\/\" class=\"more-post\">Ver m\u00e1s<\/a><\/p>\n        <\/div>\n\n\t\t<\/div> \n\t<\/div> \n\t\t<\/div> \n\t<\/div> \n\t<div class=\"col-md-3 wpb_column vc_column_container\">\n\t\t<div class=\"wpb_wrapper\">\n\t\t\t\n\t<div class=\"wpb_text_column wpb_content_element \">\n\t\t<div class=\"wpb_wrapper\">\n\t\t\t<div class=\"post-columns \">\n            <div class=\"section-heading-wrapper\">\n                <h3 class=\"section-heading\">Campus <strong>Tijuana<\/strong><\/h3>\n            <\/div>\n            <article class=\"post-big\">\n                        <figure class=\"thumb half-thumb \">\r\n                <a href=\"https:\/\/www.cetys.mx\/noticias\/estudiantes-de-doctorado-en-educacion-de-cetys-y-unab-fortalecen-su-formacion-academica-en-salamanca-espana\/\" class=\"\">\r\n                    <img class='lazyOwl unveil' src='https:\/\/www.cetys.mx\/noticias\/wp-content\/themes\/jmagz-themes\/public\/placeholder\/300x150.png' data-src='https:\/\/www.cetys.mx\/noticias\/wp-content\/uploads\/2026\/09\/Experiencia-Internacional-Doctorado-Educacion-CETYS-en-Salamanca.png' alt='Estudiantes de Doctorado en Educaci\u00f3n de CETYS y UNAB fortalecen su formaci\u00f3n acad\u00e9mica en Salamanca, Espa\u00f1a'>\r\n                <\/a>\r\n            <\/figure>\n                        <header class=\"content\">\n                            <h1 class=\"post-title\"><a href=\"https:\/\/www.cetys.mx\/noticias\/estudiantes-de-doctorado-en-educacion-de-cetys-y-unab-fortalecen-su-formacion-academica-en-salamanca-espana\/\">Estudiantes de Doctorado en Educaci\u00f3n de CETYS y UNAB fortalecen su formaci\u00f3n acad\u00e9mica en Salamanca, Espa\u00f1a<\/a><\/h1>\n                            <div class=\"post-meta\">\n                                <span class=\"post-author\">Por <a href=\"https:\/\/www.cetys.mx\/noticias\/author\/campustijuana\/\" rel=\"author\">Campus Tijuana<\/a><\/span>\n                                <time class='post-date' dt='1788285613' datetime='2026-09-01 18:00:13'>1 d\u00eda publicado<\/time>\n                            <\/div>\n                        <\/header>\n                        <div class=\"post-excerpt\">\n                            <p>\u2022 La experiencia internacional reuni\u00f3 a 20 estudiantes de M\u00e9xico y Colombia en un seminario acad\u00e9mico con profesores de la Universidad de...<\/p>\n                        <\/div>\n                    <\/article>\n            <ul class=\"post-feed clearfix\">\n                <li class=\"post-feed-item content clearfix\">\n                        <h1 class=\"post-title\">\n                            <a href=\"https:\/\/www.cetys.mx\/noticias\/consul-general-de-estados-unidos-visita-cetys-universidad-y-refrenda-colaboracion-binacional\/\">C\u00f3nsul General de Estados Unidos visita CETYS Universidad y refrenda colaboraci\u00f3n binacional<\/a>\n                            <span class=\"post-meta\"><time class='post-date' dt='1788258876' datetime='2026-09-01 10:34:36'>1 d\u00eda publicado<\/time><\/span>\n                        <\/h1>\n                    <\/li><li class=\"post-feed-item content clearfix\">\n                        <h1 class=\"post-title\">\n                            <a href=\"https:\/\/www.cetys.mx\/noticias\/club-de-ciencias-fortalece-la-orientacion-vocacional-de-estudiantes-de-preparatoria-cetys\/\">Club de Ciencias fortalece la orientaci\u00f3n vocacional de estudiantes de Preparatoria CETYS<\/a>\n                            <span class=\"post-meta\"><time class='post-date' dt='1787943584' datetime='2026-08-28 18:59:44'>5 d\u00edas publicado<\/time><\/span>\n                        <\/h1>\n                    <\/li><li class=\"post-feed-item content clearfix\">\n                        <h1 class=\"post-title\">\n                            <a href=\"https:\/\/www.cetys.mx\/noticias\/nueva-generacion-de-la-maestria-en-neuropsicologia-inicia-su-trayectoria-en-cetys-tijuana\/\">Nueva generaci\u00f3n de la Maestr\u00eda en Neuropsicolog\u00eda inicia su trayectoria en CETYS Tijuana<\/a>\n                            <span class=\"post-meta\"><time class='post-date' dt='1787247727' datetime='2026-08-20 17:42:07'>2 semanas publicado<\/time><\/span>\n                        <\/h1>\n                    <\/li><li class=\"post-feed-item content clearfix\">\n                        <h1 class=\"post-title\">\n                            <a href=\"https:\/\/www.cetys.mx\/noticias\/crisis-de-los-lagos-powell-y-mead-en-eua-evidencia-la-vulnerabilidad-hidrica-de-baja-california\/\">Crisis de los lagos Powell y Mead en EUA evidencia la vulnerabilidad h\u00eddrica de Baja California<\/a>\n                            <span class=\"post-meta\"><time class='post-date' dt='1787244278' datetime='2026-08-20 16:44:38'>2 semanas publicado<\/time><\/span>\n                        <\/h1>\n                    <\/li>\n            <\/ul>\n            <p><a href=\"\/noticias\/category\/campus-tijuana\/\" class=\"more-post\">Ver m\u00e1s<\/a><\/p>\n        <\/div>\n\n\t\t<\/div> \n\t<\/div> \n\t\t<\/div> \n\t<\/div> \n\t<div class=\"col-md-3 wpb_column vc_column_container\">\n\t\t<div class=\"wpb_wrapper\">\n\t\t\t\n\t<div class=\"wpb_text_column wpb_content_element \">\n\t\t<div class=\"wpb_wrapper\">\n\t\t\t<div class=\"post-columns \">\n            <div class=\"section-heading-wrapper\">\n                <h3 class=\"section-heading\">Institucional <strong><\/strong><\/h3>\n            <\/div>\n            <article class=\"post-big\">\n                        <figure class=\"thumb half-thumb \">\r\n                <a href=\"https:\/\/www.cetys.mx\/noticias\/cetys-universidad-y-ammje-ensenada-fortalecen-vinculacion-para-impulsar-talento-y-liderazgo-empresarial\/\" class=\"\">\r\n                    <img class='lazyOwl unveil' src='https:\/\/www.cetys.mx\/noticias\/wp-content\/themes\/jmagz-themes\/public\/placeholder\/300x150.png' data-src='https:\/\/www.cetys.mx\/noticias\/wp-content\/uploads\/2026\/09\/Foto-1-1-scaled.jpg' alt='CETYS Universidad y AMMJE Ensenada fortalecen vinculaci\u00f3n para impulsar talento y liderazgo empresarial'>\r\n                <\/a>\r\n            <\/figure>\n                        <header class=\"content\">\n                            <h1 class=\"post-title\"><a href=\"https:\/\/www.cetys.mx\/noticias\/cetys-universidad-y-ammje-ensenada-fortalecen-vinculacion-para-impulsar-talento-y-liderazgo-empresarial\/\">CETYS Universidad y AMMJE Ensenada fortalecen vinculaci\u00f3n para impulsar talento y liderazgo empresarial<\/a><\/h1>\n                            <div class=\"post-meta\">\n                                <span class=\"post-author\">Por <a href=\"https:\/\/www.cetys.mx\/noticias\/author\/campusensenada\/\" rel=\"author\">Campus Ensenada<\/a><\/span>\n                                <time class='post-date' dt='1788353223' datetime='2026-09-02 12:47:03'>10 horas publicado<\/time>\n                            <\/div>\n                        <\/header>\n                        <div class=\"post-excerpt\">\n                            <p>CETYS Universidad Campus Internacional Ensenada y la Asociaci\u00f3n Mexicana de Mujeres Jefas de Empresa (AMMJE) Ensenada formalizaron un convenio de colaboraci\u00f3n con...<\/p>\n                        <\/div>\n                    <\/article>\n            <ul class=\"post-feed clearfix\">\n                <li class=\"post-feed-item content clearfix\">\n                        <h1 class=\"post-title\">\n                            <a href=\"https:\/\/www.cetys.mx\/noticias\/estudiantes-de-doctorado-en-educacion-de-cetys-y-unab-fortalecen-su-formacion-academica-en-salamanca-espana\/\">Estudiantes de Doctorado en Educaci\u00f3n de CETYS y UNAB fortalecen su formaci\u00f3n acad\u00e9mica en Salamanca, Espa\u00f1a<\/a>\n                            <span class=\"post-meta\"><time class='post-date' dt='1788285613' datetime='2026-09-01 18:00:13'>1 d\u00eda publicado<\/time><\/span>\n                        <\/h1>\n                    <\/li><li class=\"post-feed-item content clearfix\">\n                        <h1 class=\"post-title\">\n                            <a href=\"https:\/\/www.cetys.mx\/noticias\/cetys-y-st-cloud-state-university-preparan-talento-para-una-industria-medica-sin-fronteras\/\">CETYS y St. Cloud State University preparan talento para una industria m\u00e9dica sin fronteras<\/a>\n                            <span class=\"post-meta\"><time class='post-date' dt='1788275829' datetime='2026-09-01 15:17:09'>1 d\u00eda publicado<\/time><\/span>\n                        <\/h1>\n                    <\/li><li class=\"post-feed-item content clearfix\">\n                        <h1 class=\"post-title\">\n                            <a href=\"https:\/\/www.cetys.mx\/noticias\/i-campus-de-cetys-se-consolida-con-nuevas-generaciones-de-egresados-y-experiencias-de-formacion-internacional\/\">I-Campus de CETYS se consolida con nuevas generaciones de egresados y experiencias de formaci\u00f3n internacional<\/a>\n                            <span class=\"post-meta\"><time class='post-date' dt='1787913646' datetime='2026-08-28 10:40:46'>5 d\u00edas publicado<\/time><\/span>\n                        <\/h1>\n                    <\/li><li class=\"post-feed-item content clearfix\">\n                        <h1 class=\"post-title\">\n                            <a href=\"https:\/\/www.cetys.mx\/noticias\/beca-hilda-becerra-barreto-impulsa-el-futuro-de-estudiantes-de-cetys-universidad\/\">Beca Hilda Becerra Barreto impulsa el futuro de estudiantes de CETYS Universidad<\/a>\n                            <span class=\"post-meta\"><time class='post-date' dt='1787854521' datetime='2026-08-27 18:15:21'>6 d\u00edas publicado<\/time><\/span>\n                        <\/h1>\n                    <\/li>\n            <\/ul>\n            <p><a href=\"\/noticias\/category\/institucional\/\" class=\"more-post\">Ver m\u00e1s<\/a><\/p>\n        <\/div>\n\n\t\t<\/div> \n\t<\/div> \n\t\t<\/div> \n\t<\/div> \n        <\/div>\n    <\/section><section class=\"section  \">\n        <div class=\"row clearfix\">\n            \n\t<div class=\"col-md-6 wpb_column vc_column_container\">\n\t\t<div class=\"wpb_wrapper\">\n\t\t\t\n\t<div class=\"wpb_text_column wpb_content_element \">\n\t\t<div class=\"wpb_wrapper\">\n\t\t\t<div class=\"post-columns \">\n            <div class=\"section-heading-wrapper\">\n                <h3 class=\"section-heading\">Opini\u00f3n <strong><\/strong><\/h3>\n            <\/div>\n            <article class=\"post-big\">\n                        <figure class=\"thumb half-thumb \">\r\n                <a href=\"https:\/\/www.cetys.mx\/noticias\/crisis-de-los-lagos-powell-y-mead-en-eua-evidencia-la-vulnerabilidad-hidrica-de-baja-california\/\" class=\"\">\r\n                    <img class='lazyOwl unveil' src='https:\/\/www.cetys.mx\/noticias\/wp-content\/themes\/jmagz-themes\/public\/placeholder\/600x300.png' data-src='https:\/\/www.cetys.mx\/noticias\/wp-content\/uploads\/2026\/08\/Rio-Colorado-Comunicado-CETYS.png' alt='Crisis de los lagos Powell y Mead en EUA evidencia la vulnerabilidad h\u00eddrica de Baja California'>\r\n                <\/a>\r\n            <\/figure>\n                        <header class=\"content\">\n                            <h1 class=\"post-title\"><a href=\"https:\/\/www.cetys.mx\/noticias\/crisis-de-los-lagos-powell-y-mead-en-eua-evidencia-la-vulnerabilidad-hidrica-de-baja-california\/\">Crisis de los lagos Powell y Mead en EUA evidencia la vulnerabilidad h\u00eddrica de Baja California<\/a><\/h1>\n                            <div class=\"post-meta\">\n                                <span class=\"post-author\">Por <a href=\"https:\/\/www.cetys.mx\/noticias\/author\/campustijuana\/\" rel=\"author\">Campus Tijuana<\/a><\/span>\n                                <time class='post-date' dt='1787244278' datetime='2026-08-20 16:44:38'>2 semanas publicado<\/time>\n                            <\/div>\n                        <\/header>\n                        <div class=\"post-excerpt\">\n                            <p>\u00a0La disminuci\u00f3n hist\u00f3rica de los niveles de los lagos Powell y Mead vuelve a poner en el centro de la discusi\u00f3n la...<\/p>\n                        <\/div>\n                    <\/article>\n            <ul class=\"post-feed clearfix\">\n                <li class=\"post-feed-item content clearfix\">\n                        <h1 class=\"post-title\">\n                            <a href=\"https:\/\/www.cetys.mx\/noticias\/experto-cetys-analiza-el-impacto-global-del-pepino-de-baja-california-en-el-mercado-internacional\/\">Experto CETYS analiza el impacto global del pepino de Baja California en el mercado internacional<\/a>\n                            <span class=\"post-meta\"><time class='post-date' dt='1784634073' datetime='2026-07-21 11:41:13'>1 mes publicado<\/time><\/span>\n                        <\/h1>\n                    <\/li><li class=\"post-feed-item content clearfix\">\n                        <h1 class=\"post-title\">\n                            <a href=\"https:\/\/www.cetys.mx\/noticias\/no-reprobar-solucion-educativa-o-rezago-silencioso-experto-cetys\/\">No reprobar, \u00bfsoluci\u00f3n educativa o rezago silencioso?: Experto CETYS<\/a>\n                            <span class=\"post-meta\"><time class='post-date' dt='1779292699' datetime='2026-05-20 15:58:19'>4 meses publicado<\/time><\/span>\n                        <\/h1>\n                    <\/li><li class=\"post-feed-item content clearfix\">\n                        <h1 class=\"post-title\">\n                            <a href=\"https:\/\/www.cetys.mx\/noticias\/videocolumna-de-la-marcha-a-los-resultados-empresas-deben-impulsar-politicas-reales-de-equidad\/\">Videocolumna: De la marcha a los resultados: empresas deben impulsar pol\u00edticas reales de equidad<\/a>\n                            <span class=\"post-meta\"><time class='post-date' dt='1773165245' datetime='2026-03-10 17:54:05'>6 meses publicado<\/time><\/span>\n                        <\/h1>\n                    <\/li><li class=\"post-feed-item content clearfix\">\n                        <h1 class=\"post-title\">\n                            <a href=\"https:\/\/www.cetys.mx\/noticias\/credencial-universal-de-salud-entre-la-unificacion-del-sistema-y-retos-de-su-despliegue\/\">Credencial Universal de Salud: entre la unificaci\u00f3n del sistema y retos de su despliegue<\/a>\n                            <span class=\"post-meta\"><time class='post-date' dt='1770822930' datetime='2026-02-11 15:15:30'>7 meses publicado<\/time><\/span>\n                        <\/h1>\n                    <\/li>\n            <\/ul>\n            <p><a href=\"https:\/\/www.cetys.mx\/noticias\/category\/opinion\/\" class=\"more-post\">Ver m\u00e1s<\/a><\/p>\n        <\/div>\n\n\t\t<\/div> \n\t<\/div> \n\t\t<\/div> \n\t<\/div> \n\t<div class=\"col-md-6 wpb_column vc_column_container\">\n\t\t<div class=\"wpb_wrapper\">\n\t\t\t\n\t<div class=\"wpb_text_column wpb_content_element \">\n\t\t<div class=\"wpb_wrapper\">\n\t\t\t<div class=\"post-columns \">\n            <div class=\"section-heading-wrapper\">\n                <h3 class=\"section-heading\">Deportes <strong><\/strong><\/h3>\n            <\/div>\n            <article class=\"post-big\">\n                        <figure class=\"thumb half-thumb \">\r\n                <a href=\"https:\/\/www.cetys.mx\/noticias\/semifinal-entre-hermanos-en-campus-mexicali\/\" class=\"\">\r\n                    <img class='lazyOwl unveil' src='https:\/\/www.cetys.mx\/noticias\/wp-content\/themes\/jmagz-themes\/public\/placeholder\/600x300.png' data-src='https:\/\/www.cetys.mx\/noticias\/wp-content\/uploads\/2024\/11\/MG_4935.jpg' alt='Semifinal entre hermanos en Campus Mexicali'>\r\n                <\/a>\r\n            <\/figure>\n                        <header class=\"content\">\n                            <h1 class=\"post-title\"><a href=\"https:\/\/www.cetys.mx\/noticias\/semifinal-entre-hermanos-en-campus-mexicali\/\">Semifinal entre hermanos en Campus Mexicali<\/a><\/h1>\n                            <div class=\"post-meta\">\n                                <span class=\"post-author\">Por <a href=\"https:\/\/www.cetys.mx\/noticias\/author\/campusmexicali\/\" rel=\"author\">Campus Mexicali<\/a><\/span>\n                                <time class='post-date' dt='1731600987' datetime='2024-11-14 16:16:27'>2 a\u00f1os publicado<\/time>\n                            <\/div>\n                        <\/header>\n                        <div class=\"post-excerpt\">\n                            <p>Este s\u00e1bado 16 de noviembre, a las 11:00 horas, ser\u00e1n las semifinales Categor\u00eda Varsity de la Organizaci\u00f3n Estudiantil de F\u00fatbol Americano de...<\/p>\n                        <\/div>\n                    <\/article>\n            <ul class=\"post-feed clearfix\">\n                <li class=\"post-feed-item content clearfix\">\n                        <h1 class=\"post-title\">\n                            <a href=\"https:\/\/www.cetys.mx\/noticias\/cetys-jugara-semifinal-de-onefa\/\">CETYS jugar\u00e1 semifinal de ONEFA<\/a>\n                            <span class=\"post-meta\"><time class='post-date' dt='1731599302' datetime='2024-11-14 15:48:22'>2 a\u00f1os publicado<\/time><\/span>\n                        <\/h1>\n                    <\/li><li class=\"post-feed-item content clearfix\">\n                        <h1 class=\"post-title\">\n                            <a href=\"https:\/\/www.cetys.mx\/noticias\/van-zorros-al-centro-de-mexico-por-otro-titulo-nacional-de-futbol-rapido\/\">Van Zorros al centro de M\u00e9xico por otro t\u00edtulo nacional de f\u00fatbol r\u00e1pido<\/a>\n                            <span class=\"post-meta\"><time class='post-date' dt='1730397701' datetime='2024-10-31 18:01:41'>2 a\u00f1os publicado<\/time><\/span>\n                        <\/h1>\n                    <\/li><li class=\"post-feed-item content clearfix\">\n                        <h1 class=\"post-title\">\n                            <a href=\"https:\/\/www.cetys.mx\/noticias\/sera-campus-tijuana-sede-de-dos-campeonatos-nacionales-juvenil-b-de-conadeip\/\">Ser\u00e1 Campus Tijuana sede de dos Campeonatos Nacionales Juvenil B de CONADEIP<\/a>\n                            <span class=\"post-meta\"><time class='post-date' dt='1729796884' datetime='2024-10-24 19:08:04'>2 a\u00f1os publicado<\/time><\/span>\n                        <\/h1>\n                    <\/li><li class=\"post-feed-item content clearfix\">\n                        <h1 class=\"post-title\">\n                            <a href=\"https:\/\/www.cetys.mx\/noticias\/martha-sandoval-comparte-su-experiencia-con-estudiantes-y-deportistas-de-cetys-universidad\/\">Martha Sandoval comparte su experiencia con estudiantes y deportistas de CETYS Universidad<\/a>\n                            <span class=\"post-meta\"><time class='post-date' dt='1727956348' datetime='2024-10-03 11:52:28'>2 a\u00f1os publicado<\/time><\/span>\n                        <\/h1>\n                    <\/li>\n            <\/ul>\n            <p><a href=\"https:\/\/www.cetys.mx\/noticias\/category\/deportes\/\" class=\"more-post\">Ver m\u00e1s<\/a><\/p>\n        <\/div>\n\n\t\t<\/div> \n\t<\/div> \n\t\t<\/div> \n\t<\/div> \n        <\/div>\n    <\/section><section class=\"section   darksection  nopaddingbottom \">\n        <div class=\"row clearfix\">\n            \n\t<div class=\"col-md-12 wpb_column vc_column_container\">\n\t\t<div class=\"wpb_wrapper\">\n\t\t\t\n\t<div class=\"wpb_text_column wpb_content_element \">\n\t\t<div class=\"wpb_wrapper\">\n\t\t\t<div class=\"video-list video-list-review \">\n            <div class=\"section-heading-wrapper\">\n                <h3 class=\"section-heading\">\u00daltimos <strong>Videos<\/strong>\n                <\/h3>\n            <\/div>\n            <div class=\"video-playlist-row clearfix\">\n                <div class=\"video-wrapper-content\">\n                    <div rel='rodrigo' data-src='https:\/\/youtu.be\/U4_6UCByv3c?si=mOZQLf0U1d7rAzN5' data-type='youtube' data-repeat='false' data-autoplay='false' class='youtube-class clearfix'>\n                            <div class='video-container'><\/div>\n                        <\/div> \n                <\/div>\n                <div class=\"video-wrapper-list\">\n                    <a class=\"active\" href=\"https:\/\/www.cetys.mx\/noticias\/video-asi-se-vivio-la-bienvenida-a-los-nuevos-alumnos-de-cetys-en-tijuana\/\" data-id=\"225323\">\n                    <div class=\"video-thumb\"><img decoding=\"async\" class=\"unveil\" src=\"https:\/\/www.cetys.mx\/noticias\/wp-content\/plugins\/jmagz-plugin\/assets\/placeholder\/150x75.png\" data-src=\"https:\/\/www.cetys.mx\/noticias\/wp-content\/uploads\/2026\/08\/Ceremonia-de-Bienvenida-Gen-2026-30-Profesional-02-4.png\" alt=\"[Video] As\u00ed se vivi\u00f3 la bienvenida a los nuevos alumnos de CETYS en Tijuana\"><\/div>\n                    <div class=\"video-detail\">\n                        <div class=\"video-title\">[Video] As\u00ed se vivi\u00f3 la bienvenida a los nuevos alumnos de CETYS en Tijuana<\/div>\n                        <div class=\"video-category\">Campus Tijuana<\/div>\n                    <\/div>\n                <\/a><a class=\"\" href=\"https:\/\/www.cetys.mx\/noticias\/video-nace-el-centro-de-innovacion-calibaja-para-impulsar-el-talento-tecnologico-de-la-region-binacional\/\" data-id=\"224126\">\n                    <div class=\"video-thumb\"><img decoding=\"async\" class=\"unveil\" src=\"https:\/\/www.cetys.mx\/noticias\/wp-content\/plugins\/jmagz-plugin\/assets\/placeholder\/150x75.png\" data-src=\"https:\/\/www.cetys.mx\/noticias\/wp-content\/uploads\/2026\/06\/Inauguracion-Centro-de-Innovacion-Calibaja-8.png\" alt=\"[Video] Nace el Centro de Innovaci\u00f3n CaliBaja para impulsar el talento tecnol\u00f3gico de la regi\u00f3n binacional\"><\/div>\n                    <div class=\"video-detail\">\n                        <div class=\"video-title\">[Video] Nace el Centro de Innovaci\u00f3n CaliBaja para impulsar el talento tecnol\u00f3gico de la regi\u00f3n binacional<\/div>\n                        <div class=\"video-category\">Campus Tijuana<\/div>\n                    <\/div>\n                <\/a><a class=\"\" href=\"https:\/\/www.cetys.mx\/noticias\/graduados-de-la-generacion-2026-celebran-en-seattle-eua-la-obtencion-de-su-doble-grado-internacional\/\" data-id=\"223918\">\n                    <div class=\"video-thumb\"><img decoding=\"async\" class=\"unveil\" src=\"https:\/\/www.cetys.mx\/noticias\/wp-content\/plugins\/jmagz-plugin\/assets\/placeholder\/150x75.png\" data-src=\"https:\/\/www.cetys.mx\/noticias\/wp-content\/uploads\/2026\/06\/Generacion-2026-de-CETYS-celebran-en-Seattle-EUA-3.png\" alt=\"Graduados de la Generaci\u00f3n 2026 celebran en Seattle EUA la obtenci\u00f3n de su doble grado internacional\"><\/div>\n                    <div class=\"video-detail\">\n                        <div class=\"video-title\">Graduados de la Generaci\u00f3n 2026 celebran en Seattle EUA la obtenci\u00f3n de su doble grado internacional<\/div>\n                        <div class=\"video-category\">Institucional<\/div>\n                    <\/div>\n                <\/a><a class=\"\" href=\"https:\/\/www.cetys.mx\/noticias\/video-gradua-7-generacion-de-egresados-de-cetys-y-usd-con-doble-grado-colaborativo-mba\/\" data-id=\"223294\">\n                    <div class=\"video-thumb\"><img decoding=\"async\" class=\"unveil\" src=\"https:\/\/www.cetys.mx\/noticias\/wp-content\/plugins\/jmagz-plugin\/assets\/placeholder\/150x75.png\" data-src=\"https:\/\/www.cetys.mx\/noticias\/wp-content\/uploads\/2026\/05\/Graduacion-MBA-Doble-Grado-en-USD-4.png\" alt=\"[Video] Grad\u00faa 7.\u00b0 generaci\u00f3n de egresados de CETYS y USD con Doble Grado Colaborativo MBA\"><\/div>\n                    <div class=\"video-detail\">\n                        <div class=\"video-title\">[Video] Grad\u00faa 7.\u00b0 generaci\u00f3n de egresados de CETYS y USD con Doble Grado Colaborativo MBA<\/div>\n                        <div class=\"video-category\">Video<\/div>\n                    <\/div>\n                <\/a><a class=\"\" href=\"https:\/\/www.cetys.mx\/noticias\/video-informe-anual-para-la-comunidad-2025-del-rector-dr-fernando-leon-garcia-en-tijuana\/\" data-id=\"222909\">\n                    <div class=\"video-thumb\"><img decoding=\"async\" class=\"unveil\" src=\"https:\/\/www.cetys.mx\/noticias\/wp-content\/plugins\/jmagz-plugin\/assets\/placeholder\/150x75.png\" data-src=\"https:\/\/www.cetys.mx\/noticias\/wp-content\/uploads\/2026\/05\/CETYS-MX-2026-05-20T173834.889.png\" alt=\"[Video] Informe Anual 2025 del Rector Dr. Fernando Le\u00f3n Garc\u00eda en Tijuana\"><\/div>\n                    <div class=\"video-detail\">\n                        <div class=\"video-title\">[Video] Informe Anual 2025 del Rector Dr. Fernando Le\u00f3n Garc\u00eda en Tijuana<\/div>\n                        <div class=\"video-category\">Campus Tijuana<\/div>\n                    <\/div>\n                <\/a><a class=\"\" href=\"https:\/\/www.cetys.mx\/noticias\/podcast-agroindustria-para-innovar-y-las-ti-caso-de-berries-y-nopal\/\" data-id=\"222093\">\n                    <div class=\"video-thumb\"><\/div>\n                    <div class=\"video-detail\">\n                        <div class=\"video-title\">[Podcast] Agroindustria para innovar y las TI, el caso de las berries y el nopal<\/div>\n                        <div class=\"video-category\">Video<\/div>\n                    <\/div>\n                <\/a>\n                <\/div>\n            <\/div>\n        <\/div>\n\n\t\t<\/div> \n\t<\/div> \n\t\t<\/div> \n\t<\/div> \n        <\/div>\n    <\/section><section class=\"section   darksection \">\n        <div class=\"row clearfix\">\n            \n\t<div class=\"col-md-12 wpb_column vc_column_container\">\n\t\t<div class=\"wpb_wrapper\">\n\t\t\t\n\t<div class=\"wpb_text_column wpb_content_element \">\n\t\t<div class=\"wpb_wrapper\">\n\t\t\t<div class=\"latest-post \">\n            <div class=\"section-heading-wrapper\">\n                <h3 class=\"section-heading\">Galer\u00edas <strong><\/strong><\/h3>\n            <\/div>\n\n            <div class=\"postbox\" data-width=\"3\">\n                <article class=\"postbox-feed\">\n                   <figure class=\"thumb  \">\r\n                <a href=\"https:\/\/www.cetys.mx\/noticias\/beca-hilda-becerra-barreto-impulsa-el-futuro-de-estudiantes-de-cetys-universidad\/\" class=\"\">\r\n                    <img class='lazyOwl unveil' src='https:\/\/www.cetys.mx\/noticias\/wp-content\/themes\/jmagz-themes\/public\/placeholder\/300x300.png' data-src='https:\/\/www.cetys.mx\/noticias\/wp-content\/uploads\/2026\/08\/Jose-Orlando-Meza-Cota-de-CETYS-Mexicali-y-Cristian-Chautla-Cruz-de-CETYS-Tijuana.png' alt='Beca Hilda Becerra Barreto impulsa el futuro de estudiantes de CETYS Universidad'>\r\n                <\/a>\r\n            <\/figure>\n                    <header class=\"content\">\n                        <h1 class=\"post-title\"><a href=\"https:\/\/www.cetys.mx\/noticias\/beca-hilda-becerra-barreto-impulsa-el-futuro-de-estudiantes-de-cetys-universidad\/\">Beca Hilda Becerra Barreto impulsa el futuro de estudiantes de CETYS Universidad<\/a><\/h1>\n                        <div class=\"post-meta\">\n                            <span class='post-category'><a href='https:\/\/www.cetys.mx\/noticias\/category\/avance-institucional\/' rel='category'>Avance Institucional<\/a><\/span><time class='post-date' datetime='2026-08-27 18:15:21'>6 d\u00edas publicado<\/time>\n                        <\/div>\n                    <\/header>\n                <\/article><article class=\"postbox-feed\">\n                   <figure class=\"thumb  \">\r\n                <a href=\"https:\/\/www.cetys.mx\/noticias\/cetys-tijuana-recibe-a-las-nuevas-generaciones-de-preparatoria-y-profesional\/\" class=\"\">\r\n                    <img class='lazyOwl unveil' src='https:\/\/www.cetys.mx\/noticias\/wp-content\/themes\/jmagz-themes\/public\/placeholder\/300x300.png' data-src='https:\/\/www.cetys.mx\/noticias\/wp-content\/uploads\/2026\/08\/Ceremonia-de-Bienvenida-Gen-2026-30-Profesional-grupal-CETYS-Tijuana-e1786129108150.jpeg' alt='CETYS Tijuana recibe a las nuevas generaciones de Preparatoria y Profesional'>\r\n                <\/a>\r\n            <\/figure>\n                    <header class=\"content\">\n                        <h1 class=\"post-title\"><a href=\"https:\/\/www.cetys.mx\/noticias\/cetys-tijuana-recibe-a-las-nuevas-generaciones-de-preparatoria-y-profesional\/\">CETYS Tijuana recibe a las nuevas generaciones de Preparatoria y Profesional<\/a><\/h1>\n                        <div class=\"post-meta\">\n                            <span class='post-category'><a href='https:\/\/www.cetys.mx\/noticias\/category\/campus-tijuana\/' rel='category'>Campus Tijuana<\/a><\/span><time class='post-date' datetime='2026-08-07 19:37:31'>4 semanas publicado<\/time>\n                        <\/div>\n                    <\/header>\n                <\/article><article class=\"postbox-feed\">\n                   <figure class=\"thumb  \">\r\n                <a href=\"https:\/\/www.cetys.mx\/noticias\/estudiantes-de-preparatoria-cetys-tijuana-fortalecen-sus-competencias-steam-en-programa-internacional-en-orlando\/\" class=\"\">\r\n                    <img class='lazyOwl unveil' src='https:\/\/www.cetys.mx\/noticias\/wp-content\/themes\/jmagz-themes\/public\/placeholder\/300x300.png' data-src='https:\/\/www.cetys.mx\/noticias\/wp-content\/uploads\/2026\/07\/Viaje-a-Orlando-estuciantes-de-Preparatoria-CETYS-2026.png' alt='Estudiantes de Preparatoria CETYS Tijuana fortalecen sus competencias STEAM en programa internacional en Orlando'>\r\n                <\/a>\r\n            <\/figure>\n                    <header class=\"content\">\n                        <h1 class=\"post-title\"><a href=\"https:\/\/www.cetys.mx\/noticias\/estudiantes-de-preparatoria-cetys-tijuana-fortalecen-sus-competencias-steam-en-programa-internacional-en-orlando\/\">Estudiantes de Preparatoria CETYS Tijuana fortalecen sus competencias STEAM en programa internacional en Orlando<\/a><\/h1>\n                        <div class=\"post-meta\">\n                            <span class='post-category'><a href='https:\/\/www.cetys.mx\/noticias\/category\/campus-ensenada\/' rel='category'>Campus Ensenada<\/a><\/span><time class='post-date' datetime='2026-08-04 11:57:49'>4 semanas publicado<\/time>\n                        <\/div>\n                    <\/header>\n                <\/article><article class=\"postbox-feed\">\n                   <figure class=\"thumb  \">\r\n                <a href=\"https:\/\/www.cetys.mx\/noticias\/celebran-una-decada-de-la-maestria-en-neuropsicologia-de-cetys-universidad-campus-tijuana\/\" class=\"\">\r\n                    <img class='lazyOwl unveil' src='https:\/\/www.cetys.mx\/noticias\/wp-content\/themes\/jmagz-themes\/public\/placeholder\/300x300.png' data-src='https:\/\/www.cetys.mx\/noticias\/wp-content\/uploads\/2026\/07\/Collage.-10mo-aniversario-maestria-neuropsicologia.png' alt='Celebran una d\u00e9cada de la Maestr\u00eda en Neuropsicolog\u00eda de CETYS Universidad Campus Tijuana'>\r\n                <\/a>\r\n            <\/figure>\n                    <header class=\"content\">\n                        <h1 class=\"post-title\"><a href=\"https:\/\/www.cetys.mx\/noticias\/celebran-una-decada-de-la-maestria-en-neuropsicologia-de-cetys-universidad-campus-tijuana\/\">Celebran una d\u00e9cada de la Maestr\u00eda en Neuropsicolog\u00eda de CETYS Universidad Campus Tijuana<\/a><\/h1>\n                        <div class=\"post-meta\">\n                            <span class='post-category'><a href='https:\/\/www.cetys.mx\/noticias\/category\/campus-tijuana\/' rel='category'>Campus Tijuana<\/a><\/span><time class='post-date' datetime='2026-07-27 18:03:18'>1 mes publicado<\/time>\n                        <\/div>\n                    <\/header>\n                <\/article><article class=\"postbox-feed\">\n                   <figure class=\"thumb  \">\r\n                <a href=\"https:\/\/www.cetys.mx\/noticias\/estudiantes-de-cetys-integran-conocimientos-de-finanzas-internacionales-neuromarketing-y-emprendimiento-en-espana\/\" class=\"\">\r\n                    <img class='lazyOwl unveil' src='https:\/\/www.cetys.mx\/noticias\/wp-content\/themes\/jmagz-themes\/public\/placeholder\/300x300.png' data-src='https:\/\/www.cetys.mx\/noticias\/wp-content\/uploads\/2026\/07\/Collage-Experiencia-Internacional-Madrid-CETYS.png' alt='Estudiantes de CETYS integran conocimientos de finanzas internacionales, neuromarketing y emprendimiento en Espa\u00f1a'>\r\n                <\/a>\r\n            <\/figure>\n                    <header class=\"content\">\n                        <h1 class=\"post-title\"><a href=\"https:\/\/www.cetys.mx\/noticias\/estudiantes-de-cetys-integran-conocimientos-de-finanzas-internacionales-neuromarketing-y-emprendimiento-en-espana\/\">Estudiantes de CETYS integran conocimientos de finanzas internacionales, neuromarketing y emprendimiento en Espa\u00f1a<\/a><\/h1>\n                        <div class=\"post-meta\">\n                            <span class='post-category'><a href='https:\/\/www.cetys.mx\/noticias\/category\/galeria\/' rel='category'>Galer\u00eda<\/a><\/span><time class='post-date' datetime='2026-07-21 17:55:47'>1 mes publicado<\/time>\n                        <\/div>\n                    <\/header>\n                <\/article><article class=\"postbox-feed\">\n                   <figure class=\"thumb  \">\r\n                <a href=\"https:\/\/www.cetys.mx\/noticias\/cetys-tijuana-celebra-a-la-generacion-2026-y-reafirma-su-compromiso-con-la-formacion-de-lideres-de-impacto-global\/\" class=\"\">\r\n                    <img class='lazyOwl unveil' src='https:\/\/www.cetys.mx\/noticias\/wp-content\/themes\/jmagz-themes\/public\/placeholder\/300x300.png' data-src='https:\/\/www.cetys.mx\/noticias\/wp-content\/uploads\/2026\/06\/Collage-graduados-2026-CETYS-Tijuana.png' alt='CETYS Tijuana celebra a la Generaci\u00f3n 2026 y reafirma su compromiso con la formaci\u00f3n de l\u00edderes de impacto global'>\r\n                <\/a>\r\n            <\/figure>\n                    <header class=\"content\">\n                        <h1 class=\"post-title\"><a href=\"https:\/\/www.cetys.mx\/noticias\/cetys-tijuana-celebra-a-la-generacion-2026-y-reafirma-su-compromiso-con-la-formacion-de-lideres-de-impacto-global\/\">CETYS Tijuana celebra a la Generaci\u00f3n 2026 y reafirma su compromiso con la formaci\u00f3n de l\u00edderes de impacto global<\/a><\/h1>\n                        <div class=\"post-meta\">\n                            <span class='post-category'><a href='https:\/\/www.cetys.mx\/noticias\/category\/campus-tijuana\/' rel='category'>Campus Tijuana<\/a><\/span><time class='post-date' datetime='2026-06-25 20:29:03'>2 meses publicado<\/time>\n                        <\/div>\n                    <\/header>\n                <\/article><article class=\"postbox-feed\">\n                   <figure class=\"thumb  \">\r\n                <a href=\"https:\/\/www.cetys.mx\/noticias\/estudiantes-de-cetys-tijuana-fortaleceran-vision-global-con-experiencias-internacionales-en-10-paises\/\" class=\"\">\r\n                    <img class='lazyOwl unveil' src='https:\/\/www.cetys.mx\/noticias\/wp-content\/themes\/jmagz-themes\/public\/placeholder\/300x300.png' data-src='https:\/\/www.cetys.mx\/noticias\/wp-content\/uploads\/2026\/06\/Despedida-de-alumnos-CETYS-Tijuana-verano-internacional.png' alt='Estudiantes de CETYS Tijuana fortalecer\u00e1n visi\u00f3n global con experiencias internacionales'>\r\n                <\/a>\r\n            <\/figure>\n                    <header class=\"content\">\n                        <h1 class=\"post-title\"><a href=\"https:\/\/www.cetys.mx\/noticias\/estudiantes-de-cetys-tijuana-fortaleceran-vision-global-con-experiencias-internacionales-en-10-paises\/\">Estudiantes de CETYS Tijuana fortalecer\u00e1n visi\u00f3n global con experiencias internacionales<\/a><\/h1>\n                        <div class=\"post-meta\">\n                            <span class='post-category'><a href='https:\/\/www.cetys.mx\/noticias\/category\/campus-tijuana\/' rel='category'>Campus Tijuana<\/a><\/span><time class='post-date' datetime='2026-06-11 17:46:48'>3 meses publicado<\/time>\n                        <\/div>\n                    <\/header>\n                <\/article>\n            <\/div>\n        <\/div>\n\n\t\t<\/div> \n\t<\/div> \n\t\t<\/div> \n\t<\/div> \n        <\/div>\n    <\/section><section class=\"section  \">\n        <div class=\"row clearfix\">\n            \n\t<div class=\"col-md-12 wpb_column vc_column_container\">\n\t\t<div class=\"wpb_wrapper\">\n\t\t\t\n\t<div class=\"wpb_text_column wpb_content_element \">\n\t\t<div class=\"wpb_wrapper\">\n\t\t\t<p><\/p>\n\n\t\t<\/div> \n\t<\/div> \n\t\t<\/div> \n\t<\/div> \n        <\/div>\n    <\/section>\n","protected":false},"excerpt":{"rendered":"Un total de 117 estudiantes de CETYS Universidad Campus Tijuana participar\u00e1n en alguna experiencia internacional, desde este verano y a lo largo...","protected":false},"author":5,"featured_media":111475,"parent":0,"menu_order":0,"comment_status":"closed","ping_status":"closed","template":"template-landing.php","meta":{"footnotes":""},"class_list":["post-15260","page","type-page","status-publish","has-post-thumbnail","hentry"],"yoast_head":"<!-- This site is optimized with the Yoast SEO plugin v28.1 - https:\/\/yoast.com\/product\/yoast-seo-wordpress\/ -->\n<title>CETYS Principal - CETYS<\/title>\n<meta name=\"robots\" content=\"index, follow, max-snippet:-1, max-image-preview:large, max-video-preview:-1\" \/>\n<link rel=\"canonical\" href=\"https:\/\/www.cetys.mx\/noticias\/\" \/>\n<meta property=\"og:locale\" content=\"es_MX\" \/>\n<meta property=\"og:type\" content=\"article\" \/>\n<meta property=\"og:title\" content=\"CETYS Principal - CETYS\" \/>\n<meta property=\"og:url\" content=\"https:\/\/www.cetys.mx\/noticias\/\" \/>\n<meta property=\"og:site_name\" content=\"CETYS\" \/>\n<meta property=\"article:publisher\" content=\"https:\/\/www.facebook.com\/cetysuniversidadmxl\/\" \/>\n<meta property=\"article:modified_time\" content=\"2026-04-21T17:55:10+00:00\" \/>\n<meta property=\"og:image\" content=\"https:\/\/www.cetys.mx\/noticias\/wp-content\/uploads\/2018\/04\/18-7-ps-1.jpg\" \/>\n\t<meta property=\"og:image:width\" content=\"958\" \/>\n\t<meta property=\"og:image:height\" content=\"637\" \/>\n\t<meta property=\"og:image:type\" content=\"image\/jpeg\" \/>\n<meta name=\"twitter:card\" content=\"summary_large_image\" \/>\n<meta name=\"twitter:site\" content=\"@cetysuni\" \/>\n<meta name=\"twitter:label1\" content=\"Tiempo de lectura\" \/>\n\t<meta name=\"twitter:data1\" content=\"1 minuto\" \/>\n<script type=\"application\/ld+json\" class=\"yoast-schema-graph\">{\"@context\":\"https:\\\/\\\/schema.org\",\"@graph\":[{\"@type\":\"WebPage\",\"@id\":\"https:\\\/\\\/www.cetys.mx\\\/noticias\\\/\",\"url\":\"https:\\\/\\\/www.cetys.mx\\\/noticias\\\/\",\"name\":\"CETYS Principal - CETYS\",\"isPartOf\":{\"@id\":\"https:\\\/\\\/www.cetys.mx\\\/noticias\\\/#website\"},\"primaryImageOfPage\":{\"@id\":\"https:\\\/\\\/www.cetys.mx\\\/noticias\\\/#primaryimage\"},\"image\":{\"@id\":\"https:\\\/\\\/www.cetys.mx\\\/noticias\\\/#primaryimage\"},\"thumbnailUrl\":\"https:\\\/\\\/www.cetys.mx\\\/noticias\\\/wp-content\\\/uploads\\\/2018\\\/04\\\/18-7-ps-1.jpg\",\"datePublished\":\"2016-02-24T01:57:08+00:00\",\"dateModified\":\"2026-04-21T17:55:10+00:00\",\"breadcrumb\":{\"@id\":\"https:\\\/\\\/www.cetys.mx\\\/noticias\\\/#breadcrumb\"},\"inLanguage\":\"es\",\"potentialAction\":[{\"@type\":\"ReadAction\",\"target\":[\"https:\\\/\\\/www.cetys.mx\\\/noticias\\\/\"]}]},{\"@type\":\"ImageObject\",\"inLanguage\":\"es\",\"@id\":\"https:\\\/\\\/www.cetys.mx\\\/noticias\\\/#primaryimage\",\"url\":\"https:\\\/\\\/www.cetys.mx\\\/noticias\\\/wp-content\\\/uploads\\\/2018\\\/04\\\/18-7-ps-1.jpg\",\"contentUrl\":\"https:\\\/\\\/www.cetys.mx\\\/noticias\\\/wp-content\\\/uploads\\\/2018\\\/04\\\/18-7-ps-1.jpg\",\"width\":958,\"height\":637},{\"@type\":\"BreadcrumbList\",\"@id\":\"https:\\\/\\\/www.cetys.mx\\\/noticias\\\/#breadcrumb\",\"itemListElement\":[{\"@type\":\"ListItem\",\"position\":1,\"name\":\"Inicio\",\"item\":\"https:\\\/\\\/www.cetys.mx\\\/noticias\\\/\"},{\"@type\":\"ListItem\",\"position\":2,\"name\":\"CETYS Principal\"}]},{\"@type\":\"WebSite\",\"@id\":\"https:\\\/\\\/www.cetys.mx\\\/noticias\\\/#website\",\"url\":\"https:\\\/\\\/www.cetys.mx\\\/noticias\\\/\",\"name\":\"CETYS\",\"description\":\"\",\"potentialAction\":[{\"@type\":\"SearchAction\",\"target\":{\"@type\":\"EntryPoint\",\"urlTemplate\":\"https:\\\/\\\/www.cetys.mx\\\/noticias\\\/?s={search_term_string}\"},\"query-input\":{\"@type\":\"PropertyValueSpecification\",\"valueRequired\":true,\"valueName\":\"search_term_string\"}}],\"inLanguage\":\"es\"}]}<\/script>\n<!-- \/ Yoast SEO plugin. -->","yoast_head_json":{"title":"CETYS Principal - CETYS","robots":{"index":"index","follow":"follow","max-snippet":"max-snippet:-1","max-image-preview":"max-image-preview:large","max-video-preview":"max-video-preview:-1"},"canonical":"https:\/\/www.cetys.mx\/noticias\/","og_locale":"es_MX","og_type":"article","og_title":"CETYS Principal - CETYS","og_url":"https:\/\/www.cetys.mx\/noticias\/","og_site_name":"CETYS","article_publisher":"https:\/\/www.facebook.com\/cetysuniversidadmxl\/","article_modified_time":"2026-04-21T17:55:10+00:00","og_image":[{"width":958,"height":637,"url":"https:\/\/www.cetys.mx\/noticias\/wp-content\/uploads\/2018\/04\/18-7-ps-1.jpg","type":"image\/jpeg"}],"twitter_card":"summary_large_image","twitter_site":"@cetysuni","twitter_misc":{"Tiempo de lectura":"1 minuto"},"schema":{"@context":"https:\/\/schema.org","@graph":[{"@type":"WebPage","@id":"https:\/\/www.cetys.mx\/noticias\/","url":"https:\/\/www.cetys.mx\/noticias\/","name":"CETYS Principal - CETYS","isPartOf":{"@id":"https:\/\/www.cetys.mx\/noticias\/#website"},"primaryImageOfPage":{"@id":"https:\/\/www.cetys.mx\/noticias\/#primaryimage"},"image":{"@id":"https:\/\/www.cetys.mx\/noticias\/#primaryimage"},"thumbnailUrl":"https:\/\/www.cetys.mx\/noticias\/wp-content\/uploads\/2018\/04\/18-7-ps-1.jpg","datePublished":"2016-02-24T01:57:08+00:00","dateModified":"2026-04-21T17:55:10+00:00","breadcrumb":{"@id":"https:\/\/www.cetys.mx\/noticias\/#breadcrumb"},"inLanguage":"es","potentialAction":[{"@type":"ReadAction","target":["https:\/\/www.cetys.mx\/noticias\/"]}]},{"@type":"ImageObject","inLanguage":"es","@id":"https:\/\/www.cetys.mx\/noticias\/#primaryimage","url":"https:\/\/www.cetys.mx\/noticias\/wp-content\/uploads\/2018\/04\/18-7-ps-1.jpg","contentUrl":"https:\/\/www.cetys.mx\/noticias\/wp-content\/uploads\/2018\/04\/18-7-ps-1.jpg","width":958,"height":637},{"@type":"BreadcrumbList","@id":"https:\/\/www.cetys.mx\/noticias\/#breadcrumb","itemListElement":[{"@type":"ListItem","position":1,"name":"Inicio","item":"https:\/\/www.cetys.mx\/noticias\/"},{"@type":"ListItem","position":2,"name":"CETYS Principal"}]},{"@type":"WebSite","@id":"https:\/\/www.cetys.mx\/noticias\/#website","url":"https:\/\/www.cetys.mx\/noticias\/","name":"CETYS","description":"","potentialAction":[{"@type":"SearchAction","target":{"@type":"EntryPoint","urlTemplate":"https:\/\/www.cetys.mx\/noticias\/?s={search_term_string}"},"query-input":{"@type":"PropertyValueSpecification","valueRequired":true,"valueName":"search_term_string"}}],"inLanguage":"es"}]}},"_links":{"self":[{"href":"https:\/\/www.cetys.mx\/noticias\/wp-json\/wp\/v2\/pages\/15260","targetHints":{"allow":["GET"]}}],"collection":[{"href":"https:\/\/www.cetys.mx\/noticias\/wp-json\/wp\/v2\/pages"}],"about":[{"href":"https:\/\/www.cetys.mx\/noticias\/wp-json\/wp\/v2\/types\/page"}],"author":[{"embeddable":true,"href":"https:\/\/www.cetys.mx\/noticias\/wp-json\/wp\/v2\/users\/5"}],"replies":[{"embeddable":true,"href":"https:\/\/www.cetys.mx\/noticias\/wp-json\/wp\/v2\/comments?post=15260"}],"version-history":[{"count":3,"href":"https:\/\/www.cetys.mx\/noticias\/wp-json\/wp\/v2\/pages\/15260\/revisions"}],"predecessor-version":[{"id":221925,"href":"https:\/\/www.cetys.mx\/noticias\/wp-json\/wp\/v2\/pages\/15260\/revisions\/221925"}],"wp:featuredmedia":[{"embeddable":true,"href":"https:\/\/www.cetys.mx\/noticias\/wp-json\/wp\/v2\/media\/111475"}],"wp:attachment":[{"href":"https:\/\/www.cetys.mx\/noticias\/wp-json\/wp\/v2\/media?parent=15260"}],"curies":[{"name":"wp","href":"https:\/\/api.w.org\/{rel}","templated":true}]}}