{"id":25,"date":"2021-11-16T04:12:58","date_gmt":"2021-11-16T04:12:58","guid":{"rendered":"https:\/\/www.cetys.mx\/quieroser\/?page_id=25"},"modified":"2022-08-12T16:31:05","modified_gmt":"2022-08-12T16:31:05","slug":"principal","status":"publish","type":"page","link":"https:\/\/www.cetys.mx\/cambiastu\/","title":{"rendered":"Principal"},"content":{"rendered":"<div class=\"vce-row-container\" data-vce-boxed-width=\"true\"><div class=\"vce-row vce-row--col-gap-30 vce-row-content--top\" id=\"el-eeea6b5d\" data-vce-do-apply=\"all el-eeea6b5d\"><div class=\"vce-row-content\" data-vce-element-content=\"true\"><div class=\"vce-col vce-col--md-auto vce-col--xs-1 vce-col--xs-last vce-col--xs-first vce-col--sm-last vce-col--sm-first vce-col--md-last vce-col--lg-last vce-col--xl-last vce-col--md-first vce-col--lg-first vce-col--xl-first\" id=\"el-be38a1c9\"><div class=\"vce-col-inner\" data-vce-do-apply=\"border margin background  el-be38a1c9\"><div class=\"vce-col-content\" data-vce-element-content=\"true\" data-vce-do-apply=\"padding el-be38a1c9\"><div class=\"vce-shortcode\"><div class=\"vce-shortcode-wrapper vce\" id=\"el-6982ba4a\" data-vce-do-apply=\"all el-6982ba4a\">\n\t\t\t<!-- START HomeSlider REVOLUTION SLIDER 6.2.22 --><p class=\"rs-p-wp-fix\"><\/p>\n\t\t\t<rs-module-wrap id=\"rev_slider_1_1_wrapper\" data-source=\"post\" style=\"background:transparent;padding:0;margin:0px auto;margin-top:0;margin-bottom:0;\">\n\t\t\t\t<rs-module id=\"rev_slider_1_1\" style=\"\" data-version=\"6.2.22\">\n\t\t\t\t\t<rs-slides>\n\t\t\t\t\t\t<rs-slide data-key=\"rs-269\" data-title=\"\u00bfQu\u00e9 debo de saber antes de estudiar Derecho?\" data-description=\"Derecho en CETYS Universidad es un programa dirigido no s\u00f3lo a formar en conocimientos, sino en habilidades y actitudes para planear, prevenir, negociar y solucionar con calidad, \u00e9tica y eficacia todo tipo de situaciones en las diversas \u00e1reas del derecho.\u00a0\" data-thumb=\"\/\/www.cetys.mx\/cambiastu\/wp-content\/uploads\/2022\/05\/Profesional_Derecho-scaled-100x50.jpg\" data-anim=\"ei:d;eo:d;s:600;r:0;t:fade;sl:d;\">\n\t\t\t\t\t\t\t<img src=\"\/\/www.cetys.mx\/cambiastu\/wp-content\/uploads\/2022\/05\/Profesional_Derecho-scaled.jpg\" title=\"Profesional_Derecho\" width=\"2560\" height=\"1625\" class=\"rev-slidebg\" data-no-retina>\n<!--\n\t\t\t\t\t\t\t--><rs-layer\n\t\t\t\t\t\t\t\tid=\"slider-1-slide-269-layer-1\" \n\t\t\t\t\t\t\t\tdata-type=\"text\"\n\t\t\t\t\t\t\t\tdata-color=\"#ffcc00\"\n\t\t\t\t\t\t\t\tdata-rsp_ch=\"on\"\n\t\t\t\t\t\t\t\tdata-xy=\"xo:222px,68px,68px,8px;yo:257px,289px,279px,197px;\"\n\t\t\t\t\t\t\t\tdata-text=\"w:normal;s:50,50,50,30;l:50,50,50,30;fw:600;a:inherit;\"\n\t\t\t\t\t\t\t\tdata-dim=\"w:723px,723px,723px,440px;h:46px,46px,46px,78px;\"\n\t\t\t\t\t\t\t\tdata-frame_1=\"sR:10;\"\n\t\t\t\t\t\t\t\tdata-frame_999=\"o:0;st:w;sR:8690;\"\n\t\t\t\t\t\t\t\tstyle=\"z-index:6;font-family:Open Sans;\"\n\t\t\t\t\t\t\t><span style=\"text-transform: uppercase;\">\u00bfQu\u00e9 debo de saber antes de estudiar Derecho?<\/span> \n\t\t\t\t\t\t\t<\/rs-layer><!--\n\n\t\t\t\t\t\t\t--><rs-layer\n\t\t\t\t\t\t\t\tid=\"slider-1-slide-269-layer-4\" \n\t\t\t\t\t\t\t\tclass=\"tp-shape tp-shapewrapper\"\n\t\t\t\t\t\t\t\tdata-type=\"shape\"\n\t\t\t\t\t\t\t\tdata-rsp_ch=\"on\"\n\t\t\t\t\t\t\t\tdata-xy=\"xo:-557px;yo:-101px;\"\n\t\t\t\t\t\t\t\tdata-text=\"fw:600;a:inherit;\"\n\t\t\t\t\t\t\t\tdata-dim=\"w:3000px;h:2000px;\"\n\t\t\t\t\t\t\t\tdata-frame_1=\"sR:10;\"\n\t\t\t\t\t\t\t\tdata-frame_999=\"o:0;st:w;sR:8690;\"\n\t\t\t\t\t\t\t\tstyle=\"z-index:5;background-color:rgba(0,0,0,0.5);\"\n\t\t\t\t\t\t\t> \n\t\t\t\t\t\t\t<\/rs-layer><!--\n\n\t\t\t\t\t\t\t--><rs-layer\n\t\t\t\t\t\t\t\tid=\"slider-1-slide-269-layer-7\" \n\t\t\t\t\t\t\t\tdata-type=\"text\"\n\t\t\t\t\t\t\t\tdata-rsp_ch=\"on\"\n\t\t\t\t\t\t\t\tdata-xy=\"xo:219px,68px,68px,6px;yo:386px,406px,406px,275px;\"\n\t\t\t\t\t\t\t\tdata-text=\"w:normal;s:20,20,20,16;l:22,22,22,16;a:inherit;\"\n\t\t\t\t\t\t\t\tdata-dim=\"w:634px,634px,634px,457px;h:92px,92px,92px,167px;\"\n\t\t\t\t\t\t\t\tdata-frame_1=\"x:0,0,0,0px;y:0,0,0,0px;\"\n\t\t\t\t\t\t\t\tdata-frame_999=\"o:0;st:w;sR:8700;\"\n\t\t\t\t\t\t\t\tstyle=\"z-index:7;font-family:Open Sans;\"\n\t\t\t\t\t\t\t><br>\n<span style=\"color:#FFF; font-size:25px; line-heigth:23px;\">Derecho en CETYS Universidad es un programa dirigido no s\u00f3lo a formar en conocimientos, sino en habilidades y actitudes para planear, prevenir, negociar y solucionar con calidad, \u00e9tica y eficacia todo tipo de situaciones en las diversas \u00e1reas del derecho.\u00a0<\/span><br><br>\n<a style=\"color:#000; background-color:#FFD000; text-decoration:none; padding:10px; border-radius:10px; font-size:20px\" href=\"https:\/\/www.cetys.mx\/cambiastu\/2022\/05\/27\/que-debo-de-saber-antes-de-estudiar-derecho\/\">Leer m\u00e1s<\/a>\n \n\t\t\t\t\t\t\t<\/rs-layer><!--\n-->\t\t\t\t\t\t<\/rs-slide>\n\t\t\t\t\t\t<rs-slide data-key=\"rs-263\" data-title=\"FAFSA, una oportunidad para residentes y ciudadanos de Estados Unidos\" data-description=\"FAFSA es una ayuda federal que puede ser tramitada anualmente por todo ciudadano o residente de Estados Unidos que deseen estudiar.\" data-thumb=\"\/\/www.cetys.mx\/cambiastu\/wp-content\/uploads\/2022\/05\/CETYS_proyectos3-100x50.png\" data-anim=\"ei:d;eo:d;s:600;r:0;t:fade;sl:d;\">\n\t\t\t\t\t\t\t<img src=\"\/\/www.cetys.mx\/cambiastu\/wp-content\/uploads\/2022\/05\/CETYS_proyectos3.png\" title=\"CETYS_proyectos3\" width=\"1024\" height=\"683\" class=\"rev-slidebg\" data-no-retina>\n<!--\n\t\t\t\t\t\t\t--><rs-layer\n\t\t\t\t\t\t\t\tid=\"slider-1-slide-263-layer-1\" \n\t\t\t\t\t\t\t\tdata-type=\"text\"\n\t\t\t\t\t\t\t\tdata-color=\"#ffcc00\"\n\t\t\t\t\t\t\t\tdata-rsp_ch=\"on\"\n\t\t\t\t\t\t\t\tdata-xy=\"xo:222px,68px,68px,8px;yo:257px,289px,279px,197px;\"\n\t\t\t\t\t\t\t\tdata-text=\"w:normal;s:50,50,50,30;l:50,50,50,30;fw:600;a:inherit;\"\n\t\t\t\t\t\t\t\tdata-dim=\"w:723px,723px,723px,440px;h:46px,46px,46px,78px;\"\n\t\t\t\t\t\t\t\tdata-frame_1=\"sR:10;\"\n\t\t\t\t\t\t\t\tdata-frame_999=\"o:0;st:w;sR:8690;\"\n\t\t\t\t\t\t\t\tstyle=\"z-index:6;font-family:Open Sans;\"\n\t\t\t\t\t\t\t><span style=\"text-transform: uppercase;\">FAFSA, una oportunidad para residentes y ciudadanos de Estados Unidos<\/span> \n\t\t\t\t\t\t\t<\/rs-layer><!--\n\n\t\t\t\t\t\t\t--><rs-layer\n\t\t\t\t\t\t\t\tid=\"slider-1-slide-263-layer-4\" \n\t\t\t\t\t\t\t\tclass=\"tp-shape tp-shapewrapper\"\n\t\t\t\t\t\t\t\tdata-type=\"shape\"\n\t\t\t\t\t\t\t\tdata-rsp_ch=\"on\"\n\t\t\t\t\t\t\t\tdata-xy=\"xo:-557px;yo:-101px;\"\n\t\t\t\t\t\t\t\tdata-text=\"fw:600;a:inherit;\"\n\t\t\t\t\t\t\t\tdata-dim=\"w:3000px;h:2000px;\"\n\t\t\t\t\t\t\t\tdata-frame_1=\"sR:10;\"\n\t\t\t\t\t\t\t\tdata-frame_999=\"o:0;st:w;sR:8690;\"\n\t\t\t\t\t\t\t\tstyle=\"z-index:5;background-color:rgba(0,0,0,0.5);\"\n\t\t\t\t\t\t\t> \n\t\t\t\t\t\t\t<\/rs-layer><!--\n\n\t\t\t\t\t\t\t--><rs-layer\n\t\t\t\t\t\t\t\tid=\"slider-1-slide-263-layer-7\" \n\t\t\t\t\t\t\t\tdata-type=\"text\"\n\t\t\t\t\t\t\t\tdata-rsp_ch=\"on\"\n\t\t\t\t\t\t\t\tdata-xy=\"xo:219px,68px,68px,6px;yo:386px,406px,406px,275px;\"\n\t\t\t\t\t\t\t\tdata-text=\"w:normal;s:20,20,20,16;l:22,22,22,16;a:inherit;\"\n\t\t\t\t\t\t\t\tdata-dim=\"w:634px,634px,634px,457px;h:92px,92px,92px,167px;\"\n\t\t\t\t\t\t\t\tdata-frame_1=\"x:0,0,0,0px;y:0,0,0,0px;\"\n\t\t\t\t\t\t\t\tdata-frame_999=\"o:0;st:w;sR:8700;\"\n\t\t\t\t\t\t\t\tstyle=\"z-index:7;font-family:Open Sans;\"\n\t\t\t\t\t\t\t><br>\n<span style=\"color:#FFF; font-size:25px; line-heigth:23px;\">FAFSA es una ayuda federal que puede ser tramitada anualmente por todo ciudadano o residente de Estados Unidos que deseen estudiar.<\/span><br><br>\n<a style=\"color:#000; background-color:#FFD000; text-decoration:none; padding:10px; border-radius:10px; font-size:20px\" href=\"https:\/\/www.cetys.mx\/cambiastu\/2022\/05\/27\/263\/\">Leer m\u00e1s<\/a>\n \n\t\t\t\t\t\t\t<\/rs-layer><!--\n-->\t\t\t\t\t\t<\/rs-slide>\n\t\t\t\t\t\t<rs-slide data-key=\"rs-257\" data-title=\"Emprender en la universidad\" data-description=\"Para muchos j\u00f3venes como t\u00fa, emprender ha sido clave en su desarrollo profesional, pues a trav\u00e9s de \u00e9l fortalecieron su vocaci\u00f3n, crearon nuevas relaciones y pusieron en pr\u00e1ctica todo su conocimiento, conoce sus historias aqu\u00ed.\" data-thumb=\"\/\/www.cetys.mx\/cambiastu\/wp-content\/uploads\/2022\/05\/IMG_1322-scaled-100x50.jpg\" data-anim=\"ei:d;eo:d;s:600;r:0;t:fade;sl:d;\">\n\t\t\t\t\t\t\t<img src=\"\/\/www.cetys.mx\/cambiastu\/wp-content\/uploads\/2022\/05\/IMG_1322-scaled.jpg\" title=\"IMG_1322\" width=\"2560\" height=\"1707\" class=\"rev-slidebg\" data-no-retina>\n<!--\n\t\t\t\t\t\t\t--><rs-layer\n\t\t\t\t\t\t\t\tid=\"slider-1-slide-257-layer-1\" \n\t\t\t\t\t\t\t\tdata-type=\"text\"\n\t\t\t\t\t\t\t\tdata-color=\"#ffcc00\"\n\t\t\t\t\t\t\t\tdata-rsp_ch=\"on\"\n\t\t\t\t\t\t\t\tdata-xy=\"xo:222px,68px,68px,8px;yo:257px,289px,279px,197px;\"\n\t\t\t\t\t\t\t\tdata-text=\"w:normal;s:50,50,50,30;l:50,50,50,30;fw:600;a:inherit;\"\n\t\t\t\t\t\t\t\tdata-dim=\"w:723px,723px,723px,440px;h:46px,46px,46px,78px;\"\n\t\t\t\t\t\t\t\tdata-frame_1=\"sR:10;\"\n\t\t\t\t\t\t\t\tdata-frame_999=\"o:0;st:w;sR:8690;\"\n\t\t\t\t\t\t\t\tstyle=\"z-index:6;font-family:Open Sans;\"\n\t\t\t\t\t\t\t><span style=\"text-transform: uppercase;\">Emprender en la universidad<\/span> \n\t\t\t\t\t\t\t<\/rs-layer><!--\n\n\t\t\t\t\t\t\t--><rs-layer\n\t\t\t\t\t\t\t\tid=\"slider-1-slide-257-layer-4\" \n\t\t\t\t\t\t\t\tclass=\"tp-shape tp-shapewrapper\"\n\t\t\t\t\t\t\t\tdata-type=\"shape\"\n\t\t\t\t\t\t\t\tdata-rsp_ch=\"on\"\n\t\t\t\t\t\t\t\tdata-xy=\"xo:-557px;yo:-101px;\"\n\t\t\t\t\t\t\t\tdata-text=\"fw:600;a:inherit;\"\n\t\t\t\t\t\t\t\tdata-dim=\"w:3000px;h:2000px;\"\n\t\t\t\t\t\t\t\tdata-frame_1=\"sR:10;\"\n\t\t\t\t\t\t\t\tdata-frame_999=\"o:0;st:w;sR:8690;\"\n\t\t\t\t\t\t\t\tstyle=\"z-index:5;background-color:rgba(0,0,0,0.5);\"\n\t\t\t\t\t\t\t> \n\t\t\t\t\t\t\t<\/rs-layer><!--\n\n\t\t\t\t\t\t\t--><rs-layer\n\t\t\t\t\t\t\t\tid=\"slider-1-slide-257-layer-7\" \n\t\t\t\t\t\t\t\tdata-type=\"text\"\n\t\t\t\t\t\t\t\tdata-rsp_ch=\"on\"\n\t\t\t\t\t\t\t\tdata-xy=\"xo:219px,68px,68px,6px;yo:386px,406px,406px,275px;\"\n\t\t\t\t\t\t\t\tdata-text=\"w:normal;s:20,20,20,16;l:22,22,22,16;a:inherit;\"\n\t\t\t\t\t\t\t\tdata-dim=\"w:634px,634px,634px,457px;h:92px,92px,92px,167px;\"\n\t\t\t\t\t\t\t\tdata-frame_1=\"x:0,0,0,0px;y:0,0,0,0px;\"\n\t\t\t\t\t\t\t\tdata-frame_999=\"o:0;st:w;sR:8700;\"\n\t\t\t\t\t\t\t\tstyle=\"z-index:7;font-family:Open Sans;\"\n\t\t\t\t\t\t\t><br>\n<span style=\"color:#FFF; font-size:25px; line-heigth:23px;\">Para muchos j\u00f3venes como t\u00fa, emprender ha sido clave en su desarrollo profesional, pues a trav\u00e9s de \u00e9l fortalecieron su vocaci\u00f3n, crearon nuevas relaciones y pusieron en pr\u00e1ctica todo su conocimiento, conoce sus historias aqu\u00ed.<\/span><br><br>\n<a style=\"color:#000; background-color:#FFD000; text-decoration:none; padding:10px; border-radius:10px; font-size:20px\" href=\"https:\/\/www.cetys.mx\/cambiastu\/2022\/05\/06\/emprender-en-la-universidad\/\">Leer m\u00e1s<\/a>\n \n\t\t\t\t\t\t\t<\/rs-layer><!--\n-->\t\t\t\t\t\t<\/rs-slide>\n\t\t\t\t\t<\/rs-slides>\n\t\t\t\t<\/rs-module>\n\t\t\t\t<script type=\"text\/javascript\">\n\t\t\t\t\tsetREVStartSize({c: 'rev_slider_1_1',rl:[1240,1024,778,480],el:[600,600,600,600],gw:[1240,1024,778,480],gh:[600,600,600,600],type:'standard',justify:'',layout:'fullwidth',mh:\"0\"});\n\t\t\t\t\tvar\trevapi1,\n\t\t\t\t\t\ttpj;\n\t\t\t\t\tfunction revinit_revslider11() {\n\t\t\t\t\tjQuery(function() {\n\t\t\t\t\t\ttpj = jQuery;\n\t\t\t\t\t\trevapi1 = tpj(\"#rev_slider_1_1\");\n\t\t\t\t\t\tif(revapi1==undefined || revapi1.revolution == undefined){\n\t\t\t\t\t\t\trevslider_showDoubleJqueryError(\"rev_slider_1_1\");\n\t\t\t\t\t\t}else{\n\t\t\t\t\t\t\trevapi1.revolution({\n\t\t\t\t\t\t\t\tsliderLayout:\"fullwidth\",\n\t\t\t\t\t\t\t\tvisibilityLevels:\"1240,1024,778,480\",\n\t\t\t\t\t\t\t\tgridwidth:\"1240,1024,778,480\",\n\t\t\t\t\t\t\t\tgridheight:\"600,600,600,600\",\n\t\t\t\t\t\t\t\tspinner:\"spinner0\",\n\t\t\t\t\t\t\t\tperspective:600,\n\t\t\t\t\t\t\t\tperspectiveType:\"local\",\n\t\t\t\t\t\t\t\teditorheight:\"600,600,600,600\",\n\t\t\t\t\t\t\t\tresponsiveLevels:\"1240,1024,778,480\",\n\t\t\t\t\t\t\t\tprogressBar:{disableProgressBar:true},\n\t\t\t\t\t\t\t\tnavigation: {\n\t\t\t\t\t\t\t\t\tmouseScrollNavigation:false,\n\t\t\t\t\t\t\t\t\tonHoverStop:false,\n\t\t\t\t\t\t\t\t\tarrows: {\n\t\t\t\t\t\t\t\t\t\tenable:true,\n\t\t\t\t\t\t\t\t\t\tstyle:\"hesperiden\",\n\t\t\t\t\t\t\t\t\t\tleft: {\n\n\t\t\t\t\t\t\t\t\t\t},\n\t\t\t\t\t\t\t\t\t\tright: {\n\n\t\t\t\t\t\t\t\t\t\t}\n\t\t\t\t\t\t\t\t\t},\n\t\t\t\t\t\t\t\t\tbullets: {\n\t\t\t\t\t\t\t\t\t\tenable:true,\n\t\t\t\t\t\t\t\t\t\ttmp:\"\",\n\t\t\t\t\t\t\t\t\t\tstyle:\"hesperiden\"\n\t\t\t\t\t\t\t\t\t}\n\t\t\t\t\t\t\t\t},\n\t\t\t\t\t\t\t\tfallbacks: {\n\t\t\t\t\t\t\t\t\tallowHTML5AutoPlayOnAndroid:true\n\t\t\t\t\t\t\t\t},\n\t\t\t\t\t\t\t});\n\t\t\t\t\t\t}\n\t\t\t\t\t\t\n\t\t\t\t\t});\n\t\t\t\t\t} \/\/ End of RevInitScript\n\t\t\t\tvar once_revslider11 = false;\n\t\t\t\tif (document.readyState === \"loading\") {document.addEventListener('readystatechange',function() { if((document.readyState === \"interactive\" || document.readyState === \"complete\") && !once_revslider11 ) { once_revslider11 = true; revinit_revslider11();}});} else {once_revslider11 = true; revinit_revslider11();}\n\t\t\t\t<\/script>\n\t\t\t\t<script>\n\t\t\t\t\tvar htmlDivCss = unescape(\"%23rev_slider_1_1_wrapper%20.hesperiden.tparrows%20%7B%0A%09cursor%3Apointer%3B%0A%09background%3Argba%280%2C0%2C0%2C0.5%29%3B%0A%09width%3A40px%3B%0A%09height%3A40px%3B%0A%09position%3Aabsolute%3B%0A%09display%3Ablock%3B%0A%09z-index%3A1000%3B%0A%20%20%20%20border-radius%3A%2050%25%3B%0A%7D%0A%23rev_slider_1_1_wrapper%20.hesperiden.tparrows%3Ahover%20%7B%0A%09background%3A%23000000%3B%0A%7D%0A%23rev_slider_1_1_wrapper%20.hesperiden.tparrows%3Abefore%20%7B%0A%09font-family%3A%20%27revicons%27%3B%0A%09font-size%3A20px%3B%0A%09color%3A%23ffffff%3B%0A%09display%3Ablock%3B%0A%09line-height%3A%2040px%3B%0A%09text-align%3A%20center%3B%0A%7D%0A%23rev_slider_1_1_wrapper%20.hesperiden.tparrows.tp-leftarrow%3Abefore%20%7B%0A%09content%3A%20%27%5Ce82c%27%3B%0A%20%20%20%20margin-left%3A-3px%3B%0A%7D%0A%23rev_slider_1_1_wrapper%20.hesperiden.tparrows.tp-rightarrow%3Abefore%20%7B%0A%09content%3A%20%27%5Ce82d%27%3B%0A%20%20%20%20margin-right%3A-3px%3B%0A%7D%0A%23rev_slider_1_1_wrapper%20.hesperiden.tp-bullets%20%7B%0A%7D%0A%23rev_slider_1_1_wrapper%20.hesperiden.tp-bullets%3Abefore%20%7B%0A%09content%3A%27%20%27%3B%0A%09position%3Aabsolute%3B%0A%09width%3A100%25%3B%0A%09height%3A100%25%3B%0A%09background%3Atransparent%3B%0A%09padding%3A10px%3B%0A%09margin-left%3A-10px%3Bmargin-top%3A-10px%3B%0A%09box-sizing%3Acontent-box%3B%0A%20%20%20border-radius%3A8px%3B%0A%20%20%0A%7D%0A%23rev_slider_1_1_wrapper%20.hesperiden%20.tp-bullet%20%7B%0A%09width%3A12px%3B%0A%09height%3A12px%3B%0A%09position%3Aabsolute%3B%0A%09background%3A%20%23999999%3B%20%2F%2A%20old%20browsers%20%2A%2F%0A%20%20%20%20background%3A%20-moz-linear-gradient%28top%2C%20%20%23999999%200%25%2C%20%23e1e1e1%20100%25%29%3B%20%2F%2A%20ff3.6%2B%20%2A%2F%0A%20%20%20%20background%3A%20-webkit-linear-gradient%28top%2C%20%20%23999999%200%25%2C%23e1e1e1%20100%25%29%3B%20%2F%2A%20chrome10%2B%2Csafari5.1%2B%20%2A%2F%0A%20%20%20%20background%3A%20-o-linear-gradient%28top%2C%20%20%23999999%200%25%2C%23e1e1e1%20100%25%29%3B%20%2F%2A%20opera%2011.10%2B%20%2A%2F%0A%20%20%20%20background%3A%20-ms-linear-gradient%28top%2C%20%20%23999999%200%25%2C%23e1e1e1%20100%25%29%3B%20%2F%2A%20ie10%2B%20%2A%2F%0A%20%20%20%20background%3A%20linear-gradient%28to%20bottom%2C%20%20%23999999%200%25%2C%23e1e1e1%20100%25%29%3B%20%2F%2A%20w3c%20%2A%2F%0A%20%20%20%20filter%3A%20progid%3Adximagetransform.microsoft.gradient%28%20%0A%20%20%20%20startcolorstr%3D%27%23999999%27%2C%20endcolorstr%3D%27%23e1e1e1%27%2Cgradienttype%3D0%20%29%3B%20%2F%2A%20ie6-9%20%2A%2F%0A%09border%3A3px%20solid%20%23e5e5e5%3B%0A%09border-radius%3A50%25%3B%0A%09cursor%3A%20pointer%3B%0A%09box-sizing%3Acontent-box%3B%0A%7D%0A%23rev_slider_1_1_wrapper%20.hesperiden%20.tp-bullet%3Ahover%2C%0A%23rev_slider_1_1_wrapper%20.hesperiden%20.tp-bullet.selected%20%7B%0A%09background%3A%23666666%3B%0A%7D%0A%23rev_slider_1_1_wrapper%20.hesperiden%20.tp-bullet-image%20%7B%0A%7D%0A%23rev_slider_1_1_wrapper%20.hesperiden%20.tp-bullet-title%20%7B%0A%7D%0A%0A\");\n\t\t\t\t\tvar htmlDiv = document.getElementById('rs-plugin-settings-inline-css');\n\t\t\t\t\tif(htmlDiv) {\n\t\t\t\t\t\thtmlDiv.innerHTML = htmlDiv.innerHTML + htmlDivCss;\n\t\t\t\t\t}else{\n\t\t\t\t\t\tvar htmlDiv = document.createElement('div');\n\t\t\t\t\t\thtmlDiv.innerHTML = '<style>' + htmlDivCss + '<\/style>';\n\t\t\t\t\t\tdocument.getElementsByTagName('head')[0].appendChild(htmlDiv.childNodes[0]);\n\t\t\t\t\t}\n\t\t\t\t<\/script>\n\t\t\t\t<script>\n\t\t\t\t\tvar htmlDivCss = unescape(\"%0A%0A\");\n\t\t\t\t\tvar htmlDiv = document.getElementById('rs-plugin-settings-inline-css');\n\t\t\t\t\tif(htmlDiv) {\n\t\t\t\t\t\thtmlDiv.innerHTML = htmlDiv.innerHTML + htmlDivCss;\n\t\t\t\t\t}else{\n\t\t\t\t\t\tvar htmlDiv = document.createElement('div');\n\t\t\t\t\t\thtmlDiv.innerHTML = '<style>' + htmlDivCss + '<\/style>';\n\t\t\t\t\t\tdocument.getElementsByTagName('head')[0].appendChild(htmlDiv.childNodes[0]);\n\t\t\t\t\t}\n\t\t\t\t<\/script>\n\t\t\t<\/rs-module-wrap>\n\t\t\t<!-- END REVOLUTION SLIDER -->\n<\/div><\/div><\/div><\/div><\/div><\/div><\/div><\/div><div class=\"vce-row-container\" data-vce-boxed-width=\"true\"><div class=\"vce-row vce-row--col-gap-30 vce-row-content--top\" id=\"el-6fa433d0\" data-vce-do-apply=\"all el-6fa433d0\"><div class=\"vce-row-content\" data-vce-element-content=\"true\"><div class=\"vce-col vce-col--md-auto vce-col--xs-1 vce-col--xs-last vce-col--xs-first vce-col--sm-last vce-col--sm-first vce-col--md-last vce-col--lg-last vce-col--xl-last vce-col--md-first vce-col--lg-first vce-col--xl-first\" id=\"el-13ecc5fa\"><div class=\"vce-col-inner\" data-vce-do-apply=\"border margin background  el-13ecc5fa\"><div class=\"vce-content-background-container\"><\/div><div class=\"vce-col-content\" data-vce-element-content=\"true\" data-vce-do-apply=\"padding el-13ecc5fa\"><div class=\"vce-text-block\"><div class=\"vce-text-block-wrapper vce\" id=\"el-874cf5fa\" data-vce-do-apply=\"all el-874cf5fa\"><p><a href=\"https:\/\/testvocacional.cetys.net\/\"><img loading=\"lazy\" decoding=\"async\" class=\"aligncenter wp-image-197 size-full\" src=\"https:\/\/www.cetys.mx\/cambiastu\/wp-content\/uploads\/2022\/03\/CETYS_Test-Vocacional-Banner.png\" alt=\"\" width=\"1385\" height=\"217\" srcset=\"https:\/\/www.cetys.mx\/cambiastu\/wp-content\/uploads\/2022\/03\/CETYS_Test-Vocacional-Banner.png 1385w, https:\/\/www.cetys.mx\/cambiastu\/wp-content\/uploads\/2022\/03\/CETYS_Test-Vocacional-Banner-300x47.png 300w, https:\/\/www.cetys.mx\/cambiastu\/wp-content\/uploads\/2022\/03\/CETYS_Test-Vocacional-Banner-1024x160.png 1024w, https:\/\/www.cetys.mx\/cambiastu\/wp-content\/uploads\/2022\/03\/CETYS_Test-Vocacional-Banner-768x120.png 768w\" sizes=\"auto, (max-width: 1385px) 100vw, 1385px\" \/><\/a><\/p><\/div><\/div><div class=\"vce-text-block\"><div class=\"vce-text-block-wrapper vce\" id=\"el-713b8b8b\" data-vce-do-apply=\"all el-713b8b8b\"><h2><a href=\"preparatoria\/\"><strong>Preparatoria<\/strong><\/a><\/h2><\/div><\/div><div class=\"vce-text-block\"><div class=\"vce-text-block-wrapper vce\" id=\"el-23d8dd03\" data-vce-do-apply=\"all el-23d8dd03\"><p><div class=\"row\"><div class=\"col-xs-12 col-sm-6 col-md-4\"><article id=\"post-250\" class=\"post\">\n\t<div class=\"content-wrap\">\n\t\t<div class=\"content-wrap-inner\">\n\t\t\t<div class=\"entry-header\">\n\t\t\t\t<a href=\"https:\/\/www.cetys.mx\/cambiastu\/2022\/05\/06\/quiero-una-beca-para-estudiar-en-prepa-cetys\/\">\n\t\t\t\t\t<img width=\"470\" height=\"350\" src=\"https:\/\/www.cetys.mx\/cambiastu\/wp-content\/uploads\/2022\/05\/Captura-de-Pantalla-2022-05-06-a-las-6.20.51-470x350.png\" class=\"img-fluid img-setfull wp-post-image\" alt=\"\" \/>\t\t\t\t<\/a>\n\t\t\t<\/div>\n\t\t\t<div class=\"entry-footer pad-lr\">\n\t\t\t\t<div class=\"row\">\n\t\t\t\t\t<div class=\"col-md-12\">\n\t\t\t\t\t\t<h2 class=\"entry-title\"><a href=\"https:\/\/www.cetys.mx\/cambiastu\/2022\/05\/06\/quiero-una-beca-para-estudiar-en-prepa-cetys\/\" rel=\"bookmark\">Quiero una beca para estudiar en Prepa CETYS<\/a><\/h2>\t\t\t\t\t\t<hr>\n\t\t\t\t\t<\/div>\n\t\t\t\t<\/div>\n\t\t\t\t<div class=\"row views-likes-row-related\">\n\t\t\t\t\t<div class=\"col-12 col-md-12\">\n\t\t\t\t\t\t<p>Sabemos que para muchos de nuestros estudiantes el contar con un tipo de beca para realizar sus estudios con nosotros es vital. Por eso,  realizamos la siguiente lista r\u00e1pida de apoyos financieros a los que puedes aplicar ya.<\/p>\n\t\t\t\t\t\t<a class=\"btn-yllw\" href=\"https:\/\/www.cetys.mx\/cambiastu\/2022\/05\/06\/quiero-una-beca-para-estudiar-en-prepa-cetys\/\">Leer m\u00e1s<\/a>\n\t\t\t\t\t<\/div>\n\t\t\t\t<\/div>\n\t\t\t<\/div>\n\t\t<\/div>\n\t<\/div>\n<\/article><\/div><div class=\"col-xs-12 col-sm-6 col-md-4\"><article id=\"post-246\" class=\"post\">\n\t<div class=\"content-wrap\">\n\t\t<div class=\"content-wrap-inner\">\n\t\t\t<div class=\"entry-header\">\n\t\t\t\t<a href=\"https:\/\/www.cetys.mx\/cambiastu\/2022\/05\/06\/5-dudas-frecuentes-sobre-prepa-cetys\/\">\n\t\t\t\t\t<img width=\"470\" height=\"350\" src=\"https:\/\/www.cetys.mx\/cambiastu\/wp-content\/uploads\/2022\/05\/IMG_8850-470x350.jpg\" class=\"img-fluid img-setfull wp-post-image\" alt=\"\" \/>\t\t\t\t<\/a>\n\t\t\t<\/div>\n\t\t\t<div class=\"entry-footer pad-lr\">\n\t\t\t\t<div class=\"row\">\n\t\t\t\t\t<div class=\"col-md-12\">\n\t\t\t\t\t\t<h2 class=\"entry-title\"><a href=\"https:\/\/www.cetys.mx\/cambiastu\/2022\/05\/06\/5-dudas-frecuentes-sobre-prepa-cetys\/\" rel=\"bookmark\">5 dudas frecuentes sobre Prepa CETYS<\/a><\/h2>\t\t\t\t\t\t<hr>\n\t\t\t\t\t<\/div>\n\t\t\t\t<\/div>\n\t\t\t\t<div class=\"row views-likes-row-related\">\n\t\t\t\t\t<div class=\"col-12 col-md-12\">\n\t\t\t\t\t\t<p>La cuenta regresiva para que vivas la mejor etapa de tu vida ya inici\u00f3 y nosotros nos estamos preparando para darte la bienvenida, as\u00ed como integrarte a nuestra gran comunidad.<\/p>\n\t\t\t\t\t\t<a class=\"btn-yllw\" href=\"https:\/\/www.cetys.mx\/cambiastu\/2022\/05\/06\/5-dudas-frecuentes-sobre-prepa-cetys\/\">Leer m\u00e1s<\/a>\n\t\t\t\t\t<\/div>\n\t\t\t\t<\/div>\n\t\t\t<\/div>\n\t\t<\/div>\n\t<\/div>\n<\/article><\/div><div class=\"col-xs-12 col-sm-6 col-md-4\"><article id=\"post-224\" class=\"post\">\n\t<div class=\"content-wrap\">\n\t\t<div class=\"content-wrap-inner\">\n\t\t\t<div class=\"entry-header\">\n\t\t\t\t<a href=\"https:\/\/www.cetys.mx\/cambiastu\/2022\/04\/29\/prepa-cetys-una-experiencia-de-acompanamiento\/\">\n\t\t\t\t\t<img width=\"470\" height=\"350\" src=\"https:\/\/www.cetys.mx\/cambiastu\/wp-content\/uploads\/2022\/04\/IMG_9875-470x350.jpg\" class=\"img-fluid img-setfull wp-post-image\" alt=\"\" \/>\t\t\t\t<\/a>\n\t\t\t<\/div>\n\t\t\t<div class=\"entry-footer pad-lr\">\n\t\t\t\t<div class=\"row\">\n\t\t\t\t\t<div class=\"col-md-12\">\n\t\t\t\t\t\t<h2 class=\"entry-title\"><a href=\"https:\/\/www.cetys.mx\/cambiastu\/2022\/04\/29\/prepa-cetys-una-experiencia-de-acompanamiento\/\" rel=\"bookmark\">Prepa CETYS, una experiencia de acompa\u00f1amiento<\/a><\/h2>\t\t\t\t\t\t<hr>\n\t\t\t\t\t<\/div>\n\t\t\t\t<\/div>\n\t\t\t\t<div class=\"row views-likes-row-related\">\n\t\t\t\t\t<div class=\"col-12 col-md-12\">\n\t\t\t\t\t\t<p>Est\u00e1s a punto de comenzar la mejor etapa de tu vida, durante tu paso por la Prepara CETYS\u00a0vivir\u00e1s experiencias que no se repetir\u00e1n en ninguna otra.<\/p>\n\t\t\t\t\t\t<a class=\"btn-yllw\" href=\"https:\/\/www.cetys.mx\/cambiastu\/2022\/04\/29\/prepa-cetys-una-experiencia-de-acompanamiento\/\">Leer m\u00e1s<\/a>\n\t\t\t\t\t<\/div>\n\t\t\t\t<\/div>\n\t\t\t<\/div>\n\t\t<\/div>\n\t<\/div>\n<\/article><\/div><\/div><\/p><\/div><\/div><\/div><\/div><\/div><\/div><\/div><\/div><div class=\"vce-row-container\"><div class=\"vce-row vce-element--has-background vce-row--col-gap-30 vce-row-content--top\" data-vce-full-width=\"true\" id=\"el-da88ff9b\" data-vce-do-apply=\"all el-da88ff9b\"><div class=\"vce-content-background-container\"><\/div><div class=\"vce-row-content\" data-vce-element-content=\"true\"><div class=\"vce-col vce-col--md-auto vce-col--xs-1 vce-col--xs-last vce-col--xs-first vce-col--sm-last vce-col--sm-first vce-col--md-last vce-col--lg-last vce-col--xl-last vce-col--md-first vce-col--lg-first vce-col--xl-first\" id=\"el-c7876f74\"><div class=\"vce-col-inner\" data-vce-do-apply=\"border margin background  el-c7876f74\"><div class=\"vce-col-content\" data-vce-element-content=\"true\" data-vce-do-apply=\"padding el-c7876f74\"><div class=\"vce-text-block\"><div class=\"vce-text-block-wrapper vce\" id=\"el-75e45315\" data-vce-do-apply=\"all el-75e45315\"><h2><a href=\"profesional\/\"><strong>Profesional<\/strong><\/a><\/h2><\/div><\/div><div class=\"vce-text-block\"><div class=\"vce-text-block-wrapper vce\" id=\"el-5b26e78b\" data-vce-do-apply=\"all el-5b26e78b\"><p><div class=\"row\"><div class=\"col-xs-12 col-sm-6 col-md-4\"><article id=\"post-269\" class=\"post\">\n\t<div class=\"content-wrap\">\n\t\t<div class=\"content-wrap-inner\">\n\t\t\t<div class=\"entry-header\">\n\t\t\t\t<a href=\"https:\/\/www.cetys.mx\/cambiastu\/2022\/05\/27\/que-debo-de-saber-antes-de-estudiar-derecho\/\">\n\t\t\t\t\t<img width=\"470\" height=\"350\" src=\"https:\/\/www.cetys.mx\/cambiastu\/wp-content\/uploads\/2022\/05\/Profesional_Derecho-470x350.jpg\" class=\"img-fluid img-setfull wp-post-image\" alt=\"\" \/>\t\t\t\t<\/a>\n\t\t\t<\/div>\n\t\t\t<div class=\"entry-footer pad-lr\">\n\t\t\t\t<div class=\"row\">\n\t\t\t\t\t<div class=\"col-md-12\">\n\t\t\t\t\t\t<h2 class=\"entry-title\"><a href=\"https:\/\/www.cetys.mx\/cambiastu\/2022\/05\/27\/que-debo-de-saber-antes-de-estudiar-derecho\/\" rel=\"bookmark\">\u00bfQu\u00e9 debo de saber antes de estudiar Derecho?<\/a><\/h2>\t\t\t\t\t\t<hr>\n\t\t\t\t\t<\/div>\n\t\t\t\t<\/div>\n\t\t\t\t<div class=\"row views-likes-row-related\">\n\t\t\t\t\t<div class=\"col-12 col-md-12\">\n\t\t\t\t\t\t<p>Derecho en CETYS Universidad es un programa dirigido no s\u00f3lo a formar en conocimientos, sino en habilidades y actitudes para planear, prevenir, negociar y solucionar con calidad, \u00e9tica y eficacia todo tipo de situaciones en las diversas \u00e1reas del derecho.\u00a0<\/p>\n\t\t\t\t\t\t<a class=\"btn-yllw\" href=\"https:\/\/www.cetys.mx\/cambiastu\/2022\/05\/27\/que-debo-de-saber-antes-de-estudiar-derecho\/\">Leer m\u00e1s<\/a>\n\t\t\t\t\t<\/div>\n\t\t\t\t<\/div>\n\t\t\t<\/div>\n\t\t<\/div>\n\t<\/div>\n<\/article><\/div><div class=\"col-xs-12 col-sm-6 col-md-4\"><article id=\"post-263\" class=\"post\">\n\t<div class=\"content-wrap\">\n\t\t<div class=\"content-wrap-inner\">\n\t\t\t<div class=\"entry-header\">\n\t\t\t\t<a href=\"https:\/\/www.cetys.mx\/cambiastu\/2022\/05\/27\/263\/\">\n\t\t\t\t\t<img width=\"470\" height=\"350\" src=\"https:\/\/www.cetys.mx\/cambiastu\/wp-content\/uploads\/2022\/05\/CETYS_proyectos3-470x350.png\" class=\"img-fluid img-setfull wp-post-image\" alt=\"\" \/>\t\t\t\t<\/a>\n\t\t\t<\/div>\n\t\t\t<div class=\"entry-footer pad-lr\">\n\t\t\t\t<div class=\"row\">\n\t\t\t\t\t<div class=\"col-md-12\">\n\t\t\t\t\t\t<h2 class=\"entry-title\"><a href=\"https:\/\/www.cetys.mx\/cambiastu\/2022\/05\/27\/263\/\" rel=\"bookmark\">FAFSA, una oportunidad para residentes y ciudadanos de Estados Unidos<\/a><\/h2>\t\t\t\t\t\t<hr>\n\t\t\t\t\t<\/div>\n\t\t\t\t<\/div>\n\t\t\t\t<div class=\"row views-likes-row-related\">\n\t\t\t\t\t<div class=\"col-12 col-md-12\">\n\t\t\t\t\t\t<p>FAFSA es una ayuda federal que puede ser tramitada anualmente por todo ciudadano o residente de Estados Unidos que deseen estudiar.<\/p>\n\t\t\t\t\t\t<a class=\"btn-yllw\" href=\"https:\/\/www.cetys.mx\/cambiastu\/2022\/05\/27\/263\/\">Leer m\u00e1s<\/a>\n\t\t\t\t\t<\/div>\n\t\t\t\t<\/div>\n\t\t\t<\/div>\n\t\t<\/div>\n\t<\/div>\n<\/article><\/div><div class=\"col-xs-12 col-sm-6 col-md-4\"><article id=\"post-257\" class=\"post\">\n\t<div class=\"content-wrap\">\n\t\t<div class=\"content-wrap-inner\">\n\t\t\t<div class=\"entry-header\">\n\t\t\t\t<a href=\"https:\/\/www.cetys.mx\/cambiastu\/2022\/05\/06\/emprender-en-la-universidad\/\">\n\t\t\t\t\t<img width=\"470\" height=\"350\" src=\"https:\/\/www.cetys.mx\/cambiastu\/wp-content\/uploads\/2022\/05\/IMG_1322-470x350.jpg\" class=\"img-fluid img-setfull wp-post-image\" alt=\"\" \/>\t\t\t\t<\/a>\n\t\t\t<\/div>\n\t\t\t<div class=\"entry-footer pad-lr\">\n\t\t\t\t<div class=\"row\">\n\t\t\t\t\t<div class=\"col-md-12\">\n\t\t\t\t\t\t<h2 class=\"entry-title\"><a href=\"https:\/\/www.cetys.mx\/cambiastu\/2022\/05\/06\/emprender-en-la-universidad\/\" rel=\"bookmark\">Emprender en la universidad<\/a><\/h2>\t\t\t\t\t\t<hr>\n\t\t\t\t\t<\/div>\n\t\t\t\t<\/div>\n\t\t\t\t<div class=\"row views-likes-row-related\">\n\t\t\t\t\t<div class=\"col-12 col-md-12\">\n\t\t\t\t\t\t<p>Para muchos j\u00f3venes como t\u00fa, emprender ha sido clave en su desarrollo profesional, pues a trav\u00e9s de \u00e9l fortalecieron su vocaci\u00f3n, crearon nuevas relaciones y pusieron en pr\u00e1ctica todo su conocimiento, conoce sus historias aqu\u00ed.<\/p>\n\t\t\t\t\t\t<a class=\"btn-yllw\" href=\"https:\/\/www.cetys.mx\/cambiastu\/2022\/05\/06\/emprender-en-la-universidad\/\">Leer m\u00e1s<\/a>\n\t\t\t\t\t<\/div>\n\t\t\t\t<\/div>\n\t\t\t<\/div>\n\t\t<\/div>\n\t<\/div>\n<\/article><\/div><\/div><\/p><\/div><\/div><\/div><\/div><\/div><\/div><\/div><\/div><div class=\"vce-row-container\"><div class=\"vce-row vce-row--col-gap-30 vce-row-content--top\" data-vce-full-width=\"true\" id=\"el-81d3efaa\" data-vce-do-apply=\"all el-81d3efaa\"><div class=\"vce-content-background-container\"><\/div><div class=\"vce-row-content\" data-vce-element-content=\"true\"><div class=\"vce-col vce-col--md-auto vce-col--xs-1 vce-col--xs-last vce-col--xs-first vce-col--sm-last vce-col--sm-first vce-col--md-last vce-col--lg-last vce-col--xl-last vce-col--md-first vce-col--lg-first vce-col--xl-first\" id=\"el-39ac80ad\"><div class=\"vce-col-inner\" data-vce-do-apply=\"border margin background  el-39ac80ad\"><div class=\"vce-col-content\" data-vce-element-content=\"true\" data-vce-do-apply=\"padding el-39ac80ad\"><div class=\"vce-text-block\"><div class=\"vce-text-block-wrapper vce\" id=\"el-d1ae428d\" data-vce-do-apply=\"all el-d1ae428d\"><h2><a href=\"https:\/\/www.cetys.mx\/quieroser\/category\/posgrado\/\"><strong>Posgrado<\/strong><\/a><\/h2><\/div><\/div><div class=\"vce-text-block\"><div class=\"vce-text-block-wrapper vce\" id=\"el-3840c9a7\" data-vce-do-apply=\"all el-3840c9a7\"><p><div class=\"row\"><div class=\"col-xs-12 col-sm-6 col-md-4\"><article id=\"post-288\" class=\"post\">\n\t<div class=\"content-wrap\">\n\t\t<div class=\"content-wrap-inner\">\n\t\t\t<div class=\"entry-header\">\n\t\t\t\t<a href=\"https:\/\/www.cetys.mx\/cambiastu\/2022\/11\/03\/por-que-es-importante-la-educacion\/\">\n\t\t\t\t\t<img width=\"470\" height=\"350\" src=\"https:\/\/www.cetys.mx\/cambiastu\/wp-content\/uploads\/2022\/11\/pexels-christina-morillo-1181487-470x350.jpg\" class=\"img-fluid img-setfull wp-post-image\" alt=\"\" \/>\t\t\t\t<\/a>\n\t\t\t<\/div>\n\t\t\t<div class=\"entry-footer pad-lr\">\n\t\t\t\t<div class=\"row\">\n\t\t\t\t\t<div class=\"col-md-12\">\n\t\t\t\t\t\t<h2 class=\"entry-title\"><a href=\"https:\/\/www.cetys.mx\/cambiastu\/2022\/11\/03\/por-que-es-importante-la-educacion\/\" rel=\"bookmark\">\u00bfPor qu\u00e9 es importante la educaci\u00f3n?<\/a><\/h2>\t\t\t\t\t\t<hr>\n\t\t\t\t\t<\/div>\n\t\t\t\t<\/div>\n\t\t\t\t<div class=\"row views-likes-row-related\">\n\t\t\t\t\t<div class=\"col-12 col-md-12\">\n\t\t\t\t\t\t<p>Desde mejorar los niveles de empleabilidad en el pa\u00eds hasta fomentar la innovaci\u00f3n cient\u00edfica y tecnol\u00f3gica, ase es el impacto de la educaci\u00f3n para la sociedad y de ah\u00ed la importancia de contar con profesionales capacitados. <\/p>\n\t\t\t\t\t\t<a class=\"btn-yllw\" href=\"https:\/\/www.cetys.mx\/cambiastu\/2022\/11\/03\/por-que-es-importante-la-educacion\/\">Leer m\u00e1s<\/a>\n\t\t\t\t\t<\/div>\n\t\t\t\t<\/div>\n\t\t\t<\/div>\n\t\t<\/div>\n\t<\/div>\n<\/article><\/div><div class=\"col-xs-12 col-sm-6 col-md-4\"><article id=\"post-285\" class=\"post\">\n\t<div class=\"content-wrap\">\n\t\t<div class=\"content-wrap-inner\">\n\t\t\t<div class=\"entry-header\">\n\t\t\t\t<a href=\"https:\/\/www.cetys.mx\/cambiastu\/2022\/11\/03\/5-motivos-para-elegir-el-mba-de-cetys\/\">\n\t\t\t\t\t<img width=\"470\" height=\"350\" src=\"https:\/\/www.cetys.mx\/cambiastu\/wp-content\/uploads\/2022\/11\/CETYS_MBA2022-470x350.jpg\" class=\"img-fluid img-setfull wp-post-image\" alt=\"\" \/>\t\t\t\t<\/a>\n\t\t\t<\/div>\n\t\t\t<div class=\"entry-footer pad-lr\">\n\t\t\t\t<div class=\"row\">\n\t\t\t\t\t<div class=\"col-md-12\">\n\t\t\t\t\t\t<h2 class=\"entry-title\"><a href=\"https:\/\/www.cetys.mx\/cambiastu\/2022\/11\/03\/5-motivos-para-elegir-el-mba-de-cetys\/\" rel=\"bookmark\">5 motivos para elegir el MBA de CETYS<\/a><\/h2>\t\t\t\t\t\t<hr>\n\t\t\t\t\t<\/div>\n\t\t\t\t<\/div>\n\t\t\t\t<div class=\"row views-likes-row-related\">\n\t\t\t\t\t<div class=\"col-12 col-md-12\">\n\t\t\t\t\t\t<p>Con m\u00e1s de 20 a\u00f1os de historia, el MBA de CETYS Universidad te ofrece destacados beneficios para tu crecimiento profesional. \u00a1No te conformes! Con\u00f3celos aqu\u00ed. <\/p>\n\t\t\t\t\t\t<a class=\"btn-yllw\" href=\"https:\/\/www.cetys.mx\/cambiastu\/2022\/11\/03\/5-motivos-para-elegir-el-mba-de-cetys\/\">Leer m\u00e1s<\/a>\n\t\t\t\t\t<\/div>\n\t\t\t\t<\/div>\n\t\t\t<\/div>\n\t\t<\/div>\n\t<\/div>\n<\/article><\/div><div class=\"col-xs-12 col-sm-6 col-md-4\"><article id=\"post-281\" class=\"post\">\n\t<div class=\"content-wrap\">\n\t\t<div class=\"content-wrap-inner\">\n\t\t\t<div class=\"entry-header\">\n\t\t\t\t<a href=\"https:\/\/www.cetys.mx\/cambiastu\/2022\/10\/13\/gerontologia-social-preparar-el-camino-hacia-la-vejez\/\">\n\t\t\t\t\t<img width=\"470\" height=\"350\" src=\"https:\/\/www.cetys.mx\/cambiastu\/wp-content\/uploads\/2022\/10\/pexels-andrea-piacquadio-3768131-470x350.jpg\" class=\"img-fluid img-setfull wp-post-image\" alt=\"\" \/>\t\t\t\t<\/a>\n\t\t\t<\/div>\n\t\t\t<div class=\"entry-footer pad-lr\">\n\t\t\t\t<div class=\"row\">\n\t\t\t\t\t<div class=\"col-md-12\">\n\t\t\t\t\t\t<h2 class=\"entry-title\"><a href=\"https:\/\/www.cetys.mx\/cambiastu\/2022\/10\/13\/gerontologia-social-preparar-el-camino-hacia-la-vejez\/\" rel=\"bookmark\">Gerontolog\u00eda social: preparar el camino hacia la vejez<\/a><\/h2>\t\t\t\t\t\t<hr>\n\t\t\t\t\t<\/div>\n\t\t\t\t<\/div>\n\t\t\t\t<div class=\"row views-likes-row-related\">\n\t\t\t\t\t<div class=\"col-12 col-md-12\">\n\t\t\t\t\t\t<p>Toas las acciones que promueven el bienestar integral de los adultos mayores se trabajan desde la Gerontolog\u00eda Social, una \u00e1rea dedicada al estudio de la vejez, como proceso y experiencia, aqu\u00ed te platicamos m\u00e1s.<\/p>\n\t\t\t\t\t\t<a class=\"btn-yllw\" href=\"https:\/\/www.cetys.mx\/cambiastu\/2022\/10\/13\/gerontologia-social-preparar-el-camino-hacia-la-vejez\/\">Leer m\u00e1s<\/a>\n\t\t\t\t\t<\/div>\n\t\t\t\t<\/div>\n\t\t\t<\/div>\n\t\t<\/div>\n\t<\/div>\n<\/article><\/div><\/div><\/p><\/div><\/div><\/div><\/div><\/div><\/div><\/div><\/div><div class=\"vce-row-container\"><div class=\"vce-row vce-element--has-background vce-row--col-gap-30 vce-row-content--top\" data-vce-full-width=\"true\" id=\"el-3a313eb0\" data-vce-do-apply=\"all el-3a313eb0\"><div class=\"vce-content-background-container\"><\/div><div class=\"vce-row-content\" data-vce-element-content=\"true\"><div class=\"vce-col vce-col--md-auto vce-col--xs-1 vce-col--xs-last vce-col--xs-first vce-col--sm-last vce-col--sm-first vce-col--md-last vce-col--lg-last vce-col--xl-last vce-col--md-first vce-col--lg-first vce-col--xl-first\" id=\"el-cc499d17\"><div class=\"vce-col-inner\" data-vce-do-apply=\"border margin background  el-cc499d17\"><div class=\"vce-col-content\" data-vce-element-content=\"true\" data-vce-do-apply=\"padding el-cc499d17\"><div class=\"vce-text-block\"><div class=\"vce-text-block-wrapper vce\" id=\"el-76285fe3\" data-vce-do-apply=\"all el-76285fe3\"><h2><a href=\"https:\/\/www.cetys.mx\/quieroser\/category\/orgullo-cetys\/\"><strong>Orgullo CETYS<\/strong><\/a><\/h2><\/div><\/div><div class=\"vce-text-block\"><div class=\"vce-text-block-wrapper vce\" id=\"el-7e4e0d69\" data-vce-do-apply=\"all el-7e4e0d69\"><p><div class=\"row\"><div class=\"col-xs-12 col-sm-6 col-md-4\"><article id=\"post-111\" class=\"post\">\n\t<div class=\"content-wrap\">\n\t\t<div class=\"content-wrap-inner\">\n\t\t\t<div class=\"entry-header\">\n\t\t\t\t<a href=\"https:\/\/www.cetys.mx\/cambiastu\/2021\/11\/23\/desempeno-a-la-excelencia-valeria-alvarez\/\">\n\t\t\t\t\t<img width=\"470\" height=\"350\" src=\"https:\/\/www.cetys.mx\/cambiastu\/wp-content\/uploads\/2021\/11\/valeria-alvarez-del-callejo-egresada-de-CETYS-Tijuana-470x350.png\" class=\"img-fluid img-setfull wp-post-image\" alt=\"\" \/>\t\t\t\t<\/a>\n\t\t\t<\/div>\n\t\t\t<div class=\"entry-footer pad-lr\">\n\t\t\t\t<div class=\"row\">\n\t\t\t\t\t<div class=\"col-md-12\">\n\t\t\t\t\t\t<h2 class=\"entry-title\"><a href=\"https:\/\/www.cetys.mx\/cambiastu\/2021\/11\/23\/desempeno-a-la-excelencia-valeria-alvarez\/\" rel=\"bookmark\">Desempe\u00f1o a la excelencia: Valeria \u00c1lvarez<\/a><\/h2>\t\t\t\t\t\t<hr>\n\t\t\t\t\t<\/div>\n\t\t\t\t<\/div>\n\t\t\t\t<div class=\"row views-likes-row-related\">\n\t\t\t\t\t<div class=\"col-12 col-md-12\">\n\t\t\t\t\t\t<p>Valeria \u00c1lvarez Del Callejo es\u00a0egresada de la Licenciatura en Psicolog\u00eda Organizacional\u00a0y es un ejemplo a la excelencia acad\u00e9mica, siendo reconocida con el\u00a0Premio Nacional CENEVAL. <\/p>\n\t\t\t\t\t\t<a class=\"btn-yllw\" href=\"https:\/\/www.cetys.mx\/cambiastu\/2021\/11\/23\/desempeno-a-la-excelencia-valeria-alvarez\/\">Leer m\u00e1s<\/a>\n\t\t\t\t\t<\/div>\n\t\t\t\t<\/div>\n\t\t\t<\/div>\n\t\t<\/div>\n\t<\/div>\n<\/article><\/div><div class=\"col-xs-12 col-sm-6 col-md-4\"><article id=\"post-108\" class=\"post\">\n\t<div class=\"content-wrap\">\n\t\t<div class=\"content-wrap-inner\">\n\t\t\t<div class=\"entry-header\">\n\t\t\t\t<a href=\"https:\/\/www.cetys.mx\/cambiastu\/2021\/11\/23\/quiero-dejar-huella-maritza-carreon\/\">\n\t\t\t\t\t<img width=\"470\" height=\"350\" src=\"https:\/\/www.cetys.mx\/cambiastu\/wp-content\/uploads\/2021\/11\/Maritza-conquisto-el-oro-en-100-con-vallas-470x350.jpg\" class=\"img-fluid img-setfull wp-post-image\" alt=\"En la Universiada Nacional 2019, Carre\u00f3n logr\u00f3 la medalla de oro en los 100 metros con vallas.\" \/>\t\t\t\t<\/a>\n\t\t\t<\/div>\n\t\t\t<div class=\"entry-footer pad-lr\">\n\t\t\t\t<div class=\"row\">\n\t\t\t\t\t<div class=\"col-md-12\">\n\t\t\t\t\t\t<h2 class=\"entry-title\"><a href=\"https:\/\/www.cetys.mx\/cambiastu\/2021\/11\/23\/quiero-dejar-huella-maritza-carreon\/\" rel=\"bookmark\">Quiero dejar huella: Maritza Carre\u00f3n<\/a><\/h2>\t\t\t\t\t\t<hr>\n\t\t\t\t\t<\/div>\n\t\t\t\t<\/div>\n\t\t\t\t<div class=\"row views-likes-row-related\">\n\t\t\t\t\t<div class=\"col-12 col-md-12\">\n\t\t\t\t\t\t<p>La historia de Carre\u00f3n est\u00e1 llena de \u00e9xitos, su pasi\u00f3n por el deporte le ha abierto puertas y hoy es egresada de nuestra Licenciatura en Derecho.<\/p>\n\t\t\t\t\t\t<a class=\"btn-yllw\" href=\"https:\/\/www.cetys.mx\/cambiastu\/2021\/11\/23\/quiero-dejar-huella-maritza-carreon\/\">Leer m\u00e1s<\/a>\n\t\t\t\t\t<\/div>\n\t\t\t\t<\/div>\n\t\t\t<\/div>\n\t\t<\/div>\n\t<\/div>\n<\/article><\/div><div class=\"col-xs-12 col-sm-6 col-md-4\"><article id=\"post-103\" class=\"post\">\n\t<div class=\"content-wrap\">\n\t\t<div class=\"content-wrap-inner\">\n\t\t\t<div class=\"entry-header\">\n\t\t\t\t<a href=\"https:\/\/www.cetys.mx\/cambiastu\/2021\/11\/23\/el-mundo-nos-necesita-christian-iniguez\/\">\n\t\t\t\t\t<img width=\"470\" height=\"350\" src=\"https:\/\/www.cetys.mx\/cambiastu\/wp-content\/uploads\/2021\/11\/christian-iniquez-alumni-IER-470x350.jpg\" class=\"img-fluid img-setfull wp-post-image\" alt=\"Transformar el mundo con Energ\u00eda Renovable no es imposible.\" \/>\t\t\t\t<\/a>\n\t\t\t<\/div>\n\t\t\t<div class=\"entry-footer pad-lr\">\n\t\t\t\t<div class=\"row\">\n\t\t\t\t\t<div class=\"col-md-12\">\n\t\t\t\t\t\t<h2 class=\"entry-title\"><a href=\"https:\/\/www.cetys.mx\/cambiastu\/2021\/11\/23\/el-mundo-nos-necesita-christian-iniguez\/\" rel=\"bookmark\">El mundo nos necesita: Christian \u00cd\u00f1iguez<\/a><\/h2>\t\t\t\t\t\t<hr>\n\t\t\t\t\t<\/div>\n\t\t\t\t<\/div>\n\t\t\t\t<div class=\"row views-likes-row-related\">\n\t\t\t\t\t<div class=\"col-12 col-md-12\">\n\t\t\t\t\t\t<p>\u00c9l ten\u00eda claro que quer\u00eda estudiar una carrera que le permitiera transformar el mundo, hoy es un egresado de la\u00a0 Ingenier\u00eda en Energ\u00edas Renovables.<\/p>\n\t\t\t\t\t\t<a class=\"btn-yllw\" href=\"https:\/\/www.cetys.mx\/cambiastu\/2021\/11\/23\/el-mundo-nos-necesita-christian-iniguez\/\">Leer m\u00e1s<\/a>\n\t\t\t\t\t<\/div>\n\t\t\t\t<\/div>\n\t\t\t<\/div>\n\t\t<\/div>\n\t<\/div>\n<\/article><\/div><\/div><\/p><\/div><\/div><\/div><\/div><\/div><\/div><\/div><\/div><div class=\"vce-row-container\"><div class=\"vce-row vce-row--col-gap-30 vce-row-content--top vcv-state--show-resizer\" data-vce-full-width=\"true\" id=\"el-a9bec173\" data-vce-do-apply=\"all el-a9bec173\"><div class=\"vce-content-background-container\"><\/div><div class=\"vce-row-content\" data-vce-element-content=\"true\"><div class=\"vce-col vce-col--md-auto vce-col--xs-1 vce-col--xs-last vce-col--xs-first vce-col--sm-last vce-col--sm-first vce-col--md-last vce-col--lg-last vce-col--xl-last vce-col--md-first vce-col--lg-first vce-col--xl-first\" id=\"el-faea8f26\"><div class=\"vce-col-inner\" data-vce-do-apply=\"border margin background  el-faea8f26\"><div class=\"vce-col-content\" data-vce-element-content=\"true\" data-vce-do-apply=\"padding el-faea8f26\"><div class=\"vce-text-block\"><div class=\"vce-text-block-wrapper vce\" id=\"el-53062728\" data-vce-do-apply=\"all el-53062728\"><h2><a href=\"https:\/\/www.cetys.mx\/quieroser\/category\/padres-de-familia\/\"><strong>Padres de familia<\/strong><\/a><\/h2><\/div><\/div><div class=\"vce-text-block\"><div class=\"vce-text-block-wrapper vce\" id=\"el-3f20ee5f\" data-vce-do-apply=\"all el-3f20ee5f\"><p><div class=\"row\"><div class=\"col-xs-12 col-sm-6 col-md-4\"><article id=\"post-260\" class=\"post\">\n\t<div class=\"content-wrap\">\n\t\t<div class=\"content-wrap-inner\">\n\t\t\t<div class=\"entry-header\">\n\t\t\t\t<a href=\"https:\/\/www.cetys.mx\/cambiastu\/2022\/05\/06\/ya-termino-la-universidad-ahora-que-sigue\/\">\n\t\t\t\t\t<img width=\"470\" height=\"350\" src=\"https:\/\/www.cetys.mx\/cambiastu\/wp-content\/uploads\/2022\/05\/MG_4133-470x350.jpg\" class=\"img-fluid img-setfull wp-post-image\" alt=\"\" \/>\t\t\t\t<\/a>\n\t\t\t<\/div>\n\t\t\t<div class=\"entry-footer pad-lr\">\n\t\t\t\t<div class=\"row\">\n\t\t\t\t\t<div class=\"col-md-12\">\n\t\t\t\t\t\t<h2 class=\"entry-title\"><a href=\"https:\/\/www.cetys.mx\/cambiastu\/2022\/05\/06\/ya-termino-la-universidad-ahora-que-sigue\/\" rel=\"bookmark\">Ya termin\u00f3 la Universidad \u00bfahora qu\u00e9 sigue?<\/a><\/h2>\t\t\t\t\t\t<hr>\n\t\t\t\t\t<\/div>\n\t\t\t\t<\/div>\n\t\t\t\t<div class=\"row views-likes-row-related\">\n\t\t\t\t\t<div class=\"col-12 col-md-12\">\n\t\t\t\t\t\t<p>\u00bfQu\u00e9 va a pasar cuando egrese de la universidad? Es una de esas preguntas que muchos no se hacen y cuando la hacen es tarde, son las expectativas que tienen nuestros familiares y amigos las que generalmente nos abruman. <\/p>\n\t\t\t\t\t\t<a class=\"btn-yllw\" href=\"https:\/\/www.cetys.mx\/cambiastu\/2022\/05\/06\/ya-termino-la-universidad-ahora-que-sigue\/\">Leer m\u00e1s<\/a>\n\t\t\t\t\t<\/div>\n\t\t\t\t<\/div>\n\t\t\t<\/div>\n\t\t<\/div>\n\t<\/div>\n<\/article><\/div><div class=\"col-xs-12 col-sm-6 col-md-4\"><article id=\"post-184\" class=\"post\">\n\t<div class=\"content-wrap\">\n\t\t<div class=\"content-wrap-inner\">\n\t\t\t<div class=\"entry-header\">\n\t\t\t\t<a href=\"https:\/\/www.cetys.mx\/cambiastu\/2022\/02\/03\/como-elegir-correctamente-la-prepa-de-mi-hijo\/\">\n\t\t\t\t\t<img width=\"470\" height=\"350\" src=\"https:\/\/www.cetys.mx\/cambiastu\/wp-content\/uploads\/2022\/02\/IMG_0411-470x350.jpg\" class=\"img-fluid img-setfull wp-post-image\" alt=\"\" \/>\t\t\t\t<\/a>\n\t\t\t<\/div>\n\t\t\t<div class=\"entry-footer pad-lr\">\n\t\t\t\t<div class=\"row\">\n\t\t\t\t\t<div class=\"col-md-12\">\n\t\t\t\t\t\t<h2 class=\"entry-title\"><a href=\"https:\/\/www.cetys.mx\/cambiastu\/2022\/02\/03\/como-elegir-correctamente-la-prepa-de-mi-hijo\/\" rel=\"bookmark\">Tres claves para elegir la mejor Prepa<\/a><\/h2>\t\t\t\t\t\t<hr>\n\t\t\t\t\t<\/div>\n\t\t\t\t<\/div>\n\t\t\t\t<div class=\"row views-likes-row-related\">\n\t\t\t\t\t<div class=\"col-12 col-md-12\">\n\t\t\t\t\t\t<p>Elegir correctamente la Prepa donde estudiar\u00e1 no es una tarea sencilla, pero tampoco una decisi\u00f3n que s\u00f3lo debas de tomar t\u00fa, aqu\u00ed te damos tres claves.<\/p>\n\t\t\t\t\t\t<a class=\"btn-yllw\" href=\"https:\/\/www.cetys.mx\/cambiastu\/2022\/02\/03\/como-elegir-correctamente-la-prepa-de-mi-hijo\/\">Leer m\u00e1s<\/a>\n\t\t\t\t\t<\/div>\n\t\t\t\t<\/div>\n\t\t\t<\/div>\n\t\t<\/div>\n\t<\/div>\n<\/article><\/div><div class=\"col-xs-12 col-sm-6 col-md-4\"><article id=\"post-165\" class=\"post\">\n\t<div class=\"content-wrap\">\n\t\t<div class=\"content-wrap-inner\">\n\t\t\t<div class=\"entry-header\">\n\t\t\t\t<a href=\"https:\/\/www.cetys.mx\/cambiastu\/2022\/01\/19\/expo-cetys-decide-tu-historia\/\">\n\t\t\t\t\t<img width=\"470\" height=\"350\" src=\"https:\/\/www.cetys.mx\/cambiastu\/wp-content\/uploads\/2022\/01\/CETYS-ExpoCETYS-SaveTheDate_Banner-4636\u00d73071-470x350.png\" class=\"img-fluid img-setfull wp-post-image\" alt=\"\" \/>\t\t\t\t<\/a>\n\t\t\t<\/div>\n\t\t\t<div class=\"entry-footer pad-lr\">\n\t\t\t\t<div class=\"row\">\n\t\t\t\t\t<div class=\"col-md-12\">\n\t\t\t\t\t\t<h2 class=\"entry-title\"><a href=\"https:\/\/www.cetys.mx\/cambiastu\/2022\/01\/19\/expo-cetys-decide-tu-historia\/\" rel=\"bookmark\">Expo CETYS: Decide tu historia<\/a><\/h2>\t\t\t\t\t\t<hr>\n\t\t\t\t\t<\/div>\n\t\t\t\t<\/div>\n\t\t\t\t<div class=\"row views-likes-row-related\">\n\t\t\t\t\t<div class=\"col-12 col-md-12\">\n\t\t\t\t\t\t<p>En Expo CETYS podr\u00e1n conocer toda nuestra oferta educativa, recibir orientaci\u00f3n vocacional y resolver todas las dudas de c\u00f3mo ser parte de nuestra comunidad estudiantil.\u00a0<\/p>\n\t\t\t\t\t\t<a class=\"btn-yllw\" href=\"https:\/\/www.cetys.mx\/cambiastu\/2022\/01\/19\/expo-cetys-decide-tu-historia\/\">Leer m\u00e1s<\/a>\n\t\t\t\t\t<\/div>\n\t\t\t\t<\/div>\n\t\t\t<\/div>\n\t\t<\/div>\n\t<\/div>\n<\/article><\/div><\/div><\/p><\/div><\/div><\/div><\/div><\/div><\/div><\/div><\/div>","protected":false},"excerpt":{"rendered":"","protected":false},"author":1,"featured_media":0,"parent":0,"menu_order":0,"comment_status":"closed","ping_status":"closed","template":"","meta":{"_acf_changed":false,"footnotes":""},"class_list":["post-25","page","type-page","status-publish","hentry"],"acf":[],"yoast_head":"<!-- This site is optimized with the Yoast SEO plugin v26.6 - https:\/\/yoast.com\/wordpress\/plugins\/seo\/ -->\n<title>Principal - CETYS - Cambias t\u00fa, cambia el mundo.<\/title>\n<meta name=\"robots\" content=\"index, follow, max-snippet:-1, max-image-preview:large, max-video-preview:-1\" \/>\n<link rel=\"canonical\" href=\"https:\/\/www.cetys.mx\/cambiastu\/\" \/>\n<meta property=\"og:locale\" content=\"es_MX\" \/>\n<meta property=\"og:type\" content=\"article\" \/>\n<meta property=\"og:title\" content=\"Principal - CETYS - Cambias t\u00fa, cambia el mundo.\" \/>\n<meta property=\"og:url\" content=\"https:\/\/www.cetys.mx\/cambiastu\/\" \/>\n<meta property=\"og:site_name\" content=\"CETYS - Cambias t\u00fa, cambia el mundo.\" \/>\n<meta property=\"article:modified_time\" content=\"2022-08-12T16:31:05+00:00\" \/>\n<meta name=\"twitter:card\" content=\"summary_large_image\" \/>\n<script type=\"application\/ld+json\" class=\"yoast-schema-graph\">{\"@context\":\"https:\/\/schema.org\",\"@graph\":[{\"@type\":\"WebPage\",\"@id\":\"https:\/\/www.cetys.mx\/cambiastu\/\",\"url\":\"https:\/\/www.cetys.mx\/cambiastu\/\",\"name\":\"Principal - CETYS - Cambias t\u00fa, cambia el mundo.\",\"isPartOf\":{\"@id\":\"https:\/\/www.cetys.mx\/cambiastu\/#website\"},\"datePublished\":\"2021-11-16T04:12:58+00:00\",\"dateModified\":\"2022-08-12T16:31:05+00:00\",\"breadcrumb\":{\"@id\":\"https:\/\/www.cetys.mx\/cambiastu\/#breadcrumb\"},\"inLanguage\":\"es\",\"potentialAction\":[{\"@type\":\"ReadAction\",\"target\":[\"https:\/\/www.cetys.mx\/cambiastu\/\"]}]},{\"@type\":\"BreadcrumbList\",\"@id\":\"https:\/\/www.cetys.mx\/cambiastu\/#breadcrumb\",\"itemListElement\":[{\"@type\":\"ListItem\",\"position\":1,\"name\":\"Inicio\",\"item\":\"https:\/\/www.cetys.mx\/cambiastu\/\"},{\"@type\":\"ListItem\",\"position\":2,\"name\":\"Principal\"}]},{\"@type\":\"WebSite\",\"@id\":\"https:\/\/www.cetys.mx\/cambiastu\/#website\",\"url\":\"https:\/\/www.cetys.mx\/cambiastu\/\",\"name\":\"CETYS - Cambias t\u00fa, cambia el mundo.\",\"description\":\"\",\"publisher\":{\"@id\":\"https:\/\/www.cetys.mx\/cambiastu\/#organization\"},\"potentialAction\":[{\"@type\":\"SearchAction\",\"target\":{\"@type\":\"EntryPoint\",\"urlTemplate\":\"https:\/\/www.cetys.mx\/cambiastu\/?s={search_term_string}\"},\"query-input\":{\"@type\":\"PropertyValueSpecification\",\"valueRequired\":true,\"valueName\":\"search_term_string\"}}],\"inLanguage\":\"es\"},{\"@type\":\"Organization\",\"@id\":\"https:\/\/www.cetys.mx\/cambiastu\/#organization\",\"name\":\"CETYS - Cambias t\u00fa, cambia el mundo.\",\"url\":\"https:\/\/www.cetys.mx\/cambiastu\/\",\"logo\":{\"@type\":\"ImageObject\",\"inLanguage\":\"es\",\"@id\":\"https:\/\/www.cetys.mx\/cambiastu\/#\/schema\/logo\/image\/\",\"url\":\"https:\/\/www.cetys.mx\/cambiastu\/wp-content\/uploads\/2021\/11\/logo-cetys-color-v3.png\",\"contentUrl\":\"https:\/\/www.cetys.mx\/cambiastu\/wp-content\/uploads\/2021\/11\/logo-cetys-color-v3.png\",\"width\":182,\"height\":150,\"caption\":\"CETYS - Cambias t\u00fa, cambia el mundo.\"},\"image\":{\"@id\":\"https:\/\/www.cetys.mx\/cambiastu\/#\/schema\/logo\/image\/\"}}]}<\/script>\n<!-- \/ Yoast SEO plugin. -->","yoast_head_json":{"title":"Principal - CETYS - Cambias t\u00fa, cambia el mundo.","robots":{"index":"index","follow":"follow","max-snippet":"max-snippet:-1","max-image-preview":"max-image-preview:large","max-video-preview":"max-video-preview:-1"},"canonical":"https:\/\/www.cetys.mx\/cambiastu\/","og_locale":"es_MX","og_type":"article","og_title":"Principal - CETYS - Cambias t\u00fa, cambia el mundo.","og_url":"https:\/\/www.cetys.mx\/cambiastu\/","og_site_name":"CETYS - Cambias t\u00fa, cambia el mundo.","article_modified_time":"2022-08-12T16:31:05+00:00","twitter_card":"summary_large_image","schema":{"@context":"https:\/\/schema.org","@graph":[{"@type":"WebPage","@id":"https:\/\/www.cetys.mx\/cambiastu\/","url":"https:\/\/www.cetys.mx\/cambiastu\/","name":"Principal - CETYS - Cambias t\u00fa, cambia el mundo.","isPartOf":{"@id":"https:\/\/www.cetys.mx\/cambiastu\/#website"},"datePublished":"2021-11-16T04:12:58+00:00","dateModified":"2022-08-12T16:31:05+00:00","breadcrumb":{"@id":"https:\/\/www.cetys.mx\/cambiastu\/#breadcrumb"},"inLanguage":"es","potentialAction":[{"@type":"ReadAction","target":["https:\/\/www.cetys.mx\/cambiastu\/"]}]},{"@type":"BreadcrumbList","@id":"https:\/\/www.cetys.mx\/cambiastu\/#breadcrumb","itemListElement":[{"@type":"ListItem","position":1,"name":"Inicio","item":"https:\/\/www.cetys.mx\/cambiastu\/"},{"@type":"ListItem","position":2,"name":"Principal"}]},{"@type":"WebSite","@id":"https:\/\/www.cetys.mx\/cambiastu\/#website","url":"https:\/\/www.cetys.mx\/cambiastu\/","name":"CETYS - Cambias t\u00fa, cambia el mundo.","description":"","publisher":{"@id":"https:\/\/www.cetys.mx\/cambiastu\/#organization"},"potentialAction":[{"@type":"SearchAction","target":{"@type":"EntryPoint","urlTemplate":"https:\/\/www.cetys.mx\/cambiastu\/?s={search_term_string}"},"query-input":{"@type":"PropertyValueSpecification","valueRequired":true,"valueName":"search_term_string"}}],"inLanguage":"es"},{"@type":"Organization","@id":"https:\/\/www.cetys.mx\/cambiastu\/#organization","name":"CETYS - Cambias t\u00fa, cambia el mundo.","url":"https:\/\/www.cetys.mx\/cambiastu\/","logo":{"@type":"ImageObject","inLanguage":"es","@id":"https:\/\/www.cetys.mx\/cambiastu\/#\/schema\/logo\/image\/","url":"https:\/\/www.cetys.mx\/cambiastu\/wp-content\/uploads\/2021\/11\/logo-cetys-color-v3.png","contentUrl":"https:\/\/www.cetys.mx\/cambiastu\/wp-content\/uploads\/2021\/11\/logo-cetys-color-v3.png","width":182,"height":150,"caption":"CETYS - Cambias t\u00fa, cambia el mundo."},"image":{"@id":"https:\/\/www.cetys.mx\/cambiastu\/#\/schema\/logo\/image\/"}}]}},"_links":{"self":[{"href":"https:\/\/www.cetys.mx\/cambiastu\/wp-json\/wp\/v2\/pages\/25","targetHints":{"allow":["GET"]}}],"collection":[{"href":"https:\/\/www.cetys.mx\/cambiastu\/wp-json\/wp\/v2\/pages"}],"about":[{"href":"https:\/\/www.cetys.mx\/cambiastu\/wp-json\/wp\/v2\/types\/page"}],"author":[{"embeddable":true,"href":"https:\/\/www.cetys.mx\/cambiastu\/wp-json\/wp\/v2\/users\/1"}],"replies":[{"embeddable":true,"href":"https:\/\/www.cetys.mx\/cambiastu\/wp-json\/wp\/v2\/comments?post=25"}],"version-history":[{"count":11,"href":"https:\/\/www.cetys.mx\/cambiastu\/wp-json\/wp\/v2\/pages\/25\/revisions"}],"predecessor-version":[{"id":276,"href":"https:\/\/www.cetys.mx\/cambiastu\/wp-json\/wp\/v2\/pages\/25\/revisions\/276"}],"wp:attachment":[{"href":"https:\/\/www.cetys.mx\/cambiastu\/wp-json\/wp\/v2\/media?parent=25"}],"curies":[{"name":"wp","href":"https:\/\/api.w.org\/{rel}","templated":true}]}}